{"id":11751,"date":"2018-12-18T16:27:55","date_gmt":"2018-12-18T16:27:55","guid":{"rendered":"https:\/\/www.swisscleantech.ch\/?post_type=agendaeintrag&#038;p=11751"},"modified":"2019-01-23T10:38:58","modified_gmt":"2019-01-23T10:38:58","slug":"member2member-mobiliar-cargo-sous-terrain-vous-invitent","status":"publish","type":"agendaeintrag","link":"https:\/\/www.swisscleantech.ch\/fr\/agendaeintrag\/member2member-mobiliar-cargo-sous-terrain-vous-invitent\/","title":{"rendered":"Member2Member: Cargo sous terrain et la Mobili\u00e8re vous invitent"},"content":{"rendered":"<p>swisscleantech lance un nouveau format d&#8217;\u00e9v\u00e9nement. Avec Member2Member nous cr\u00e9ons un cadre permettant \u00e0 nos adh\u00e9rents de mieux \u00e9changer au niveau des r\u00e9gions et de renforcer le dialogue politique. Pour ce faire, un adh\u00e9rent pr\u00e9sente tout d&#8217;abord un projet actuel s&#8217;inscrivant dans une \u00e9conomie d&#8217;avenir, lequel b\u00e9n\u00e9ficie ensuite d&#8217;un \u00e9clairage politique contextuel. Enfin, grande place est faite pour faire marcher les r\u00e9seaux et \u00e9changer.<\/p>\n<p><strong>Nous nous r\u00e9jouissons de d\u00e9buter cette nouvelle s\u00e9rie avec Cargo sous terrain:<\/strong><\/p>\n<p>Une grande partie du r\u00e9seau routier suisse est r\u00e9guli\u00e8rement surcharg\u00e9. Les poids lourds contenant des marchandises restent souvent bloqu\u00e9s dans les bouchons. D\u2019apr\u00e8s les pr\u00e9visions de l\u2019Office f\u00e9d\u00e9ral des routes (OFROU), le trafic routier va continuer d\u2019augmenter. Il est donc grand temps de repenser l\u2019approvisionnement des villes en marchandises. C\u2019est exactement ce que fait Cargo sous terrain: l\u2019entreprise veut r\u00e9duire le trafic routier et son impact environnemental gr\u00e2ce \u00e0 un syst\u00e8me de tunnels souterrains. La distribution de d\u00e9tail en surface doit \u00eatre assur\u00e9e par une City-logistique \u00e0 commande num\u00e9rique.<\/p>\n<p>Nous vous proposons de venir glaner des informations de premi\u00e8res mains sur ce concept innovant, gr\u00e2ce \u00e0 l&#8217;intervention d&#8217;un actionnaire de Cargo sous terrain, et ce au si\u00e8ge de La Mobili\u00e8re \u00e0 Berne.<\/p>\n<h4>Cet \u00e9v\u00e9nement s&#8217;adresse exclusivement aux adh\u00e9rents de swisscleantech. Il sera tenu en allemand.<\/h4>\n<p><a href=\"https:\/\/www.swisscleantech.ch\/files\/Einladung_swisscleantech_Cargo-Sous-Terrain.pdf\" target=\"_blank\" rel=\"noopener\">Programme (en allemand)<\/a><\/p>\n<p><strong>Inscription via <a href=\"mailto:sekretariat@swisscleantech.ch\">sekretariat@swisscleantech.ch<\/a><\/strong><\/p>\n","protected":false},"featured_media":0,"template":"","acf":[],"_links":{"self":[{"href":"https:\/\/www.swisscleantech.ch\/fr\/wp-json\/wp\/v2\/agendaeintrag\/11751"}],"collection":[{"href":"https:\/\/www.swisscleantech.ch\/fr\/wp-json\/wp\/v2\/agendaeintrag"}],"about":[{"href":"https:\/\/www.swisscleantech.ch\/fr\/wp-json\/wp\/v2\/types\/agendaeintrag"}],"version-history":[{"count":2,"href":"https:\/\/www.swisscleantech.ch\/fr\/wp-json\/wp\/v2\/agendaeintrag\/11751\/revisions"}],"predecessor-version":[{"id":11995,"href":"https:\/\/www.swisscleantech.ch\/fr\/wp-json\/wp\/v2\/agendaeintrag\/11751\/revisions\/11995"}],"wp:attachment":[{"href":"https:\/\/www.swisscleantech.ch\/fr\/wp-json\/wp\/v2\/media?parent=11751"}],"curies":[{"name":"wp","href":"https:\/\/api.w.org\/{rel}","templated":true}]}}