{"id":12060,"date":"2019-01-17T13:54:43","date_gmt":"2019-01-17T13:54:43","guid":{"rendered":"https:\/\/www.swisscleantech.ch\/?post_type=agendaeintrag&#038;p=12060"},"modified":"2019-11-18T13:06:21","modified_gmt":"2019-11-18T13:06:21","slug":"fg-kreislaufwirtschaft-logistik","status":"publish","type":"agendaeintrag","link":"https:\/\/www.swisscleantech.ch\/fr\/agendaeintrag\/fg-kreislaufwirtschaft-logistik\/","title":{"rendered":"Kreislaufwirtschaft zu Ende gedacht (5. fokuskreislaufwirtschaft)"},"content":{"rendered":"<div class=\"ym-grid linearize-level-1\">\n<div class=\"ym-g66 ym-gl stage\">\n<div class=\"ym-gbox-left\">\n<p><strong><em>Wie beziehe ich den gesamten Warenfluss in mein kreislauff\u00e4higes Gesch\u00e4ftsmodell ein?\u00a0Was bringt mir ein kreislauff\u00e4higes Produkt, wenn ich es vom Konsumenten nicht wieder zur\u00fcckbekomme?\u00a0Bereits bei der Konzipierung des Produkts sollte die Logistik nicht vergessen gehen! Diskutieren Sie mit uns an der f\u00fcnften Ausgabe von fokuskreislaufwirtschaft.\u00a0<\/em><\/strong><\/p>\n<\/div>\n<\/div>\n<\/div>\n<div class=\"ym-grid linearize-level-1\">\n<div class=\"ym-g66 ym-gl stage\">\n<div class=\"ym-gbox-left\">\n<section class=\"obu-section-text\">\n<div class=\"obu-txt\">\n<section class=\"obu-section-text\">\n<div class=\"obu-txt\">\n<p>Die Kreislaufwirtschaft versucht, Kreisl\u00e4ufe von Materialien, Produktkomponenten oder Produkten zu schliessen. Damit werden Produkte und Teile, welche fr\u00fcher \u00fcber die Abfalllogistik entsorgt wurden, in Zukunft eine werterhaltende St\u00fcckgutlogistik ben\u00f6tigen. Welche neuen Herausforderungen und Bed\u00fcrfnisse f\u00fcr die Logistik entstehen dadurch? Welche Angebote und Ans\u00e4tze existieren bereits?<\/p>\n<p>Folgenden Aspekte der Logistik im Kontext der Kreislaufwirtschaft wollen wir n\u00e4her erkunden:\u00a0<\/p>\n<ul>\n<li>Die Reverslogistik vom Kunden zur\u00fcck zum Unternehmen<\/li>\n<li>Logistik im Kontext von Remanufacturing\u00a0<\/li>\n<li>Dienstleistungen \u00fcber den reinen Transport hinaus wie:\u00a0Pr\u00fcfung, Triage und Retablierung oder Reparatur von Waren\u00a0<\/li>\n<li>Logistiker bieten zusammen mit Partnern erweiterte L\u00f6sungen aus einer Hand f\u00fcr die Kreislaufwirtschaft an<\/li>\n<li>Die kombinierte Bewirtschaftung von Waren-, Daten- und Finanzstr\u00f6men\u00a0<\/li>\n<\/ul>\n<p>Zwei Unternehmen stellen ihre Erfahrungen mit Kreislaufl\u00f6sungen vor. In Kleingruppendiskussionen werden danach Fragen und Erkenntnisse diskutiert.<\/p>\n<\/div>\n<\/section>\n<section class=\"obu-section-text\">\n<p class=\"title-2\"><strong>Programm<\/strong><\/p>\n<div class=\"obu-txt\">\n<ul>\n<li><strong class=\"editorial_t_strong\">13.15 Begr\u00fcssung \u00f6bu &amp; swisscleantech<\/strong><\/li>\n<li><strong class=\"editorial_t_strong\">13.30 Kreislaufwirtschaft und die sieben zentralen Designprinzipien\u00a0<br \/>\n<\/strong>Raphael Fasko, Bereichsleiter Kreislaufwirtschaft bei Rytec AG<\/li>\n<li><strong class=\"editorial_t_strong\">13.45 St\u00fcck f\u00fcr St\u00fcck Richtung Kreislaufwirtschaft<br \/>\n<\/strong>Michael Heim, Leiter CSR und Kreislaufwirtschaftsteam<br \/>\nHerbert Arnold, Produktmanager Post Logistik,\u00a0Die Schweizerische Post<\/li>\n<li><strong class=\"editorial_t_strong\">14.30 Diskussion in Kleingruppen<\/strong><\/li>\n<li><strong class=\"editorial_t_strong\">14.50 Networking Pause<\/strong><\/li>\n<li><strong class=\"editorial_t_strong\">15.30\u00a0<strong>Lernen von reifen Remanufacturingm\u00e4rkten<br \/>\n<\/strong><\/strong>Peter Bartel, Leiter Engineering &amp; Marketing, Mitglied der Gesch\u00e4ftsleitung bei C-ECO \u2013\u00a0Circular Economy Solutions GmbH<strong class=\"editorial_t_strong\"><strong><br \/>\n<\/strong><\/strong><\/li>\n<li><strong class=\"editorial_t_strong\">16.15 Diskussion im Plenum<\/strong><\/li>\n<li><strong class=\"editorial_t_strong\">17.00 Fazit und Ausblick<\/strong><\/li>\n<li><strong class=\"editorial_t_strong\">17.15 Ap\u00e9ro<\/strong><\/li>\n<\/ul>\n<p>***<\/p>\n<\/div>\n<\/section>\n<section class=\"obu-section-text\">\n<div class=\"obu-txt\">\n<p><strong>St\u00fcck f\u00fcr St\u00fcck Richtung Kreislaufwirtschaft \u2013 Die Schweizerische Post\u00a0<\/strong><br \/>\nDie Post besch\u00e4ftigt sich seit einiger Zeit intensiv mit den neuen Gesch\u00e4ftsfeldern und Kundenbed\u00fcrfnissen, welche sich aus der Kreislaufwirtschaft ergeben. Michael Heim, Verantwortlicher Nachhaltigkeit, und Herbert Arnold, Produktmanager von Post Logistik, geben Einblick in strategische \u00dcberlegungen, Erfahrungen aus Pilotprojekten und bestehende Angeboten mit\u00a0Ans\u00e4tzen der Kreislaufwirtschaft.<\/p>\n<p><strong>Lernen von reifen Remanufacturingm\u00e4rkten \u2013 Circular Economy Solutions GmbH\u00a0(C-ECO)\u00a0<\/strong><br \/>\nDas Spinoff von Bosch Automotive bringt \u00fcber die Servicemarke CoremanNet j\u00e4hrlich 3 Mio. gebrauchte Teile zur\u00fcck zur Aufbereitung. Peter Bartel wird uns die Vielschichtigkeit und Komplexit\u00e4t der Reverslogistik f\u00fcr die Wiederaufbereitung n\u00e4herbringen. Das Unternehmen ist dabei, die Erfahrungen aus der Automobilbranche f\u00fcr andere Industrien zu skalieren. Der Fokus liegt hierbei in der Prozess- und Softwareentwicklung, um Waren-, Daten- und Finanzstr\u00f6me integrieren zu k\u00f6nnen.<\/p>\n<p>***<\/p>\n<p><strong class=\"editorial_t_strong\">Achtung:\u00a0<\/strong>Die Anmeldefrist endet am 25. November. Wenn Sie sich bis zum 18. November wieder abmelden, erstatten wir Ihnen die Teilnahmegeb\u00fchren zur\u00fcck. Die Preise sind exklusive Mehrwertsteuer von 7,7 %.<\/p>\n<\/div>\n<p>*Bitte beachten Sie: Die Veranstaltung wurde vom 26. Juni auf den 27. November verschoben. Sollten Sie sich f\u00fcr den 26. Juni angemeldet haben, melden Sie sich bitte erneut an.\u00a0<\/p>\n<div class=\"obu-txt\">\n<p>***<\/p>\n<\/div>\n<p><a href=\"https:\/\/www.swisscleantech.ch\/files\/flyer-fg-logistik-1119.pdf\" target=\"_blank\" rel=\"noopener noreferrer\">Programm-Flyer (PDF)<\/a><\/p>\n<\/section>\n<\/div>\n<\/section>\n<\/div>\n<\/div>\n<\/div>\n","protected":false},"featured_media":0,"template":"","acf":[],"_links":{"self":[{"href":"https:\/\/www.swisscleantech.ch\/fr\/wp-json\/wp\/v2\/agendaeintrag\/12060"}],"collection":[{"href":"https:\/\/www.swisscleantech.ch\/fr\/wp-json\/wp\/v2\/agendaeintrag"}],"about":[{"href":"https:\/\/www.swisscleantech.ch\/fr\/wp-json\/wp\/v2\/types\/agendaeintrag"}],"version-history":[{"count":1,"href":"https:\/\/www.swisscleantech.ch\/fr\/wp-json\/wp\/v2\/agendaeintrag\/12060\/revisions"}],"predecessor-version":[{"id":13199,"href":"https:\/\/www.swisscleantech.ch\/fr\/wp-json\/wp\/v2\/agendaeintrag\/12060\/revisions\/13199"}],"wp:attachment":[{"href":"https:\/\/www.swisscleantech.ch\/fr\/wp-json\/wp\/v2\/media?parent=12060"}],"curies":[{"name":"wp","href":"https:\/\/api.w.org\/{rel}","templated":true}]}}