{"id":12805,"date":"2019-01-17T13:57:15","date_gmt":"2019-01-17T13:57:15","guid":{"rendered":"https:\/\/www.swisscleantech.ch\/?post_type=agendaeintrag&#038;p=12805"},"modified":"2019-03-11T11:05:57","modified_gmt":"2019-03-11T11:05:57","slug":"webinar-zur-fruehlingssession","status":"publish","type":"agendaeintrag","link":"https:\/\/www.swisscleantech.ch\/fr\/agendaeintrag\/webinar-zur-fruehlingssession\/","title":{"rendered":"Webinar: R\u00e9trospective session de printemps 2019"},"content":{"rendered":"<p>Vous vous int\u00e9ressez \u00e0 la politique suisse et aux d\u00e9lib\u00e9rations actuelles au parlement\u00a0? Profitez de votre pause de midi pour en savoir davantage. Participez \u00e0 notre lunchbreak-webinar le <strong>mercredi 20 mars 2019, de 12h30 \u00e0 13h15<\/strong>.\u00a0<\/p>\n<p>Martina Novak, responsable politique de swisscleantech, fera avec vous une r\u00e9trospective de la session de printemps 2019 et la synth\u00e8se des principaux \u00e9v\u00e9nements. Nous vous donnerons les toutes derni\u00e8res informations sur la loi sur le CO<sub>2<\/sub>, les march\u00e9s publics et d\u2019autres affaires qui touchent l\u2019\u00e9conomie durable. Soyez de la partie et posez-nous vos questions directement au webinar.\u00a0<\/p>\n<p>***<\/p>\n<p><span lang=\"FR\">Le webinar se d\u00e9roulera <b>avec GoToMeeting<\/b>. Il n\u2019est pas n\u00e9cessaire de s\u2019inscrire, vous pouvez participer tranquillement depuis votre ordinateur portable.\u00a0<\/span><\/p>\n<h4>Le webinar s&#8217;adresse exclusivement \u00e0 nos membres.<\/h4>\n","protected":false},"featured_media":0,"template":"","acf":[],"_links":{"self":[{"href":"https:\/\/www.swisscleantech.ch\/fr\/wp-json\/wp\/v2\/agendaeintrag\/12805"}],"collection":[{"href":"https:\/\/www.swisscleantech.ch\/fr\/wp-json\/wp\/v2\/agendaeintrag"}],"about":[{"href":"https:\/\/www.swisscleantech.ch\/fr\/wp-json\/wp\/v2\/types\/agendaeintrag"}],"version-history":[{"count":0,"href":"https:\/\/www.swisscleantech.ch\/fr\/wp-json\/wp\/v2\/agendaeintrag\/12805\/revisions"}],"wp:attachment":[{"href":"https:\/\/www.swisscleantech.ch\/fr\/wp-json\/wp\/v2\/media?parent=12805"}],"curies":[{"name":"wp","href":"https:\/\/api.w.org\/{rel}","templated":true}]}}