{"id":13070,"date":"2019-01-17T14:52:55","date_gmt":"2019-01-17T14:52:55","guid":{"rendered":"https:\/\/www.swisscleantech.ch\/?post_type=agendaeintrag&#038;p=13070"},"modified":"2019-03-26T15:17:06","modified_gmt":"2019-03-26T15:17:06","slug":"member2member-brack-ch-laedt-ein","status":"publish","type":"agendaeintrag","link":"https:\/\/www.swisscleantech.ch\/fr\/agendaeintrag\/member2member-brack-ch-laedt-ein\/","title":{"rendered":"Member2Member: BRACK.CH vous invite"},"content":{"rendered":"<p>L\u2019entreprise \u00a0commerciale BRACK.CH AG g\u00e9n\u00e8re la plus grande part de son chiffre d\u2019affaires via le commerce en ligne. Et la th\u00e9matique de l\u2019environnement est au coeur de ses pr\u00e9occupations.\u00a0Les efforts de BRACK.CH AG se concentrent ainsi sur 3 piliers principaux:<\/p>\n<ul>\n<li>proposer un assortiment avec toujours plus de produits respectueux de l\u2019environnement<\/li>\n<li>montrer la voie \u00e0 ses clients et \u00e0 ses collaborateurs, pour avancer petit \u00e0 petit vers une action toujours plus \u00e9cologique \u00a0<\/li>\n<li>s\u2019organiser pour faire en sorte que sa propre activit\u00e9 soit respectueuse de l\u2019environnement<\/li>\n<\/ul>\n<p>Le centre logistique de BRACK.CH\u00a0est un bel exemple, de ce que sera une logistique durable \u00e0 l\u2019avenir. Fa\u00eetes-vous vous m\u00eame une id\u00e9e lors de la visite que nous organisons et profitez de faire marcher le r\u00e9seau en rencontrant d\u2019autres entreprises adh\u00e9rentes. (L\u2019\u00e9v\u00e9nement se tient en allemand).<\/p>\n<h4>L\u2019\u00e9v\u00e9nement est gratuit et s\u2019adresse exclusivement \u00e0 nos adh\u00e9rents.\u00a0<\/h4>\n<p><a href=\"https:\/\/www.swisscleantech.ch\/files\/Einladung_M2M_swisscleantech_brack.pdf\" target=\"_blank\" rel=\"noopener\">Programme<\/a> (en allemand)<\/p>\n<p><a href=\"http:\/\/www.swisscleantech.ch\/anmeldung-m2m.brack.ch\">Inscription<\/a><\/p>\n<p><em><strong>POUR S\u2019Y RENDRE\u00a0<\/strong><\/em><em>Le centre logistique n\u2019est malheureusement pas bien accessible par les transports en commun. Pour ceux qui ne se d\u00e9placent pas avec leur propre v\u00e9hicule, nous organisons une navette partant \u00e0<\/em><em>\u00a0<\/em><strong><em>17<\/em><\/strong><strong><em>h35<\/em><\/strong><strong><em>\u00a0<\/em><\/strong><strong><em>depuis la gare de<\/em><\/strong><strong><em>\u00a0<\/em><\/strong><strong><em>Willisau<\/em><\/strong><strong><em>\u00a0<\/em><\/strong><strong>vers le centre logistique<\/strong><em>.<\/em><em>\u00a0<\/em><em>E<\/em><em>lle reconduira<\/em><em>\u00a0<\/em><em>l<\/em><em>es invit\u00e9s \u00e0 la gare de Willisau \u00e0 l\u2019issue de l\u2019\u00e9v\u00e9nement<\/em><em>.<\/em><\/p>\n","protected":false},"featured_media":0,"template":"","acf":[],"_links":{"self":[{"href":"https:\/\/www.swisscleantech.ch\/fr\/wp-json\/wp\/v2\/agendaeintrag\/13070"}],"collection":[{"href":"https:\/\/www.swisscleantech.ch\/fr\/wp-json\/wp\/v2\/agendaeintrag"}],"about":[{"href":"https:\/\/www.swisscleantech.ch\/fr\/wp-json\/wp\/v2\/types\/agendaeintrag"}],"version-history":[{"count":2,"href":"https:\/\/www.swisscleantech.ch\/fr\/wp-json\/wp\/v2\/agendaeintrag\/13070\/revisions"}],"predecessor-version":[{"id":13073,"href":"https:\/\/www.swisscleantech.ch\/fr\/wp-json\/wp\/v2\/agendaeintrag\/13070\/revisions\/13073"}],"wp:attachment":[{"href":"https:\/\/www.swisscleantech.ch\/fr\/wp-json\/wp\/v2\/media?parent=13070"}],"curies":[{"name":"wp","href":"https:\/\/api.w.org\/{rel}","templated":true}]}}