{"id":14241,"date":"2019-08-12T10:41:23","date_gmt":"2019-08-12T10:41:23","guid":{"rendered":"https:\/\/www.swisscleantech.ch\/?post_type=agendaeintrag&#038;p=14241"},"modified":"2019-08-19T08:36:03","modified_gmt":"2019-08-19T08:36:03","slug":"webinar-initiative-glaciers","status":"publish","type":"agendaeintrag","link":"https:\/\/www.swisscleantech.ch\/fr\/agendaeintrag\/webinar-initiative-glaciers\/","title":{"rendered":"Webinar-Lunch: Initiative pour les glaciers"},"content":{"rendered":"<p><a href=\"http:\/\/www.swisscleantech.ch\" target=\"_blank\" rel=\"noopener noreferrer\">swisscleantech<\/a> et\u00a0<a href=\"https:\/\/www.oebu.ch\/de\/home-5.html\" target=\"_blank\" rel=\"noopener noreferrer\">\u00f6bu<\/a> s&#8217;associent dans l&#8217;initiative pour les glaciers. R\u00e9servez votre pause d\u00e9jeuner le 3 septembre de 12h15 \u00e0 13h15 et apprenez-en davantage sur les exigences et les objectifs de l&#8217;initiative lors de notre webinaire commun. Le webinaire se tiendra en allemand.<\/p>\n<p><strong><em>Programme<\/em><\/strong><\/p>\n<ul>\n<li><strong>Mot de bienvenue et introduction<\/strong><br \/>\nSarah Blaser, Communication \u00f6bu<\/li>\n<li><strong>Que dit la science du changement climatique? \u00a0<\/strong><br \/>\nProf. Sonia I. Seneviratne, ETH Zurich, co-auteur du rapport sp\u00e9cial du GIEC sur 1,5 \u00b0C<\/li>\n<li><strong>O\u00f9 en est la Suisse par rapport \u00e0 d&#8217;autres pays? Que veut l&#8217;Initiative des glaciers et pourquoi est-elle importante?\u00a0<\/strong><br \/>\nAnja Kollmuss, sp\u00e9cialiste du climat chez swisscleantech<\/li>\n<li><strong>Questions-r\u00e9ponses et conclusion<\/strong><\/li>\n<\/ul>\n<p>&nbsp;<\/p>\n<img decoding=\"async\" loading=\"lazy\" class=\"wp-image-14233 size-full alignnone\" src=\"https:\/\/www.swisscleantech.ch\/files\/Gletscherinitiative_web.jpg\" alt=\"\" width=\"776\" height=\"519\" srcset=\"https:\/\/www.swisscleantech.ch\/files\/Gletscherinitiative_web.jpg 776w, https:\/\/www.swisscleantech.ch\/files\/Gletscherinitiative_web-300x201.jpg 300w, https:\/\/www.swisscleantech.ch\/files\/Gletscherinitiative_web-768x514.jpg 768w\" sizes=\"(max-width: 776px) 100vw, 776px\" \/>\n<p>***<\/p>\n<p>Le webinaire se d\u00e9roulera avec GoToMeeting.\u00a0<\/p>\n<p><strong>Participez depuis votre ordinateur, tablette ou smartphone.<\/strong> <br \/>\nhttps:\/\/global.gotomeeting.com\/join\/248149837<\/p>\n<p><strong>Vous pouvez aussi vous connecter par t\u00e9l\u00e9phone.<\/strong> <br \/>\nSuisse: +41 435 5015 61; Code d\u2019acc\u00e8s: 248-149-837<\/p>\n<p><strong>Vous ne connaissez pas encore GoToMeeting? <br \/>\n<\/strong>Installez l&#8217;application maintenant pour \u00eatre pr\u00eat pour votre premi\u00e8re r\u00e9union: https:\/\/global.gotomeeting.com\/install\/248149837<\/p>\n","protected":false},"featured_media":0,"template":"","acf":[],"_links":{"self":[{"href":"https:\/\/www.swisscleantech.ch\/fr\/wp-json\/wp\/v2\/agendaeintrag\/14241"}],"collection":[{"href":"https:\/\/www.swisscleantech.ch\/fr\/wp-json\/wp\/v2\/agendaeintrag"}],"about":[{"href":"https:\/\/www.swisscleantech.ch\/fr\/wp-json\/wp\/v2\/types\/agendaeintrag"}],"version-history":[{"count":0,"href":"https:\/\/www.swisscleantech.ch\/fr\/wp-json\/wp\/v2\/agendaeintrag\/14241\/revisions"}],"wp:attachment":[{"href":"https:\/\/www.swisscleantech.ch\/fr\/wp-json\/wp\/v2\/media?parent=14241"}],"curies":[{"name":"wp","href":"https:\/\/api.w.org\/{rel}","templated":true}]}}