{"id":15636,"date":"2019-11-04T08:39:45","date_gmt":"2019-11-04T08:39:45","guid":{"rendered":"https:\/\/www.swisscleantech.ch\/?post_type=agendaeintrag&#038;p=15636"},"modified":"2020-03-05T15:31:05","modified_gmt":"2020-03-05T15:31:05","slug":"assemblee-generale-evenement-de-printemps","status":"publish","type":"agendaeintrag","link":"https:\/\/www.swisscleantech.ch\/fr\/agendaeintrag\/assemblee-generale-evenement-de-printemps\/","title":{"rendered":"EVENEMENT REMPORT\u00c9: Une plus grande protection du climat gr\u00e2ce \u00e0 la construction en bois"},"content":{"rendered":"<h4>\u00a0<\/h4>\n<h4>Information importante: C<span lang=\"FR-CH\">ompte tenu de la situation particuli\u00e8re li\u00e9e au coronavirus, nous avons d\u00e9cid\u00e9 <\/span> d&#8217;annuler l&#8217;\u00e9v\u00e9nement.\u00a0Par cette d\u00e9cision, nous souhaitons aider la Conf\u00e9d\u00e9ration dans ses efforts visant \u00e0 enrayer la propagation du virus.\u00a0L\u2019\u00e9v\u00e9nement est report\u00e9 en juin 2020. Nous vous communiquerons la date exacte dans les prochaines semaines.\u00a0Nous regrettons que les circonstances nous aient amen\u00e9s \u00e0 cette annulation et vous remercions de votre compr\u00e9hension.<\/h4>\n<p>&nbsp;<\/p>\n<p>En mati\u00e8re de protection du climat, la r\u00e9duction des \u00e9missions est une obligation; les \u00ab\u00e9missions n\u00e9gatives\u00bb, avec lesquelles le CO<sub>2<\/sub>\u00a0est absorb\u00e9 de l\u2019air, sont un plus appr\u00e9ciable sur une base volontaire. La promotion de la construction en bois pourrait augmenter consid\u00e9rablement l\u2019effet de puisement de CO<sub>2<\/sub>\u00a0de la for\u00eat, car le CO<sub>2<\/sub>\u00a0reste stock\u00e9 dans le bois utilis\u00e9.\u2028\u2028<\/p>\n<p>Nous vous pr\u00e9senterons les possibilit\u00e9s de conception insoup\u00e7onn\u00e9es de la construction en bois \u2013 laissez-vous charmer. Nous vous informerons \u00e9galement sur les nouvelles technologies qui ouvrent de nouvelles possibilit\u00e9s pour la construction en bois, vous montrerons le potentiel d\u2019\u00e9missions n\u00e9gatives dans la for\u00eat et vous expliquerons l\u2019importance de l\u2019\u00e9cosyst\u00e8me forestier.<\/p>\n<div><strong>Conf\u00e9rences et table ronde:<\/strong><\/div>\n<ul>\n<li>Katharina Lehmann, Groupe Lehmann<\/li>\n<li>Dr. Esther Th\u00fcrig, Institut f\u00e9d\u00e9ral de recherches sur la for\u00eat, la neige et le paysage (WSL)<\/li>\n<li>Stefan Z\u00f6llig, Timbatec ing\u00e9nieurs en construction bois Suisse SA<\/li>\n<\/ul>\n<p><a href=\"https:\/\/www.swisscleantech.ch\/files\/swisscleantech_Fr\u00fchlingsanlass_2020.pdf\" target=\"_blank\" rel=\"noopener noreferrer\">Programme (PDF)<\/a><\/p>\n<p><a href=\"https:\/\/www.swisscleantech.ch\/jahresanlass-2020\/\" target=\"_blank\" rel=\"noopener noreferrer\">Inscription ou annulation<\/a><\/p>\n<p>&nbsp;<\/p>\n<img decoding=\"async\" loading=\"lazy\" class=\"alignnone wp-image-15805 \" src=\"https:\/\/www.swisscleantech.ch\/files\/fruehlingsanlass-swisscleantech-2020-fr.jpg\" alt=\"\" width=\"600\" height=\"401\" srcset=\"https:\/\/www.swisscleantech.ch\/files\/fruehlingsanlass-swisscleantech-2020-fr.jpg 776w, https:\/\/www.swisscleantech.ch\/files\/fruehlingsanlass-swisscleantech-2020-fr-300x201.jpg 300w, https:\/\/www.swisscleantech.ch\/files\/fruehlingsanlass-swisscleantech-2020-fr-768x514.jpg 768w\" sizes=\"(max-width: 600px) 100vw, 600px\" \/>\n<p>&nbsp;<\/p>\n<p>(Vous \u00eates membre de swisscleantech et souhaitez vous inscrire pour <a href=\"https:\/\/www.swisscleantech.ch\/fr\/agendaeintrag\/assemblee-generale-de-swisscleantech\/\" target=\"_blank\" rel=\"noopener noreferrer\">l&#8217;assembl\u00e9e g\u00e9n\u00e9rale<\/a>)<\/p>\n","protected":false},"featured_media":0,"template":"","acf":[],"_links":{"self":[{"href":"https:\/\/www.swisscleantech.ch\/fr\/wp-json\/wp\/v2\/agendaeintrag\/15636"}],"collection":[{"href":"https:\/\/www.swisscleantech.ch\/fr\/wp-json\/wp\/v2\/agendaeintrag"}],"about":[{"href":"https:\/\/www.swisscleantech.ch\/fr\/wp-json\/wp\/v2\/types\/agendaeintrag"}],"version-history":[{"count":1,"href":"https:\/\/www.swisscleantech.ch\/fr\/wp-json\/wp\/v2\/agendaeintrag\/15636\/revisions"}],"predecessor-version":[{"id":15760,"href":"https:\/\/www.swisscleantech.ch\/fr\/wp-json\/wp\/v2\/agendaeintrag\/15636\/revisions\/15760"}],"wp:attachment":[{"href":"https:\/\/www.swisscleantech.ch\/fr\/wp-json\/wp\/v2\/media?parent=15636"}],"curies":[{"name":"wp","href":"https:\/\/api.w.org\/{rel}","templated":true}]}}