{"id":16539,"date":"2020-04-21T13:20:09","date_gmt":"2020-04-21T13:20:09","guid":{"rendered":"https:\/\/www.swisscleantech.ch\/?post_type=agendaeintrag&#038;p=16539"},"modified":"2020-05-15T09:01:34","modified_gmt":"2020-05-15T09:01:34","slug":"webinar-serie-zur-schweizer-energiezukunft-3-mobilitaet-der-zukunft","status":"publish","type":"agendaeintrag","link":"https:\/\/www.swisscleantech.ch\/fr\/agendaeintrag\/webinar-serie-zur-schweizer-energiezukunft-3-mobilitaet-der-zukunft\/","title":{"rendered":"Webinar-Serie zur Schweizer Energiezukunft #3: Mobilit\u00e4t der Zukunft"},"content":{"rendered":"<p><strong>Webinar verpasst? <a href=\"https:\/\/www.swisscleantech.ch\/artikel\/konzepte-fuer-die-mobilitaet-der-zukunft\/\" target=\"_blank\" rel=\"noopener noreferrer\">Lesen Sie unseren Blog dazu<\/a>.\u00a0<\/strong><\/p>\n<p>***<\/p>\n<p>Mit unserer neuen <a href=\"http:\/\/www.swisscleantech.ch\/webinar-serie-mit-der-wissenschaft-forschung-fuer-die-schweizer-energiezukunft\" target=\"_blank\" rel=\"noopener noreferrer\" data-cke-saved-href=\"http:\/\/www.swisscleantech.ch\/webinar-serie-mit-der-wissenschaft-forschung-fuer-die-schweizer-energiezukunft\">Webinar-Serie \u00abForschung f\u00fcr die Schweizer Energiezukunft\u00bb<\/a> liefern wir Ihnen in dieser aussergew\u00f6hnlichen Zeit relevantes Wissen zur Energiewende. Wir sind stolz, dass wir f\u00fchrende Wissenschaftler*innen aus dem Nationalen Forschungsprogramme zu Energiefragen daf\u00fcr gewinnen konnten, mit uns die Resultate ihrer k\u00fcrzlich abgeschlossenen Projekte zu teilen.\u00a0\u00a0<br \/>\n\u00a0<br \/>\nWir freuen uns, Sie am <strong>14. Mai 2020, 16:30-18:00 Uhr,\u00a0<\/strong>zum\u00a0<strong>Webinar#3 zur Schweizer Energiezukunft: Mobilit\u00e4t der Zukunft <\/strong>einzuladen.\u00a0<\/p>\n<p>Die Mobilit\u00e4t verursacht \u00fcber 30% der CO<sub>2<\/sub>-Emissionen der Schweiz. Trotz verschiedener Bem\u00fchungen nehmen die CO<sub>2<\/sub>-Emissionen im Verkehrsbereich jedoch kaum ab. Was es braucht, sind nicht nur emissions\u00e4rmere Fahrzeuge \u2013 es braucht auch ein neues Verst\u00e4ndnis der Mobilit\u00e4t. Wie kann urbane Logistik klimatauglich gestaltet werden? Welche Potenziale bieten neue Mobilit\u00e4tsformen und wie lassen sich diese mit Hilfe von Apps f\u00f6rdern? Die Forscher aus drei Projekten stellen ihre Ans\u00e4tze vor und stellen sich einer anschliessenden Diskussion.<\/p>\n<h4>Programm<\/h4>\n<ul>\n<li><strong>Kurze Einf\u00fchrung und politische Einordnung<\/strong>\u00a0<br \/>\nDr. Christian Zeyer, swisscleantech<\/p>\n<\/li>\n<li><strong>\u00abEnergieeffiziente und CO<sub>2<\/sub>-arme urbane Logistik: Fiktion oder Realit\u00e4t?\u00bb<br \/>\n<\/strong>Martin Ruesch, Leiter Verkehrs- und Transportberatung Z\u00fcrich, Rapp Trans AG<\/p>\n<\/li>\n<li><strong>\u00abVirtueller Wettstreit zugunsten energieeffizienter Mobilit\u00e4t\u00bb<br \/>\n<\/strong>Dr. Roman Rudel, Institute for Applied Sustainability to the Built Environment, La Scuola universitaria professionale della Svizzera italiana (<em>SUPSI<\/em>) <\/p>\n<\/li>\n<li><strong>\u00abIst Teilen Sparen? Einblicke in die Wirkung von Carsharing auf das Mobilit\u00e4tsverhalten\u00bb<\/strong><br \/>\nDaniel Jan Reck, Institut f\u00fcr Verkehrsplanung und Transportsysteme, ETH Z\u00fcrich<\/p>\n<\/li>\n<li><strong>Diskussion<\/strong><\/li>\n<\/ul>\n<h4><strong>Teilnahme via GoToMeeting<\/strong><\/h4>\n<p><strong>Nehmen Sie am Meeting per Computer, Tablet oder Smartphone teil.\u00a0<\/strong><br \/>\n<a id=\"meeting-join-url\" href=\"https:\/\/global.gotomeeting.com\/join\/345864021\" target=\"_blank\" rel=\"noopener noreferrer\" data-cke-saved-href=\"https:\/\/global.gotomeeting.com\/join\/345864021\" data-cke-saved->https:\/\/global.gotomeeting.com\/join\/345864021<\/a>\u00a0<\/p>\n<p><strong>Sie k\u00f6nnen sich auch \u00fcber ein Telefon einw\u00e4hlen.\u00a0<\/strong><br \/>\n<strong>Schweiz:<\/strong>\u00a0<a data-cke-saved-href=\"tel:+41225459960,,345864021#\">+41 225 4599 60<\/a>\u00a0;\u00a0<strong>Zugangscode:\u00a0<\/strong>345-864-021\u00a0<\/p>\n<p>Zum ersten Mal bei GoToMeeting? Wir empfehlen, dass Sie die Anwendung testen, bevor das Webinar beginnt.\u00a0Hier k\u00f6nnen Sie eine Systempr\u00fcfung durchf\u00fchren:\u00a0<br \/>\n<a href=\"https:\/\/link.gotomeeting.com\/system-check\" data-cke-saved-href=\"https:\/\/link.gotomeeting.com\/system-check\" data-cke-saved- target=\"_blank\" rel=\"noopener\">https:\/\/link.gotomeeting.com\/system-check<\/a><\/p>\n","protected":false},"featured_media":16553,"template":"","acf":[],"_links":{"self":[{"href":"https:\/\/www.swisscleantech.ch\/fr\/wp-json\/wp\/v2\/agendaeintrag\/16539"}],"collection":[{"href":"https:\/\/www.swisscleantech.ch\/fr\/wp-json\/wp\/v2\/agendaeintrag"}],"about":[{"href":"https:\/\/www.swisscleantech.ch\/fr\/wp-json\/wp\/v2\/types\/agendaeintrag"}],"version-history":[{"count":1,"href":"https:\/\/www.swisscleantech.ch\/fr\/wp-json\/wp\/v2\/agendaeintrag\/16539\/revisions"}],"predecessor-version":[{"id":16597,"href":"https:\/\/www.swisscleantech.ch\/fr\/wp-json\/wp\/v2\/agendaeintrag\/16539\/revisions\/16597"}],"wp:featuredmedia":[{"embeddable":true,"href":"https:\/\/www.swisscleantech.ch\/fr\/wp-json\/wp\/v2\/media\/16553"}],"wp:attachment":[{"href":"https:\/\/www.swisscleantech.ch\/fr\/wp-json\/wp\/v2\/media?parent=16539"}],"curies":[{"name":"wp","href":"https:\/\/api.w.org\/{rel}","templated":true}]}}