{"id":16560,"date":"2020-04-21T11:35:32","date_gmt":"2020-04-21T11:35:32","guid":{"rendered":"https:\/\/www.swisscleantech.ch\/?post_type=agendaeintrag&#038;p=16560"},"modified":"2020-04-24T09:18:59","modified_gmt":"2020-04-24T09:18:59","slug":"webinar-serie-zur-schweizer-energiezukunft-1-wahrnehmung-und-umsetzung","status":"publish","type":"agendaeintrag","link":"https:\/\/www.swisscleantech.ch\/fr\/agendaeintrag\/webinar-serie-zur-schweizer-energiezukunft-1-wahrnehmung-und-umsetzung\/","title":{"rendered":"S\u00e9rie de webinaires sur l\u2019avenir \u00e9nerg\u00e9tique #1: Perception par l\u2019opinion et mise en \u0153uvre"},"content":{"rendered":"<p>Notre nouvelle s\u00e9rie de webinaires \u00ab<a href=\"http:\/\/www.swisscleantech.ch\/webinar-serie-mit-der-wissenschaft-forschung-fuer-die-schweizer-energiezukunft\" target=\"_blank\" rel=\"noopener noreferrer\">La recherche pour l\u2019avenir \u00e9nerg\u00e9tique de la Suisse<\/a>\u00bb vise \u00e0 vous apporter en cette p\u00e9riode particuli\u00e8re des informations et connaissances sur le tournant \u00e9nerg\u00e9tique. Nous sommes heureux d\u2019avoir pu convaincre d\u2019\u00e9minents scientifiques participant au Programme national de recherche sur les questions \u00e9nerg\u00e9tiques de partager avec nous les r\u00e9sultats de projets qu\u2019ils viennent de finaliser.<\/p>\n<p>Nous avons le plaisir de vous inviter au <strong>webinaire #1 sur l\u2019avenir \u00e9nerg\u00e9tique de la Suisse: Perception par l\u2019opinion et mise en \u0153uvre<\/strong> <strong>le 30 avril 2020, de 16h30 \u00e0 18h00<\/strong>. Le webinaire se tiendra en allemand.<\/p>\n<p>Le tournant \u00e9nerg\u00e9tique est bien plus qu\u2019un projet technique. Il va aussi remodeler nos vies. En d\u00e9mocratie, des changements aussi profonds ne sont possibles que si des majorit\u00e9s stables y adh\u00e8rent.<\/p>\n<p>Quels sont les changements qui sont d\u2019ores et d\u00e9j\u00e0 accept\u00e9s et quels sont ceux qui doivent encore faire l\u2019objet d\u2019un dialogue pour convaincre? Des chercheur\u00b7euses reconnu\u00b7es commenterons ces questions sur la base d\u2019exemples, notamment l\u2019\u00e9olien, le photovolta\u00efque int\u00e9gr\u00e9 en fa\u00e7ade et la planification politique. La discussion qui suivra donnera lieu \u00e0 un \u00e9change d\u2019id\u00e9es sur ce qui est n\u00e9cessaire pour approfondir le dialogue et faire avancer le tournant \u00e9nerg\u00e9tique.<\/p>\n<h4>Programme<\/h4>\n<ul>\n<li><strong>Br\u00e8ve introduction<\/strong><br \/>\nDr.\u00a0Christian Zeyer, swisscleantech<\/p>\n<\/li>\n<li><strong>\u00abLe tournant \u00e9nerg\u00e9tique fa\u00e7onne le paysage &#8211; Comment la population appr\u00e9cie-t-elle ce changement?\u00bb\u00a0<\/strong><br \/>\nDr. Ulrike Wissen, PLUS, Planning of Landscape and Urban Systems, ETH Z\u00fcrich<\/p>\n<\/li>\n<li><strong>\u00abAcceptation de l\u2019\u00e9nergie solaire par les clients et les investisseurs: le r\u00f4le du design, origine et processus de d\u00e9cision\u00bb<\/strong><br \/>\nProfesseur Rolf W\u00fcstenhagen,\u00a0IW\u00d6 &#8211; Institut f\u00fcr Wirtschaft und \u00d6kologie, Universit\u00e9 de Saint-Gall<\/p>\n<\/li>\n<li><strong>\u00abR\u00e9ussir la mise en \u0153uvre: quelles sont les conditions n\u00e9cessaires pour que des mesures politiques soient accept\u00e9es?\u00bb<\/strong><br \/>\nProfesseur Isabelle\u00a0Stadelmann, Institut f\u00fcr Politikwissenschaft, Universit\u00e9 de Berne<\/li>\n<\/ul>\n<h4><strong>Participation via GoToMeeting<\/strong><\/h4>\n<p><strong>Participez depuis votre ordinateur, tablette ou smartphone. <br \/>\n<\/strong>https:\/\/global.gotomeeting.com\/join\/345864021\u00a0<\/p>\n<p><strong>Vous pouvez aussi vous connecter par t\u00e9l\u00e9phone. <br \/>\n<\/strong>Suisse:\u00a0<a data-cke-saved-href=\"tel:+41225459960,,345864021#\">+41 225 4599 60<\/a>;\u00a0<strong>Code\u00a0d\u2019acc\u00e8s:<\/strong>345-864-021\u00a0<\/p>\n<p>C\u2019est la premi\u00e8re fois que vous utilisez GoToMeeting? Nous vous recommandons de faire un essai avant le d\u00e9but du webinar. Pour une v\u00e9rification syst\u00e8me:\u00a0<a href=\"https:\/\/link.gotomeeting.com\/system-check\" data-cke-saved-href=\"https:\/\/link.gotomeeting.com\/system-check\" data-cke-saved- target=\"_blank\" rel=\"noopener\">https:\/\/link.gotomeeting.com\/system-check<\/a><\/p>\n","protected":false},"featured_media":16561,"template":"","acf":[],"_links":{"self":[{"href":"https:\/\/www.swisscleantech.ch\/fr\/wp-json\/wp\/v2\/agendaeintrag\/16560"}],"collection":[{"href":"https:\/\/www.swisscleantech.ch\/fr\/wp-json\/wp\/v2\/agendaeintrag"}],"about":[{"href":"https:\/\/www.swisscleantech.ch\/fr\/wp-json\/wp\/v2\/types\/agendaeintrag"}],"version-history":[{"count":1,"href":"https:\/\/www.swisscleantech.ch\/fr\/wp-json\/wp\/v2\/agendaeintrag\/16560\/revisions"}],"predecessor-version":[{"id":16562,"href":"https:\/\/www.swisscleantech.ch\/fr\/wp-json\/wp\/v2\/agendaeintrag\/16560\/revisions\/16562"}],"wp:featuredmedia":[{"embeddable":true,"href":"https:\/\/www.swisscleantech.ch\/fr\/wp-json\/wp\/v2\/media\/16561"}],"wp:attachment":[{"href":"https:\/\/www.swisscleantech.ch\/fr\/wp-json\/wp\/v2\/media?parent=16560"}],"curies":[{"name":"wp","href":"https:\/\/api.w.org\/{rel}","templated":true}]}}