{"id":17138,"date":"2020-07-03T07:32:46","date_gmt":"2020-07-03T07:32:46","guid":{"rendered":"https:\/\/www.swisscleantech.ch\/?post_type=agendaeintrag&#038;p=17138"},"modified":"2020-07-17T08:45:57","modified_gmt":"2020-07-17T08:45:57","slug":"8-swiss-green-economy-symposium","status":"publish","type":"agendaeintrag","link":"https:\/\/www.swisscleantech.ch\/fr\/agendaeintrag\/8-swiss-green-economy-symposium\/","title":{"rendered":"8. Swiss Green Economy Symposium"},"content":{"rendered":"<p><span style=\"font-size: 12pt;\"><span style=\"color: #000000;\">2020 steht\u00a0das\u00a0SGES\u00a0unter dem Motto &#8220;<strong>Dialog und Eigensinn<\/strong>&#8220;.\u00a0Wo braucht es Dialog, wo braucht es Pioniere, die &#8216;einfach&#8217; mal nachhaltig anpacken &#8211; auch wenn sie ungew\u00f6hnliche, gar eigensinnige Wege w\u00e4hlen.\u00a0Wie k\u00f6nnen wir wirtschaftliche, soziale und \u00f6kologische Ziele schlau kombinieren?\u00a0Profitieren sie vom <strong>Erfolgswissen und der Erfahrung von\u00a0\u00fcber<\/strong><\/span><span style=\"color: #000000;\"><strong>\u00a0150\u00a0Pers\u00f6nlichkeiten und Experten<\/strong>. <\/span><span lang=\"DE\"><span style=\"color: #000000;\">Lassen Sie sich inspirieren u.a. von:<\/span><\/span><\/span><\/p>\n<ul>\n<li><span lang=\"DE\" style=\"font-size: 12pt;\"><span style=\"color: #000000;\"><span style=\"color: #000000;\"><strong>\u00a0Prof. Dr. Alexander Braun, <\/strong>Vizedirektor,\u00a0Institut f\u00fcr Versicherungswirtschaft, Universit\u00e4t\u00a0St. Gallen <\/span><\/span><\/span><\/li>\n<li><span lang=\"DE\" style=\"font-size: 12pt;\"><span style=\"color: #000000;\"><span style=\"color: #000000;\"><strong>Prof. Dr. Rainer Bunge, <\/strong>Hochschule Rapperswil<\/span><\/span><\/span><\/li>\n<li><span lang=\"DE\" style=\"font-size: 12pt;\"><span style=\"color: #000000;\"><span style=\"color: #000000;\"><strong>C\u00e9dric Egger, <\/strong>Corporate Water Resources Manager, Nestl\u00e9<\/span><\/span><\/span><\/li>\n<li><span lang=\"DE\" style=\"font-size: 12pt;\"><span style=\"color: #000000;\"><span style=\"color: #000000;\"><strong>Annalise Eggimann, <\/strong>Direktorin, Innosuisse<\/span><\/span><\/span><\/li>\n<li><span lang=\"DE\" style=\"font-size: 12pt;\"><span style=\"color: #000000;\"><span style=\"color: #000000;\"><strong>Andr\u00e9 Fl\u00fcckiger, <\/strong>CEO, Eicher+Pauli<\/span><\/span><\/span><\/li>\n<li><span lang=\"DE\" style=\"font-size: 12pt;\"><span style=\"color: #000000;\"><span style=\"color: #000000;\"><strong>Prof. Dr. Lorenz Hilty, <\/strong>Universit\u00e4t Z\u00fcrich; Empa<\/span><\/span><\/span><\/li>\n<li><span lang=\"DE\" style=\"font-size: 12pt;\"><span style=\"color: #000000;\"><span style=\"color: #000000;\"><strong>Michael K\u00fcnzle<\/strong>, Stadtpr\u00e4sident, Winterthur<\/span><\/span><\/span><\/li>\n<li><span lang=\"DE\" style=\"font-size: 12pt;\"><span style=\"color: #000000;\"><span style=\"color: #000000;\"><strong>Christine Wiederkehr-Luther, <\/strong>Leiterin Direktion Nachhaltigkeit,\u00a0Migros-Genossenschafts-Bund<\/span><\/span><\/span><\/li>\n<li><span lang=\"DE\" style=\"font-size: 12pt;\"><strong><span style=\"color: #000000;\">Regierungsrat Dr. Martin Neukom<\/span><\/strong><\/span><\/li>\n<li><span lang=\"DE\" style=\"font-size: 12pt;\"><span style=\"color: #000000;\"><strong>Dr. Gunthard Niederb\u00e4umer,\u00a0<\/strong>Leiter Schaden- und R\u00fcckversicherung,<strong>\u00a0<\/strong>Schweizerischer Versicherungsverband; Mitglied Schweizer Klimadelegation<\/span><\/span><\/li>\n<li><span lang=\"DE\" style=\"font-size: 12pt;\"><span style=\"color: #000000;\"><strong>Prof. Dr. Jean-Marc Piveteau<\/strong>, Rektor, ZHAW<\/span><\/span><\/li>\n<li><span lang=\"DE\" style=\"font-size: 12pt;\"><span style=\"color: #000000;\"><strong>J\u00fcrg R\u00f6thlisberger, <\/strong>Direktor, Bundesamt f\u00fcr Strassenverkehr <\/span><\/span><\/li>\n<li><span lang=\"DE\" style=\"font-size: 12pt;\"><span style=\"color: #000000;\"><strong>Barbara Schaffner, <\/strong>Nationalr\u00e4tin<\/span><\/span><\/li>\n<li><span lang=\"DE\" style=\"font-size: 12pt;\"><span style=\"color: #000000;\"><strong>Anna Schindler, <\/strong>Direktorin Stadtentwicklung Z\u00fcrich<\/span><\/span><\/li>\n<li><span lang=\"DE\" style=\"font-size: 12pt;\"><span style=\"color: #000000;\"><strong>Dr. Karine Siegwart<\/strong>, Vizedirektorin, Bundesamt f\u00fcr Umwelt <\/span><\/span><\/li>\n<li><span lang=\"DE\" style=\"font-size: 12pt;\"><span style=\"color: #000000;\"><strong>Philipp Spaeti,<\/strong> CTO, IBM Schweiz <\/span><\/span><\/li>\n<li><span lang=\"DE\" style=\"font-size: 12pt;\"><span style=\"color: #000000;\"><strong>Regierungsr\u00e4tin Carmen Walker-Sp\u00e4h<\/strong><\/span><\/span><\/li>\n<li><span lang=\"DE\" style=\"font-size: 12pt;\"><span style=\"color: #000000;\"><strong>Christine Wiederkehr-Luther, <\/strong>Leiterin Direktion Nachhaltigkeit,\u00a0Migros-Genossenschafts-Bund<\/span><\/span><\/li>\n<li><span lang=\"DE\" style=\"font-size: 12pt;\"><span style=\"color: #000000;\"><strong>Res Witschi<\/strong>, Delegierter f\u00fcr Digitalisierung &amp; Nachhaltigkeit, Swisscom<\/span><\/span><\/li>\n<\/ul>\n<p><span style=\"font-size: 12pt;\">Profitieren Sie\u00a0von der Vielfalt\u00a0am\u00a0SGES-Symposium: Inspirierende Referate, spannende Panels,\u00a0<a href=\"https:\/\/sges.ch\/ausstellung-2020\/\" target=\"_blank\" rel=\"noopener\">Innovationsausstellung<\/a> und\u00a0die <a href=\"https:\/\/sges.ch\/innovationsforen-2020\/\" target=\"_blank\" rel=\"noopener\">Innovationsforen<\/a> voller Interaktion, z.B.:<\/span><\/p>\n<ul>\n<li><span style=\"font-size: 12pt;\"><a title=\"https:\/\/sges.ch\/if03-2020\" href=\"https:\/\/sges.ch\/if03-2020\" target=\"_blank\" rel=\"noopener\">IF.03 Areale in die Zukunft f\u00fchren<\/a> u.a.\u00a0mit Dr. Romer Deplazes, Energie 360\u00b0 AG; Daniel Tr\u00fcssel, eicher+pauli; Patric Van der Haegen, Eberhard Unternehmungen; Dr. Christian Schmid, intep; Moderation: Judit Solt, <a href=\"http:\/\/www.espazium.ch\/\" target=\"_blank\" rel=\"noopener\">TEC 21<\/a>\u00a0(<a href=\"https:\/\/sges.ch\/if03-2020\" target=\"_blank\" rel=\"noopener\"><span lang=\"DE\">Programm<\/span><\/a>, <a href=\"https:\/\/sges.ch\/anmeldung-sges-2020\/\" target=\"_blank\" rel=\"noopener\">Anmeldung<\/a><span lang=\"DE\">)<\/span><\/span><\/li>\n<li><span style=\"font-size: 12pt;\"><a title=\"https:\/\/sges.ch\/if04-2020\" href=\"https:\/\/sges.ch\/if04-2020\" target=\"_blank\" rel=\"noopener\">IF.04 Autonome Mobilit\u00e4t<\/a> u.a. mit\u00a0Anna Schindler, Stadt Entwicklung Z\u00fcrich; J\u00fcrg R\u00f6thlisberger, ASTRA; Prof. Dr. Maike Scherrer, ZHAW; Thomas K\u00fcchler, Schweizerische S\u00fcdostbahn (<a href=\"https:\/\/sges.ch\/if04-2020\" target=\"_blank\" rel=\"noopener\"><span lang=\"DE\">Programm<\/span><\/a>, <a href=\"https:\/\/sges.ch\/anmeldung-sges-2020\/\" target=\"_blank\" rel=\"noopener\">Anmeldung<\/a><span lang=\"DE\">)<\/span><\/span><\/li>\n<li><span style=\"font-size: 12pt;\"><a title=\"https:\/\/sges.ch\/if11-2020\" href=\"https:\/\/sges.ch\/if11-2020\" target=\"_blank\" rel=\"noopener\">IF.11 Globale Wertsch\u00f6pfungsketten<\/a><span lang=\"DE\">\u00a0u.a. mit Laura Tsch\u00fcmperlin, BAFU; Kai Landwehr, myclimate; Christian Ewert, Amfori; Nina Bachmann, Swiss Textiles (<\/span><a href=\"https:\/\/sges.ch\/if11-2020\" target=\"_blank\" rel=\"noopener\">Programm<\/a>, <a href=\"https:\/\/sges.ch\/anmeldung-sges-2020\/\" target=\"_blank\" rel=\"noopener\">Anmeldung<\/a>)<\/span><\/li>\n<li><span style=\"font-size: 12pt;\"><a title=\"https:\/\/sges.ch\/if12-2020\/\" href=\"https:\/\/sges.ch\/if12-2020\/\" target=\"_blank\" rel=\"noopener\">IF.12 Kreislaufwirtschaft und Kunststoffe<\/a> u.a. mit Kurt R\u00f6schli, Kunststoff.Swiss; Prof. Dr. Rudolf Koopmans, Plastic Innovations Competence Center; Patrik Geisselhardt, Swiss Recycling; Christine-Wiederkehr-Luther, Migros (<a href=\"https:\/\/sges.ch\/if12-2020\" target=\"_blank\" rel=\"noopener\">Programm<\/a>, <a href=\"https:\/\/sges.ch\/anmeldung-sges-2020\/\" target=\"_blank\" rel=\"noopener\">Anmeldung<\/a>).<\/span><\/li>\n<li><span style=\"font-size: 12pt;\"><a href=\"https:\/\/sges.ch\/if05-2020\/\" target=\"_blank\" rel=\"noopener\">IF.05 Wirksam Investieren: Neue Wege und Marktchancen<\/a><\/span><\/li>\n<li><span style=\"color: #000000; font-size: 12pt;\">IF.07 Kommunikation der Nachhaltigkeit<\/span><\/li>\n<li><span style=\"font-size: 12pt;\"><span style=\"color: #000000;\">IF.08 Smart-Cities\u00a0(1. <\/span><u style=\"color: #000000;\">und<\/u><span style=\"color: #000000;\"> 2.09.2020)<\/span><\/span><\/li>\n<li><span style=\"color: #000000; font-size: 12pt;\">IF.09 Energie &amp; Klima<\/span><\/li>\n<li><span style=\"color: #000000; font-size: 12pt;\">IF.13 Digitalisierung<\/span><\/li>\n<\/ul>\n<p><span style=\"font-size: 12pt;\"><span style=\"color: #000000;\"><br \/>\nWas ist der Nutzen und wie ist die Stimmung?\u00a0Antworten geben\u00a0die\u00a0<a href=\"https:\/\/www.youtube.com\/user\/swissgreeneconomy\/videos\" target=\"_blank\" rel=\"noopener\">Statements<\/a> fr\u00fcherer Speaker und\u00a0der <\/span><span style=\"color: #000000;\"><a href=\"https:\/\/www.youtube.com\/watch?v=jQaib9kt5o4&amp;feature=youtu.be\" target=\"_blank\" rel=\"noopener\">Stimmungsfilm<\/a>.<\/p>\n<p><\/span><span style=\"color: #000000;\"><strong>Anmeldung:<\/strong>\u00a0<a href=\"http:\/\/www.sges.ch\/anmeldung\" target=\"_blank\" rel=\"noopener\">Online<\/a>, <a href=\"mailto:info@sges.ch\">Mail<\/a>\u00a0oder gerne auch via\u00a0<strong>076 204 35 97<\/strong><\/span><\/span><\/p>\n<p><a class=\"addeventatc\" title=\"Add to Calendar\" href=\"https:\/\/www.addevent.com\/event\/Um4966267\" target=\"_blank\" rel=\"nofollow noopener noreferrer\" data-id=\"Um4966267\">Add to Calendar<\/a> <script type=\"text\/javascript\" src=\"https:\/\/addevent.com\/libs\/atc\/1.6.1\/atc.min.js\" async defer><\/script><\/p>\n","protected":false},"featured_media":0,"template":"","acf":[],"_links":{"self":[{"href":"https:\/\/www.swisscleantech.ch\/fr\/wp-json\/wp\/v2\/agendaeintrag\/17138"}],"collection":[{"href":"https:\/\/www.swisscleantech.ch\/fr\/wp-json\/wp\/v2\/agendaeintrag"}],"about":[{"href":"https:\/\/www.swisscleantech.ch\/fr\/wp-json\/wp\/v2\/types\/agendaeintrag"}],"version-history":[{"count":0,"href":"https:\/\/www.swisscleantech.ch\/fr\/wp-json\/wp\/v2\/agendaeintrag\/17138\/revisions"}],"wp:attachment":[{"href":"https:\/\/www.swisscleantech.ch\/fr\/wp-json\/wp\/v2\/media?parent=17138"}],"curies":[{"name":"wp","href":"https:\/\/api.w.org\/{rel}","templated":true}]}}