{"id":17481,"date":"2020-09-04T12:54:38","date_gmt":"2020-09-04T12:54:38","guid":{"rendered":"https:\/\/www.swisscleantech.ch\/?post_type=agendaeintrag&#038;p=17481"},"modified":"2020-09-07T12:55:11","modified_gmt":"2020-09-07T12:55:11","slug":"webinar-retrospective-session-dautomne","status":"publish","type":"agendaeintrag","link":"https:\/\/www.swisscleantech.ch\/fr\/agendaeintrag\/webinar-retrospective-session-dautomne\/","title":{"rendered":"Webinar: R\u00e9trospective session d\u2019automne"},"content":{"rendered":"<p>Le jeudi 24 septembre, \u00e0 partir de 12h30, nous revenons sur la session d&#8217;automne. Nous discuterons des d\u00e9lib\u00e9rations finales sur la loi sur le CO<sub>2<\/sub> et vous informerons de notre travail sur la construction d&#8217;une alliance \u00e9conomique en vue d&#8217;un \u00e9ventuel vote par r\u00e9f\u00e9rendum. Nous nous r\u00e9jouissons de votre participation!<\/p>\n<h4>Ce webinaire s&#8217;adresse exclusivement aux adh\u00e9rents de swisscleantech.<\/h4>\n<p>***<\/p>\n<p><span class=\"inv-date\"><b>R\u00e9trospective Session d&#8217;automne 2020.<span class=\"apple-converted-space\">\u00a0<\/span><\/b><br \/>\nDo, 24 septembre 2020, 12h30 &#8211; 13h15.<\/span><\/p>\n<p><b>Participez depuis votre ordinateur, tablette ou smartphone.<\/b><br \/>\n<a href=\"https:\/\/global.gotomeeting.com\/join\/863309725\" target=\"_blank\" rel=\"noopener noreferrer\">https:\/\/global.gotomeeting.com\/join\/863309725\u00a0<\/a><\/p>\n<p><b>Vous pouvez aussi vous connecter par t\u00e9l\u00e9phone.<span class=\"apple-converted-space\">\u00a0<\/span><\/b><b><span class=\"apple-converted-space\">\u00a0<\/span><\/b><br \/>\n<span class=\"invite-phone-number\">Schweiz:<\/span><span class=\"apple-converted-space\"> <a href=\"tel:+41225459978,,863309725#\">+41 225 4599 78; <\/a><\/span><b>Code d\u2019acc\u00e8s:<span class=\"apple-converted-space\"> 863-309-725 <\/span><\/b><\/p>\n<p><span class=\"apple-converted-space\">C\u2019est la premi\u00e8re fois que vous utilisez GoToMeeting? Nous vous recommandons de faire un essai avant le d\u00e9but du webinar. Pour une v\u00e9rification syst\u00e8me.<br \/>\n<\/span><span class=\"apple-converted-space\">https:\/\/global.gotomeeting.com\/install\/863309725\u00a0<\/span><\/p>\n<p>***<\/p>\n<p><a class=\"addeventatc\" title=\"Add to Calendar\" href=\"https:\/\/www.addevent.com\/event\/ue5114248\" target=\"_blank\" rel=\"nofollow noopener noreferrer\" data-id=\"ue5114248\">Add to Calendar<\/a> <script type=\"text\/javascript\" src=\"https:\/\/addevent.com\/libs\/atc\/1.6.1\/atc.min.js\" async defer><\/script><\/p>\n<p>&nbsp;<\/p>\n","protected":false},"featured_media":0,"template":"","acf":[],"_links":{"self":[{"href":"https:\/\/www.swisscleantech.ch\/fr\/wp-json\/wp\/v2\/agendaeintrag\/17481"}],"collection":[{"href":"https:\/\/www.swisscleantech.ch\/fr\/wp-json\/wp\/v2\/agendaeintrag"}],"about":[{"href":"https:\/\/www.swisscleantech.ch\/fr\/wp-json\/wp\/v2\/types\/agendaeintrag"}],"version-history":[{"count":0,"href":"https:\/\/www.swisscleantech.ch\/fr\/wp-json\/wp\/v2\/agendaeintrag\/17481\/revisions"}],"wp:attachment":[{"href":"https:\/\/www.swisscleantech.ch\/fr\/wp-json\/wp\/v2\/media?parent=17481"}],"curies":[{"name":"wp","href":"https:\/\/api.w.org\/{rel}","templated":true}]}}