{"id":17546,"date":"2020-09-16T15:47:03","date_gmt":"2020-09-16T15:47:03","guid":{"rendered":"https:\/\/www.swisscleantech.ch\/?post_type=agendaeintrag&#038;p=17546"},"modified":"2020-09-22T11:55:28","modified_gmt":"2020-09-22T11:55:28","slug":"mobiles-arbeiten-mit-covid19","status":"publish","type":"agendaeintrag","link":"https:\/\/www.swisscleantech.ch\/fr\/agendaeintrag\/mobiles-arbeiten-mit-covid19\/","title":{"rendered":"COVID-19 und das mobile Arbeiten &#8211; Lessons learnt"},"content":{"rendered":"<p><strong>Im Corona-Lockdown stand die Welt pl\u00f6tzlich still. Was hat der Lockdown an unserem Mobilit\u00e4tsverhalten und Arbeitsleben ver\u00e4ndert? Was k\u00f6nnen wir daraus lernen f\u00fcr die Zukunft? Diese und weitere spannende Fragen m\u00f6chten wir mit unseren Mitgliederfirmen diskutieren.\u00a0<\/strong><\/p>\n<p><strong>Programm:<\/strong><\/p>\n<ul>\n<li><em>\u00abWie der Lockdown unsere Arbeitsmobilit\u00e4t ver\u00e4ndert hat:\u00a0Was kann auf Basis von Bewegungsdaten \u00fcber die Ver\u00e4nderung des Mobilit\u00e4tsverhaltens vor und nach dem Lockdown abgelesen werden?\u00bb<\/em><br \/>\n<strong>Res Witschi, Swisscom<\/strong><\/p>\n<\/li>\n<li><em>\u00abWie Homeoffice unser Arbeitsleben beeinflusst: Wie sind Menschen mit dem Lockdown umgegangen und welche Auswirkungen hatte das angeordnete Homeoffice auf Wohlbefinden und Performance?\u00bb<\/em><br \/>\n<strong>Dr. Anna Luca Heimann, Psychologisches Institut UZH (Arbeits- und Organisationspsychologie)<\/strong><\/p>\n<\/li>\n<li><em>\u00abWie Fernmeetings in Zukunft auch aussehen k\u00f6nnten: Wie k\u00f6nnen Avatare die Erlebnisqualit\u00e4t virtueller Meetings ver\u00e4ndern?\u00bb<\/em><br \/>\n<strong>Volker G\u00e4ssler, vComm Solutions AG<\/strong><\/p>\n<\/li>\n<li><em>\u00abWie sich Firmen im Umfeld von COVID-19 ver\u00e4ndert haben: Wie hat sich COVID-19 auf den Alltag einer Firma ausgewirkt, die Firmen n\u00e4her an die Zukunft des Arbeitens heranf\u00fchren will?\u00bb<\/em><br \/>\n<strong>Ivo Horvat-Puzak, Swisscom Future Work Experience<\/strong><\/li>\n<\/ul>\n<p>Anschliessend findet ein Podiumsgespr\u00e4ch mit allen Teilnehmenden statt, das durch Dr. Christian Zeyer, Gesch\u00e4ftsf\u00fchrer swisscleantech, moderiert wird.<\/p>\n<p><strong>Durchf\u00fchrung:<\/strong><\/p>\n<p>Der Anlass findet virtuell (via Live-Streaming) statt. F\u00fcr den Live-Stream melden Sie sich\u00a0<a href=\"https:\/\/forms.office.com\/Pages\/ResponsePage.aspx?id=asBSU0AdzUSqBNeZrZudPpdv7PFHNKdBsoZM2Dmp5WFUOVcwOU9NVjdPVlIwQkZMTDRNVkJSOVZKTy4u\" target=\"_blank\" rel=\"noopener noreferrer\">unter diesem Link<\/a> an oder klicken Sie direkt <a href=\"https:\/\/global.gotomeeting.com\/join\/754668253\" target=\"_blank\" rel=\"noopener noreferrer\">hier<\/a>.\u00a0<\/p>\n<h4>Die virtuelle Veranstaltung ist kostenlos und f\u00fcr alle zug\u00e4nglich.<\/h4>\n","protected":false},"featured_media":17395,"template":"","acf":[],"_links":{"self":[{"href":"https:\/\/www.swisscleantech.ch\/fr\/wp-json\/wp\/v2\/agendaeintrag\/17546"}],"collection":[{"href":"https:\/\/www.swisscleantech.ch\/fr\/wp-json\/wp\/v2\/agendaeintrag"}],"about":[{"href":"https:\/\/www.swisscleantech.ch\/fr\/wp-json\/wp\/v2\/types\/agendaeintrag"}],"version-history":[{"count":2,"href":"https:\/\/www.swisscleantech.ch\/fr\/wp-json\/wp\/v2\/agendaeintrag\/17546\/revisions"}],"predecessor-version":[{"id":17587,"href":"https:\/\/www.swisscleantech.ch\/fr\/wp-json\/wp\/v2\/agendaeintrag\/17546\/revisions\/17587"}],"wp:featuredmedia":[{"embeddable":true,"href":"https:\/\/www.swisscleantech.ch\/fr\/wp-json\/wp\/v2\/media\/17395"}],"wp:attachment":[{"href":"https:\/\/www.swisscleantech.ch\/fr\/wp-json\/wp\/v2\/media?parent=17546"}],"curies":[{"name":"wp","href":"https:\/\/api.w.org\/{rel}","templated":true}]}}