{"id":17635,"date":"2020-09-28T15:36:03","date_gmt":"2020-09-28T15:36:03","guid":{"rendered":"https:\/\/www.swisscleantech.ch\/?post_type=agendaeintrag&#038;p=17635"},"modified":"2020-09-30T15:43:23","modified_gmt":"2020-09-30T15:43:23","slug":"17635","status":"publish","type":"agendaeintrag","link":"https:\/\/www.swisscleantech.ch\/fr\/agendaeintrag\/17635\/","title":{"rendered":"Groupe th\u00e9matique: Initiative pour les glaciers"},"content":{"rendered":"<div>D\u00e9but septembre, le Conseil f\u00e9d\u00e9ral a ouvert la proc\u00e9dure de consultation du contre-projet direct \u00e0 l&#8217;Initiative pour les glaciers. Dans ce contexte, swisscleantech souhaite vous inviter \u00e0\u00a0<strong>un groupe de discussion en ligne le 28 octobre 2020, de 14 \u00e0 17 heures.\u00a0<\/strong>Le programme se tiendra en allemand.<br \/>\n\u00a0<br \/>\nPour rappel: l&#8217;Initiative pour les glaciers pr\u00e9conise des \u00e9missions nettes nulles d&#8217;ici 2050 et vise \u00e0 ancrer dans la Constitution les objectifs de l\u2019Accords de Paris sur le climat et \u00e0 limiter le r\u00e9chauffement climatique \u00e0 2 \u00b0C. En outre, l&#8217;initiative veut interdire les combustibles fossiles \u00e0 partir de 2050. Dans son contre-projet, le Conseil f\u00e9d\u00e9ral partage les objectifs, mais souhaite modifier certains articles du texte de l&#8217;initiative. Le Conseil f\u00e9d\u00e9ral rejette en particulier l&#8217;interdiction des combustibles fossiles.<\/p>\n<p>Pour discuter des points ouverts du contre-projet de l&#8217;initiative, nous vous invitons cordialement \u00e0 rejoindre notre groupe de discussion en ligne. Nous souhaitons vous pr\u00e9senter les positions des principaux acteurs et discuter en d\u00e9tail de l&#8217;initiative afin de pr\u00e9parer notre prise de position.<\/p><\/div>\n<div>\u00a0<\/div>\n<div><u>PROGRAMME<\/u>:\u00a0<\/div>\n<div>\u00a0<\/div>\n<div><strong>14h00-15h15<br \/>\nPositions des acteurs cl\u00e9s<\/strong><\/p>\n<ul>\n<li>Introduction \u00e0 la politique climatique et \u00e0 l\u2019Initiative pour les glaciers,<br \/>\n<strong>Christian Zeyer, swisscleantech<\/strong><\/li>\n<li>Pr\u00e9sentation de l&#8217;Initiative pour les glaciers,\u00a0<br \/>\n<strong>Marcel H\u00e4nggi, Comit\u00e9 d&#8217;initiative<\/strong><\/li>\n<li>Pr\u00e9sentation du contre-projet,\u00a0<br \/>\n<strong>Office f\u00e9d\u00e9ral de l&#8217;environnement<\/strong><\/li>\n<li>Position de swisscleantech,\u00a0<br \/>\n<strong>Christian Zeyer, swisscleantech<\/strong><\/li>\n<li>Q&amp;A<\/li>\n<\/ul>\n<p><strong>15h15-17h00<br \/>\nGroupes de discussion virtuels th\u00e9matiques\u00a0<\/strong>(ouverts aux membres seulement)<\/p>\n<ul>\n<li>Discussions th\u00e9matiques\u00a0en groupes virtuels<\/li>\n<li>Synth\u00e8se des mod\u00e9rateurs<\/li>\n<li>Conclusion<\/li>\n<\/ul>\n<\/div>\n<p>&nbsp;<\/p>\n<p><a href=\"https:\/\/www.swisscleantech.ch\/fr\/anmeldung-abmeldung-formulare\/fg_gletscherinitiative\/\"><strong>Inscription<\/strong><\/a><\/p>\n<p>&nbsp;<\/p>\n<p><a class=\"addeventatc\" title=\"Add to Calendar\" href=\"https:\/\/www.addevent.com\/event\/ke5307094\" target=\"_blank\" rel=\"nofollow noopener noreferrer\" data-id=\"ke5307094\">Add to Calendar<\/a> <script type=\"text\/javascript\" src=\"https:\/\/addevent.com\/libs\/atc\/1.6.1\/atc.min.js\" async defer><\/script><\/p>\n","protected":false},"featured_media":0,"template":"","acf":[],"_links":{"self":[{"href":"https:\/\/www.swisscleantech.ch\/fr\/wp-json\/wp\/v2\/agendaeintrag\/17635"}],"collection":[{"href":"https:\/\/www.swisscleantech.ch\/fr\/wp-json\/wp\/v2\/agendaeintrag"}],"about":[{"href":"https:\/\/www.swisscleantech.ch\/fr\/wp-json\/wp\/v2\/types\/agendaeintrag"}],"version-history":[{"count":1,"href":"https:\/\/www.swisscleantech.ch\/fr\/wp-json\/wp\/v2\/agendaeintrag\/17635\/revisions"}],"predecessor-version":[{"id":17650,"href":"https:\/\/www.swisscleantech.ch\/fr\/wp-json\/wp\/v2\/agendaeintrag\/17635\/revisions\/17650"}],"wp:attachment":[{"href":"https:\/\/www.swisscleantech.ch\/fr\/wp-json\/wp\/v2\/media?parent=17635"}],"curies":[{"name":"wp","href":"https:\/\/api.w.org\/{rel}","templated":true}]}}