{"id":17686,"date":"2020-05-28T08:55:15","date_gmt":"2020-05-28T08:55:15","guid":{"rendered":"https:\/\/www.swisscleantech.ch\/?post_type=agendaeintrag&#038;p=17686"},"modified":"2020-11-19T09:47:41","modified_gmt":"2020-11-19T09:47:41","slug":"evenement-annuel20","status":"publish","type":"agendaeintrag","link":"https:\/\/www.swisscleantech.ch\/fr\/agendaeintrag\/evenement-annuel20\/","title":{"rendered":"Ev\u00e9nement annuel de swisscleantech : Les opportunit\u00e9s de l&#8217;innovation"},"content":{"rendered":"<p><strong>Les d\u00e9fis du changement climatique ne peuvent \u00eatre r\u00e9solus qu&#8217;ensemble et avec la puissance de l&#8217;innovation. A travers d\u2019interactions complexes, de nombreux facteurs d\u00e9terminent le succ\u00e8s ou l&#8217;\u00e9chec de l&#8217;innovation suisse. Les start-ups et les entreprises \u00e9tablies jouent un r\u00f4le tout aussi important que les flux d&#8217;investissement et les impulsions des gouvernements.<\/strong><\/p>\n<p>Dans quelles conditions les jeunes pousses prosp\u00e8rent-elles ? Comment les entreprises \u00e9tablies peuvent-elles se transformer en faveur d&#8217;une gestion des affaires plus durable ? Quel est le r\u00f4le des comportements d&#8217;investissement et des incitations gouvernementales dans ce domaine ? Ces questions et d&#8217;autres seront explor\u00e9es avec nos invit\u00e9s. Participez \u00e0 la discussion et soyez inspir\u00e9s !<br \/>\n\u00a0<br \/>\nL&#8217;\u00e9v\u00e9nement annuel sera pr\u00e9c\u00e9d\u00e9 d&#8217;une <strong>assembl\u00e9e g\u00e9n\u00e9rale <\/strong>extraordinaire \u2013 \u00e9galement virtuelle.\u00a0<\/p>\n<p><em>L&#8217;\u00e9v\u00e9nement se d\u00e9roulera en allemand et en anglais.\u00a0 <\/em><\/p>\n<p><strong>Programme<\/strong><\/p>\n<p>Moderation par Christian Zeyer, directeur swisscleantech<\/p>\n<ul>\n<li><strong>17:15 heures \u2013 Assembl\u00e9e g\u00e9n\u00e9rale extraordinaire<\/strong> (que pour les membres swisscleantech)\u00a0<\/li>\n<li><strong>18:00 heures \u2013 Mot de bienvenue de swisscleantech<br \/>\n<\/strong>Co-pr\u00e9sidents de swisscleantech<\/li>\n<li><strong>18:10 heures \u2013<span lang=\"FR\">De l&#8217;id\u00e9e au succ\u00e8s commercial: l&#8217;histoire de Climeworks<br \/>\n<\/span><\/strong><span lang=\"FR\">Dominique Kronenberg, COO Climeworks<\/span><\/li>\n<li><strong>18:25 heures \u2013<span lang=\"FR\">La comptabilit\u00e9 ajust\u00e9e du CO<sub>2<\/sub>, <br \/>\n<\/span><\/strong><span lang=\"FR\">Lone Feifer, Directrice D\u00e9veloppement durable et architecture, Groupe VELUX<\/span><\/li>\n<li><strong>18:40 heures \u2013\u00a0<\/strong><strong>Picking the Right: What makes impact investment successful<br \/>\n<\/strong>Steve Westly, Founder &amp; Managing Partner, The Westly Group<\/li>\n<li><strong>18:55 heures\u00a0<\/strong>\u2013\u00a0<strong><span lang=\"FR\">Le r\u00f4le de l&#8217;\u00c9tat dans l&#8217;innovation, <br \/>\n<\/span><\/strong><span lang=\"FR\">Prof. Dr Tobias Schmidt, Chaire de politique \u00e9nerg\u00e9tique, ETH Zurich<\/span><\/li>\n<li><strong><span lang=\"FR\">19:10 heures \u2013 \u00a0Discussion\u00a0<\/span><\/strong><\/li>\n<\/ul>\n<div id=\"c3090\" class=\"csc-default frame-type-contentelements_textpic grey-box\">\n<div class=\"ce-textpic  img_top\">\n<p><em>L&#8217;\u00e9v\u00e9nement se d\u00e9roulera sous forme de webinaire (online).<\/em><\/p>\n<p><a href=\"https:\/\/www.swisscleantech.ch\/fr\/evenement-annuel-2020\/\">Inscription<\/a><\/p>\n<p><a href=\"https:\/\/www.swisscleantech.ch\/files\/Programm_Jahresanlass_2020_swisscleantech_Die_Chance_der_Innovation.pdf\" target=\"_blank\" rel=\"noopener noreferrer\">Programme (PDF)<\/a><\/p>\n<\/div>\n<\/div>\n<p><a class=\"addeventatc\" title=\"Add to Calendar\" href=\"https:\/\/www.addevent.com\/event\/RM4966213\" target=\"_blank\" rel=\"nofollow noopener noreferrer\" data-id=\"RM4966213\">Add to Calendar<\/a> <script type=\"text\/javascript\" src=\"https:\/\/addevent.com\/libs\/atc\/1.6.1\/atc.min.js\" async defer><\/script><\/p>\n<p>Lien <a href=\"https:\/\/zoom.us\/meeting\/register\/tJIudeGsrj0pHtd4gJWxMb6lUj0E8syvWAuo\" target=\"_blank\" rel=\"noopener\">zoom<\/a> pour l&#8217;\u00e9v\u00e9nement<\/p>\n","protected":false},"featured_media":17701,"template":"","acf":[],"_links":{"self":[{"href":"https:\/\/www.swisscleantech.ch\/fr\/wp-json\/wp\/v2\/agendaeintrag\/17686"}],"collection":[{"href":"https:\/\/www.swisscleantech.ch\/fr\/wp-json\/wp\/v2\/agendaeintrag"}],"about":[{"href":"https:\/\/www.swisscleantech.ch\/fr\/wp-json\/wp\/v2\/types\/agendaeintrag"}],"version-history":[{"count":2,"href":"https:\/\/www.swisscleantech.ch\/fr\/wp-json\/wp\/v2\/agendaeintrag\/17686\/revisions"}],"predecessor-version":[{"id":17765,"href":"https:\/\/www.swisscleantech.ch\/fr\/wp-json\/wp\/v2\/agendaeintrag\/17686\/revisions\/17765"}],"wp:featuredmedia":[{"embeddable":true,"href":"https:\/\/www.swisscleantech.ch\/fr\/wp-json\/wp\/v2\/media\/17701"}],"wp:attachment":[{"href":"https:\/\/www.swisscleantech.ch\/fr\/wp-json\/wp\/v2\/media?parent=17686"}],"curies":[{"name":"wp","href":"https:\/\/api.w.org\/{rel}","templated":true}]}}