{"id":17800,"date":"2020-11-02T14:52:55","date_gmt":"2020-11-02T14:52:55","guid":{"rendered":"https:\/\/www.swisscleantech.ch\/?post_type=agendaeintrag&#038;p=17800"},"modified":"2020-11-04T14:06:33","modified_gmt":"2020-11-04T14:06:33","slug":"webinaire-emissions-negatives","status":"publish","type":"agendaeintrag","link":"https:\/\/www.swisscleantech.ch\/fr\/agendaeintrag\/webinaire-emissions-negatives\/","title":{"rendered":"Webinaire: Emissions n\u00e9gatives"},"content":{"rendered":"<p>En mati\u00e8re de politique climatique, les &#8220;\u00e9missions n\u00e9gatives&#8221; sont un th\u00e8me r\u00e9current. Mais qu&#8217;est-ce exactement ? Est-ce une solution miracle dans la lutte contre le changement climatique, et si oui, \u00e0 quel prix ? Afin de r\u00e9pondre \u00e0 ces questions, swisscleantech vous invite \u00e0 <strong>un webinaire le 26 novembre 2020, de 17 \u00e0 18h30<\/strong>.<\/p>\n<p>L&#8217;ann\u00e9e 2020 a vu de nombreux jalons \u00eatre pos\u00e9s pour une politique climatique suisse ambitieuse. D\u00e9but septembre, la loi r\u00e9vis\u00e9e sur le CO<sub>2<\/sub> a \u00e9t\u00e9 adopt\u00e9e par le Parlement et le processus de consultation pour la contre-proposition directe \u00e0 l&#8217;Initiative sur les glaciers a \u00e9galement \u00e9t\u00e9 ouvert. Ces deux projets de loi d\u00e9finissent des objectifs clairs pour la r\u00e9duction des \u00e9missions de gaz \u00e0 effet de serre en Suisse.<\/p>\n<p>Afin de comprendre quels sont les instruments n\u00e9cessaires pour rendre les \u00e9missions n\u00e9gatives possibles et comment ceux-ci contribuent \u00e0 atteindre les objectifs climatiques, nous vous invitons cordialement \u00e0 notre webinaire.<\/p>\n<p><strong>Programme (en allemand)<\/strong><\/p>\n<ul>\n<li>Introduction du webinaire et explication du concept d&#8217;\u00ab\u00e9missions n\u00e9gatives\u00bb<br \/>\n<strong>Christian Zeyer, swisscleantech <\/strong>(10min)<\/li>\n<li>Exemples de diff\u00e9rentes technologies :\n<ul>\n<li>Approches biologiques : utilisation du bois (15min)<br \/>\n<strong>Esther Thuerig, WSL\u00a0<\/strong><\/li>\n<li>Approches techniques: \u00e9limination directe du CO<sub>2<\/sub> de l&#8217;air (15min)<br \/>\n<strong>Christoph Beuttler, Climeworks\u00a0<\/strong><\/li>\n<\/ul>\n<\/li>\n<li>R\u00f4le des entreprises vers une neutralit\u00e9 carbone (<em>Offsetting<\/em>vs <em>Removal<\/em>)\u00a0(15min)<br \/>\n<strong>Mischa Repmann, Swiss RE<\/strong><\/li>\n<li>Potentiel et co\u00fbts des \u00e9missions n\u00e9gatives (10min)<br \/>\n<strong>Christoph Beuttler, Stiftung Risiko-Dialog<\/strong><\/li>\n<li>Discussions et questions-r\u00e9ponses (20min)<\/li>\n<li>Conclusion (5min)<\/li>\n<\/ul>\n<p><strong>Registration<\/strong><\/p>\n<p>Pour participer, veuillez vous inscrire ici:<br \/>\n<b><\/b><a class=\"c-link\" href=\"https:\/\/zoom.us\/meeting\/register\/tJEpce6hqT0pEtC9myuXmMLjiekcOrO8Y3ZF\" target=\"_blank\" rel=\"noopener noreferrer\" data-stringify-link=\"https:\/\/zoom.us\/meeting\/register\/tJEpce6hqT0pEtC9myuXmMLjiekcOrO8Y3ZF\" data-sk=\"tooltip_parent\">https:\/\/zoom.us\/meeting\/register\/tJEpce6hqT0pEtC9myuXmMLjiekcOrO8Y3ZF<\/a><\/p>\n<p>&nbsp;<\/p>\n","protected":false},"featured_media":0,"template":"","acf":[],"_links":{"self":[{"href":"https:\/\/www.swisscleantech.ch\/fr\/wp-json\/wp\/v2\/agendaeintrag\/17800"}],"collection":[{"href":"https:\/\/www.swisscleantech.ch\/fr\/wp-json\/wp\/v2\/agendaeintrag"}],"about":[{"href":"https:\/\/www.swisscleantech.ch\/fr\/wp-json\/wp\/v2\/types\/agendaeintrag"}],"version-history":[{"count":0,"href":"https:\/\/www.swisscleantech.ch\/fr\/wp-json\/wp\/v2\/agendaeintrag\/17800\/revisions"}],"wp:attachment":[{"href":"https:\/\/www.swisscleantech.ch\/fr\/wp-json\/wp\/v2\/media?parent=17800"}],"curies":[{"name":"wp","href":"https:\/\/api.w.org\/{rel}","templated":true}]}}