{"id":20450,"date":"2022-01-21T13:53:31","date_gmt":"2022-01-21T13:53:31","guid":{"rendered":"https:\/\/www.swisscleantech.ch\/?post_type=agendaeintrag&#038;p=20450"},"modified":"2022-03-07T14:22:42","modified_gmt":"2022-03-07T14:22:42","slug":"webinaire-politique-sur-la-session-de-printemps","status":"publish","type":"agendaeintrag","link":"https:\/\/www.swisscleantech.ch\/fr\/agendaeintrag\/webinaire-politique-sur-la-session-de-printemps\/","title":{"rendered":"Webinaire politique sur la session de printemps"},"content":{"rendered":"<p>La session de printemps des Chambres f\u00e9d\u00e9rales\u00a0bat son plein et l\u2019Initiative pour les glaciers constitue un sujet important pour la politique climatique. Cela bouge beaucoup actuellement en mati\u00e8re de politique climatique et \u00e9nerg\u00e9tique. Nous analyserons ensemble les \u00e9volutions actuelles et discuterons de leur signification pour l\u2019\u00e9conomie climat compatible, notamment l\u2019encouragement des technologies d\u2019\u00e9missions n\u00e9gatives, les conditions-cadre pour la neutralit\u00e9 climatique du trafic a\u00e9rien ou le renforcement de l\u2019\u00e9conomie circulaire.<\/p>\n<h4><strong>Ce webinaire est r\u00e9serv\u00e9 aux adh\u00e9rents de swisscleantech et aux invit\u00e9s.<\/strong><\/h4>\n","protected":false},"featured_media":0,"template":"","acf":[],"_links":{"self":[{"href":"https:\/\/www.swisscleantech.ch\/fr\/wp-json\/wp\/v2\/agendaeintrag\/20450"}],"collection":[{"href":"https:\/\/www.swisscleantech.ch\/fr\/wp-json\/wp\/v2\/agendaeintrag"}],"about":[{"href":"https:\/\/www.swisscleantech.ch\/fr\/wp-json\/wp\/v2\/types\/agendaeintrag"}],"version-history":[{"count":0,"href":"https:\/\/www.swisscleantech.ch\/fr\/wp-json\/wp\/v2\/agendaeintrag\/20450\/revisions"}],"wp:attachment":[{"href":"https:\/\/www.swisscleantech.ch\/fr\/wp-json\/wp\/v2\/media?parent=20450"}],"curies":[{"name":"wp","href":"https:\/\/api.w.org\/{rel}","templated":true}]}}