{"id":21744,"date":"2022-06-24T11:52:01","date_gmt":"2022-06-24T11:52:01","guid":{"rendered":"https:\/\/www.swisscleantech.ch\/?post_type=agendaeintrag&#038;p=21744"},"modified":"2022-06-24T11:53:05","modified_gmt":"2022-06-24T11:53:05","slug":"klimaberichterstattung-fuer-unternehmen-forcieren-fokusgruppe","status":"publish","type":"agendaeintrag","link":"https:\/\/www.swisscleantech.ch\/fr\/agendaeintrag\/klimaberichterstattung-fuer-unternehmen-forcieren-fokusgruppe\/","title":{"rendered":"Klimaberichterstattung f\u00fcr Unternehmen forcieren? \u2013 Fokusgruppe"},"content":{"rendered":"<p>Klimaberichterstattung in Unternehmen bilden eine wesentliche Voraussetzung zur Erreichung von Netto-Null-Zielen, sind aber mit relativ hohem Aufwand verbunden.<\/p>\n<p>Der Bund will nun die Klimaberichterstattung f\u00fcr grosse Firmen verbindlich erkl\u00e4ren. Die Verordnung dazu ist aktuell in der politischen Vernehmlassung.<\/p>\n<p><strong>Mit der Klimaberichterstattung sollen einerseits die finanziellen Risiken aufgezeigt werden, die f\u00fcr Unternehmen durch den Klimawandel entstehen. Zum anderen sollen die Auswirkungen auf das Klima durch die jeweiligen Unternehmen transparent gemacht werden.<\/strong><\/p>\n<p>Diese Pflicht zur Berichterstattung w\u00fcrde zun\u00e4chst f\u00fcr Aktiengesellschaften und etwa Banken und Versicherungen ab 500 Mitarbeitenden und mit einem Jahresumsatz von mindestens vierzig Millionen Franken oder einer Bilanzsumme ab zwanzig Millionen Franken gelten. Sie k\u00f6nnte \u00a0aber auch Konsequenzen f\u00fcr KMU haben, wenn sie Teil der Lieferkette von betroffenen Grossfirmen sind. Zudem diskutiert die EU aktuell, diese Berichterstattung auch auf weniger grosse Unternehmen (mit mehr als 250 Mitarbeitenden) auszuweiten.<\/p>\n<p><strong>In dieser Fokusgruppe erl\u00e4utern wir Ihnen die Funktion der Berichterstattung und die Folgen der Verordnung f\u00fcr ihre Firma und sind gespannt Inputs f\u00fcr unsere Stellungnahme. <\/strong><\/p>\n<p>Unterst\u00fctzt werden wir dabei von <strong>Barbara Dubach<\/strong>, die uns mit ihrem Kurzreferat \u00abKlimaberichterstattung \u2013 Chancen und Herausforderungen f\u00fcr grosse Schweizer Unternehmen\u00bb einen Einblick geben wird, was die Verordnung f\u00fcr die Wirtschaft bedeutet und wie diese im Sinne der Nachhaltigkeit positive Impulse setzen kann.<\/p>\n<h4>Diese Fokusgruppe richtet sich exklusiv an Mitglieder.<\/h4>\n","protected":false},"featured_media":0,"template":"","acf":[],"_links":{"self":[{"href":"https:\/\/www.swisscleantech.ch\/fr\/wp-json\/wp\/v2\/agendaeintrag\/21744"}],"collection":[{"href":"https:\/\/www.swisscleantech.ch\/fr\/wp-json\/wp\/v2\/agendaeintrag"}],"about":[{"href":"https:\/\/www.swisscleantech.ch\/fr\/wp-json\/wp\/v2\/types\/agendaeintrag"}],"version-history":[{"count":0,"href":"https:\/\/www.swisscleantech.ch\/fr\/wp-json\/wp\/v2\/agendaeintrag\/21744\/revisions"}],"wp:attachment":[{"href":"https:\/\/www.swisscleantech.ch\/fr\/wp-json\/wp\/v2\/media?parent=21744"}],"curies":[{"name":"wp","href":"https:\/\/api.w.org\/{rel}","templated":true}]}}