{"id":23541,"date":"2023-01-13T15:53:59","date_gmt":"2023-01-13T15:53:59","guid":{"rendered":"https:\/\/www.swisscleantech.ch\/?post_type=agendaeintrag&#038;p=23541"},"modified":"2023-03-13T19:44:20","modified_gmt":"2023-03-13T19:44:20","slug":"assemblee-generale-de-swisscleantech-2023","status":"publish","type":"agendaeintrag","link":"https:\/\/www.swisscleantech.ch\/fr\/agendaeintrag\/assemblee-generale-de-swisscleantech-2023\/","title":{"rendered":"<strong><em>Assembl\u00e9e g\u00e9n\u00e9rale de swisscleantech<\/em><\/strong>"},"content":{"rendered":"\n<h3><strong>\u00e9v\u00e9nement avec traduction simultan\u00e9e<\/strong><\/h3>\n<h2><strong>Programme<\/strong><\/h2>\n<h4><strong>Assembl\u00e9e g\u00e9n\u00e9rale de swisscleantech<\/strong><\/h4>\n\n\n\n<div class=\"is-layout-flex wp-container-3 wp-block-columns has-background\" style=\"background-color:#e1f5ff\">\n<div class=\"is-layout-flow wp-block-column has-medium-font-size\" style=\"flex-basis:25%\">\n<p>17h00 \u2013 17h30<\/p>\n<\/div>\n\n\n\n<div class=\"is-layout-flow wp-block-column has-medium-font-size\" style=\"flex-basis:100%\">\n<h3><strong>Arriv\u00e9e des participants et caf\u00e9<\/strong><\/h3>\n<\/div>\n<\/div>\n\n\n\n<div class=\"is-layout-flex wp-container-6 wp-block-columns has-background\" style=\"background-color:#e1f5ff\">\n<div class=\"is-layout-flow wp-block-column has-medium-font-size\" style=\"flex-basis:25%\">\n<p>17h30<\/p>\n<\/div>\n\n\n\n<div class=\"is-layout-flow wp-block-column has-medium-font-size\" style=\"flex-basis:100%\">\n<h3><strong>Accueil<\/strong><\/h3>\n<p><strong>La Mobili\u00e8re &amp; Novartis Suisse<br><\/strong><\/p>\n<\/div>\n<\/div>\n\n\n\n<div class=\"is-layout-flex wp-container-9 wp-block-columns has-background\" style=\"background-color:#e1f5ff\">\n<div class=\"is-layout-flow wp-block-column has-medium-font-size\" style=\"flex-basis:25%\">\n<p>17h45<\/p>\n<\/div>\n\n\n\n<div class=\"is-layout-flow wp-block-column has-medium-font-size\" style=\"flex-basis:100%\">\n<h3><strong>Assembl\u00e9e g\u00e9n\u00e9rale<\/strong><\/h3>\n<\/div>\n<\/div>\n\n\n\n<div class=\"is-layout-flex wp-container-12 wp-block-columns has-background\" style=\"background-color:#e1f5ff\">\n<div class=\"is-layout-flow wp-block-column has-medium-font-size\" style=\"flex-basis:25%\">\n<p>18h45<\/p>\n<\/div>\n\n\n\n<div class=\"is-layout-flow wp-block-column has-medium-font-size\" style=\"flex-basis:100%\">\n<h3><strong>pause avec repas<\/strong><\/h3>\n<\/div>\n<\/div>\n\n\n\n<h4><strong>Th\u00e8me&nbsp;: contre-projet indirect \u00e0 l\u2019initiative pour les glaciers<\/strong><\/h4>\n\n\n\n<div class=\"is-layout-flex wp-container-18 wp-block-columns has-background\" style=\"background-color:#e1f5ff\">\n<div class=\"is-layout-flow wp-block-column has-medium-font-size\" style=\"flex-basis:25%\">\n<p>19h15<\/p>\n<\/div>\n\n\n\n<div class=\"is-layout-flow wp-block-column has-medium-font-size\" style=\"flex-basis:100%\">\n<h3><strong>Pourquoi cette votation est si essentielle pour la politique climatique suisse<\/strong><\/h3>\n\n\n\n<div class=\"is-layout-flex wp-container-16 wp-block-columns\">\n<div class=\"is-layout-flow wp-block-column\">\n<figure class=\"wp-block-image size-full\"><img decoding=\"async\" loading=\"lazy\" width=\"800\" height=\"800\" src=\"https:\/\/www.swisscleantech.ch\/files\/Sophie-Fuerst-Verein-Klimaschutz.jpg\" alt=\"\" class=\"wp-image-23517\" srcset=\"https:\/\/www.swisscleantech.ch\/files\/Sophie-Fuerst-Verein-Klimaschutz.jpg 800w, https:\/\/www.swisscleantech.ch\/files\/Sophie-Fuerst-Verein-Klimaschutz-300x300.jpg 300w, https:\/\/www.swisscleantech.ch\/files\/Sophie-Fuerst-Verein-Klimaschutz-768x768.jpg 768w, https:\/\/www.swisscleantech.ch\/files\/Sophie-Fuerst-Verein-Klimaschutz-125x125.jpg 125w\" sizes=\"(max-width: 800px) 100vw, 800px\" \/><figcaption class=\"wp-element-caption\"><strong>Sophie F\u00fcrst<\/strong><br>Secr\u00e9taire g\u00e9n\u00e9rale de l\u2019Association suisse pour la protection du climat<\/figcaption><\/figure>\n<\/div>\n\n\n\n<div class=\"is-layout-flow wp-block-column\">\n<figure class=\"wp-block-image size-full\"><img decoding=\"async\" loading=\"lazy\" width=\"400\" height=\"400\" src=\"https:\/\/www.swisscleantech.ch\/files\/Christian-Zeyer.jpg\" alt=\"\" class=\"wp-image-22842\" srcset=\"https:\/\/www.swisscleantech.ch\/files\/Christian-Zeyer.jpg 400w, https:\/\/www.swisscleantech.ch\/files\/Christian-Zeyer-300x300.jpg 300w, https:\/\/www.swisscleantech.ch\/files\/Christian-Zeyer-125x125.jpg 125w\" sizes=\"(max-width: 400px) 100vw, 400px\" \/><figcaption class=\"wp-element-caption\"><strong>Christian Zeyer<\/strong><br>Co-directeur swisscleantech<\/figcaption><\/figure>\n<\/div>\n<\/div>\n<\/div>\n<\/div>\n\n\n\n<div class=\"is-layout-flex wp-container-24 wp-block-columns has-background\" style=\"background-color:#e1f5ff\">\n<div class=\"is-layout-flow wp-block-column has-medium-font-size\" style=\"flex-basis:25%\">\n<p>19h30<\/p>\n<\/div>\n\n\n\n<div class=\"is-layout-flow wp-block-column has-medium-font-size\" style=\"flex-basis:100%\">\n<h3><strong>L\u2019\u00e9conomie va de l\u2019avant \u2013 campagne de l\u2019alliance \u00e9conomique <\/strong><\/h3>\n\n\n\n<div class=\"is-layout-flex wp-container-22 wp-block-columns\">\n<div class=\"is-layout-flow wp-block-column\">\n<figure class=\"wp-block-image size-full\"><img decoding=\"async\" loading=\"lazy\" width=\"340\" height=\"340\" src=\"https:\/\/www.swisscleantech.ch\/files\/Stefan-Batzli-aee-suisse.jpg\" alt=\"\" class=\"wp-image-23519\" srcset=\"https:\/\/www.swisscleantech.ch\/files\/Stefan-Batzli-aee-suisse.jpg 340w, https:\/\/www.swisscleantech.ch\/files\/Stefan-Batzli-aee-suisse-300x300.jpg 300w, https:\/\/www.swisscleantech.ch\/files\/Stefan-Batzli-aee-suisse-125x125.jpg 125w\" sizes=\"(max-width: 340px) 100vw, 340px\" \/><figcaption class=\"wp-element-caption\"><strong>Stefan Batzli<\/strong><br>Directeur aee suisse<\/figcaption><\/figure>\n<\/div>\n\n\n\n<div class=\"is-layout-flow wp-block-column\">\n<figure class=\"wp-block-image size-full\"><img decoding=\"async\" loading=\"lazy\" width=\"400\" height=\"400\" src=\"https:\/\/www.swisscleantech.ch\/files\/Fabian-Etter-1.jpg\" alt=\"\" class=\"wp-image-22857\" srcset=\"https:\/\/www.swisscleantech.ch\/files\/Fabian-Etter-1.jpg 400w, https:\/\/www.swisscleantech.ch\/files\/Fabian-Etter-1-300x300.jpg 300w, https:\/\/www.swisscleantech.ch\/files\/Fabian-Etter-1-125x125.jpg 125w\" sizes=\"(max-width: 400px) 100vw, 400px\" \/><figcaption class=\"wp-element-caption\"><strong>Fabian Etter<\/strong><br>Co-pr\u00e9sident swisscleantech<\/figcaption><\/figure>\n<\/div>\n<\/div>\n<\/div>\n<\/div>\n\n\n\n<div class=\"is-layout-flex wp-container-27 wp-block-columns has-background\" style=\"background-color:#e1f5ff\">\n<div class=\"is-layout-flow wp-block-column has-medium-font-size\" style=\"flex-basis:25%\">\n<p>19h45<\/p>\n<\/div>\n\n\n\n<div class=\"is-layout-flow wp-block-column has-medium-font-size\" style=\"flex-basis:100%\">\n<h3><strong>Workshops<\/strong><\/h3>\n<ul>\n<li>Comment pouvons-nous faire la diff\u00e9rence dans la campagne pour la votation.<\/li>\n<li>Comment convaincre mes coll\u00e8gues sceptiques au travail \u2013 ou ma voisine&nbsp;!<\/li>\n<li>Mobiliser, mobiliser, mobiliser&nbsp;!<\/li>\n<\/ul>\n<\/div>\n<\/div>\n\n\n\n<div class=\"is-layout-flex wp-container-30 wp-block-columns has-background\" style=\"background-color:#e1f5ff\">\n<div class=\"is-layout-flow wp-block-column has-medium-font-size\" style=\"flex-basis:25%\">\n<p>20h55<\/p>\n<\/div>\n\n\n\n<div class=\"is-layout-flow wp-block-column has-medium-font-size\" style=\"flex-basis:100%\">\n<h3><strong>Networking &amp; buffet<\/strong><\/h3>\n<\/div>\n<\/div>\n\n\n\n<div class=\"is-layout-flex wp-container-36 wp-block-columns\">\n<div class=\"is-layout-flow wp-block-column\">\n<h4>Partenaires de l\u2019\u00e9v\u00e9nement<\/h4>\n<p>Un grand merci pour leur soutien !<\/p>\n<\/div>\n\n\n\n<div class=\"is-layout-flow wp-block-column\">\n<div class=\"is-layout-flex wp-container-34 wp-block-columns\">\n<div class=\"is-layout-flow wp-block-column\">\n<figure class=\"wp-block-image size-full\"><img decoding=\"async\" loading=\"lazy\" width=\"370\" height=\"210\" src=\"https:\/\/www.swisscleantech.ch\/files\/Logo_SchweizerischeMobiliarVersicherungsgesellschaftAG.gif\" alt=\"\" class=\"wp-image-17791\"\/><\/figure>\n<\/div>\n\n\n\n<div class=\"is-layout-flow wp-block-column\">\n<figure class=\"wp-block-image size-full\"><img decoding=\"async\" loading=\"lazy\" width=\"617\" height=\"350\" src=\"https:\/\/www.swisscleantech.ch\/files\/novartis.png\" alt=\"\" class=\"wp-image-21626\" srcset=\"https:\/\/www.swisscleantech.ch\/files\/novartis.png 617w, https:\/\/www.swisscleantech.ch\/files\/novartis-300x170.png 300w\" sizes=\"(max-width: 617px) 100vw, 617px\" \/><\/figure>\n<\/div>\n<\/div>\n<\/div>\n<\/div>\n\n\n\n<p><strong>Cet \u00e9v\u00e9nement est r\u00e9serv\u00e9 aux adh\u00e9rents et aux personnes invit\u00e9es.<\/strong><\/p>\n\n\n\n<div class=\"is-layout-flex wp-block-buttons\">\n<div class=\"wp-block-button\"><a class=\"wp-block-button__link wp-element-button\" href=\"https:\/\/www.eventbrite.ch\/e\/swisscleantech-generalversammlung-tickets-529171916447\" target=\"_blank\" rel=\"noreferrer noopener\">Inscription (\u00e9v\u00e9nement avec traduction simultan\u00e9e)<\/a><\/div>\n<\/div>\n","protected":false},"featured_media":0,"template":"","acf":[],"_links":{"self":[{"href":"https:\/\/www.swisscleantech.ch\/fr\/wp-json\/wp\/v2\/agendaeintrag\/23541"}],"collection":[{"href":"https:\/\/www.swisscleantech.ch\/fr\/wp-json\/wp\/v2\/agendaeintrag"}],"about":[{"href":"https:\/\/www.swisscleantech.ch\/fr\/wp-json\/wp\/v2\/types\/agendaeintrag"}],"version-history":[{"count":0,"href":"https:\/\/www.swisscleantech.ch\/fr\/wp-json\/wp\/v2\/agendaeintrag\/23541\/revisions"}],"wp:attachment":[{"href":"https:\/\/www.swisscleantech.ch\/fr\/wp-json\/wp\/v2\/media?parent=23541"}],"curies":[{"name":"wp","href":"https:\/\/api.w.org\/{rel}","templated":true}]}}