{"id":25568,"date":"2023-04-25T07:53:24","date_gmt":"2023-04-25T07:53:24","guid":{"rendered":"https:\/\/www.swisscleantech.ch\/?post_type=agendaeintrag&#038;p=25568"},"modified":"2023-06-21T18:44:30","modified_gmt":"2023-06-21T18:44:30","slug":"dialogue-swisscleantech-2023","status":"publish","type":"agendaeintrag","link":"https:\/\/www.swisscleantech.ch\/fr\/agendaeintrag\/dialogue-swisscleantech-2023\/","title":{"rendered":"Dialogue swisscleantech 2023"},"content":{"rendered":"\n<div id=\"sct-hero-block_d9678c00b74bc9fb34579d570fb436ff\" class=\"sct_hero_wrapper\">\n   \n\t<div class=\"box_content\">\n\t\t<h1>Dialogue entre l\u2019\u00e9conomie, la &shy;politique et la science<\/h1>\n\t\t<span>L\u2019\u00e9v\u00e9nement annuel de swisscleantech avec des interventions de haut niveau, des best practices, des expositions, une large place accord\u00e9e aux \u00e9changes informels \u2013 et quelques surprises. <\/span>\n\t<\/div>\n\n\t<div class=\"box_image\" style=\"background-image: url(https:\/\/www.swisscleantech.ch\/files\/swisscleantech-Dialogue-2023.png);\"><\/div>\n\t\n\t\n\t\n<\/div>\n\n\n\n<p>Quelles sont les interactions entre la mise en \u0153uvre de l\u2019objectif z\u00e9ro \u00e9mission nette et la s\u00e9curit\u00e9 de l\u2019approvisionnement ? Quelle sera la politique suisse apr\u00e8s la votation sur la loi climat ? Comment les entreprises peuvent-elle mieux exploiter les nombreuses opportunit\u00e9s offertes par la d\u00e9carbonation et avancer plus rapidement ?<\/p>\n<p>Le Dialogue swisscleantech 2023 livrera des informations sur les principales \u00e9volutions concernant l\u2019\u00e9nergie &amp; le climat.<\/p>\n\n\n\n<div class=\"is-layout-constrained wp-block-group foldbox_ct\"><div class=\"wp-block-group__inner-container\">\n<div class=\"is-layout-constrained wp-block-group foldbox_title\"><div class=\"wp-block-group__inner-container\">\n<h4>Intervenantes et intervenants<\/h4>\n<\/div><\/div>\n\n\n\n<div class=\"is-layout-constrained wp-block-group foldbox_content\"><div class=\"wp-block-group__inner-container\">\n<div class=\"is-layout-flex wp-container-6 wp-block-columns\">\n<div class=\"is-layout-flow wp-block-column\">\n<figure class=\"wp-block-image size-full is-resized\"><img decoding=\"async\" loading=\"lazy\" src=\"https:\/\/www.swisscleantech.ch\/files\/Franziska_Barmettler_SWISSCLEANTECH_Maerz2020_300x300.jpg\" alt=\"\" class=\"wp-image-16354\" width=\"200\" height=\"200\" srcset=\"https:\/\/www.swisscleantech.ch\/files\/Franziska_Barmettler_SWISSCLEANTECH_Maerz2020_300x300.jpg 300w, https:\/\/www.swisscleantech.ch\/files\/Franziska_Barmettler_SWISSCLEANTECH_Maerz2020_300x300-125x125.jpg 125w\" sizes=\"(max-width: 200px) 100vw, 200px\" \/><\/figure>\n\n\n\n<div style=\"height:20px\" aria-hidden=\"true\" class=\"wp-block-spacer\"><\/div>\n\n\n\n<p><strong>Franziska Barmettler<\/strong><br>Head of Sustainability IKEA Schweiz<\/p>\n<\/div>\n\n\n\n<div class=\"is-layout-flow wp-block-column\">\n<figure class=\"wp-block-image size-full is-resized\"><img decoding=\"async\" loading=\"lazy\" src=\"https:\/\/www.swisscleantech.ch\/files\/Stephanie-Bischof-Airfix.jpg\" alt=\"\" class=\"wp-image-25462\" width=\"200\" height=\"200\" srcset=\"https:\/\/www.swisscleantech.ch\/files\/Stephanie-Bischof-Airfix.jpg 400w, https:\/\/www.swisscleantech.ch\/files\/Stephanie-Bischof-Airfix-300x300.jpg 300w, https:\/\/www.swisscleantech.ch\/files\/Stephanie-Bischof-Airfix-125x125.jpg 125w\" sizes=\"(max-width: 200px) 100vw, 200px\" \/><\/figure>\n\n\n\n<div style=\"height:20px\" aria-hidden=\"true\" class=\"wp-block-spacer\"><\/div>\n\n\n\n<p><strong>Stephanie Bischof<\/strong><br>Managing Director Airfix<\/p>\n<\/div>\n\n\n\n<div class=\"is-layout-flow wp-block-column\">\n<figure class=\"wp-block-image size-large is-resized\"><img decoding=\"async\" loading=\"lazy\" src=\"https:\/\/www.swisscleantech.ch\/files\/Ueli-Rueger-Lidl-Schweiz.jpg\" alt=\"\" width=\"200\" height=\"200\"\/><\/figure>\n\n\n\n<div style=\"height:20px\" aria-hidden=\"true\" class=\"wp-block-spacer\"><\/div>\n\n\n\n<p><strong>Ueli R\u00fcger<\/strong><br>Head of Logistics Lidl Schweiz<\/p>\n<\/div>\n\n\n\n<div class=\"is-layout-flow wp-block-column\">\n<figure class=\"wp-block-image size-full is-resized\"><img decoding=\"async\" loading=\"lazy\" src=\"https:\/\/www.swisscleantech.ch\/files\/Gabriela-dal-Santo-ZFV.jpg\" alt=\"\" class=\"wp-image-25464\" width=\"200\" height=\"200\" srcset=\"https:\/\/www.swisscleantech.ch\/files\/Gabriela-dal-Santo-ZFV.jpg 400w, https:\/\/www.swisscleantech.ch\/files\/Gabriela-dal-Santo-ZFV-300x300.jpg 300w, https:\/\/www.swisscleantech.ch\/files\/Gabriela-dal-Santo-ZFV-125x125.jpg 125w\" sizes=\"(max-width: 200px) 100vw, 200px\" \/><\/figure>\n\n\n\n<div style=\"height:20px\" aria-hidden=\"true\" class=\"wp-block-spacer\"><\/div>\n\n\n\n<p><strong>Gabriela Dal Santo<\/strong><br>Membre de la direction ZFV Unternehmungen<\/p>\n<\/div>\n<\/div>\n\n\n\n<div class=\"is-layout-flex wp-container-11 wp-block-columns\">\n<div class=\"is-layout-flow wp-block-column\">\n<figure class=\"wp-block-image size-full is-resized\"><img decoding=\"async\" loading=\"lazy\" src=\"https:\/\/www.swisscleantech.ch\/files\/Barbara_Dubach_SWISSCLEANTECH_Maerz2020_300x300.jpg\" alt=\"\" class=\"wp-image-16349\" width=\"200\" height=\"200\" srcset=\"https:\/\/www.swisscleantech.ch\/files\/Barbara_Dubach_SWISSCLEANTECH_Maerz2020_300x300.jpg 300w, https:\/\/www.swisscleantech.ch\/files\/Barbara_Dubach_SWISSCLEANTECH_Maerz2020_300x300-125x125.jpg 125w\" sizes=\"(max-width: 200px) 100vw, 200px\" \/><\/figure>\n\n\n\n<div style=\"height:20px\" aria-hidden=\"true\" class=\"wp-block-spacer\"><\/div>\n\n\n\n<p><strong>Barbara Dubach<\/strong><br>Directrice engageability et responsable transfert de connaissances et de technologies PNR 73<\/p>\n<\/div>\n\n\n\n<div class=\"is-layout-flow wp-block-column\">\n<figure class=\"wp-block-image size-full is-resized\"><img decoding=\"async\" loading=\"lazy\" src=\"https:\/\/www.swisscleantech.ch\/files\/Fabian-Etter-1.jpg\" alt=\"\" class=\"wp-image-22857\" width=\"200\" height=\"200\" srcset=\"https:\/\/www.swisscleantech.ch\/files\/Fabian-Etter-1.jpg 400w, https:\/\/www.swisscleantech.ch\/files\/Fabian-Etter-1-300x300.jpg 300w, https:\/\/www.swisscleantech.ch\/files\/Fabian-Etter-1-125x125.jpg 125w\" sizes=\"(max-width: 200px) 100vw, 200px\" \/><\/figure>\n\n\n\n<div style=\"height:20px\" aria-hidden=\"true\" class=\"wp-block-spacer\"><\/div>\n\n\n\n<p><strong>Fabian Etter<\/strong><br>Co-pr\u00e9sident swisscleantech<\/p>\n<\/div>\n\n\n\n<div class=\"is-layout-flow wp-block-column\">\n<figure class=\"wp-block-image size-full is-resized\"><img decoding=\"async\" loading=\"lazy\" src=\"https:\/\/www.swisscleantech.ch\/files\/Daniel_Eugster_SWISSCLEANTECH_Maerz2020_300x300.jpg\" alt=\"\" class=\"wp-image-16352\" width=\"200\" height=\"200\" srcset=\"https:\/\/www.swisscleantech.ch\/files\/Daniel_Eugster_SWISSCLEANTECH_Maerz2020_300x300.jpg 300w, https:\/\/www.swisscleantech.ch\/files\/Daniel_Eugster_SWISSCLEANTECH_Maerz2020_300x300-125x125.jpg 125w\" sizes=\"(max-width: 200px) 100vw, 200px\" \/><\/figure>\n\n\n\n<div style=\"height:20px\" aria-hidden=\"true\" class=\"wp-block-spacer\"><\/div>\n\n\n\n<p><strong>Daniel Eugster<\/strong><br>Propri\u00e9taire &amp; directeur Haustechnik Eugster<\/p>\n<\/div>\n\n\n\n<div class=\"is-layout-flow wp-block-column\">\n<figure class=\"wp-block-image size-full is-resized\"><img decoding=\"async\" loading=\"lazy\" src=\"https:\/\/www.swisscleantech.ch\/files\/Gregory-Germann-swisscleantech.jpg\" alt=\"\" class=\"wp-image-23028\" width=\"200\" height=\"200\" srcset=\"https:\/\/www.swisscleantech.ch\/files\/Gregory-Germann-swisscleantech.jpg 400w, https:\/\/www.swisscleantech.ch\/files\/Gregory-Germann-swisscleantech-300x300.jpg 300w, https:\/\/www.swisscleantech.ch\/files\/Gregory-Germann-swisscleantech-125x125.jpg 125w\" sizes=\"(max-width: 200px) 100vw, 200px\" \/><\/figure>\n\n\n\n<div style=\"height:20px\" aria-hidden=\"true\" class=\"wp-block-spacer\"><\/div>\n\n\n\n<p><strong>Gregory Germann<\/strong><br>Chef de projet Logistique verte swisscleantech<\/p>\n<\/div>\n<\/div>\n\n\n\n<div class=\"is-layout-flex wp-container-16 wp-block-columns\">\n<div class=\"is-layout-flow wp-block-column\">\n<figure class=\"wp-block-image size-full is-resized\"><img decoding=\"async\" loading=\"lazy\" src=\"https:\/\/www.swisscleantech.ch\/files\/Madeleine-Guyer.jpg\" alt=\"\" class=\"wp-image-23223\" width=\"200\" height=\"200\" srcset=\"https:\/\/www.swisscleantech.ch\/files\/Madeleine-Guyer.jpg 400w, https:\/\/www.swisscleantech.ch\/files\/Madeleine-Guyer-300x300.jpg 300w, https:\/\/www.swisscleantech.ch\/files\/Madeleine-Guyer-125x125.jpg 125w\" sizes=\"(max-width: 200px) 100vw, 200px\" \/><\/figure>\n\n\n\n<div style=\"height:20px\" aria-hidden=\"true\" class=\"wp-block-spacer\"><\/div>\n\n\n\n<p><strong>Madeleine Guyer<\/strong><br>Community &amp; Membership Relations swisscleantech<\/p>\n<\/div>\n\n\n\n<div class=\"is-layout-flow wp-block-column\">\n<figure class=\"wp-block-image size-full is-resized\"><img decoding=\"async\" loading=\"lazy\" src=\"https:\/\/www.swisscleantech.ch\/files\/Michel-Haller.png\" alt=\"\" class=\"wp-image-25143\" width=\"200\" height=\"200\" srcset=\"https:\/\/www.swisscleantech.ch\/files\/Michel-Haller.png 150w, https:\/\/www.swisscleantech.ch\/files\/Michel-Haller-125x125.png 125w\" sizes=\"(max-width: 200px) 100vw, 200px\" \/><\/figure>\n\n\n\n<div style=\"height:20px\" aria-hidden=\"true\" class=\"wp-block-spacer\"><\/div>\n\n\n\n<p><strong>Michel Haller<\/strong><br>Scientific Project Manager OST Ostschweizer Fachhochschule<\/p>\n<\/div>\n\n\n\n<div class=\"is-layout-flow wp-block-column\">\n<figure class=\"wp-block-image size-full is-resized\"><img decoding=\"async\" loading=\"lazy\" src=\"https:\/\/www.swisscleantech.ch\/files\/Holger-Hofman-Riem-Science-Based-Targets-Offensive.jpg\" alt=\"\" class=\"wp-image-25465\" width=\"200\" height=\"200\" srcset=\"https:\/\/www.swisscleantech.ch\/files\/Holger-Hofman-Riem-Science-Based-Targets-Offensive.jpg 400w, https:\/\/www.swisscleantech.ch\/files\/Holger-Hofman-Riem-Science-Based-Targets-Offensive-300x300.jpg 300w, https:\/\/www.swisscleantech.ch\/files\/Holger-Hofman-Riem-Science-Based-Targets-Offensive-125x125.jpg 125w\" sizes=\"(max-width: 200px) 100vw, 200px\" \/><\/figure>\n\n\n\n<div style=\"height:20px\" aria-hidden=\"true\" class=\"wp-block-spacer\"><\/div>\n\n\n\n<p><strong>Holger Hoffmann-Riem<\/strong><br>Chef de projet Science Based Targets Offensive Suisse<\/p>\n<\/div>\n\n\n\n<div class=\"is-layout-flow wp-block-column\">\n<figure class=\"wp-block-image size-full is-resized\"><img decoding=\"async\" loading=\"lazy\" src=\"https:\/\/www.swisscleantech.ch\/files\/Jenny-Kunz-Ricola.jpg\" alt=\"\" class=\"wp-image-25469\" width=\"200\" height=\"200\" srcset=\"https:\/\/www.swisscleantech.ch\/files\/Jenny-Kunz-Ricola.jpg 400w, https:\/\/www.swisscleantech.ch\/files\/Jenny-Kunz-Ricola-300x300.jpg 300w, https:\/\/www.swisscleantech.ch\/files\/Jenny-Kunz-Ricola-125x125.jpg 125w\" sizes=\"(max-width: 200px) 100vw, 200px\" \/><\/figure>\n\n\n\n<div style=\"height:20px\" aria-hidden=\"true\" class=\"wp-block-spacer\"><\/div>\n\n\n\n<p><strong>Jenny Kunz<\/strong><br>Director Sustainability Ricola<\/p>\n<\/div>\n<\/div>\n\n\n\n<div class=\"is-layout-flex wp-container-21 wp-block-columns\">\n<div class=\"is-layout-flow wp-block-column\">\n<figure class=\"wp-block-image size-full is-resized\"><img decoding=\"async\" loading=\"lazy\" src=\"https:\/\/www.swisscleantech.ch\/files\/Cornelia-Luchsinger-swisscleantech-Vorstand.jpg\" alt=\"\" class=\"wp-image-24374\" width=\"200\" height=\"200\" srcset=\"https:\/\/www.swisscleantech.ch\/files\/Cornelia-Luchsinger-swisscleantech-Vorstand.jpg 220w, https:\/\/www.swisscleantech.ch\/files\/Cornelia-Luchsinger-swisscleantech-Vorstand-125x125.jpg 125w\" sizes=\"(max-width: 200px) 100vw, 200px\" \/><\/figure>\n\n\n\n<div style=\"height:20px\" aria-hidden=\"true\" class=\"wp-block-spacer\"><\/div>\n\n\n\n<p><strong>Cornelia Luchsinger<\/strong><br>Key Account Manager Z\u00fcrcher Kantonalbank<\/p>\n<\/div>\n\n\n\n<div class=\"is-layout-flow wp-block-column\">\n<figure class=\"wp-block-image size-full is-resized\"><img decoding=\"async\" loading=\"lazy\" src=\"https:\/\/www.swisscleantech.ch\/files\/Michael-Mandl-swisscleantech.jpg\" alt=\"\" class=\"wp-image-23400\" width=\"200\" height=\"200\" srcset=\"https:\/\/www.swisscleantech.ch\/files\/Michael-Mandl-swisscleantech.jpg 400w, https:\/\/www.swisscleantech.ch\/files\/Michael-Mandl-swisscleantech-300x300.jpg 300w, https:\/\/www.swisscleantech.ch\/files\/Michael-Mandl-swisscleantech-125x125.jpg 125w\" sizes=\"(max-width: 200px) 100vw, 200px\" \/><\/figure>\n\n\n\n<div style=\"height:20px\" aria-hidden=\"true\" class=\"wp-block-spacer\"><\/div>\n\n\n\n<p><strong>Michael Mandl<\/strong><br>Co-directeur swisscleantech<\/p>\n<\/div>\n\n\n\n<div class=\"is-layout-flow wp-block-column\">\n<figure class=\"wp-block-image size-full is-resized\"><img decoding=\"async\" loading=\"lazy\" src=\"https:\/\/www.swisscleantech.ch\/files\/Marc-Maurer-CEO-On-Running.jpg\" alt=\"\" class=\"wp-image-25456\" width=\"200\" height=\"200\" srcset=\"https:\/\/www.swisscleantech.ch\/files\/Marc-Maurer-CEO-On-Running.jpg 400w, https:\/\/www.swisscleantech.ch\/files\/Marc-Maurer-CEO-On-Running-300x300.jpg 300w, https:\/\/www.swisscleantech.ch\/files\/Marc-Maurer-CEO-On-Running-125x125.jpg 125w\" sizes=\"(max-width: 200px) 100vw, 200px\" \/><\/figure>\n\n\n\n<div style=\"height:20px\" aria-hidden=\"true\" class=\"wp-block-spacer\"><\/div>\n\n\n\n<p><strong>Marc Maurer<\/strong><br>Co-CEO On Running<\/p>\n<\/div>\n\n\n\n<div class=\"is-layout-flow wp-block-column\">\n<figure class=\"wp-block-image size-full is-resized\"><img decoding=\"async\" loading=\"lazy\" src=\"https:\/\/www.swisscleantech.ch\/files\/Urs-Neuhauser-Griesser.jpg\" alt=\"\" class=\"wp-image-25460\" width=\"200\" height=\"200\" srcset=\"https:\/\/www.swisscleantech.ch\/files\/Urs-Neuhauser-Griesser.jpg 400w, https:\/\/www.swisscleantech.ch\/files\/Urs-Neuhauser-Griesser-300x300.jpg 300w, https:\/\/www.swisscleantech.ch\/files\/Urs-Neuhauser-Griesser-125x125.jpg 125w\" sizes=\"(max-width: 200px) 100vw, 200px\" \/><\/figure>\n\n\n\n<div style=\"height:20px\" aria-hidden=\"true\" class=\"wp-block-spacer\"><\/div>\n\n\n\n<p><strong>Urs Neuhauser<\/strong><br>CEO Griesser Gruppe<\/p>\n<\/div>\n<\/div>\n\n\n\n<div class=\"is-layout-flex wp-container-26 wp-block-columns\">\n<div class=\"is-layout-flow wp-block-column\">\n<figure class=\"wp-block-image size-full is-resized\"><img decoding=\"async\" loading=\"lazy\" src=\"https:\/\/www.swisscleantech.ch\/files\/Christian-Petit-swisscleantech-Vorstand.jpg\" alt=\"\" class=\"wp-image-22054\" width=\"200\" height=\"200\" srcset=\"https:\/\/www.swisscleantech.ch\/files\/Christian-Petit-swisscleantech-Vorstand.jpg 300w, https:\/\/www.swisscleantech.ch\/files\/Christian-Petit-swisscleantech-Vorstand-125x125.jpg 125w\" sizes=\"(max-width: 200px) 100vw, 200px\" \/><\/figure>\n\n\n\n<div style=\"height:20px\" aria-hidden=\"true\" class=\"wp-block-spacer\"><\/div>\n\n\n\n<p><strong>Christian Petit<\/strong><br>CEO Romande Energie<\/p>\n<\/div>\n\n\n\n<div class=\"is-layout-flow wp-block-column\">\n<figure class=\"wp-block-image size-full is-resized\"><img decoding=\"async\" loading=\"lazy\" src=\"https:\/\/www.swisscleantech.ch\/files\/Christian-Redl-Agora-Energiewende.jpg\" alt=\"\" class=\"wp-image-25450\" width=\"200\" height=\"200\" srcset=\"https:\/\/www.swisscleantech.ch\/files\/Christian-Redl-Agora-Energiewende.jpg 400w, https:\/\/www.swisscleantech.ch\/files\/Christian-Redl-Agora-Energiewende-300x300.jpg 300w, https:\/\/www.swisscleantech.ch\/files\/Christian-Redl-Agora-Energiewende-125x125.jpg 125w\" sizes=\"(max-width: 200px) 100vw, 200px\" \/><\/figure>\n\n\n\n<div style=\"height:20px\" aria-hidden=\"true\" class=\"wp-block-spacer\"><\/div>\n\n\n\n<p><strong>Christian Redl<\/strong><br>Senior Associate Agora Energiewende<\/p>\n<\/div>\n\n\n\n<div class=\"is-layout-flow wp-block-column\">\n<figure class=\"wp-block-image size-full is-resized\"><img decoding=\"async\" loading=\"lazy\" src=\"https:\/\/www.swisscleantech.ch\/files\/Gerd-Scheller-swisscleantech-Vorstand.jpg\" alt=\"\" class=\"wp-image-22056\" width=\"200\" height=\"200\" srcset=\"https:\/\/www.swisscleantech.ch\/files\/Gerd-Scheller-swisscleantech-Vorstand.jpg 300w, https:\/\/www.swisscleantech.ch\/files\/Gerd-Scheller-swisscleantech-Vorstand-125x125.jpg 125w\" sizes=\"(max-width: 200px) 100vw, 200px\" \/><\/figure>\n\n\n\n<div style=\"height:20px\" aria-hidden=\"true\" class=\"wp-block-spacer\"><\/div>\n\n\n\n<p><strong>Gerd Scheller<\/strong><br>Country CEO Siemens Suisse<\/p>\n<\/div>\n\n\n\n<div class=\"is-layout-flow wp-block-column\">\n<figure class=\"wp-block-image size-full is-resized\"><img decoding=\"async\" loading=\"lazy\" src=\"https:\/\/www.swisscleantech.ch\/files\/This_Schwendimann_SWISSCLEANTECH_Maerz2020_300x300.jpg\" alt=\"\" class=\"wp-image-16357\" width=\"200\" height=\"200\" srcset=\"https:\/\/www.swisscleantech.ch\/files\/This_Schwendimann_SWISSCLEANTECH_Maerz2020_300x300.jpg 300w, https:\/\/www.swisscleantech.ch\/files\/This_Schwendimann_SWISSCLEANTECH_Maerz2020_300x300-125x125.jpg 125w\" sizes=\"(max-width: 200px) 100vw, 200px\" \/><\/figure>\n\n\n\n<div style=\"height:20px\" aria-hidden=\"true\" class=\"wp-block-spacer\"><\/div>\n\n\n\n<p><strong>This Schwendimann<\/strong><br>Fondateur &amp; propri\u00e9taire System Alpenluft<\/p>\n<\/div>\n<\/div>\n\n\n\n<div class=\"is-layout-flex wp-container-31 wp-block-columns\">\n<div class=\"is-layout-flow wp-block-column\">\n<figure class=\"wp-block-image size-full is-resized\"><img decoding=\"async\" loading=\"lazy\" src=\"https:\/\/www.swisscleantech.ch\/files\/Jakob-Stark-Staenderat-SVP.jpg\" alt=\"\" class=\"wp-image-25479\" width=\"200\" height=\"200\" srcset=\"https:\/\/www.swisscleantech.ch\/files\/Jakob-Stark-Staenderat-SVP.jpg 400w, https:\/\/www.swisscleantech.ch\/files\/Jakob-Stark-Staenderat-SVP-300x300.jpg 300w, https:\/\/www.swisscleantech.ch\/files\/Jakob-Stark-Staenderat-SVP-125x125.jpg 125w\" sizes=\"(max-width: 200px) 100vw, 200px\" \/><\/figure>\n\n\n\n<div style=\"height:20px\" aria-hidden=\"true\" class=\"wp-block-spacer\"><\/div>\n\n\n\n<p><strong>Jakob Stark<\/strong><br>Conseiller aux \u00c9tats UDC<\/p>\n<\/div>\n\n\n\n<div class=\"is-layout-flow wp-block-column\">\n<figure class=\"wp-block-image size-full is-resized\"><img decoding=\"async\" loading=\"lazy\" src=\"https:\/\/www.swisscleantech.ch\/files\/Tanja-Vainio-Schneider-Electric-1.jpg\" alt=\"\" class=\"wp-image-26124\" width=\"200\" height=\"200\" srcset=\"https:\/\/www.swisscleantech.ch\/files\/Tanja-Vainio-Schneider-Electric-1.jpg 400w, https:\/\/www.swisscleantech.ch\/files\/Tanja-Vainio-Schneider-Electric-1-300x300.jpg 300w, https:\/\/www.swisscleantech.ch\/files\/Tanja-Vainio-Schneider-Electric-1-125x125.jpg 125w\" sizes=\"(max-width: 200px) 100vw, 200px\" \/><\/figure>\n\n\n\n<div style=\"height:20px\" aria-hidden=\"true\" class=\"wp-block-spacer\"><\/div>\n\n\n\n<p><strong>Tanja Vainio<\/strong><br>Country President Schneider Electric<\/p>\n<\/div>\n\n\n\n<div class=\"is-layout-flow wp-block-column\">\n<figure class=\"wp-block-image size-large is-resized\"><img decoding=\"async\" loading=\"lazy\" src=\"https:\/\/www.swisscleantech.ch\/files\/Johan-Timmermans-IKEA-Schweiz.jpg\" alt=\"\" width=\"200\" height=\"200\"\/><\/figure>\n\n\n\n<div style=\"height:20px\" aria-hidden=\"true\" class=\"wp-block-spacer\"><\/div>\n\n\n\n<p><strong>Johan Timmermans<\/strong><br>Project Implementation Manager Zero Emission Deliveries IKEA Suisse<\/p>\n<\/div>\n\n\n\n<div class=\"is-layout-flow wp-block-column\">\n<figure class=\"wp-block-image size-full is-resized\"><img decoding=\"async\" loading=\"lazy\" src=\"https:\/\/www.swisscleantech.ch\/files\/Dieter-Vranckx-CEO-Swiss.jpg\" alt=\"\" class=\"wp-image-25458\" width=\"200\" height=\"200\" srcset=\"https:\/\/www.swisscleantech.ch\/files\/Dieter-Vranckx-CEO-Swiss.jpg 400w, https:\/\/www.swisscleantech.ch\/files\/Dieter-Vranckx-CEO-Swiss-300x300.jpg 300w, https:\/\/www.swisscleantech.ch\/files\/Dieter-Vranckx-CEO-Swiss-125x125.jpg 125w\" sizes=\"(max-width: 200px) 100vw, 200px\" \/><\/figure>\n\n\n\n<div style=\"height:20px\" aria-hidden=\"true\" class=\"wp-block-spacer\"><\/div>\n\n\n\n<p><strong>Dieter Vranckx<\/strong><br>CEO Swiss<\/p>\n<\/div>\n<\/div>\n\n\n\n<div class=\"is-layout-flex wp-container-36 wp-block-columns\">\n<div class=\"is-layout-flow wp-block-column\">\n<figure class=\"wp-block-image size-full is-resized\"><img decoding=\"async\" loading=\"lazy\" src=\"https:\/\/www.swisscleantech.ch\/files\/Marcel_Winter_SWISSCLEANTECH_Maerz2020_300x300.jpg\" alt=\"\" class=\"wp-image-16355\" width=\"200\" height=\"200\" srcset=\"https:\/\/www.swisscleantech.ch\/files\/Marcel_Winter_SWISSCLEANTECH_Maerz2020_300x300.jpg 300w, https:\/\/www.swisscleantech.ch\/files\/Marcel_Winter_SWISSCLEANTECH_Maerz2020_300x300-125x125.jpg 125w\" sizes=\"(max-width: 200px) 100vw, 200px\" \/><\/figure>\n\n\n\n<div style=\"height:20px\" aria-hidden=\"true\" class=\"wp-block-spacer\"><\/div>\n\n\n\n<p><strong>Marcel Winter<\/strong><br>Co-pr\u00e9sident swisscleantech<\/p>\n<\/div>\n\n\n\n<div class=\"is-layout-flow wp-block-column\">\n<figure class=\"wp-block-image size-full is-resized\"><img decoding=\"async\" loading=\"lazy\" src=\"https:\/\/www.swisscleantech.ch\/files\/susanne-vincenz-stauffacher-300x300.jpg\" alt=\"\" class=\"wp-image-18846\" width=\"200\" height=\"200\" srcset=\"https:\/\/www.swisscleantech.ch\/files\/susanne-vincenz-stauffacher-300x300.jpg 300w, https:\/\/www.swisscleantech.ch\/files\/susanne-vincenz-stauffacher-300x300-125x125.jpg 125w\" sizes=\"(max-width: 200px) 100vw, 200px\" \/><\/figure>\n\n\n\n<div style=\"height:20px\" aria-hidden=\"true\" class=\"wp-block-spacer\"><\/div>\n\n\n\n<p><strong>Susanne Vincenz-Stauffacher<\/strong><br>Conseill\u00e8re nationale PLR<\/p>\n<\/div>\n\n\n\n<div class=\"is-layout-flow wp-block-column\">\n<figure class=\"wp-block-image size-full is-resized\"><img decoding=\"async\" loading=\"lazy\" src=\"https:\/\/www.swisscleantech.ch\/files\/Christian-Zeyer.jpg\" alt=\"\" class=\"wp-image-22842\" width=\"200\" height=\"200\" srcset=\"https:\/\/www.swisscleantech.ch\/files\/Christian-Zeyer.jpg 400w, https:\/\/www.swisscleantech.ch\/files\/Christian-Zeyer-300x300.jpg 300w, https:\/\/www.swisscleantech.ch\/files\/Christian-Zeyer-125x125.jpg 125w\" sizes=\"(max-width: 200px) 100vw, 200px\" \/><\/figure>\n\n\n\n<div style=\"height:20px\" aria-hidden=\"true\" class=\"wp-block-spacer\"><\/div>\n\n\n\n<p><strong>Christian Zeyer<\/strong><br>Co-directeur swisscleantech<\/p>\n<\/div>\n\n\n\n<div class=\"is-layout-flow wp-block-column\">\n<figure class=\"wp-block-image size-full is-resized\"><img decoding=\"async\" loading=\"lazy\" src=\"https:\/\/www.swisscleantech.ch\/files\/Flavia-Zimmermann-Siemens.jpg\" alt=\"\" class=\"wp-image-25463\" width=\"200\" height=\"200\" srcset=\"https:\/\/www.swisscleantech.ch\/files\/Flavia-Zimmermann-Siemens.jpg 400w, https:\/\/www.swisscleantech.ch\/files\/Flavia-Zimmermann-Siemens-300x300.jpg 300w, https:\/\/www.swisscleantech.ch\/files\/Flavia-Zimmermann-Siemens-125x125.jpg 125w\" sizes=\"(max-width: 200px) 100vw, 200px\" \/><\/figure>\n\n\n\n<div style=\"height:20px\" aria-hidden=\"true\" class=\"wp-block-spacer\"><\/div>\n\n\n\n<p><strong>Flavia Zimmermann<\/strong><br>Sustainability Manager Siemens<\/p>\n<\/div>\n<\/div>\n\n\n\n<div class=\"is-layout-flex wp-container-41 wp-block-columns\">\n<div class=\"is-layout-flow wp-block-column\">\n<figure class=\"wp-block-image size-large is-resized\"><img decoding=\"async\" loading=\"lazy\" src=\"https:\/\/www.swisscleantech.ch\/files\/Christian-Buser-AFRY-Schweiz-300x300.jpg\" alt=\"\" width=\"200\" height=\"200\"\/><\/figure>\n\n\n\n<div style=\"height:20px\" aria-hidden=\"true\" class=\"wp-block-spacer\"><\/div>\n\n\n\n<p><strong>Christian Buser<\/strong><br>Head of Sustainability and Environment AFRY Suisse AG<\/p>\n<\/div>\n\n\n\n<div class=\"is-layout-flow wp-block-column\">\n<figure class=\"wp-block-image size-large is-resized\"><img decoding=\"async\" loading=\"lazy\" src=\"https:\/\/www.swisscleantech.ch\/files\/Cyril-Brunner-ETH-Zurich-300x300.jpg\" alt=\"\" width=\"200\" height=\"200\"\/><\/figure>\n\n\n\n<div style=\"height:20px\" aria-hidden=\"true\" class=\"wp-block-spacer\"><\/div>\n\n\n\n<p><strong>Dr. Cyril Brunner<\/strong><br>climatologue ETH Zurich<\/p>\n<\/div>\n\n\n\n<div class=\"is-layout-flow wp-block-column\">\n<figure class=\"wp-block-image size-large is-resized\"><img decoding=\"async\" src=\"https:\/\/www.swisscleantech.ch\/files\/Joerg-Soler-Stadt-Zuerich-300x300.jpg\" alt=\"\" width=\"200\"\/><\/figure>\n\n\n\n<div style=\"height:20px\" aria-hidden=\"true\" class=\"wp-block-spacer\"><\/div>\n\n\n\n<p><strong>J\u00f6rg Sol\u00e8r<\/strong><br>Directeur technique et production Stadt Z\u00fcrich<\/p>\n<\/div>\n\n\n\n<div class=\"is-layout-flow wp-block-column\">\n<figure class=\"wp-block-image size-large is-resized\"><img decoding=\"async\" loading=\"lazy\" src=\"https:\/\/www.swisscleantech.ch\/files\/Adrian-Huber-Mammut-Sports-Group-1.jpg\" alt=\"\" width=\"200\" height=\"200\"\/><\/figure>\n\n\n\n<div style=\"height:20px\" aria-hidden=\"true\" class=\"wp-block-spacer\"><\/div>\n\n\n\n<p><strong>Adrian Huber<\/strong><br>Head of Corporate Responsibility Mammut Sports Group AG<\/p>\n<\/div>\n<\/div>\n\n\n\n<p><\/p>\n<\/div><\/div>\n<\/div><\/div>\n\n\n\n<div style=\"height:50px\" aria-hidden=\"true\" class=\"wp-block-spacer\"><\/div>\n\n\n\n<h4><strong>Lieu<\/strong><\/h4>\n\n\n\n<p>Nous serons heureux de vous accueillir dans les nouveaux locaux de The Circle \u00e0 l\u2019a\u00e9roport de Zurich :<\/p>\n\n\n\n<figure class=\"is-layout-flex wp-block-gallery-44 wp-block-gallery has-nested-images columns-default is-cropped\">\n<figure class=\"wp-block-image size-large\"><img decoding=\"async\" loading=\"lazy\" width=\"1024\" height=\"547\" data-id=\"25451\"  src=\"https:\/\/www.swisscleantech.ch\/files\/The-Circle-Convention-Center-Foyer-1024x547.jpg\" alt=\"\" class=\"wp-image-25451\" srcset=\"https:\/\/www.swisscleantech.ch\/files\/The-Circle-Convention-Center-Foyer-1024x547.jpg 1024w, https:\/\/www.swisscleantech.ch\/files\/The-Circle-Convention-Center-Foyer-300x160.jpg 300w, https:\/\/www.swisscleantech.ch\/files\/The-Circle-Convention-Center-Foyer-768x410.jpg 768w, https:\/\/www.swisscleantech.ch\/files\/The-Circle-Convention-Center-Foyer-1536x821.jpg 1536w, https:\/\/www.swisscleantech.ch\/files\/The-Circle-Convention-Center-Foyer.jpg 1915w\" sizes=\"(max-width: 1024px) 100vw, 1024px\" \/><\/figure>\n\n\n\n<figure class=\"wp-block-image size-large\"><img decoding=\"async\" loading=\"lazy\" width=\"1024\" height=\"768\" data-id=\"25452\"  src=\"https:\/\/www.swisscleantech.ch\/files\/Circle-Convention-Center-Hall-1024x768.jpg\" alt=\"\" class=\"wp-image-25452\" srcset=\"https:\/\/www.swisscleantech.ch\/files\/Circle-Convention-Center-Hall-1024x768.jpg 1024w, https:\/\/www.swisscleantech.ch\/files\/Circle-Convention-Center-Hall-300x225.jpg 300w, https:\/\/www.swisscleantech.ch\/files\/Circle-Convention-Center-Hall-768x576.jpg 768w, https:\/\/www.swisscleantech.ch\/files\/Circle-Convention-Center-Hall-1536x1152.jpg 1536w, https:\/\/www.swisscleantech.ch\/files\/Circle-Convention-Center-Hall-2048x1536.jpg 2048w\" sizes=\"(max-width: 1024px) 100vw, 1024px\" \/><\/figure>\n<\/figure>\n\n\n\n<div style=\"height:50px\" aria-hidden=\"true\" class=\"wp-block-spacer\"><\/div>\n\n\n\n<p>Pour cet \u00e9v\u00e9nement, une traduction simultan\u00e9e sera assur\u00e9e, except\u00e9 pour les discussions par petits groupes (breakout sessions).<\/p>\n\n\n\n<div class=\"is-layout-flex wp-block-buttons\">\n<div class=\"wp-block-button\"><a class=\"wp-block-button__link wp-element-button\" href=\"https:\/\/www.eventbrite.ch\/e\/swisscleantech-dialog-2023-tickets-529412857107\" target=\"_blank\" rel=\"noopener\">Directement vers l\u2019inscription<\/a><\/div>\n<\/div>\n\n\n\n<h6>Cet \u00e9v\u00e9nement s\u2019adresse exclusivement aux adh\u00e9rents et aux personnes invit\u00e9es. Trois personnes par adh\u00e9rent au maximum sont invit\u00e9es \u00e0 participer \u00e0 l\u2019\u00e9v\u00e9nement.<\/h6>\n\n\n\n<div style=\"height:50px\" aria-hidden=\"true\" class=\"wp-block-spacer\"><\/div>\n\n\n\n<h4 class=\"has-text-align-left\"><strong>Programm<\/strong>e<\/h4>\n\n\n\n<div class=\"is-layout-flex wp-container-49 wp-block-columns has-background\" style=\"background-color:#e3ebf1\">\n<div class=\"is-layout-flow wp-block-column\" style=\"flex-basis:20%\">\n<h3><strong>12h30<\/strong><\/h3>\n<\/div>\n\n\n\n<div class=\"is-layout-flow wp-block-column\" style=\"flex-basis:80%\">\n<h3><strong>Arriv\u00e9e des participants<\/strong><\/h3>\n<\/div>\n<\/div>\n\n\n\n<div class=\"is-layout-flex wp-container-55 wp-block-columns has-background\" style=\"background-color:#e3ebf1\">\n<div class=\"is-layout-flow wp-block-column\" style=\"flex-basis:20%\">\n<h3><strong>13h<\/strong><\/h3>\n<\/div>\n\n\n\n<div class=\"is-layout-flow wp-block-column\" style=\"flex-basis:80%\">\n<h3><strong>Accueil<br><br><\/strong><\/h3>\n\n\n\n<div class=\"is-layout-flex wp-container-53 wp-block-columns\">\n<div class=\"is-layout-flow wp-block-column\">\n<figure class=\"wp-block-image size-full is-resized\"><img decoding=\"async\" loading=\"lazy\" src=\"https:\/\/www.swisscleantech.ch\/files\/Fabian-Etter-1.jpg\" alt=\"\" class=\"wp-image-22857\" width=\"200\" height=\"200\" srcset=\"https:\/\/www.swisscleantech.ch\/files\/Fabian-Etter-1.jpg 400w, https:\/\/www.swisscleantech.ch\/files\/Fabian-Etter-1-300x300.jpg 300w, https:\/\/www.swisscleantech.ch\/files\/Fabian-Etter-1-125x125.jpg 125w\" sizes=\"(max-width: 200px) 100vw, 200px\" \/><\/figure>\n\n\n\n<div style=\"height:20px\" aria-hidden=\"true\" class=\"wp-block-spacer\"><\/div>\n\n\n\n<p><strong>Fabian Etter<\/strong><br>Co-pr\u00e9sident swisscleantech<br>(Pr\u00e9sentation)<\/p>\n<\/div>\n\n\n\n<div class=\"is-layout-flow wp-block-column\">\n<figure class=\"wp-block-image size-full is-resized\"><img decoding=\"async\" loading=\"lazy\" src=\"https:\/\/www.swisscleantech.ch\/files\/Marcel_Winter_SWISSCLEANTECH_Maerz2020_300x300.jpg\" alt=\"\" class=\"wp-image-16355\" width=\"200\" height=\"200\" srcset=\"https:\/\/www.swisscleantech.ch\/files\/Marcel_Winter_SWISSCLEANTECH_Maerz2020_300x300.jpg 300w, https:\/\/www.swisscleantech.ch\/files\/Marcel_Winter_SWISSCLEANTECH_Maerz2020_300x300-125x125.jpg 125w\" sizes=\"(max-width: 200px) 100vw, 200px\" \/><\/figure>\n\n\n\n<div style=\"height:20px\" aria-hidden=\"true\" class=\"wp-block-spacer\"><\/div>\n\n\n\n<p><strong>Marcel Winter<\/strong><br>Co-pr\u00e9sident swisscleantech<\/p>\n<\/div>\n<\/div>\n<\/div>\n<\/div>\n\n\n\n<div class=\"is-layout-flex wp-container-58 wp-block-columns has-background\" style=\"background-color:#e3ebf1\">\n<div class=\"is-layout-flow wp-block-column\" style=\"flex-basis:20%\">\n<h3><strong>13h15<\/strong><\/h3>\n<\/div>\n\n\n\n<div class=\"is-layout-flow wp-block-column\" style=\"flex-basis:80%\">\n<h3><strong>Fitfor55 \u2013 comment l\u2019UE veut devenir un pr\u00e9curseur dans la protection du climat et les \u00e9nergies renouvelables&nbsp;!<br><\/strong><strong><br><\/strong><\/h3>\n\n\n\n<figure class=\"wp-block-image size-full is-resized\"><img decoding=\"async\" loading=\"lazy\" src=\"https:\/\/www.swisscleantech.ch\/files\/Christian-Redl-Agora-Energiewende.jpg\" alt=\"\" class=\"wp-image-25450\" width=\"200\" height=\"200\" srcset=\"https:\/\/www.swisscleantech.ch\/files\/Christian-Redl-Agora-Energiewende.jpg 400w, https:\/\/www.swisscleantech.ch\/files\/Christian-Redl-Agora-Energiewende-300x300.jpg 300w, https:\/\/www.swisscleantech.ch\/files\/Christian-Redl-Agora-Energiewende-125x125.jpg 125w\" sizes=\"(max-width: 200px) 100vw, 200px\" \/><\/figure>\n\n\n\n<div style=\"height:20px\" aria-hidden=\"true\" class=\"wp-block-spacer\"><\/div>\n\n\n\n<p><strong>Christian Redl<\/strong><br>Senior Associate Agora Energiewende<\/p>\n\n\n\n<p>Christian Redl fait partie de l\u2019\u00e9quipe Europe d\u2019Agora Energiewende o\u00f9 il travaille en tant que senior associate sur les th\u00e8mes de la politique climatique et \u00e9nerg\u00e9tique de l\u2019UE, l\u2019organisation du march\u00e9 de l\u2019\u00e9lectricit\u00e9 et la d\u00e9carbonation du secteur de l\u2019\u00e9nergie.<\/p>\n<\/div>\n<\/div>\n\n\n\n<div class=\"is-layout-flex wp-container-61 wp-block-columns has-background\" style=\"background-color:#e3ebf1\">\n<div class=\"is-layout-flow wp-block-column\" style=\"flex-basis:20%\">\n<h3><strong>13h45<\/strong><\/h3>\n<\/div>\n\n\n\n<div class=\"is-layout-flow wp-block-column\" style=\"flex-basis:80%\">\n<h3><strong>Protection du climat &amp; s\u00e9curit\u00e9 de l\u2019approvisionnement \u2013 Trade-off ou synergie ?<\/strong><\/h3>\n<p>Le plan de l\u2019\u00e9conomie climat compatible<strong><br><\/strong><\/p>\n\n\n\n<figure class=\"wp-block-image size-full is-resized\"><img decoding=\"async\" loading=\"lazy\" src=\"https:\/\/www.swisscleantech.ch\/files\/Christian-Zeyer.jpg\" alt=\"\" class=\"wp-image-22842\" width=\"200\" height=\"200\" srcset=\"https:\/\/www.swisscleantech.ch\/files\/Christian-Zeyer.jpg 400w, https:\/\/www.swisscleantech.ch\/files\/Christian-Zeyer-300x300.jpg 300w, https:\/\/www.swisscleantech.ch\/files\/Christian-Zeyer-125x125.jpg 125w\" sizes=\"(max-width: 200px) 100vw, 200px\" \/><\/figure>\n\n\n\n<div style=\"height:20px\" aria-hidden=\"true\" class=\"wp-block-spacer\"><\/div>\n\n\n\n<p><strong>Christian Zeyer<\/strong><br>Co-directeur swisscleantech<\/p>\n<\/div>\n<\/div>\n\n\n\n<div class=\"is-layout-flex wp-container-68 wp-block-columns has-background\" style=\"background-color:#e3ebf1\">\n<div class=\"is-layout-flow wp-block-column\" style=\"flex-basis:20%\">\n<h3><strong>14h05<\/strong><\/h3>\n<\/div>\n\n\n\n<div class=\"is-layout-flow wp-block-column\" style=\"flex-basis:80%\">\n<h3><strong>Comment l\u2019action doit-elle se poursuivre apr\u00e8s la votation sur la loi climat le 18 juin prochain !<br><\/strong><\/h3>\n<p>Panel sur les prochaines \u00e9tapes de la politique \u00e9nerg\u00e9tique et climatique<\/p>\n\n\n\n<div class=\"is-layout-flex wp-container-66 wp-block-columns\">\n<div class=\"is-layout-flow wp-block-column\">\n<figure class=\"wp-block-image size-large is-resized\"><img decoding=\"async\" loading=\"lazy\" src=\"https:\/\/www.swisscleantech.ch\/files\/susanne-vincenz-stauffacher-300x300.jpg\" alt=\"\" width=\"200\" height=\"200\"\/><\/figure>\n\n\n\n<div style=\"height:20px\" aria-hidden=\"true\" class=\"wp-block-spacer\"><\/div>\n\n\n\n<p><strong><strong>Susanne Vincenz-Stauffacher<\/strong><br><\/strong>Conseill\u00e8re nationale PLR<\/p>\n<\/div>\n\n\n\n<div class=\"is-layout-flow wp-block-column\">\n<figure class=\"wp-block-image size-full is-resized\"><img decoding=\"async\" loading=\"lazy\" src=\"https:\/\/www.swisscleantech.ch\/files\/Jakob-Stark-Staenderat-SVP.jpg\" alt=\"\" class=\"wp-image-25479\" width=\"200\" height=\"200\" srcset=\"https:\/\/www.swisscleantech.ch\/files\/Jakob-Stark-Staenderat-SVP.jpg 400w, https:\/\/www.swisscleantech.ch\/files\/Jakob-Stark-Staenderat-SVP-300x300.jpg 300w, https:\/\/www.swisscleantech.ch\/files\/Jakob-Stark-Staenderat-SVP-125x125.jpg 125w\" sizes=\"(max-width: 200px) 100vw, 200px\" \/><\/figure>\n\n\n\n<div style=\"height:20px\" aria-hidden=\"true\" class=\"wp-block-spacer\"><\/div>\n\n\n\n<p><strong>Jakob Stark<\/strong><br>Conseiller aux \u00c9tats UDC<\/p>\n<\/div>\n\n\n\n<div class=\"is-layout-flow wp-block-column\">\n<figure class=\"wp-block-image size-full is-resized\"><img decoding=\"async\" src=\"https:\/\/www.swisscleantech.ch\/files\/Gerd-Scheller-swisscleantech-Vorstand.jpg\" alt=\"\" class=\"wp-image-22056\" width=\"200\" srcset=\"https:\/\/www.swisscleantech.ch\/files\/Gerd-Scheller-swisscleantech-Vorstand.jpg 300w, https:\/\/www.swisscleantech.ch\/files\/Gerd-Scheller-swisscleantech-Vorstand-125x125.jpg 125w\" sizes=\"(max-width: 300px) 100vw, 300px\" \/><\/figure>\n\n\n\n<div style=\"height:20px\" aria-hidden=\"true\" class=\"wp-block-spacer\"><\/div>\n\n\n\n<p><strong>Gerd Scheller<\/strong><br>Country CEO Siemens Suisse<\/p>\n<\/div>\n<\/div>\n<\/div>\n<\/div>\n\n\n\n<div class=\"is-layout-flex wp-container-73 wp-block-columns has-background\" style=\"background-color:#e3ebf1\">\n<div class=\"is-layout-flow wp-block-column\" style=\"flex-basis:20%\">\n<h3><strong>14h50<\/strong><\/h3>\n<\/div>\n\n\n\n<div class=\"is-layout-flow wp-block-column\" style=\"flex-basis:80%\">\n<h3><strong>Interm\u00e8de<\/strong><\/h3>\n\n\n\n<div style=\"height:20px\" aria-hidden=\"true\" class=\"wp-block-spacer\"><\/div>\n\n\n\n<div class=\"is-layout-flex wp-container-71 wp-block-columns\">\n<div class=\"is-layout-flow wp-block-column\">\n<figure class=\"wp-block-image size-full is-resized\"><img decoding=\"async\" loading=\"lazy\" src=\"https:\/\/www.swisscleantech.ch\/files\/Fabian-Unteregger-Parodist-Komiker-1.jpg\" alt=\"\" class=\"wp-image-25887\" width=\"200\" height=\"200\" srcset=\"https:\/\/www.swisscleantech.ch\/files\/Fabian-Unteregger-Parodist-Komiker-1.jpg 400w, https:\/\/www.swisscleantech.ch\/files\/Fabian-Unteregger-Parodist-Komiker-1-300x300.jpg 300w, https:\/\/www.swisscleantech.ch\/files\/Fabian-Unteregger-Parodist-Komiker-1-125x125.jpg 125w\" sizes=\"(max-width: 200px) 100vw, 200px\" \/><\/figure>\n\n\n\n<div style=\"height:20px\" aria-hidden=\"true\" class=\"wp-block-spacer\"><\/div>\n\n\n\n<p><strong>Dr. Fabian Unteregger<\/strong><br>Parodiste, com\u00e9dien et entrepreneur<\/p>\n<\/div>\n<\/div>\n<\/div>\n<\/div>\n\n\n\n<div class=\"is-layout-flex wp-container-76 wp-block-columns has-background\" style=\"background-color:#79a6cb\">\n<div class=\"is-layout-flow wp-block-column\" style=\"flex-basis:20%\">\n<h3><span style=\"color: #ffffff;\"><strong>15h15<br><\/strong><\/span><\/h3>\n<\/div>\n\n\n\n<div class=\"is-layout-flow wp-block-column\" style=\"flex-basis:80%\">\n<h3><span style=\"color: #ffffff;\"><strong>Pause networking <\/strong><\/span><\/h3>\n<p><span style=\"color: #ffffff;\">exposition sur les innovations Cleantech<\/span><\/p>\n<\/div>\n<\/div>\n\n\n\n<div class=\"is-layout-flex wp-container-79 wp-block-columns has-background\" style=\"background-color:#e3ebf1\">\n<div class=\"is-layout-flow wp-block-column\" style=\"flex-basis:20%\">\n<h3><strong>16h10<\/strong><\/h3>\n<\/div>\n\n\n\n<div class=\"is-layout-flow wp-block-column\" style=\"flex-basis:80%\">\n<h3><strong>Net Zero Turbo Boost \u2013 Breakout Session<br><\/strong><\/h3>\n<p><a href=\"#TurboBoost\">D\u00e9tail des discussions par petits groupes<\/a><\/p>\n<\/div>\n<\/div>\n\n\n\n<div class=\"is-layout-flex wp-container-82 wp-block-columns has-background\" style=\"background-color:#e3ebf1\">\n<div class=\"is-layout-flow wp-block-column\" style=\"flex-basis:20%\">\n<h3><strong>17h15<\/strong><\/h3>\n<\/div>\n\n\n\n<div class=\"is-layout-flow wp-block-column\" style=\"flex-basis:80%\">\n<h3><strong>R\u00e9sum\u00e9 des sessions par petits groupes<\/strong><\/h3>\n<\/div>\n<\/div>\n\n\n\n<div class=\"is-layout-flex wp-container-91 wp-block-columns has-background\" style=\"background-color:#e3ebf1\">\n<div class=\"is-layout-flow wp-block-column\" style=\"flex-basis:20%\">\n<h3><strong>17h25<\/strong><\/h3>\n<\/div>\n\n\n\n<div class=\"is-layout-flow wp-block-column\" style=\"flex-basis:80%\">\n<h3><strong>Panel CEO4Climate<br>Comment l\u2019\u00e9conomie deviendra-t-elle plus rapidement \u00ab climat compatible \u00bb ?<\/strong><\/h3>\n\n\n\n<div style=\"height:20px\" aria-hidden=\"true\" class=\"wp-block-spacer\"><\/div>\n\n\n\n<div class=\"is-layout-flex wp-container-86 wp-block-columns\">\n<div class=\"is-layout-flow wp-block-column\">\n<figure class=\"wp-block-image size-full is-resized\"><img decoding=\"async\" loading=\"lazy\" src=\"https:\/\/www.swisscleantech.ch\/files\/Marc-Maurer-CEO-On-Running.jpg\" alt=\"\" class=\"wp-image-25456\" width=\"200\" height=\"200\" srcset=\"https:\/\/www.swisscleantech.ch\/files\/Marc-Maurer-CEO-On-Running.jpg 400w, https:\/\/www.swisscleantech.ch\/files\/Marc-Maurer-CEO-On-Running-300x300.jpg 300w, https:\/\/www.swisscleantech.ch\/files\/Marc-Maurer-CEO-On-Running-125x125.jpg 125w\" sizes=\"(max-width: 200px) 100vw, 200px\" \/><\/figure>\n\n\n\n<div style=\"height:20px\" aria-hidden=\"true\" class=\"wp-block-spacer\"><\/div>\n\n\n\n<p><strong>Marc Maurer<\/strong><br>Co-CEO On Running<\/p>\n<\/div>\n\n\n\n<div class=\"is-layout-flow wp-block-column\">\n<figure class=\"wp-block-image size-full is-resized\"><img decoding=\"async\" loading=\"lazy\" src=\"https:\/\/www.swisscleantech.ch\/files\/Urs-Neuhauser-Griesser.jpg\" alt=\"\" class=\"wp-image-25460\" width=\"200\" height=\"200\" srcset=\"https:\/\/www.swisscleantech.ch\/files\/Urs-Neuhauser-Griesser.jpg 400w, https:\/\/www.swisscleantech.ch\/files\/Urs-Neuhauser-Griesser-300x300.jpg 300w, https:\/\/www.swisscleantech.ch\/files\/Urs-Neuhauser-Griesser-125x125.jpg 125w\" sizes=\"(max-width: 200px) 100vw, 200px\" \/><\/figure>\n\n\n\n<div style=\"height:20px\" aria-hidden=\"true\" class=\"wp-block-spacer\"><\/div>\n\n\n\n<p><strong>Urs Neuhauser<\/strong><br>CEO Griesser Gruppe<br><\/p>\n<\/div>\n<\/div>\n\n\n\n<div class=\"is-layout-flex wp-container-89 wp-block-columns\">\n<div class=\"is-layout-flow wp-block-column\">\n<figure class=\"wp-block-image size-full is-resized\"><img decoding=\"async\" loading=\"lazy\" src=\"https:\/\/www.swisscleantech.ch\/files\/Tanja-Vainio-Schneider-Electric-1.jpg\" alt=\"\" class=\"wp-image-26124\" width=\"200\" height=\"200\" srcset=\"https:\/\/www.swisscleantech.ch\/files\/Tanja-Vainio-Schneider-Electric-1.jpg 400w, https:\/\/www.swisscleantech.ch\/files\/Tanja-Vainio-Schneider-Electric-1-300x300.jpg 300w, https:\/\/www.swisscleantech.ch\/files\/Tanja-Vainio-Schneider-Electric-1-125x125.jpg 125w\" sizes=\"(max-width: 200px) 100vw, 200px\" \/><\/figure>\n\n\n\n<div style=\"height:20px\" aria-hidden=\"true\" class=\"wp-block-spacer\"><\/div>\n\n\n\n<p><strong>Tanja Vainio<\/strong><br>Country President Schneider Electric<\/p>\n<\/div>\n\n\n\n<div class=\"is-layout-flow wp-block-column\">\n<figure class=\"wp-block-image size-full is-resized\"><img decoding=\"async\" loading=\"lazy\" src=\"https:\/\/www.swisscleantech.ch\/files\/Dieter-Vranckx-CEO-Swiss-1.jpg\" alt=\"\" class=\"wp-image-26123\" width=\"200\" height=\"200\" srcset=\"https:\/\/www.swisscleantech.ch\/files\/Dieter-Vranckx-CEO-Swiss-1.jpg 400w, https:\/\/www.swisscleantech.ch\/files\/Dieter-Vranckx-CEO-Swiss-1-300x300.jpg 300w, https:\/\/www.swisscleantech.ch\/files\/Dieter-Vranckx-CEO-Swiss-1-125x125.jpg 125w\" sizes=\"(max-width: 200px) 100vw, 200px\" \/><\/figure>\n\n\n\n<div style=\"height:20px\" aria-hidden=\"true\" class=\"wp-block-spacer\"><\/div>\n\n\n\n<p><strong>Dieter Vranckx<\/strong><br>CEO Swiss<br><\/p>\n<\/div>\n<\/div>\n<\/div>\n<\/div>\n\n\n\n<div class=\"is-layout-flex wp-container-96 wp-block-columns has-background\" style=\"background-color:#e3ebf1\">\n<div class=\"is-layout-flow wp-block-column\" style=\"flex-basis:20%\">\n<h3><strong>18h15<\/strong><\/h3>\n<\/div>\n\n\n\n<div class=\"is-layout-flow wp-block-column\" style=\"flex-basis:80%\">\n<h3><strong>Conclusion &amp; perspectives<\/strong><\/h3>\n\n\n\n<div style=\"height:20px\" aria-hidden=\"true\" class=\"wp-block-spacer\"><\/div>\n\n\n\n<div class=\"is-layout-flex wp-container-94 wp-block-columns\">\n<div class=\"is-layout-flow wp-block-column\">\n<figure class=\"wp-block-image size-full is-resized\"><img decoding=\"async\" loading=\"lazy\" src=\"https:\/\/www.swisscleantech.ch\/files\/Marcel_Winter_SWISSCLEANTECH_Maerz2020_300x300.jpg\" alt=\"\" class=\"wp-image-16355\" width=\"200\" height=\"200\" srcset=\"https:\/\/www.swisscleantech.ch\/files\/Marcel_Winter_SWISSCLEANTECH_Maerz2020_300x300.jpg 300w, https:\/\/www.swisscleantech.ch\/files\/Marcel_Winter_SWISSCLEANTECH_Maerz2020_300x300-125x125.jpg 125w\" sizes=\"(max-width: 200px) 100vw, 200px\" \/><\/figure>\n\n\n\n<div style=\"height:20px\" aria-hidden=\"true\" class=\"wp-block-spacer\"><\/div>\n\n\n\n<p><strong>Marcel Winter<\/strong><br>Co-pr\u00e9sident swisscleantech<\/p>\n<\/div>\n<\/div>\n<\/div>\n<\/div>\n\n\n\n<div class=\"is-layout-flex wp-container-99 wp-block-columns has-background\" style=\"background-color:#79a6cb\">\n<div class=\"is-layout-flow wp-block-column\" style=\"flex-basis:20%\">\n<h3><span style=\"color: #ffffff;\"><strong>\u00e0 partir de 18h30<br><\/strong><\/span><\/h3>\n<\/div>\n\n\n\n<div class=\"is-layout-flow wp-block-column\" style=\"flex-basis:80%\">\n<h3><span style=\"color: #ffffff;\"><strong>Buffet et musique<\/strong><\/span><\/h3>\n<\/div>\n<\/div>\n\n\n\n<div style=\"height:20px\" aria-hidden=\"true\" class=\"wp-block-spacer\"><\/div>\n\n\n\n<h3 id=\"TurboBoost\"><strong>Net Zero Turbo Boost: d\u00e9tail des discussions par petits groupes<\/strong><\/h3>\n\n\n\n<p>Apr\u00e8s la pause networking, participez \u00e0 une des six discussions par petits groupes pour \u00e9laborer des solutions permettant d\u2019atteindre plus rapidement notre objectif z\u00e9ro \u00e9mission nette :<\/p>\n\n\n\n<div class=\"is-layout-constrained wp-block-group foldbox_ct\"><div class=\"wp-block-group__inner-container\">\n<div class=\"is-layout-constrained wp-block-group foldbox_title\"><div class=\"wp-block-group__inner-container\">\n<p><strong><strong>Une logistique verte \u2013 est-ce possible&nbsp;?<\/strong><\/strong><\/p>\n<\/div><\/div>\n\n\n\n<div class=\"is-layout-constrained wp-block-group foldbox_content\"><div class=\"wp-block-group__inner-container\">\n<p>L\u2019approche intersectorielle de swisscleantech<\/p>\n\n\n\n<div class=\"is-layout-flex wp-container-105 wp-block-columns\">\n<div class=\"is-layout-flow wp-block-column\">\n<figure class=\"wp-block-image size-large is-resized\"><img decoding=\"async\" loading=\"lazy\" src=\"https:\/\/www.swisscleantech.ch\/files\/Ueli-Rueger-Lidl-Schweiz-1.jpg\" alt=\"\" width=\"200\" height=\"200\"\/><\/figure>\n\n\n\n<div style=\"height:20px\" aria-hidden=\"true\" class=\"wp-block-spacer\"><\/div>\n\n\n\n<p><strong>Ueli R\u00fcger<\/strong><br>Head of Logistics Lidl Schweiz<\/p>\n<\/div>\n\n\n\n<div class=\"is-layout-flow wp-block-column\">\n<figure class=\"wp-block-image size-large is-resized\"><img decoding=\"async\" loading=\"lazy\" src=\"https:\/\/www.swisscleantech.ch\/files\/Johan-Timmermans-IKEA-Schweiz.jpg\" alt=\"\" width=\"200\" height=\"200\"\/><\/figure>\n\n\n\n<div style=\"height:20px\" aria-hidden=\"true\" class=\"wp-block-spacer\"><\/div>\n\n\n\n<p><strong>Johan Timmermans<\/strong><br>Project Implementation Manager Zero Emission Deliveries IKEA Suisse<\/p>\n<\/div>\n\n\n\n<div class=\"is-layout-flow wp-block-column\">\n<figure class=\"wp-block-image size-full is-resized\"><img decoding=\"async\" loading=\"lazy\" src=\"https:\/\/www.swisscleantech.ch\/files\/This_Schwendimann_SWISSCLEANTECH_Maerz2020_300x300.jpg\" alt=\"\" class=\"wp-image-16357\" width=\"200\" height=\"200\" srcset=\"https:\/\/www.swisscleantech.ch\/files\/This_Schwendimann_SWISSCLEANTECH_Maerz2020_300x300.jpg 300w, https:\/\/www.swisscleantech.ch\/files\/This_Schwendimann_SWISSCLEANTECH_Maerz2020_300x300-125x125.jpg 125w\" sizes=\"(max-width: 200px) 100vw, 200px\" \/><\/figure>\n\n\n\n<div style=\"height:20px\" aria-hidden=\"true\" class=\"wp-block-spacer\"><\/div>\n\n\n\n<p><strong>This Schwendimann<\/strong><br>Fondateur &amp; propri\u00e9taire System Alpenluft<\/p>\n<\/div>\n\n\n\n<div class=\"is-layout-flow wp-block-column\">\n<figure class=\"wp-block-image size-full is-resized\"><img decoding=\"async\" loading=\"lazy\" src=\"https:\/\/www.swisscleantech.ch\/files\/Gregory-Germann-swisscleantech.jpg\" alt=\"\" class=\"wp-image-23028\" width=\"200\" height=\"200\" srcset=\"https:\/\/www.swisscleantech.ch\/files\/Gregory-Germann-swisscleantech.jpg 400w, https:\/\/www.swisscleantech.ch\/files\/Gregory-Germann-swisscleantech-300x300.jpg 300w, https:\/\/www.swisscleantech.ch\/files\/Gregory-Germann-swisscleantech-125x125.jpg 125w\" sizes=\"(max-width: 200px) 100vw, 200px\" \/><\/figure>\n\n\n\n<div style=\"height:20px\" aria-hidden=\"true\" class=\"wp-block-spacer\"><\/div>\n\n\n\n<p><strong>Gregory Germann<\/strong><br>Chef de projet Logistique verte swisscleantech<\/p>\n<\/div>\n<\/div>\n<\/div><\/div>\n<\/div><\/div>\n\n\n\n<div class=\"is-layout-constrained wp-block-group foldbox_ct\"><div class=\"wp-block-group__inner-container\">\n<div class=\"is-layout-constrained wp-block-group foldbox_title\"><div class=\"wp-block-group__inner-container\">\n<p><strong><strong>Science-based targets \u2013 la trajectoire vers de vrais objectifs climatiques, y compris pour les PME&nbsp;?<\/strong><\/strong><\/p>\n<\/div><\/div>\n\n\n\n<div class=\"is-layout-constrained wp-block-group foldbox_content\"><div class=\"wp-block-group__inner-container\">\n<p>Moteurs, enjeux et solutions, des exemples pratiques<\/p>\n\n\n\n<div class=\"is-layout-flex wp-container-113 wp-block-columns\">\n<div class=\"is-layout-flow wp-block-column\">\n<figure class=\"wp-block-image size-full is-resized\"><img decoding=\"async\" loading=\"lazy\" src=\"https:\/\/www.swisscleantech.ch\/files\/Holger-Hofman-Riem-Science-Based-Targets-Offensive.jpg\" alt=\"\" class=\"wp-image-25465\" width=\"200\" height=\"200\" srcset=\"https:\/\/www.swisscleantech.ch\/files\/Holger-Hofman-Riem-Science-Based-Targets-Offensive.jpg 400w, https:\/\/www.swisscleantech.ch\/files\/Holger-Hofman-Riem-Science-Based-Targets-Offensive-300x300.jpg 300w, https:\/\/www.swisscleantech.ch\/files\/Holger-Hofman-Riem-Science-Based-Targets-Offensive-125x125.jpg 125w\" sizes=\"(max-width: 200px) 100vw, 200px\" \/><\/figure>\n\n\n\n<div style=\"height:20px\" aria-hidden=\"true\" class=\"wp-block-spacer\"><\/div>\n\n\n\n<p><strong>Holger Hoffmann-Riem<\/strong><br>Chef de projet Science Based Targets Offensive Suisse<\/p>\n\n\n\n<p><br><\/p>\n<\/div>\n\n\n\n<div class=\"is-layout-flow wp-block-column\">\n<figure class=\"wp-block-image size-full is-resized\"><img decoding=\"async\" loading=\"lazy\" src=\"https:\/\/www.swisscleantech.ch\/files\/Gabriela-dal-Santo-ZFV.jpg\" alt=\"\" class=\"wp-image-25464\" width=\"200\" height=\"200\" srcset=\"https:\/\/www.swisscleantech.ch\/files\/Gabriela-dal-Santo-ZFV.jpg 400w, https:\/\/www.swisscleantech.ch\/files\/Gabriela-dal-Santo-ZFV-300x300.jpg 300w, https:\/\/www.swisscleantech.ch\/files\/Gabriela-dal-Santo-ZFV-125x125.jpg 125w\" sizes=\"(max-width: 200px) 100vw, 200px\" \/><\/figure>\n\n\n\n<div style=\"height:20px\" aria-hidden=\"true\" class=\"wp-block-spacer\"><\/div>\n\n\n\n<p><strong>Gabriela Dal Santo<\/strong><br>Membre de la direction ZFV Unternehmungen<\/p>\n<\/div>\n\n\n\n<div class=\"is-layout-flow wp-block-column\">\n<figure class=\"wp-block-image size-full is-resized\"><img decoding=\"async\" loading=\"lazy\" src=\"https:\/\/www.swisscleantech.ch\/files\/Daniel_Eugster_SWISSCLEANTECH_Maerz2020_300x300.jpg\" alt=\"\" class=\"wp-image-16352\" width=\"200\" height=\"200\" srcset=\"https:\/\/www.swisscleantech.ch\/files\/Daniel_Eugster_SWISSCLEANTECH_Maerz2020_300x300.jpg 300w, https:\/\/www.swisscleantech.ch\/files\/Daniel_Eugster_SWISSCLEANTECH_Maerz2020_300x300-125x125.jpg 125w\" sizes=\"(max-width: 200px) 100vw, 200px\" \/><\/figure>\n\n\n\n<div style=\"height:20px\" aria-hidden=\"true\" class=\"wp-block-spacer\"><\/div>\n\n\n\n<p><strong>Daniel Eugster<\/strong><br>Propri\u00e9taire &amp; directeur Haustechnik Eugster<\/p>\n<\/div>\n\n\n\n<div class=\"is-layout-flow wp-block-column\">\n<figure class=\"wp-block-image size-full is-resized\"><img decoding=\"async\" loading=\"lazy\" src=\"https:\/\/www.swisscleantech.ch\/files\/Madeleine-Guyer.jpg\" alt=\"\" class=\"wp-image-23223\" width=\"200\" height=\"200\" srcset=\"https:\/\/www.swisscleantech.ch\/files\/Madeleine-Guyer.jpg 400w, https:\/\/www.swisscleantech.ch\/files\/Madeleine-Guyer-300x300.jpg 300w, https:\/\/www.swisscleantech.ch\/files\/Madeleine-Guyer-125x125.jpg 125w\" sizes=\"(max-width: 200px) 100vw, 200px\" \/><\/figure>\n\n\n\n<div style=\"height:20px\" aria-hidden=\"true\" class=\"wp-block-spacer\"><\/div>\n\n\n\n<p><strong>Madeleine Guyer<\/strong><br>Community &amp; Membership Relations swisscleantech<\/p>\n<\/div>\n<\/div>\n<\/div><\/div>\n<\/div><\/div>\n\n\n\n<div class=\"is-layout-constrained wp-block-group foldbox_ct\"><div class=\"wp-block-group__inner-container\">\n<div class=\"is-layout-constrained wp-block-group foldbox_title\"><div class=\"wp-block-group__inner-container\">\n<p><strong><strong>\u00c9missions n\u00e9gatives \u2013 un \u00e9l\u00e9ment essentiel du puzzle pour aller vers z\u00e9ro \u00e9mission nette&nbsp;!<\/strong><\/strong><\/p>\n<\/div><\/div>\n\n\n\n<div class=\"is-layout-constrained wp-block-group foldbox_content\"><div class=\"wp-block-group__inner-container\">\n<p>Ce qui se fait sur le plan de la r\u00e9glementation \u2013 et comment de plus en plus d\u2019entreprises vont de l\u2019avant&nbsp;!<\/p>\n\n\n\n<div class=\"is-layout-flex wp-container-122 wp-block-columns\">\n<div class=\"is-layout-flow wp-block-column\">\n<figure class=\"wp-block-image size-full is-resized\"><img decoding=\"async\" loading=\"lazy\" src=\"https:\/\/www.swisscleantech.ch\/files\/Stephanie-Bischof-Airfix.jpg\" alt=\"\" class=\"wp-image-25462\" width=\"200\" height=\"200\" srcset=\"https:\/\/www.swisscleantech.ch\/files\/Stephanie-Bischof-Airfix.jpg 400w, https:\/\/www.swisscleantech.ch\/files\/Stephanie-Bischof-Airfix-300x300.jpg 300w, https:\/\/www.swisscleantech.ch\/files\/Stephanie-Bischof-Airfix-125x125.jpg 125w\" sizes=\"(max-width: 200px) 100vw, 200px\" \/><\/figure>\n\n\n\n<div style=\"height:20px\" aria-hidden=\"true\" class=\"wp-block-spacer\"><\/div>\n\n\n\n<p><strong>Stephanie Bischof<\/strong><br>Managing Director Airfix<\/p>\n<\/div>\n\n\n\n<div class=\"is-layout-flow wp-block-column\">\n<figure class=\"wp-block-image size-full is-resized\"><img decoding=\"async\" loading=\"lazy\" src=\"https:\/\/www.swisscleantech.ch\/files\/Flavia-Zimmermann-Siemens.jpg\" alt=\"\" class=\"wp-image-25463\" width=\"200\" height=\"200\" srcset=\"https:\/\/www.swisscleantech.ch\/files\/Flavia-Zimmermann-Siemens.jpg 400w, https:\/\/www.swisscleantech.ch\/files\/Flavia-Zimmermann-Siemens-300x300.jpg 300w, https:\/\/www.swisscleantech.ch\/files\/Flavia-Zimmermann-Siemens-125x125.jpg 125w\" sizes=\"(max-width: 200px) 100vw, 200px\" \/><\/figure>\n\n\n\n<div style=\"height:20px\" aria-hidden=\"true\" class=\"wp-block-spacer\"><\/div>\n\n\n\n<p><strong>Flavia Zimmermann<\/strong><br>Sustainability Manager Siemens<\/p>\n<\/div>\n\n\n\n<div class=\"is-layout-flow wp-block-column\">\n<figure class=\"wp-block-image size-large is-resized\"><img decoding=\"async\" loading=\"lazy\" src=\"https:\/\/www.swisscleantech.ch\/files\/Cyril-Brunner-ETH-Zurich.jpg\" alt=\"\" width=\"200\" height=\"200\"\/><\/figure>\n\n\n\n<div style=\"height:20px\" aria-hidden=\"true\" class=\"wp-block-spacer\"><\/div>\n\n\n\n<p><strong>Dr. Cyril Brunner<\/strong><br>climatologue ETH Zurich<\/p>\n<\/div>\n\n\n\n<div class=\"is-layout-flow wp-block-column\">\n<figure class=\"wp-block-image size-large is-resized\"><img decoding=\"async\" loading=\"lazy\" src=\"https:\/\/www.swisscleantech.ch\/files\/Joerg-Soler-Stadt-Zuerich.jpg\" alt=\"\" width=\"200\" height=\"200\"\/><\/figure>\n\n\n\n<div style=\"height:20px\" aria-hidden=\"true\" class=\"wp-block-spacer\"><\/div>\n\n\n\n<p><strong>J\u00f6rg Sol\u00e8r<\/strong><br>Directeur technique et production ERZ, Stadt Z\u00fcrich<\/p>\n<\/div>\n\n\n\n<div class=\"is-layout-flow wp-block-column\">\n<figure class=\"wp-block-image size-full is-resized\"><img decoding=\"async\" loading=\"lazy\" src=\"https:\/\/www.swisscleantech.ch\/files\/Christian-Zeyer.jpg\" alt=\"\" class=\"wp-image-22842\" width=\"200\" height=\"200\" srcset=\"https:\/\/www.swisscleantech.ch\/files\/Christian-Zeyer.jpg 400w, https:\/\/www.swisscleantech.ch\/files\/Christian-Zeyer-300x300.jpg 300w, https:\/\/www.swisscleantech.ch\/files\/Christian-Zeyer-125x125.jpg 125w\" sizes=\"(max-width: 200px) 100vw, 200px\" \/><\/figure>\n\n\n\n<div style=\"height:20px\" aria-hidden=\"true\" class=\"wp-block-spacer\"><\/div>\n\n\n\n<p><strong>Christian Zeyer<\/strong><br>Co-directeur swisscleantech<\/p>\n<\/div>\n<\/div>\n<\/div><\/div>\n<\/div><\/div>\n\n\n\n<div class=\"is-layout-constrained wp-block-group foldbox_ct\"><div class=\"wp-block-group__inner-container\">\n<div class=\"is-layout-constrained wp-block-group foldbox_title\"><div class=\"wp-block-group__inner-container\">\n<p><strong><strong>Stockage (saisonnier) \u2013 le grand d\u00e9fi de la transition \u00e9nerg\u00e9tique<\/strong><\/strong><\/p>\n<\/div><\/div>\n\n\n\n<div class=\"is-layout-constrained wp-block-group foldbox_content\"><div class=\"wp-block-group__inner-container\">\n<p>Perspectives sur les technologies et les tendances<\/p>\n\n\n\n<div class=\"is-layout-flex wp-container-129 wp-block-columns\">\n<div class=\"is-layout-flow wp-block-column\">\n<figure class=\"wp-block-image size-full is-resized\"><img decoding=\"async\" loading=\"lazy\" src=\"https:\/\/www.swisscleantech.ch\/files\/Michel-Haller.png\" alt=\"\" class=\"wp-image-25143\" width=\"200\" height=\"200\" srcset=\"https:\/\/www.swisscleantech.ch\/files\/Michel-Haller.png 150w, https:\/\/www.swisscleantech.ch\/files\/Michel-Haller-125x125.png 125w\" sizes=\"(max-width: 200px) 100vw, 200px\" \/><\/figure>\n\n\n\n<div style=\"height:20px\" aria-hidden=\"true\" class=\"wp-block-spacer\"><\/div>\n\n\n\n<p><strong>Michel Haller<\/strong><br>Scientific Project Manager OST Ostschweizer Fachhochschule<\/p>\n<\/div>\n\n\n\n<div class=\"is-layout-flow wp-block-column\">\n<figure class=\"wp-block-image size-full is-resized\"><img decoding=\"async\" loading=\"lazy\" src=\"https:\/\/www.swisscleantech.ch\/files\/Cornelia-Luchsinger-swisscleantech-Vorstand.jpg\" alt=\"\" class=\"wp-image-24374\" width=\"200\" height=\"200\" srcset=\"https:\/\/www.swisscleantech.ch\/files\/Cornelia-Luchsinger-swisscleantech-Vorstand.jpg 220w, https:\/\/www.swisscleantech.ch\/files\/Cornelia-Luchsinger-swisscleantech-Vorstand-125x125.jpg 125w\" sizes=\"(max-width: 200px) 100vw, 200px\" \/><\/figure>\n\n\n\n<div style=\"height:20px\" aria-hidden=\"true\" class=\"wp-block-spacer\"><\/div>\n\n\n\n<p><strong>Cornelia Luchsinger<\/strong><br>Key Account Manager Z\u00fcrcher Kantonalbank<\/p>\n<\/div>\n\n\n\n<div class=\"is-layout-flow wp-block-column\">\n<figure class=\"wp-block-image size-full is-resized\"><img decoding=\"async\" loading=\"lazy\" src=\"https:\/\/www.swisscleantech.ch\/files\/Christian-Petit-swisscleantech-Vorstand.jpg\" alt=\"\" class=\"wp-image-22054\" width=\"200\" height=\"200\" srcset=\"https:\/\/www.swisscleantech.ch\/files\/Christian-Petit-swisscleantech-Vorstand.jpg 300w, https:\/\/www.swisscleantech.ch\/files\/Christian-Petit-swisscleantech-Vorstand-125x125.jpg 125w\" sizes=\"(max-width: 200px) 100vw, 200px\" \/><\/figure>\n\n\n\n<div style=\"height:20px\" aria-hidden=\"true\" class=\"wp-block-spacer\"><\/div>\n\n\n\n<p><strong>Christian Petit<\/strong><br>CEO Romande Energie<\/p>\n<\/div>\n<\/div>\n<\/div><\/div>\n<\/div><\/div>\n\n\n\n<div class=\"is-layout-constrained wp-block-group foldbox_ct\"><div class=\"wp-block-group__inner-container\">\n<div class=\"is-layout-constrained wp-block-group foldbox_title\"><div class=\"wp-block-group__inner-container\">\n<p><strong><strong>Encouragement de la biodiversit\u00e9 \u2013 que peuvent faire les entreprises&nbsp;?<\/strong><\/strong><\/p>\n<\/div><\/div>\n\n\n\n<div class=\"is-layout-constrained wp-block-group foldbox_content\"><div class=\"wp-block-group__inner-container\">\n<p>Mesures concr\u00e8tes engag\u00e9es par les responsables politiques et \u00e9conomiques<\/p>\n\n\n\n<div class=\"is-layout-flex wp-container-136 wp-block-columns\">\n<div class=\"is-layout-flow wp-block-column\">\n<figure class=\"wp-block-image size-full is-resized\"><img decoding=\"async\" loading=\"lazy\" src=\"https:\/\/www.swisscleantech.ch\/files\/Jenny-Kunz-Ricola.jpg\" alt=\"\" class=\"wp-image-25469\" width=\"200\" height=\"200\" srcset=\"https:\/\/www.swisscleantech.ch\/files\/Jenny-Kunz-Ricola.jpg 400w, https:\/\/www.swisscleantech.ch\/files\/Jenny-Kunz-Ricola-300x300.jpg 300w, https:\/\/www.swisscleantech.ch\/files\/Jenny-Kunz-Ricola-125x125.jpg 125w\" sizes=\"(max-width: 200px) 100vw, 200px\" \/><\/figure>\n\n\n\n<div style=\"height:20px\" aria-hidden=\"true\" class=\"wp-block-spacer\"><\/div>\n\n\n\n<p><strong>Jenny Kunz<\/strong><br>Director Sustainability Ricola<\/p>\n<\/div>\n\n\n\n<div class=\"is-layout-flow wp-block-column\">\n<figure class=\"wp-block-image size-full is-resized\"><img decoding=\"async\" loading=\"lazy\" src=\"https:\/\/www.swisscleantech.ch\/files\/Barbara_Dubach_SWISSCLEANTECH_Maerz2020_300x300.jpg\" alt=\"\" class=\"wp-image-16349\" width=\"200\" height=\"200\" srcset=\"https:\/\/www.swisscleantech.ch\/files\/Barbara_Dubach_SWISSCLEANTECH_Maerz2020_300x300.jpg 300w, https:\/\/www.swisscleantech.ch\/files\/Barbara_Dubach_SWISSCLEANTECH_Maerz2020_300x300-125x125.jpg 125w\" sizes=\"(max-width: 200px) 100vw, 200px\" \/><\/figure>\n\n\n\n<div style=\"height:20px\" aria-hidden=\"true\" class=\"wp-block-spacer\"><\/div>\n\n\n\n<p><strong>Barbara Dubach<\/strong><br>Directrice engageability et responsable transfert de connaissances et de technologies PNR 73<\/p>\n<\/div>\n\n\n\n<div class=\"is-layout-flow wp-block-column\">\n<figure class=\"wp-block-image size-large is-resized\"><img decoding=\"async\" loading=\"lazy\" src=\"https:\/\/www.swisscleantech.ch\/files\/Christian-Buser-AFRY-Schweiz-300x300.jpg\" alt=\"\" width=\"200\" height=\"200\"\/><\/figure>\n\n\n\n<div style=\"height:20px\" aria-hidden=\"true\" class=\"wp-block-spacer\"><\/div>\n\n\n\n<p><strong>Christian Buser<\/strong><br>Head of Sustainability and Environment AFRY Suisse AG<\/p>\n<\/div>\n<\/div>\n<\/div><\/div>\n<\/div><\/div>\n\n\n\n<div class=\"is-layout-constrained wp-block-group foldbox_ct\"><div class=\"wp-block-group__inner-container\">\n<div class=\"is-layout-constrained wp-block-group foldbox_title\"><div class=\"wp-block-group__inner-container\">\n<p><strong>\u00c9conomie circulaire \u2013 le levier encore inutilis\u00e9 pour davantage de protection du climat !<\/strong><\/p>\n<\/div><\/div>\n\n\n\n<div class=\"is-layout-constrained wp-block-group foldbox_content\"><div class=\"wp-block-group__inner-container\">\n<p>Ce que la nouvelle loi sur la protection de l\u2019environnement va faire bouger !<\/p>\n\n\n\n<div class=\"is-layout-flex wp-container-143 wp-block-columns\">\n<div class=\"is-layout-flow wp-block-column\">\n<figure class=\"wp-block-image size-large is-resized\"><img decoding=\"async\" loading=\"lazy\" src=\"https:\/\/www.swisscleantech.ch\/files\/Adrian-Huber-Mammut-Sports-Group-1.jpg\" alt=\"\" width=\"200\" height=\"200\"\/><\/figure>\n\n\n\n<div style=\"height:20px\" aria-hidden=\"true\" class=\"wp-block-spacer\"><\/div>\n\n\n\n<p><strong>Adrian Huber<\/strong><br>Head of Corporate Responsibility Mammut Sports Group AG<\/p>\n<\/div>\n\n\n\n<div class=\"is-layout-flow wp-block-column\">\n<figure class=\"wp-block-image size-full is-resized\"><img decoding=\"async\" loading=\"lazy\" src=\"https:\/\/www.swisscleantech.ch\/files\/Franziska_Barmettler_SWISSCLEANTECH_Maerz2020_300x300.jpg\" alt=\"\" class=\"wp-image-16354\" width=\"200\" height=\"200\" srcset=\"https:\/\/www.swisscleantech.ch\/files\/Franziska_Barmettler_SWISSCLEANTECH_Maerz2020_300x300.jpg 300w, https:\/\/www.swisscleantech.ch\/files\/Franziska_Barmettler_SWISSCLEANTECH_Maerz2020_300x300-125x125.jpg 125w\" sizes=\"(max-width: 200px) 100vw, 200px\" \/><\/figure>\n\n\n\n<div style=\"height:20px\" aria-hidden=\"true\" class=\"wp-block-spacer\"><\/div>\n\n\n\n<p><strong>Franziska Barmettler<\/strong><br>Head of Sustainability IKEA Suisse<\/p>\n<\/div>\n\n\n\n<div class=\"is-layout-flow wp-block-column\">\n<figure class=\"wp-block-image size-full is-resized\"><img decoding=\"async\" loading=\"lazy\" src=\"https:\/\/www.swisscleantech.ch\/files\/Michael-Mandl-swisscleantech.jpg\" alt=\"\" class=\"wp-image-23400\" width=\"200\" height=\"200\" srcset=\"https:\/\/www.swisscleantech.ch\/files\/Michael-Mandl-swisscleantech.jpg 400w, https:\/\/www.swisscleantech.ch\/files\/Michael-Mandl-swisscleantech-300x300.jpg 300w, https:\/\/www.swisscleantech.ch\/files\/Michael-Mandl-swisscleantech-125x125.jpg 125w\" sizes=\"(max-width: 200px) 100vw, 200px\" \/><\/figure>\n\n\n\n<div style=\"height:20px\" aria-hidden=\"true\" class=\"wp-block-spacer\"><\/div>\n\n\n\n<p><strong>Michael Mandl<\/strong><br>Co-directeur swisscleantech<\/p>\n<\/div>\n<\/div>\n<\/div><\/div>\n<\/div><\/div>\n\n\n\n<div style=\"height:50px\" aria-hidden=\"true\" class=\"wp-block-spacer\"><\/div>\n\n\n\n<h3><strong>Innovations Cleantech<\/strong><\/h3>\n<p>Expositions<\/p>\n\n\n\n<div class=\"is-layout-constrained wp-block-group foldbox_ct\"><div class=\"wp-block-group__inner-container\">\n<div class=\"is-layout-constrained wp-block-group foldbox_title\"><div class=\"wp-block-group__inner-container\">\n<p><strong>Airfix \u2013 Building a Biomass Carbon Removal and Storage market<\/strong><\/p>\n<\/div><\/div>\n\n\n\n<div class=\"is-layout-constrained wp-block-group foldbox_content\"><div class=\"wp-block-group__inner-container\">\n<div class=\"is-layout-flex wp-container-149 wp-block-columns\">\n<div class=\"is-layout-flow wp-block-column\" style=\"flex-basis:33.33%\">\n<figure class=\"wp-block-image size-full\"><img decoding=\"async\" loading=\"lazy\" width=\"617\" height=\"350\" src=\"https:\/\/www.swisscleantech.ch\/files\/logo_southpole-airfix.png\" alt=\"\" class=\"wp-image-22969\" srcset=\"https:\/\/www.swisscleantech.ch\/files\/logo_southpole-airfix.png 617w, https:\/\/www.swisscleantech.ch\/files\/logo_southpole-airfix-300x170.png 300w\" sizes=\"(max-width: 617px) 100vw, 617px\" \/><\/figure>\n<\/div>\n\n\n\n<div class=\"is-layout-flow wp-block-column\" style=\"flex-basis:66.66%\">\n<p>Airfix, a new subsidiary of South Pole, combines decades of climate finance and carbon project development expertise with a vision for a scalable Biomass Carbon Removal and Storage (BiCRS) market in Switzerland and Europe.<\/p>\n<\/div>\n<\/div>\n<\/div><\/div>\n<\/div><\/div>\n\n\n\n<div class=\"is-layout-constrained wp-block-group foldbox_ct\"><div class=\"wp-block-group__inner-container\">\n<div class=\"is-layout-constrained wp-block-group foldbox_title\"><div class=\"wp-block-group__inner-container\">\n<p><strong>esg2go \u2013 sustainability rating &amp; reporting standard<\/strong><\/p>\n<\/div><\/div>\n\n\n\n<div class=\"is-layout-constrained wp-block-group foldbox_content\"><div class=\"wp-block-group__inner-container\">\n<div class=\"is-layout-flex wp-container-155 wp-block-columns\">\n<div class=\"is-layout-flow wp-block-column\" style=\"flex-basis:33.33%\">\n<figure class=\"wp-block-image size-full\"><img decoding=\"async\" loading=\"lazy\" width=\"617\" height=\"350\" src=\"https:\/\/www.swisscleantech.ch\/files\/esg2go-Logo.png\" alt=\"\" class=\"wp-image-25471\" srcset=\"https:\/\/www.swisscleantech.ch\/files\/esg2go-Logo.png 617w, https:\/\/www.swisscleantech.ch\/files\/esg2go-Logo-300x170.png 300w\" sizes=\"(max-width: 617px) 100vw, 617px\" \/><\/figure>\n<\/div>\n\n\n\n<div class=\"is-layout-flow wp-block-column\" style=\"flex-basis:66.66%\">\n<p>Avec esg2go, les entreprises disposent d\u2019un instrument efficace, fiable, qui leur permet de mesurer pr\u00e9cis\u00e9ment leur durabilit\u00e9, d\u2019\u00e9tablir un benchmark diff\u00e9renci\u00e9 et de se profiler avec un bon r\u00e9sultat.<\/p>\n<\/div>\n<\/div>\n<\/div><\/div>\n<\/div><\/div>\n\n\n\n<div style=\"height:50px\" aria-hidden=\"true\" class=\"wp-block-spacer\"><\/div>\n\n\n\n<h3><strong>Partenaires de l'\u00e9v\u00e9nement<\/strong><\/h3>\n<p>Nous remercions nos adh\u00e9rents <a href=\"https:\/\/afry.com\/de-ch\" target=\"_blank\" rel=\"noopener\">AFRY Groupe Suisse<\/a>, <a href=\"https:\/\/www.energie360.ch\/fr\" target=\"_blank\" rel=\"noopener\">Energie 360\u00b0<\/a> et <a href=\"https:\/\/www.se.com\/ch\/fr\/\" target=\"_blank\" rel=\"noopener\">Schneider Electric<\/a> pour leur soutien !<\/p>\n\n\n\n<div class=\"is-layout-flex wp-container-161 wp-block-columns\">\n<div class=\"is-layout-flow wp-block-column\">\n<figure class=\"wp-block-image size-large\"><img decoding=\"async\" src=\"https:\/\/www.swisscleantech.ch\/files\/AFRY-Schweiz-Logo.png\" alt=\"\"\/><\/figure>\n<\/div>\n\n\n\n<div class=\"is-layout-flow wp-block-column\">\n<figure class=\"wp-block-image size-large\"><img decoding=\"async\" src=\"https:\/\/www.swisscleantech.ch\/files\/energie-360-Logo.png\" alt=\"\"\/><\/figure>\n<\/div>\n\n\n\n<div class=\"is-layout-flow wp-block-column\">\n<figure class=\"wp-block-image size-large\"><img decoding=\"async\" src=\"https:\/\/www.swisscleantech.ch\/files\/Schneider-Electric-Logo.png\" alt=\"\"\/><\/figure>\n<\/div>\n<\/div>\n\n\n\n<p>Pour cet \u00e9v\u00e9nement, une traduction simultan\u00e9e sera assur\u00e9e, except\u00e9 pour les discussions par petits groupes (breakout sessions).<\/p>\n\n\n\n<p>Cet \u00e9v\u00e9nement s\u2019adresse exclusivement aux adh\u00e9rents et aux personnes invit\u00e9es. Trois personnes par adh\u00e9rent au maximum sont invit\u00e9es \u00e0 participer \u00e0 l\u2019\u00e9v\u00e9nement.<\/p>\n<h4><strong>Il n'y a plus de places disponibles pour cet \u00e9v\u00e9nement.<\/strong><\/h4>\n","protected":false},"featured_media":0,"template":"","acf":[],"_links":{"self":[{"href":"https:\/\/www.swisscleantech.ch\/fr\/wp-json\/wp\/v2\/agendaeintrag\/25568"}],"collection":[{"href":"https:\/\/www.swisscleantech.ch\/fr\/wp-json\/wp\/v2\/agendaeintrag"}],"about":[{"href":"https:\/\/www.swisscleantech.ch\/fr\/wp-json\/wp\/v2\/types\/agendaeintrag"}],"version-history":[{"count":0,"href":"https:\/\/www.swisscleantech.ch\/fr\/wp-json\/wp\/v2\/agendaeintrag\/25568\/revisions"}],"wp:attachment":[{"href":"https:\/\/www.swisscleantech.ch\/fr\/wp-json\/wp\/v2\/media?parent=25568"}],"curies":[{"name":"wp","href":"https:\/\/api.w.org\/{rel}","templated":true}]}}