{"id":26078,"date":"2023-06-12T15:12:32","date_gmt":"2023-06-12T15:12:32","guid":{"rendered":"https:\/\/www.swisscleantech.ch\/?post_type=agendaeintrag&#038;p=26078"},"modified":"2023-06-14T07:26:32","modified_gmt":"2023-06-14T07:26:32","slug":"business-case-oeffentlicher-ladepark-ag-gruene-logistik","status":"publish","type":"agendaeintrag","link":"https:\/\/www.swisscleantech.ch\/fr\/agendaeintrag\/business-case-oeffentlicher-ladepark-ag-gruene-logistik\/","title":{"rendered":"Business Case \u00f6ffentlicher Ladepark \u2013 AG Gr\u00fcne Logistik"},"content":{"rendered":"\n<div id=\"sct-hero-block_d283741cf00f3b04bf4e288196e704ce\" class=\"sct_hero_wrapper\">\n   \n\t<div class=\"box_content\">\n\t\t<h1><\/h1>\n\t\t<span>Gemeinsam entlang der Wertsch\u00f6pfungskette Logistik die Dekarbonisierung vorantreiben.<\/span>\n\t<\/div>\n\n\t<div class=\"box_image\" style=\"background-image: url(https:\/\/www.swisscleantech.ch\/files\/Arbeitsgruppe-Gruene-Logistik-Business-Case-oeffentlicher-Ladepark.png);\"><\/div>\n\t\n\t\n\t\n<\/div>\n\n\n\n<p><strong>In der Arbeitsgruppe Gr\u00fcne Logistik kommen verschiedene Mitgliedsunternehmen entlang der Wertsch\u00f6pfungskette Logistik (Fahrzeughersteller und Importeure, Logistik- und Transportunternehmen, Dienstleistungsempf\u00e4nger) zusammen, um die Dekarbonisierung der Logistik voranzutreiben \u2013 sei es mit Business Cases oder Forderungen an die Politik.<\/strong><\/p>\n<p>Die im Herbst gegr\u00fcndete Arbeitsgruppe Gr\u00fcne Logistik geht damit in die n\u00e4chste Runde: Der Schwerpunkt wird dabei auf dem \u00e4usserst vielversprechenden Projekt von Scania und K\u00e4ppeli Logistik liegen. Bei dieser Zusammenarbeit handelt es sich um einen \u00f6ffentlich zug\u00e4nglichen Ladepark f\u00fcr E-LKWs inklusive Trafostation, wassergek\u00fchlten Lades\u00e4ulen, Photovoltaik-Anlagen und vielem mehr (n\u00e4here Details zum Projekt werden n\u00e4chste Woche offiziell kommuniziert). Neben diesem spezifischen Business Case und den damit verbundenen Chancen und Herausforderungen bleibt gen\u00fcgend Raum f\u00fcr Diskussionen und informellen Austausch \u2013 abgerundet wird der Anlass wie gewohnt mit einem Ap\u00e9ro.<\/p>\n<h4><strong>Dieser Anlass richtet sich exklusiv an swisscleantech-Mitglieder und geladene G\u00e4ste.<\/strong><\/h4>\n","protected":false},"featured_media":0,"template":"","acf":[],"_links":{"self":[{"href":"https:\/\/www.swisscleantech.ch\/fr\/wp-json\/wp\/v2\/agendaeintrag\/26078"}],"collection":[{"href":"https:\/\/www.swisscleantech.ch\/fr\/wp-json\/wp\/v2\/agendaeintrag"}],"about":[{"href":"https:\/\/www.swisscleantech.ch\/fr\/wp-json\/wp\/v2\/types\/agendaeintrag"}],"version-history":[{"count":0,"href":"https:\/\/www.swisscleantech.ch\/fr\/wp-json\/wp\/v2\/agendaeintrag\/26078\/revisions"}],"wp:attachment":[{"href":"https:\/\/www.swisscleantech.ch\/fr\/wp-json\/wp\/v2\/media?parent=26078"}],"curies":[{"name":"wp","href":"https:\/\/api.w.org\/{rel}","templated":true}]}}