{"id":27279,"date":"2023-09-21T13:32:36","date_gmt":"2023-09-21T13:32:36","guid":{"rendered":"https:\/\/www.swisscleantech.ch\/?post_type=agendaeintrag&#038;p=27279"},"modified":"2023-11-22T08:46:54","modified_gmt":"2023-11-22T08:46:54","slug":"zero-emission-nette-pour-leconomie-apes-le-oui-a-la-loi-climat-le-travail-commence","status":"publish","type":"agendaeintrag","link":"https:\/\/www.swisscleantech.ch\/fr\/agendaeintrag\/zero-emission-nette-pour-leconomie-apes-le-oui-a-la-loi-climat-le-travail-commence\/","title":{"rendered":"Z\u00e9ro \u00e9mission nette pour l&#8217;\u00e9conomie &#8211; apr\u00e8s le Oui \u00e0 la loi climat, le travail commence!"},"content":{"rendered":"\n<p>Avec l\u2019acceptation de la loi climat cet \u00e9t\u00e9, la Suisse a inscrit l\u2019objectif z\u00e9ro \u00e9mission nette d\u2019ici 2050 dans la loi \u2013 une premi\u00e8re mondiale. swisscleantech a apport\u00e9 une contribution d\u00e9terminante, tant au Parlement qu\u2019aupr\u00e8s de la population. Mais le travail ne fait que commencer pour les entreprises suisses.<\/p>\n\n\n\n<p>Pour ma\u00eetriser les d\u00e9fis li\u00e9s \u00e0 la r\u00e9alisation de l\u2019objectif z\u00e9ro \u00e9mission nette et mettre en \u0153uvre des mesures efficaces, la politique, l\u2019\u00e9conomie et la soci\u00e9t\u00e9 doivent travailler ensemble \u2013 c\u2019est ce dont nous discuterons avec des expertes et experts de l\u2019\u00e9conomie et de l\u2019administration&nbsp;; nous nous concentrerons sur la mise en \u0153uvre de la loi climat et sur les solutions concr\u00e8tes permettant d\u2019atteindre les objectifs climatiques des entreprises.<\/p>\n\n\n\n<p>Faites \u00e9galement plus ample connaissance avec swisscleantech, l\u2019association de l\u2019\u00e9conomie climat compatible, et mettez-vous en r\u00e9seau avec des personnalit\u00e9s d\u2019entreprises de votre r\u00e9gion.<\/p>\n\n\n\n<h3>Partenaires de l\u2019\u00e9v\u00e9nement<\/h3>\n\n\n\n<div class=\"is-layout-flex wp-container-4 wp-block-columns\">\n<div class=\"is-layout-flow wp-block-column\">\n<figure class=\"wp-block-image size-full\"><img decoding=\"async\" loading=\"lazy\" width=\"370\" height=\"210\" src=\"https:\/\/www.swisscleantech.ch\/files\/Logo_RomandeEnergieSA.gif\" alt=\"\" class=\"wp-image-16964\"\/><\/figure>\n<\/div>\n\n\n\n<div class=\"is-layout-flow wp-block-column\">\n<div style=\"height:15px\" aria-hidden=\"true\" class=\"wp-block-spacer\"><\/div>\n\n\n\n<figure class=\"wp-block-image size-full\"><img decoding=\"async\" loading=\"lazy\" width=\"617\" height=\"350\" src=\"https:\/\/www.swisscleantech.ch\/files\/sbb.png\" alt=\"\" class=\"wp-image-25877\" srcset=\"https:\/\/www.swisscleantech.ch\/files\/sbb.png 617w, https:\/\/www.swisscleantech.ch\/files\/sbb-300x170.png 300w\" sizes=\"(max-width: 617px) 100vw, 617px\" \/><\/figure>\n<\/div>\n\n\n\n<div class=\"is-layout-flow wp-block-column\"><\/div>\n<\/div>\n\n\n\n<h3>Plan du site<\/h3>\n\n\n\n<figure class=\"wp-block-image size-large is-resized\"><img decoding=\"async\" loading=\"lazy\" src=\"https:\/\/www.swisscleantech.ch\/files\/Lageplan.png\" alt=\"\" width=\"1849\" height=\"1303\"\/><\/figure>\n\n\n\n<div style=\"height:40px\" aria-hidden=\"true\" class=\"wp-block-spacer\"><\/div>\n\n\n\n<h3>Programme<\/h3>\n\n\n\n<div class=\"is-layout-flex wp-container-7 wp-block-columns abstand_gross has-background\" style=\"background-color:#e3ebf1\">\n<div class=\"is-layout-flow wp-block-column\" style=\"flex-basis:20%\">\n<h3>16h00<\/h3>\n\n\n\n<p><\/p>\n<\/div>\n\n\n\n<div class=\"is-layout-flow wp-block-column\" style=\"flex-basis:80%\">\n<h3>Arriv\u00e9e des participants<\/h3>\n\n\n\n<p><\/p>\n<\/div>\n<\/div>\n\n\n\n<div class=\"is-layout-flex wp-container-13 wp-block-columns abstand_gross has-background\" style=\"background-color:#e3ebf1\">\n<div class=\"is-layout-flow wp-block-column\" style=\"flex-basis:20%\">\n<h3>16h30 <\/h3>\n\n\n\n<p><\/p>\n<\/div>\n\n\n\n<div class=\"is-layout-flow wp-block-column\" style=\"flex-basis:80%\">\n<h3>Accueil<\/h3>\n\n\n\n<div style=\"height:0px\" aria-hidden=\"true\" class=\"wp-block-spacer\"><\/div>\n\n\n\n<div class=\"is-layout-flex wp-container-11 wp-block-columns\">\n<div class=\"is-layout-flow wp-block-column\">\n<figure class=\"wp-block-image size-full is-resized\"><img decoding=\"async\" loading=\"lazy\" src=\"https:\/\/www.swisscleantech.ch\/files\/Christian-Petit-swisscleantech-Vorstand.jpg\" alt=\"\" class=\"wp-image-22054\" width=\"200\" height=\"200\" srcset=\"https:\/\/www.swisscleantech.ch\/files\/Christian-Petit-swisscleantech-Vorstand.jpg 300w, https:\/\/www.swisscleantech.ch\/files\/Christian-Petit-swisscleantech-Vorstand-125x125.jpg 125w\" sizes=\"(max-width: 200px) 100vw, 200px\" \/><\/figure>\n\n\n\n<div style=\"height:20px\" aria-hidden=\"true\" class=\"wp-block-spacer\"><\/div>\n\n\n\n<p><strong>Christian Petit <\/strong><br>CEO Romande Energie&nbsp;<\/p>\n<\/div>\n\n\n\n<div class=\"is-layout-flow wp-block-column\">\n<figure class=\"wp-block-image size-full is-resized\"><img decoding=\"async\" loading=\"lazy\" src=\"https:\/\/www.swisscleantech.ch\/files\/David-Fattebert-SBB.jpg\" alt=\"\" class=\"wp-image-27214\" width=\"200\" height=\"200\" srcset=\"https:\/\/www.swisscleantech.ch\/files\/David-Fattebert-SBB.jpg 400w, https:\/\/www.swisscleantech.ch\/files\/David-Fattebert-SBB-300x300.jpg 300w, https:\/\/www.swisscleantech.ch\/files\/David-Fattebert-SBB-125x125.jpg 125w\" sizes=\"(max-width: 200px) 100vw, 200px\" \/><\/figure>\n\n\n\n<div style=\"height:20px\" aria-hidden=\"true\" class=\"wp-block-spacer\"><\/div>\n\n\n\n<p><strong>David Fattebert<\/strong><br>Directeur r\u00e9gional Ouest CFF SA<\/p>\n<\/div>\n<\/div>\n<\/div>\n<\/div>\n\n\n\n<div class=\"is-layout-flex wp-container-19 wp-block-columns abstand_gross has-background\" style=\"background-color:#e3ebf1\">\n<div class=\"is-layout-flow wp-block-column\" style=\"flex-basis:20%\">\n<h3>16h45 <\/h3>\n\n\n\n<p><\/p>\n<\/div>\n\n\n\n<div class=\"is-layout-flow wp-block-column\" style=\"flex-basis:80%\">\n<h3>Perspectives&nbsp;: les cons\u00e9quences politiques de la loi climat<\/h3>\n\n\n\n<div class=\"is-layout-flex wp-container-17 wp-block-columns\">\n<div class=\"is-layout-flow wp-block-column\" style=\"flex-basis:50%\">\n<figure class=\"wp-block-image size-full is-resized\"><img decoding=\"async\" loading=\"lazy\" src=\"https:\/\/www.swisscleantech.ch\/files\/Michael-Mandl-swisscleantech.jpg\" alt=\"\" class=\"wp-image-23400\" width=\"200\" height=\"200\" srcset=\"https:\/\/www.swisscleantech.ch\/files\/Michael-Mandl-swisscleantech.jpg 400w, https:\/\/www.swisscleantech.ch\/files\/Michael-Mandl-swisscleantech-300x300.jpg 300w, https:\/\/www.swisscleantech.ch\/files\/Michael-Mandl-swisscleantech-125x125.jpg 125w\" sizes=\"(max-width: 200px) 100vw, 200px\" \/><\/figure>\n\n\n\n<div style=\"height:20px\" aria-hidden=\"true\" class=\"wp-block-spacer\"><\/div>\n\n\n\n<p><strong>Michael Mandl <\/strong><br>co-directeur swisscleantech<\/p>\n<\/div>\n\n\n\n<div class=\"is-layout-flow wp-block-column\" style=\"flex-basis:50%\"><\/div>\n<\/div>\n\n\n\n<p><\/p>\n<\/div>\n<\/div>\n\n\n\n<div class=\"is-layout-flex wp-container-25 wp-block-columns has-background\" style=\"background-color:#e3ebf1\">\n<div class=\"is-layout-flow wp-block-column has-background\" style=\"background-color:#e3ebf1;flex-basis:20%\">\n<h3>17h15 <\/h3>\n<\/div>\n\n\n\n<div class=\"is-layout-flow wp-block-column\" style=\"flex-basis:80%\">\n<h3>Quels sont les d\u00e9fis auxquels les entreprises vont \u00eatre confront\u00e9es&nbsp;?<\/h3>\n\n\n\n<p>discussions en groupe dans le public<\/p>\n\n\n\n<div style=\"height:40px\" aria-hidden=\"true\" class=\"wp-block-spacer\"><\/div>\n\n\n\n<div class=\"is-layout-flex wp-container-23 wp-block-columns\">\n<div class=\"is-layout-flow wp-block-column\" style=\"flex-basis:50%\">\n<figure class=\"wp-block-image size-full is-resized\"><img decoding=\"async\" loading=\"lazy\" src=\"https:\/\/www.swisscleantech.ch\/files\/steimer_fr\u00e9d\u00e9ric_portrait_swisscleantech_maerz2020_300x300.jpg\" alt=\"\" class=\"wp-image-16470\" width=\"200\" height=\"200\" srcset=\"https:\/\/www.swisscleantech.ch\/files\/steimer_fr\u00e9d\u00e9ric_portrait_swisscleantech_maerz2020_300x300.jpg 667w, https:\/\/www.swisscleantech.ch\/files\/steimer_fr\u00e9d\u00e9ric_portrait_swisscleantech_maerz2020_300x300-300x300.jpg 300w, https:\/\/www.swisscleantech.ch\/files\/steimer_fr\u00e9d\u00e9ric_portrait_swisscleantech_maerz2020_300x300-125x125.jpg 125w\" sizes=\"(max-width: 200px) 100vw, 200px\" \/><\/figure>\n\n\n\n<div style=\"height:20px\" aria-hidden=\"true\" class=\"wp-block-spacer\"><\/div>\n\n\n\n<p class=\"has-medium-font-size\"><strong>Fr\u00e9d\u00e9ric Steimer<\/strong> <br>Bearing Point (animateur)<\/p>\n<\/div>\n\n\n\n<div class=\"is-layout-flow wp-block-column\" style=\"flex-basis:50%\"><\/div>\n<\/div>\n<\/div>\n<\/div>\n\n\n\n<div class=\"is-layout-flex wp-container-28 wp-block-columns has-background\" style=\"background-color:#e3ebf1\">\n<div class=\"is-layout-flow wp-block-column\" style=\"flex-basis:20%\">\n<h3>17h45 <\/h3>\n<\/div>\n\n\n\n<div class=\"is-layout-flow wp-block-column\" style=\"flex-basis:80%\">\n<h3>Pause networking<\/h3>\n<\/div>\n<\/div>\n\n\n\n<div class=\"is-layout-flex wp-container-31 wp-block-columns has-background\" style=\"background-color:#e3ebf1\">\n<div class=\"is-layout-flow wp-block-column\" style=\"flex-basis:20%\">\n<h3>18h15 <\/h3>\n<\/div>\n\n\n\n<div class=\"is-layout-flow wp-block-column\" style=\"flex-basis:80%\">\n<h3>Interventions des participants<\/h3>\n<\/div>\n<\/div>\n\n\n\n<div class=\"is-layout-flex wp-container-38 wp-block-columns has-background\" style=\"background-color:#e3ebf1\">\n<div class=\"is-layout-flow wp-block-column\" style=\"flex-basis:20%\">\n<h3>18h25 <\/h3>\n<\/div>\n\n\n\n<div class=\"is-layout-flow wp-block-column has-background\" style=\"background-color:#e3ebf1;flex-basis:80%\">\n<h3>Comment les entreprises peuvent-elles avancer plus rapidement&nbsp;: solutions pour aller vers z\u00e9ro \u00e9mission nette<\/h3>\n\n\n\n<p>table ronde<\/p>\n\n\n\n<div style=\"height:30px\" aria-hidden=\"true\" class=\"wp-block-spacer\"><\/div>\n\n\n\n<div class=\"is-layout-flex wp-container-36 wp-block-columns\">\n<div class=\"is-layout-flow wp-block-column\">\n<p><strong>Comment une banque exerce-t-elle une influence sur les feuilles de route z\u00e9ro \u00e9mission nette&nbsp;? &nbsp;<\/strong><\/p>\n\n\n\n<div style=\"height:19px\" aria-hidden=\"true\" class=\"wp-block-spacer\"><\/div>\n\n\n\n<figure class=\"wp-block-image size-full is-resized\"><img decoding=\"async\" loading=\"lazy\" src=\"https:\/\/www.swisscleantech.ch\/files\/romina-schwarz.jpeg\" alt=\"\" class=\"wp-image-27266\" width=\"200\" height=\"200\" srcset=\"https:\/\/www.swisscleantech.ch\/files\/romina-schwarz.jpeg 400w, https:\/\/www.swisscleantech.ch\/files\/romina-schwarz-300x300.jpeg 300w, https:\/\/www.swisscleantech.ch\/files\/romina-schwarz-125x125.jpeg 125w\" sizes=\"(max-width: 200px) 100vw, 200px\" \/><\/figure>\n\n\n\n<p><\/p>\n\n\n\n<p class=\"has-medium-font-size\"><strong>Romina Schwarz<\/strong>  <br>Head of Corporate Sustainability, ZKB<\/p>\n<\/div>\n\n\n\n<div class=\"is-layout-flow wp-block-column\">\n<p class=\"has-black-color has-text-color\"><strong>Solutions concr\u00e8tes de l\u2019industrie<\/strong><\/p>\n\n\n\n<div style=\"height:110px\" aria-hidden=\"true\" class=\"wp-block-spacer\"><\/div>\n\n\n\n<figure class=\"wp-block-image size-full is-resized\"><img decoding=\"async\" loading=\"lazy\" src=\"https:\/\/www.swisscleantech.ch\/files\/Cyril-Carpentier.jpg\" alt=\"\" class=\"wp-image-27267\" width=\"200\" height=\"200\" srcset=\"https:\/\/www.swisscleantech.ch\/files\/Cyril-Carpentier.jpg 800w, https:\/\/www.swisscleantech.ch\/files\/Cyril-Carpentier-300x300.jpg 300w, https:\/\/www.swisscleantech.ch\/files\/Cyril-Carpentier-768x768.jpg 768w, https:\/\/www.swisscleantech.ch\/files\/Cyril-Carpentier-125x125.jpg 125w\" sizes=\"(max-width: 200px) 100vw, 200px\" \/><\/figure>\n\n\n\n<p><\/p>\n\n\n\n<p class=\"has-medium-font-size\"><strong>Cyril Carpentier<\/strong> <br>Sustainability Manager, Leclanch\u00e9<\/p>\n<\/div>\n\n\n\n<div class=\"is-layout-flow wp-block-column\">\n<p><strong>Quelles sont les offres d\u2019assistance pour les feuilles de route z\u00e9ro \u00e9mission nette&nbsp;?<\/strong><\/p>\n\n\n\n<div style=\"height:20px\" aria-hidden=\"true\" class=\"wp-block-spacer\"><\/div>\n\n\n\n<figure class=\"wp-block-image size-full is-resized\"><img decoding=\"async\" loading=\"lazy\" src=\"https:\/\/www.swisscleantech.ch\/files\/Othmar_Hug-2.jpg\" alt=\"\" class=\"wp-image-27274\" width=\"200\" height=\"200\" srcset=\"https:\/\/www.swisscleantech.ch\/files\/Othmar_Hug-2.jpg 770w, https:\/\/www.swisscleantech.ch\/files\/Othmar_Hug-2-300x300.jpg 300w, https:\/\/www.swisscleantech.ch\/files\/Othmar_Hug-2-768x768.jpg 768w, https:\/\/www.swisscleantech.ch\/files\/Othmar_Hug-2-125x125.jpg 125w\" sizes=\"(max-width: 200px) 100vw, 200px\" \/><\/figure>\n\n\n\n<p><\/p>\n\n\n\n<p class=\"has-medium-font-size\"><strong>Othmar Hug <\/strong><br>CEO Swiss Climate<\/p>\n<\/div>\n<\/div>\n<\/div>\n<\/div>\n\n\n\n<div class=\"is-layout-flex wp-container-44 wp-block-columns has-background\" style=\"background-color:#e3ebf1\">\n<div class=\"is-layout-flow wp-block-column\" style=\"flex-basis:20%\">\n<h3>19h10<\/h3>\n<\/div>\n\n\n\n<div class=\"is-layout-flow wp-block-column\" style=\"flex-basis:80%\">\n<h3>Comment la Conf\u00e9d\u00e9ration apporte-t-elle un soutien aux entreprises&nbsp;: feuilles de route z\u00e9ro \u00e9mission nette et encouragement de l\u2019innovation<\/h3>\n\n\n\n<div class=\"is-layout-flex wp-container-42 wp-block-columns\">\n<div class=\"is-layout-flow wp-block-column\">\n<figure class=\"wp-block-image size-full is-resized\"><img decoding=\"async\" loading=\"lazy\" src=\"https:\/\/www.swisscleantech.ch\/files\/reto-burkard.jpg\" alt=\"\" class=\"wp-image-27276\" width=\"200\" height=\"200\" srcset=\"https:\/\/www.swisscleantech.ch\/files\/reto-burkard.jpg 500w, https:\/\/www.swisscleantech.ch\/files\/reto-burkard-300x300.jpg 300w, https:\/\/www.swisscleantech.ch\/files\/reto-burkard-125x125.jpg 125w\" sizes=\"(max-width: 200px) 100vw, 200px\" \/><\/figure>\n\n\n\n<p><\/p>\n\n\n\n<p><strong>Reto Burkard<\/strong><br>chef de la division Climat OFEV<\/p>\n<\/div>\n\n\n\n<div class=\"is-layout-flow wp-block-column\"><\/div>\n<\/div>\n<\/div>\n<\/div>\n\n\n\n<div class=\"is-layout-flex wp-container-50 wp-block-columns has-background\" style=\"background-color:#e3ebf1\">\n<div class=\"is-layout-flow wp-block-column\" style=\"flex-basis:20%\">\n<h3>19h40 <\/h3>\n<\/div>\n\n\n\n<div class=\"is-layout-flow wp-block-column\" style=\"flex-basis:80%\">\n<h3>Conclusion<\/h3>\n\n\n\n<div class=\"is-layout-flex wp-container-48 wp-block-columns\">\n<div class=\"is-layout-flow wp-block-column\">\n<figure class=\"wp-block-image size-full is-resized\"><img decoding=\"async\" loading=\"lazy\" src=\"https:\/\/www.swisscleantech.ch\/files\/Christian-Petit-swisscleantech-Vorstand.jpg\" alt=\"\" class=\"wp-image-22054\" width=\"200\" height=\"200\" srcset=\"https:\/\/www.swisscleantech.ch\/files\/Christian-Petit-swisscleantech-Vorstand.jpg 300w, https:\/\/www.swisscleantech.ch\/files\/Christian-Petit-swisscleantech-Vorstand-125x125.jpg 125w\" sizes=\"(max-width: 200px) 100vw, 200px\" \/><\/figure>\n\n\n\n<p class=\"has-medium-font-size\"><strong>Christian Peti<\/strong>t <br>CEO Romande Energie<\/p>\n<\/div>\n\n\n\n<div class=\"is-layout-flow wp-block-column\"><\/div>\n<\/div>\n<\/div>\n<\/div>\n\n\n\n<div class=\"is-layout-flex wp-container-53 wp-block-columns has-background\" style=\"background-color:#e3ebf1\">\n<div class=\"is-layout-flow wp-block-column\" style=\"flex-basis:20%\">\n<h3>19h45<\/h3>\n<\/div>\n\n\n\n<div class=\"is-layout-flow wp-block-column\" style=\"flex-basis:80%\">\n<h3>Buffet avec networking<\/h3>\n<\/div>\n<\/div>\n\n\n\n<div class=\"is-layout-flex wp-block-buttons\">\n<div class=\"wp-block-button\"><a class=\"wp-block-button__link wp-element-button\" href=\"https:\/\/www.eventbrite.ch\/e\/zero-emission-nette-le-travail-apres-le-oui-a-la-loi-climat-tickets-722706002107?aff=oddtdtcreator\" target=\"_blank\" rel=\"noopener\">Inscription<\/a><\/div>\n<\/div>\n\n\n\n<div style=\"height:39px\" aria-hidden=\"true\" class=\"wp-block-spacer\"><\/div>\n","protected":false},"featured_media":27371,"template":"","acf":[],"_links":{"self":[{"href":"https:\/\/www.swisscleantech.ch\/fr\/wp-json\/wp\/v2\/agendaeintrag\/27279"}],"collection":[{"href":"https:\/\/www.swisscleantech.ch\/fr\/wp-json\/wp\/v2\/agendaeintrag"}],"about":[{"href":"https:\/\/www.swisscleantech.ch\/fr\/wp-json\/wp\/v2\/types\/agendaeintrag"}],"version-history":[{"count":0,"href":"https:\/\/www.swisscleantech.ch\/fr\/wp-json\/wp\/v2\/agendaeintrag\/27279\/revisions"}],"wp:featuredmedia":[{"embeddable":true,"href":"https:\/\/www.swisscleantech.ch\/fr\/wp-json\/wp\/v2\/media\/27371"}],"wp:attachment":[{"href":"https:\/\/www.swisscleantech.ch\/fr\/wp-json\/wp\/v2\/media?parent=27279"}],"curies":[{"name":"wp","href":"https:\/\/api.w.org\/{rel}","templated":true}]}}