{"id":27895,"date":"2023-10-25T11:59:37","date_gmt":"2023-10-25T11:59:37","guid":{"rendered":"https:\/\/www.swisscleantech.ch\/?post_type=agendaeintrag&#038;p=27895"},"modified":"2023-10-25T14:44:10","modified_gmt":"2023-10-25T14:44:10","slug":"public-affairs-zirkel-zur-wintersession","status":"publish","type":"agendaeintrag","link":"https:\/\/www.swisscleantech.ch\/fr\/agendaeintrag\/public-affairs-zirkel-zur-wintersession\/","title":{"rendered":"Public Affairs-Zirkel zur Wintersession"},"content":{"rendered":"\n<p>Einige Wochen nach dem Wahlsonntag vom 22. Oktober wollen wir gemeinsam mit unserem Vorstandsmitglied und Nationalr\u00e4tin <strong>Susanne Vincenz-Stauffacher<\/strong> einen R\u00fcckblick auf die <strong>nationalen Wahlen<\/strong> werfen und \u00fcber deren Konsequenzen auf die k\u00fcnftige Energie- und Klimapolitik diskutieren. Im Anschluss werden wir den Fokus wie \u00fcblich auf die anstehende Wintersession legen. Dabei stehen voraussichtlich die Beratung des neuen<strong> CO<sub>2<\/sub>-Gesetzes im Nationalrat<\/strong> und die Revision des Umweltschutzgesetzes f\u00fcr die <strong>St\u00e4rkung der Kreislaufwirtschaft im St\u00e4nderat<\/strong> im Zentrum.<\/p>\n\n\n\n<div class=\"is-layout-flex wp-container-3 wp-block-columns abstand_gross has-background\" style=\"background-color:#e3ebf1\">\n<div class=\"is-layout-flow wp-block-column\" style=\"flex-basis:33.33%\">\n<figure class=\"wp-block-image size-full\"><img decoding=\"async\" loading=\"lazy\" width=\"400\" height=\"400\" src=\"https:\/\/www.swisscleantech.ch\/files\/Susanne-Vincenz-Stauffacher-nationale-Wahlen-2023.jpg\" alt=\"\" class=\"wp-image-27208\" srcset=\"https:\/\/www.swisscleantech.ch\/files\/Susanne-Vincenz-Stauffacher-nationale-Wahlen-2023.jpg 400w, https:\/\/www.swisscleantech.ch\/files\/Susanne-Vincenz-Stauffacher-nationale-Wahlen-2023-300x300.jpg 300w, https:\/\/www.swisscleantech.ch\/files\/Susanne-Vincenz-Stauffacher-nationale-Wahlen-2023-125x125.jpg 125w\" sizes=\"(max-width: 400px) 100vw, 400px\" \/><\/figure>\n<\/div>\n\n\n\n<div class=\"is-layout-flow wp-block-column\" style=\"flex-basis:66.66%\">\n<div style=\"height:60px\" aria-hidden=\"true\" class=\"wp-block-spacer\"><\/div>\n\n\n\n<h3>Susanne Vincenz-Stauffacher<\/h3>\n\n\n\n<p>Nationalr\u00e4tin FDP, Mitglied der Kommission f\u00fcr Umwelt, Raumplanung und Energie (UREK-N)<\/p>\n<\/div>\n<\/div>\n\n\n\n<h2>Programm<\/h2>\n\n\n\n\n\n<div class=\"is-layout-flex wp-container-6 wp-block-columns has-background\" style=\"background-color:#e3ebf1\">\n<div class=\"is-layout-flow wp-block-column\" style=\"flex-basis:20%\">\n<h3>16:05 Uhr<\/h3>\n<\/div>\n\n\n\n<div class=\"is-layout-flow wp-block-column\" style=\"flex-basis:80%\">\n<h3>R\u00fcckblick auf die nationalen Wahlen<\/h3>\n<\/div>\n<\/div>\n\n\n\n<div class=\"is-layout-flex wp-container-9 wp-block-columns has-background\" style=\"background-color:#e3ebf1\">\n<div class=\"is-layout-flow wp-block-column\" style=\"flex-basis:20%\">\n<h3>16:25 Uhr<\/h3>\n<\/div>\n\n\n\n<div class=\"is-layout-flow wp-block-column\" style=\"flex-basis:80%\">\n<h3>Ausblick auf die Wintersession<\/h3>\n<\/div>\n<\/div>\n\n\n\n<div class=\"is-layout-flex wp-container-12 wp-block-columns has-background\" style=\"background-color:#e3ebf1\">\n<div class=\"is-layout-flow wp-block-column\" style=\"flex-basis:20%\">\n<h3>16:50 Uhr<\/h3>\n<\/div>\n\n\n\n<div class=\"is-layout-flow wp-block-column\" style=\"flex-basis:80%\">\n<h3>Fragen und Anliegen<\/h3>\n<\/div>\n<\/div>\n\n\n\n<p>Der swisscleantech Public Affairs-Zirkel verfolgt das Ziel, fr\u00fchzeitig \u00fcber energie- und klimapolitische Entwicklungen zu informieren, Anliegen entgegenzunehmen und \u00fcber die Aktivit\u00e4ten von swisscleantech zu informieren. Gleichzeitig geht es aber auch darum, die pers\u00f6nliche Vernetzung untereinander weiter zu f\u00f6rdern.<\/p>\n\n\n\n<h6>Diese Veranstaltung richtet sich exklusiv an Public Affairs-Verantwortliche von swisscleantech-Mitgliedern.<\/h6>\n","protected":false},"featured_media":0,"template":"","acf":[],"_links":{"self":[{"href":"https:\/\/www.swisscleantech.ch\/fr\/wp-json\/wp\/v2\/agendaeintrag\/27895"}],"collection":[{"href":"https:\/\/www.swisscleantech.ch\/fr\/wp-json\/wp\/v2\/agendaeintrag"}],"about":[{"href":"https:\/\/www.swisscleantech.ch\/fr\/wp-json\/wp\/v2\/types\/agendaeintrag"}],"version-history":[{"count":0,"href":"https:\/\/www.swisscleantech.ch\/fr\/wp-json\/wp\/v2\/agendaeintrag\/27895\/revisions"}],"wp:attachment":[{"href":"https:\/\/www.swisscleantech.ch\/fr\/wp-json\/wp\/v2\/media?parent=27895"}],"curies":[{"name":"wp","href":"https:\/\/api.w.org\/{rel}","templated":true}]}}