{"id":28774,"date":"2024-01-09T13:45:38","date_gmt":"2024-01-09T13:45:38","guid":{"rendered":"https:\/\/www.swisscleantech.ch\/?post_type=agendaeintrag&#038;p=28774"},"modified":"2024-06-17T07:16:04","modified_gmt":"2024-06-17T07:16:04","slug":"dialogue-swisscleantech-2024","status":"publish","type":"agendaeintrag","link":"https:\/\/www.swisscleantech.ch\/fr\/agendaeintrag\/dialogue-swisscleantech-2024\/","title":{"rendered":"Dialogue swisscleantech 2024"},"content":{"rendered":"\n<figure class=\"wp-block-image size-full\"><img decoding=\"async\" loading=\"lazy\" width=\"936\" height=\"560\" src=\"https:\/\/www.swisscleantech.ch\/files\/Dialogue-2024.png\" alt=\"\" class=\"wp-image-30561\" srcset=\"https:\/\/www.swisscleantech.ch\/files\/Dialogue-2024.png 936w, https:\/\/www.swisscleantech.ch\/files\/Dialogue-2024-300x179.png 300w, https:\/\/www.swisscleantech.ch\/files\/Dialogue-2024-768x459.png 768w\" sizes=\"(max-width: 936px) 100vw, 936px\" \/><\/figure>\n\n\n\n<h2>Les coop\u00e9rations :<br>la cl\u00e9 pour atteindre l\u2019objectif z\u00e9ro \u00e9mission nette<\/h2>\n\n\n\n<div class=\"is-layout-flex wp-container-3 wp-block-columns\">\n<div class=\"is-layout-flow wp-block-column\">\n<p>Nous repensons avec plaisir au Oui \u00e0 la loi climat de l\u2019\u00e9t\u00e9 dernier lorsque la Suisse a inscrit l\u2019objectif z\u00e9ro \u00e9mission nette dans la loi \u2013 une premi\u00e8re mondiale. La derni\u00e8re conf\u00e9rence de l\u2019ONU sur le climat \u00e0 Duba\u00ef a cependant montr\u00e9 une fois de plus qu\u2019il est bien plus facile de fixer un objectif que de se mettre d\u2019accord sur les mesures \u00e0 prendre. Dans la pratique, notamment pour cette raison, il y a toujours, tant en Suisse que dans le reste du monde, un manque d\u2019ambition et de mesures efficaces pour atteindre z\u00e9ro \u00e9mission nette en temps voulu.<\/p>\n<\/div>\n\n\n\n<div class=\"is-layout-flow wp-block-column\">\n<p>En fin de compte, la protection du climat doit \u00eatre mise en \u0153uvre au niveau national et n\u00e9cessite un approvisionnement \u00e9nerg\u00e9tique s\u00fbr et renouvelable. Cela requiert entre autres des conditions-cadre politiques adapt\u00e9es et un engagement fort des entreprises.<br>Les coop\u00e9rations sont un facteur cl\u00e9 \u00e0 cet \u00e9gard. Des partenariats non conventionnels entre des entreprises, des alliances transpartisanes et des collaborations entre l\u2019\u00e9conomie, la science et les ONG acc\u00e9l\u00e9reront de mani\u00e8re d\u00e9cisive la r\u00e9alisation de l\u2019objectif z\u00e9ro \u00e9mission nette.<\/p>\n<\/div>\n<\/div>\n\n\n\n<p><strong>Nous allons proposer une traduction simultan\u00e9e.<\/strong><\/p>\n\n\n\n<p>Nous t\u2019invitons donc \u00e0 un dialogue entre la politique, l\u2019\u00e9conomie et la science et aurons le plaisir d\u2019accueillir \u2013 aux c\u00f4t\u00e9s de nombreux autres invit\u00e9s, intervenantes et intervenants \u2013 les personnalit\u00e9s suivantes&nbsp;:<\/p>\n\n\n\n<div class=\"is-layout-flex wp-container-6 wp-block-columns\">\n<div class=\"is-layout-flow wp-block-column\">\n<figure class=\"wp-block-image size-full is-resized\"><img decoding=\"async\" loading=\"lazy\" src=\"https:\/\/www.swisscleantech.ch\/files\/Albert-Rosti_Bundesrat.jpg\" alt=\"\" class=\"wp-image-28759\" width=\"200\" height=\"200\" srcset=\"https:\/\/www.swisscleantech.ch\/files\/Albert-Rosti_Bundesrat.jpg 400w, https:\/\/www.swisscleantech.ch\/files\/Albert-Rosti_Bundesrat-300x300.jpg 300w, https:\/\/www.swisscleantech.ch\/files\/Albert-Rosti_Bundesrat-125x125.jpg 125w\" sizes=\"(max-width: 200px) 100vw, 200px\" \/><\/figure>\n\n\n\n<h3>Albert R\u00f6sti<\/h3>\n\n\n\n<p>Conseiller f\u00e9d\u00e9ral, chef du d\u00e9partement f\u00e9d\u00e9ral de l\u2019environnement, des transports, de l\u2019\u00e9nergie et de la communication<\/p>\n<\/div>\n\n\n\n<div class=\"is-layout-flow wp-block-column\">\n<figure class=\"wp-block-image size-full is-resized\"><img decoding=\"async\" loading=\"lazy\" src=\"https:\/\/www.swisscleantech.ch\/files\/Maren-Urner_Professorin.jpg\" alt=\"\" class=\"wp-image-28761\" width=\"200\" height=\"200\" srcset=\"https:\/\/www.swisscleantech.ch\/files\/Maren-Urner_Professorin.jpg 400w, https:\/\/www.swisscleantech.ch\/files\/Maren-Urner_Professorin-300x300.jpg 300w, https:\/\/www.swisscleantech.ch\/files\/Maren-Urner_Professorin-125x125.jpg 125w\" sizes=\"(max-width: 200px) 100vw, 200px\" \/><\/figure>\n\n\n\n<h3>Maren Urner<\/h3>\n\n\n\n<p>Professeure, neuroscientifique et autrice (\u201cRaus aus der Klimakrise, rein in die Nachhaltigkeit\u201d)<\/p>\n<\/div>\n<\/div>\n\n\n\n<div class=\"is-layout-flex wp-container-8 wp-block-columns\">\n<div class=\"is-layout-flow wp-block-column abstand_gross has-background\" style=\"background-color:#e3ebf1\">\n<h2>Dialogue entre l\u2019\u00e9conomie, la politique et la science<\/h2>\n\n\n\n<p>L\u2019\u00e9v\u00e9nement annuel de swisscleantech avec des interventions de haut niveau, des best practices, des expositions, une large place accord\u00e9e aux \u00e9changes informels \u2013 et quelques surprises. Le Dialogue swisscleantech 2024 livrera des informations sur les principales \u00e9volutions concernant l\u2019\u00e9nergie &amp; le climat. Voil\u00e0 ce qui t\u2019attend :<\/p>\n\n\n\n<ul>\n<li>Intervenantes et intervenants de haut niveau et plus de 300 participants fortement mobilis\u00e9s, issus du monde de l\u2019\u00e9conomie, de la science, de la politique et de l\u2019administration<\/li>\n\n\n\n<li>\u00c9valuation des politiques \u00e9nerg\u00e9tique et climatique par des analystes qualifi\u00e9s<\/li>\n\n\n\n<li>Discussions par petits groupes sur les principaux leviers de la protection du climat et sur les possibilit\u00e9s d\u2019action concr\u00e8tes pour les entreprises<\/li>\n\n\n\n<li>Pr\u00e9sentation des positions et des projets de swisscleantech<\/li>\n\n\n\n<li>Une large place accord\u00e9e au travail en r\u00e9seau et aux \u00e9changes<\/li>\n<\/ul>\n<\/div>\n<\/div>\n\n\n<div id=\"sct-foldbox-block_c161b91e54c33b530094a791a9b7fb12\" class=\"foldbox_wrapper sct_foldbox_wrapper\"><div class=\"foldbox_item\"><div class=\"foldbox_head\"><span class=\"oc_ico\"><\/span><span class=\"foldbox_titel h3\">Programme<\/span><\/div><div class=\"foldbox_content\"><div class=\"acf-innerblocks-container\">\n\n<div class=\"is-layout-flex wp-container-11 wp-block-columns has-background\" style=\"background-color:#e3ebf1\">\n<div class=\"is-layout-flow wp-block-column\" style=\"flex-basis:20%\">\n<h3>12h<\/h3>\n<\/div>\n\n\n\n<div class=\"is-layout-flow wp-block-column\" style=\"flex-basis:80%\">\n<h3>Networking Lunch avec la place du march\u00e9 des innovations<\/h3>\n<\/div>\n<\/div>\n\n\n\n<div class=\"is-layout-flex wp-container-17 wp-block-columns has-background\" style=\"background-color:#e3ebf1\">\n<div class=\"is-layout-flow wp-block-column\" style=\"flex-basis:20%\">\n<h3>13h<\/h3>\n<\/div>\n\n\n\n<div class=\"is-layout-flow wp-block-column\" style=\"flex-basis:80%\">\n<h3><strong>Accueil et introduction<\/strong><\/h3>\n\n\n\n<div class=\"is-layout-flex wp-container-15 wp-block-columns\">\n<div class=\"is-layout-flow wp-block-column\">\n<figure class=\"wp-block-image size-full is-resized\"><img decoding=\"async\" loading=\"lazy\" src=\"https:\/\/www.swisscleantech.ch\/files\/Marcel-Winter.jpg\" alt=\"\" class=\"wp-image-29165\" width=\"200\" height=\"200\" srcset=\"https:\/\/www.swisscleantech.ch\/files\/Marcel-Winter.jpg 400w, https:\/\/www.swisscleantech.ch\/files\/Marcel-Winter-300x300.jpg 300w, https:\/\/www.swisscleantech.ch\/files\/Marcel-Winter-125x125.jpg 125w\" sizes=\"(max-width: 200px) 100vw, 200px\" \/><\/figure>\n\n\n\n<div style=\"height:20px\" aria-hidden=\"true\" class=\"wp-block-spacer\"><\/div>\n\n\n\n<p><strong>Marcel Winter<\/strong><br>Co-pr\u00e9sident swisscleantech<\/p>\n<\/div>\n\n\n\n<div class=\"is-layout-flow wp-block-column\">\n<figure class=\"wp-block-image size-full is-resized\"><img decoding=\"async\" loading=\"lazy\" src=\"https:\/\/www.swisscleantech.ch\/files\/Fabian-Etter-2.jpg\" alt=\"\" class=\"wp-image-29080\" width=\"200\" height=\"200\" srcset=\"https:\/\/www.swisscleantech.ch\/files\/Fabian-Etter-2.jpg 400w, https:\/\/www.swisscleantech.ch\/files\/Fabian-Etter-2-300x300.jpg 300w, https:\/\/www.swisscleantech.ch\/files\/Fabian-Etter-2-125x125.jpg 125w\" sizes=\"(max-width: 200px) 100vw, 200px\" \/><\/figure>\n\n\n\n<div style=\"height:20px\" aria-hidden=\"true\" class=\"wp-block-spacer\"><\/div>\n\n\n\n<p><strong>Fabian Etter<\/strong><br>(Pr\u00e9sentation de l\u2019\u00e9v\u00e9nement)<br>Co-pr\u00e9sident swisscleantech<\/p>\n<\/div>\n<\/div>\n<\/div>\n<\/div>\n\n\n\n<div class=\"is-layout-flex wp-container-22 wp-block-columns has-background\" style=\"background-color:#e3ebf1\">\n<div class=\"is-layout-flow wp-block-column\" style=\"flex-basis:20%\">\n<h3>13h20<\/h3>\n<\/div>\n\n\n\n<div class=\"is-layout-flow wp-block-column\" style=\"flex-basis:80%\">\n<h3><strong>De la connaissance \u00e0 l\u2019action \u2013 que faut-il vraiment&nbsp;?<\/strong><\/h3>\n\n\n\n<div class=\"is-layout-flex wp-container-20 wp-block-columns\">\n<div class=\"is-layout-flow wp-block-column\">\n<figure class=\"wp-block-image size-full is-resized\"><img decoding=\"async\" loading=\"lazy\" src=\"https:\/\/www.swisscleantech.ch\/files\/Maren-Urner_Professorin.jpg\" alt=\"\" class=\"wp-image-28761\" width=\"200\" height=\"200\" srcset=\"https:\/\/www.swisscleantech.ch\/files\/Maren-Urner_Professorin.jpg 400w, https:\/\/www.swisscleantech.ch\/files\/Maren-Urner_Professorin-300x300.jpg 300w, https:\/\/www.swisscleantech.ch\/files\/Maren-Urner_Professorin-125x125.jpg 125w\" sizes=\"(max-width: 200px) 100vw, 200px\" \/><\/figure>\n\n\n\n<div style=\"height:20px\" aria-hidden=\"true\" class=\"wp-block-spacer\"><\/div>\n\n\n\n<p><strong>Maren Urner<\/strong><br>Professeure, neuroscientifique et autrice<\/p>\n<\/div>\n<\/div>\n<\/div>\n<\/div>\n\n\n\n<div class=\"is-layout-flex wp-container-27 wp-block-columns has-background\" style=\"background-color:#e3ebf1\">\n<div class=\"is-layout-flow wp-block-column\" style=\"flex-basis:20%\">\n<h3>14h05<\/h3>\n<\/div>\n\n\n\n<div class=\"is-layout-flow wp-block-column\" style=\"flex-basis:80%\">\n<h3>Un an apr\u00e8s le Oui \u00e0 la loi sur la protection du climat : La n\u00e9cessit\u00e9 d\u2019agir du point de vue de l\u2019\u00e9conomie climat compatible<\/h3>\n\n\n\n<div class=\"is-layout-flex wp-container-25 wp-block-columns\">\n<div class=\"is-layout-flow wp-block-column\">\n<figure class=\"wp-block-image size-full is-resized\"><img decoding=\"async\" loading=\"lazy\" src=\"https:\/\/www.swisscleantech.ch\/files\/Christian-Zeyer.jpg\" alt=\"\" class=\"wp-image-22842\" width=\"200\" height=\"200\" srcset=\"https:\/\/www.swisscleantech.ch\/files\/Christian-Zeyer.jpg 400w, https:\/\/www.swisscleantech.ch\/files\/Christian-Zeyer-300x300.jpg 300w, https:\/\/www.swisscleantech.ch\/files\/Christian-Zeyer-125x125.jpg 125w\" sizes=\"(max-width: 200px) 100vw, 200px\" \/><\/figure>\n\n\n\n<div style=\"height:20px\" aria-hidden=\"true\" class=\"wp-block-spacer\"><\/div>\n\n\n\n<p><strong>Christian Zeyer<\/strong><br>Co-directeur swisscleantech<\/p>\n<\/div>\n<\/div>\n<\/div>\n<\/div>\n\n\n\n<div class=\"is-layout-flex wp-container-32 wp-block-columns has-background\" style=\"background-color:#e3ebf1\">\n<div class=\"is-layout-flow wp-block-column\" style=\"flex-basis:20%\">\n<h3>14h30<\/h3>\n<\/div>\n\n\n\n<div class=\"is-layout-flow wp-block-column\" style=\"flex-basis:80%\">\n<h3><strong>Interm\u00e8de<\/strong><\/h3>\n\n\n\n<div class=\"is-layout-flex wp-container-30 wp-block-columns\">\n<div class=\"is-layout-flow wp-block-column\">\n<figure class=\"wp-block-image size-large\"><img decoding=\"async\" src=\"https:\/\/www.swisscleantech.ch\/files\/Patti-Basler-und-Philippe-Kuhn.jpg\" alt=\"\"\/><\/figure>\n\n\n\n<div style=\"height:20px\" aria-hidden=\"true\" class=\"wp-block-spacer\"><\/div>\n\n\n\n<p><strong><strong>Patti Basler &amp; Philippe Kuhn<\/strong><\/strong><\/p>\n<\/div>\n<\/div>\n<\/div>\n<\/div>\n\n\n\n<div class=\"is-layout-flex wp-container-35 wp-block-columns has-background\" style=\"background-color:#79a6cb\">\n<div class=\"is-layout-flow wp-block-column\" style=\"flex-basis:20%\">\n<h3 class=\"has-white-color has-text-color\">14h45<\/h3>\n<\/div>\n\n\n\n<div class=\"is-layout-flow wp-block-column\" style=\"flex-basis:80%\">\n<h3 class=\"has-white-color has-text-color\">Pause networking avec la place du march\u00e9 des innovations<\/h3>\n<\/div>\n<\/div>\n\n\n\n<div class=\"is-layout-flex wp-container-38 wp-block-columns has-background\" style=\"background-color:#e3ebf1\">\n<div class=\"is-layout-flow wp-block-column\" style=\"flex-basis:20%\">\n<h3>15h35<\/h3>\n<\/div>\n\n\n\n<div class=\"is-layout-flow wp-block-column\" style=\"flex-basis:80%\">\n<h3>Breakout Sessions:<br>Les principaux leviers pour aller vers l\u2019objectif z\u00e9ro net<\/h3>\n<\/div>\n<\/div>\n\n\n\n<div class=\"is-layout-flex wp-container-53 wp-block-columns has-background\" style=\"background-color:#e3ebf1\">\n<div class=\"is-layout-flow wp-block-column\" style=\"flex-basis:20%\">\n<h3>16h45<\/h3>\n<\/div>\n\n\n\n<div class=\"is-layout-flow wp-block-column\" style=\"flex-basis:80%\">\n<h3>L\u2019\u00e9conomie climat compatible concr\u00e8tement :&nbsp;<br>Projets pionniers d\u2019adh\u00e9rents de swisscleantech<\/h3>\n\n\n\n<div class=\"is-layout-flex wp-container-43 wp-block-columns\">\n<div class=\"is-layout-flow wp-block-column\">\n<figure class=\"wp-block-image size-full is-resized\"><img decoding=\"async\" loading=\"lazy\" src=\"https:\/\/www.swisscleantech.ch\/files\/Martin-Bardenhewer-Zuercher-Kantonalbank.jpg\" alt=\"\" class=\"wp-image-30500\" width=\"200\" height=\"200\" srcset=\"https:\/\/www.swisscleantech.ch\/files\/Martin-Bardenhewer-Zuercher-Kantonalbank.jpg 400w, https:\/\/www.swisscleantech.ch\/files\/Martin-Bardenhewer-Zuercher-Kantonalbank-300x300.jpg 300w, https:\/\/www.swisscleantech.ch\/files\/Martin-Bardenhewer-Zuercher-Kantonalbank-125x125.jpg 125w\" sizes=\"(max-width: 200px) 100vw, 200px\" \/><\/figure>\n\n\n\n<div style=\"height:20px\" aria-hidden=\"true\" class=\"wp-block-spacer\"><\/div>\n\n\n\n<p><strong>Martin Bardenhewer<\/strong><br>CFO Banque cantonale de Zurich<\/p>\n<\/div>\n\n\n\n<div class=\"is-layout-flow wp-block-column\">\n<figure class=\"wp-block-image size-full\"><img decoding=\"async\" loading=\"lazy\" width=\"400\" height=\"400\" src=\"https:\/\/www.swisscleantech.ch\/files\/Lisa-Braune-neustark.jpg\" alt=\"\" class=\"wp-image-30546\" srcset=\"https:\/\/www.swisscleantech.ch\/files\/Lisa-Braune-neustark.jpg 400w, https:\/\/www.swisscleantech.ch\/files\/Lisa-Braune-neustark-300x300.jpg 300w, https:\/\/www.swisscleantech.ch\/files\/Lisa-Braune-neustark-125x125.jpg 125w\" sizes=\"(max-width: 400px) 100vw, 400px\" \/><\/figure>\n\n\n\n<div style=\"height:20px\" aria-hidden=\"true\" class=\"wp-block-spacer\"><\/div>\n\n\n\n<p><strong>Lisa Braune<\/strong><br>Head of Carbon Dioxide Removal neustark<\/p>\n<\/div>\n\n\n\n<div class=\"is-layout-flow wp-block-column\">\n<figure class=\"wp-block-image size-full is-resized\"><img decoding=\"async\" loading=\"lazy\" src=\"https:\/\/www.swisscleantech.ch\/files\/Pouyan-Dardashti-Thommen-Group.jpg\" alt=\"\" class=\"wp-image-30501\" width=\"202\" height=\"202\" srcset=\"https:\/\/www.swisscleantech.ch\/files\/Pouyan-Dardashti-Thommen-Group.jpg 400w, https:\/\/www.swisscleantech.ch\/files\/Pouyan-Dardashti-Thommen-Group-300x300.jpg 300w, https:\/\/www.swisscleantech.ch\/files\/Pouyan-Dardashti-Thommen-Group-125x125.jpg 125w\" sizes=\"(max-width: 202px) 100vw, 202px\" \/><\/figure>\n\n\n\n<div style=\"height:20px\" aria-hidden=\"true\" class=\"wp-block-spacer\"><\/div>\n\n\n\n<p><strong>Pouyan Dardashti<\/strong><br>CEO Thommen Group<\/p>\n<\/div>\n<\/div>\n\n\n\n<div class=\"is-layout-flex wp-container-47 wp-block-columns\">\n<div class=\"is-layout-flow wp-block-column\">\n<figure class=\"wp-block-image size-full\"><img decoding=\"async\" loading=\"lazy\" width=\"400\" height=\"400\" src=\"https:\/\/www.swisscleantech.ch\/files\/Barbara-Schaffner-nationale-Wahlen-2023.jpg\" alt=\"\" class=\"wp-image-27325\" srcset=\"https:\/\/www.swisscleantech.ch\/files\/Barbara-Schaffner-nationale-Wahlen-2023.jpg 400w, https:\/\/www.swisscleantech.ch\/files\/Barbara-Schaffner-nationale-Wahlen-2023-300x300.jpg 300w, https:\/\/www.swisscleantech.ch\/files\/Barbara-Schaffner-nationale-Wahlen-2023-125x125.jpg 125w\" sizes=\"(max-width: 400px) 100vw, 400px\" \/><\/figure>\n\n\n\n<div style=\"height:20px\" aria-hidden=\"true\" class=\"wp-block-spacer\"><\/div>\n\n\n\n<p><strong><strong>Barbara Schaffner<\/strong><br><\/strong>Conseill\u00e8re nationale Vert\u2019lib\u00e9raux<br><\/p>\n<\/div>\n\n\n\n<div class=\"is-layout-flow wp-block-column\">\n<figure class=\"wp-block-image size-full is-resized\"><img decoding=\"async\" loading=\"lazy\" src=\"https:\/\/www.swisscleantech.ch\/files\/Peter-Spirig-V-ZUG.jpg\" alt=\"\" class=\"wp-image-30502\" width=\"200\" height=\"200\" srcset=\"https:\/\/www.swisscleantech.ch\/files\/Peter-Spirig-V-ZUG.jpg 400w, https:\/\/www.swisscleantech.ch\/files\/Peter-Spirig-V-ZUG-300x300.jpg 300w, https:\/\/www.swisscleantech.ch\/files\/Peter-Spirig-V-ZUG-125x125.jpg 125w\" sizes=\"(max-width: 200px) 100vw, 200px\" \/><\/figure>\n\n\n\n<div style=\"height:20px\" aria-hidden=\"true\" class=\"wp-block-spacer\"><\/div>\n\n\n\n<p><strong>Peter Spirig<\/strong><br>CEO V-ZUG<br><\/p>\n<\/div>\n\n\n\n<div class=\"is-layout-flow wp-block-column\">\n<figure class=\"wp-block-image size-large\"><img decoding=\"async\" src=\"https:\/\/www.swisscleantech.ch\/files\/Roger-Sueess-Green.jpg\" alt=\"\"\/><\/figure>\n\n\n\n<div style=\"height:20px\" aria-hidden=\"true\" class=\"wp-block-spacer\"><\/div>\n\n\n\n<p><strong>Roger S\u00fcess<\/strong><br>CEO Green<\/p>\n<\/div>\n<\/div>\n\n\n\n<div class=\"is-layout-flex wp-container-51 wp-block-columns\">\n<div class=\"is-layout-flow wp-block-column\">\n<figure class=\"wp-block-image size-full is-resized\"><img decoding=\"async\" loading=\"lazy\" src=\"https:\/\/www.swisscleantech.ch\/files\/Jorg-Wild-Energie-360.jpg\" alt=\"\" class=\"wp-image-30503\" width=\"200\" height=\"200\" srcset=\"https:\/\/www.swisscleantech.ch\/files\/Jorg-Wild-Energie-360.jpg 400w, https:\/\/www.swisscleantech.ch\/files\/Jorg-Wild-Energie-360-300x300.jpg 300w, https:\/\/www.swisscleantech.ch\/files\/Jorg-Wild-Energie-360-125x125.jpg 125w\" sizes=\"(max-width: 200px) 100vw, 200px\" \/><\/figure>\n\n\n\n<div style=\"height:20px\" aria-hidden=\"true\" class=\"wp-block-spacer\"><\/div>\n\n\n\n<p><strong>J\u00f6rg Wild<\/strong><br>CEO Energie 360\u00b0<\/p>\n<\/div>\n\n\n\n<div class=\"is-layout-flow wp-block-column\"><\/div>\n\n\n\n<div class=\"is-layout-flow wp-block-column\"><\/div>\n<\/div>\n<\/div>\n<\/div>\n\n\n\n<div class=\"is-layout-flex wp-container-58 wp-block-columns has-background\" style=\"background-color:#e3ebf1\">\n<div class=\"is-layout-flow wp-block-column\" style=\"flex-basis:20%\">\n<h3>17h45 <\/h3>\n<\/div>\n\n\n\n<div class=\"is-layout-flow wp-block-column\" style=\"flex-basis:80%\">\n<h3>Z\u00e9ro net &amp; s\u00e9curit\u00e9 de l\u2019approvisionnement :<br>La vision du Conseil f\u00e9d\u00e9ral<\/h3>\n\n\n\n<div class=\"is-layout-flex wp-container-56 wp-block-columns\">\n<div class=\"is-layout-flow wp-block-column\">\n<figure class=\"wp-block-image size-full is-resized\"><img decoding=\"async\" loading=\"lazy\" src=\"https:\/\/www.swisscleantech.ch\/files\/Albert-Rosti_Bundesrat.jpg\" alt=\"\" class=\"wp-image-28759\" width=\"200\" height=\"200\" srcset=\"https:\/\/www.swisscleantech.ch\/files\/Albert-Rosti_Bundesrat.jpg 400w, https:\/\/www.swisscleantech.ch\/files\/Albert-Rosti_Bundesrat-300x300.jpg 300w, https:\/\/www.swisscleantech.ch\/files\/Albert-Rosti_Bundesrat-125x125.jpg 125w\" sizes=\"(max-width: 200px) 100vw, 200px\" \/><\/figure>\n\n\n\n<div style=\"height:20px\" aria-hidden=\"true\" class=\"wp-block-spacer\"><\/div>\n\n\n\n<p>Entretien avec <strong>Albert R\u00f6sti<\/strong><br>Conseiller f\u00e9d\u00e9ral<\/p>\n\n\n\n<p><br><\/p>\n<\/div>\n<\/div>\n<\/div>\n<\/div>\n\n\n\n<div class=\"is-layout-flex wp-container-61 wp-block-columns has-background\" style=\"background-color:#e3ebf1\">\n<div class=\"is-layout-flow wp-block-column\" style=\"flex-basis:20%\">\n<h3>18h30 <\/h3>\n<\/div>\n\n\n\n<div class=\"is-layout-flow wp-block-column\" style=\"flex-basis:80%\">\n<h3><strong>Interm\u00e8de<\/strong><\/h3>\n\n\n\n<p><strong><strong>Patti Basler &amp; Philippe Kuhn<\/strong><\/strong><\/p>\n<\/div>\n<\/div>\n\n\n\n<div class=\"is-layout-flex wp-container-64 wp-block-columns has-background\" style=\"background-color:#79a6cb\">\n<div class=\"is-layout-flow wp-block-column\" style=\"flex-basis:20%\">\n<h3 class=\"has-white-color has-text-color\">18h45<\/h3>\n<\/div>\n\n\n\n<div class=\"is-layout-flow wp-block-column\" style=\"flex-basis:80%\">\n<h3 class=\"has-white-color has-text-color\">Cl\u00f4ture &amp; buffet<\/h3>\n<\/div>\n<\/div>\n\n<\/div><\/div><\/div><\/div>\n\n\n\n<div style=\"height:40px\" aria-hidden=\"true\" class=\"wp-block-spacer\"><\/div>\n\n\n<div id=\"breakout\" class=\"foldbox_wrapper sct_foldbox_wrapper\"><div class=\"foldbox_item\"><div class=\"foldbox_head\"><span class=\"oc_ico\"><\/span><span class=\"foldbox_titel h3\">Breakout Sessions<\/span><\/div><div class=\"foldbox_content\"><div class=\"acf-innerblocks-container\">\n\n<div class=\"is-layout-flex wp-container-74 wp-block-columns\">\n<div class=\"is-layout-flow wp-block-column abstand_gross has-background\" style=\"background-color:#e3ebf1\">\n<h3>Data driven sustainability : comment parvenir \u00e0 un data-based carbon management ?<\/h3>\n\n\n\n<p><strong>Contexte<\/strong><br>Les entreprises sont confront\u00e9es \u00e0 des contraintes grandissantes en mati\u00e8re de reporting ; dans ce cadre, des questions se posent sur la mani\u00e8re de mesurer, d\u2019analyser et de r\u00e9duire les \u00e9missions de CO<sub>2<\/sub> au niveau de l\u2019entreprise. L\u2019offre de solutions logicielles, qui conna\u00eet une croissance rapide, permet d\u2019apporter une aide mais g\u00e9n\u00e8re en m\u00eame temps une certaine confusion.<\/p>\n\n\n\n<p><strong>Objectif<\/strong><br>Des informations d\u00e9taill\u00e9es sont donn\u00e9es aux participantes et participants sur les outils de gestion des donn\u00e9es et les best practices pour leur permettre de s\u00e9lectionner des logiciels de gestion carbone adapt\u00e9s.<\/p>\n\n\n\n<div class=\"is-layout-flex wp-container-68 wp-block-columns\">\n<div class=\"is-layout-flow wp-block-column\">\n<figure class=\"wp-block-image size-full is-resized\"><img decoding=\"async\" loading=\"lazy\" src=\"https:\/\/www.swisscleantech.ch\/files\/Peter-Bachmann-Ceconet.jpg\" alt=\"\" class=\"wp-image-30508\" width=\"400\" height=\"400\" srcset=\"https:\/\/www.swisscleantech.ch\/files\/Peter-Bachmann-Ceconet.jpg 400w, https:\/\/www.swisscleantech.ch\/files\/Peter-Bachmann-Ceconet-300x300.jpg 300w, https:\/\/www.swisscleantech.ch\/files\/Peter-Bachmann-Ceconet-125x125.jpg 125w\" sizes=\"(max-width: 400px) 100vw, 400px\" \/><\/figure>\n\n\n\n<div style=\"height:20px\" aria-hidden=\"true\" class=\"wp-block-spacer\"><\/div>\n\n\n\n<p><strong>Peter Bachmann<\/strong><br>Ceconet<\/p>\n<\/div>\n\n\n\n<div class=\"is-layout-flow wp-block-column\">\n<figure class=\"wp-block-image size-full is-resized\"><img decoding=\"async\" loading=\"lazy\" src=\"https:\/\/www.swisscleantech.ch\/files\/Marco_Grossmann_SWISSCLEANTECH_Maerz2020_300x300.jpg\" alt=\"\" class=\"wp-image-16356\" width=\"300\" height=\"300\" srcset=\"https:\/\/www.swisscleantech.ch\/files\/Marco_Grossmann_SWISSCLEANTECH_Maerz2020_300x300.jpg 300w, https:\/\/www.swisscleantech.ch\/files\/Marco_Grossmann_SWISSCLEANTECH_Maerz2020_300x300-125x125.jpg 125w\" sizes=\"(max-width: 300px) 100vw, 300px\" \/><\/figure>\n\n\n\n<div style=\"height:20px\" aria-hidden=\"true\" class=\"wp-block-spacer\"><\/div>\n\n\n\n<p><strong>Marco Grossmann<\/strong> (Pr\u00e9sentation)<br>ecos<br><\/p>\n<\/div>\n\n\n\n<div class=\"is-layout-flow wp-block-column\">\n<figure class=\"wp-block-image size-full is-resized\"><img decoding=\"async\" loading=\"lazy\" src=\"https:\/\/www.swisscleantech.ch\/files\/Gina-Obrecht-swisscom.jpg\" alt=\"\" class=\"wp-image-30509\" width=\"400\" height=\"400\" srcset=\"https:\/\/www.swisscleantech.ch\/files\/Gina-Obrecht-swisscom.jpg 400w, https:\/\/www.swisscleantech.ch\/files\/Gina-Obrecht-swisscom-300x300.jpg 300w, https:\/\/www.swisscleantech.ch\/files\/Gina-Obrecht-swisscom-125x125.jpg 125w\" sizes=\"(max-width: 400px) 100vw, 400px\" \/><\/figure>\n\n\n\n<div style=\"height:20px\" aria-hidden=\"true\" class=\"wp-block-spacer\"><\/div>\n\n\n\n<p><strong>Gina Obrecht<\/strong><br>swisscom<br><\/p>\n<\/div>\n<\/div>\n\n\n\n<div class=\"is-layout-flex wp-container-72 wp-block-columns\">\n<div class=\"is-layout-flow wp-block-column\">\n<figure class=\"wp-block-image size-full is-resized\"><img decoding=\"async\" loading=\"lazy\" src=\"https:\/\/www.swisscleantech.ch\/files\/Adrian-Siegrist-Sulytics.jpg\" alt=\"\" class=\"wp-image-30510\" width=\"400\" height=\"400\" srcset=\"https:\/\/www.swisscleantech.ch\/files\/Adrian-Siegrist-Sulytics.jpg 400w, https:\/\/www.swisscleantech.ch\/files\/Adrian-Siegrist-Sulytics-300x300.jpg 300w, https:\/\/www.swisscleantech.ch\/files\/Adrian-Siegrist-Sulytics-125x125.jpg 125w\" sizes=\"(max-width: 400px) 100vw, 400px\" \/><\/figure>\n\n\n\n<div style=\"height:20px\" aria-hidden=\"true\" class=\"wp-block-spacer\"><\/div>\n\n\n\n<p><strong>Adrian Siegrist<\/strong><br>Sulytics<br><\/p>\n<\/div>\n\n\n\n<div class=\"is-layout-flow wp-block-column\">\n<figure class=\"wp-block-image size-full is-resized\"><img decoding=\"async\" loading=\"lazy\" src=\"https:\/\/www.swisscleantech.ch\/files\/Res-Witschi-swisscom.jpg\" alt=\"\" class=\"wp-image-30511\" width=\"400\" height=\"400\" srcset=\"https:\/\/www.swisscleantech.ch\/files\/Res-Witschi-swisscom.jpg 400w, https:\/\/www.swisscleantech.ch\/files\/Res-Witschi-swisscom-300x300.jpg 300w, https:\/\/www.swisscleantech.ch\/files\/Res-Witschi-swisscom-125x125.jpg 125w\" sizes=\"(max-width: 400px) 100vw, 400px\" \/><\/figure>\n\n\n\n<div style=\"height:20px\" aria-hidden=\"true\" class=\"wp-block-spacer\"><\/div>\n\n\n\n<p><strong>Res Witschi<\/strong><br>swisscom<br><\/p>\n<\/div>\n\n\n\n<div class=\"is-layout-flow wp-block-column\">\n<div style=\"height:20px\" aria-hidden=\"true\" class=\"wp-block-spacer\"><\/div>\n<\/div>\n<\/div>\n<\/div>\n<\/div>\n\n\n\n<div class=\"is-layout-flex wp-container-84 wp-block-columns\">\n<div class=\"is-layout-flow wp-block-column abstand_gross has-background\" style=\"background-color:#e3ebf1\">\n<h3>Int\u00e9gration de l\u2019analyse des risques climatiques dans la strat\u00e9gie d\u2019entreprise<\/h3>\n\n\n\n<p><strong>Contexte<\/strong><br>Les entreprises sont de plus en plus touch\u00e9es par les effets du changement climatique \u2013 par exemple au travers des cha\u00eenes d\u2019approvisionnement, des biens interm\u00e9diaires, des d\u00e9bouch\u00e9s ou des infrastructures. Les cons\u00e9quences des dommages indirects, telles que la baisse de la productivit\u00e9 du travail ou de la r\u00e9putation, sont de plus en plus importantes.<\/p>\n\n\n\n<p><strong>Objectif<\/strong><br>Nous mettons en \u00e9vidence les aspects cl\u00e9s des risques et des opportunit\u00e9s li\u00e9s au climat pour sensibiliser les entreprises et leur permettre d\u2019avoir une approche strat\u00e9gique et non pas uniquement tactique face \u00e0 quelques-uns des principaux risques climatiques.<\/p>\n\n\n\n<div class=\"is-layout-flex wp-container-78 wp-block-columns\">\n<div class=\"is-layout-flow wp-block-column\">\n<figure class=\"wp-block-image size-full is-resized\"><img decoding=\"async\" loading=\"lazy\" src=\"https:\/\/www.swisscleantech.ch\/files\/Denise-Fussen-EBP.jpg\" alt=\"\" class=\"wp-image-30515\" width=\"400\" height=\"400\" srcset=\"https:\/\/www.swisscleantech.ch\/files\/Denise-Fussen-EBP.jpg 400w, https:\/\/www.swisscleantech.ch\/files\/Denise-Fussen-EBP-300x300.jpg 300w, https:\/\/www.swisscleantech.ch\/files\/Denise-Fussen-EBP-125x125.jpg 125w\" sizes=\"(max-width: 400px) 100vw, 400px\" \/><\/figure>\n\n\n\n<div style=\"height:20px\" aria-hidden=\"true\" class=\"wp-block-spacer\"><\/div>\n\n\n\n<p><strong>Denise Fussen<\/strong><br>EBP<br><\/p>\n<\/div>\n\n\n\n<div class=\"is-layout-flow wp-block-column\">\n<figure class=\"wp-block-image size-large\"><img decoding=\"async\" src=\"https:\/\/www.swisscleantech.ch\/files\/Benoit-Guillod-CLIMADA.jpg\" alt=\"\"\/><\/figure>\n\n\n\n<div style=\"height:20px\" aria-hidden=\"true\" class=\"wp-block-spacer\"><\/div>\n\n\n\n<p><strong>Beno\u00eet Guillod<\/strong><br>CLIMADA Technologies<br><\/p>\n<\/div>\n\n\n\n<div class=\"is-layout-flow wp-block-column\">\n<figure class=\"wp-block-image size-full\"><img decoding=\"async\" loading=\"lazy\" width=\"400\" height=\"400\" src=\"https:\/\/www.swisscleantech.ch\/files\/Madeleine-Guyer.jpg\" alt=\"\" class=\"wp-image-23223\" srcset=\"https:\/\/www.swisscleantech.ch\/files\/Madeleine-Guyer.jpg 400w, https:\/\/www.swisscleantech.ch\/files\/Madeleine-Guyer-300x300.jpg 300w, https:\/\/www.swisscleantech.ch\/files\/Madeleine-Guyer-125x125.jpg 125w\" sizes=\"(max-width: 400px) 100vw, 400px\" \/><\/figure>\n\n\n\n<div style=\"height:20px\" aria-hidden=\"true\" class=\"wp-block-spacer\"><\/div>\n\n\n\n<p><strong>Madeleine Guyer <\/strong>(Pr\u00e9sentation)<br>swisscleantech<\/p>\n<\/div>\n<\/div>\n\n\n\n<div class=\"is-layout-flex wp-container-82 wp-block-columns\">\n<div class=\"is-layout-flow wp-block-column\">\n<figure class=\"wp-block-image size-full is-resized\"><img decoding=\"async\" loading=\"lazy\" src=\"https:\/\/www.swisscleantech.ch\/files\/Risto-Schmid-Zurich.jpg\" alt=\"\" class=\"wp-image-30517\" width=\"400\" height=\"400\" srcset=\"https:\/\/www.swisscleantech.ch\/files\/Risto-Schmid-Zurich.jpg 400w, https:\/\/www.swisscleantech.ch\/files\/Risto-Schmid-Zurich-300x300.jpg 300w, https:\/\/www.swisscleantech.ch\/files\/Risto-Schmid-Zurich-125x125.jpg 125w\" sizes=\"(max-width: 400px) 100vw, 400px\" \/><\/figure>\n\n\n\n<div style=\"height:20px\" aria-hidden=\"true\" class=\"wp-block-spacer\"><\/div>\n\n\n\n<p><strong>Risto Schmid<\/strong><br>Zurich Resilience Solutions<br><\/p>\n<\/div>\n\n\n\n<div class=\"is-layout-flow wp-block-column\"><\/div>\n\n\n\n<div class=\"is-layout-flow wp-block-column\"><\/div>\n<\/div>\n<\/div>\n<\/div>\n\n\n\n<div class=\"is-layout-flex wp-container-94 wp-block-columns\">\n<div class=\"is-layout-flow wp-block-column abstand_gross has-background\" style=\"background-color:#e3ebf1\">\n<h3>Bien travailler avec la cha\u00eene d\u2019approvisionnement<\/h3>\n\n\n\n<p><strong>Contexte<\/strong><br>Les entreprises n\u2019atteindront z\u00e9ro net que si elles ma\u00eetrisent la gestion de leurs fournisseurs et si la transparence dans la cha\u00eene d\u2019approvisionnement est assur\u00e9e.<\/p>\n\n\n\n<p><strong>Objectif<\/strong><br>Pr\u00e9sentation des possibilit\u00e9s et des obstacles dans la gestion des fournisseurs dans la pratique : en particulier en lien avec la r\u00e9alisation des Science Based Targets et la gestion des notations de durabilit\u00e9 telles que esg2go.<\/p>\n\n\n\n<div class=\"is-layout-flex wp-container-88 wp-block-columns\">\n<div class=\"is-layout-flow wp-block-column\">\n<figure class=\"wp-block-image size-full is-resized\"><img decoding=\"async\" loading=\"lazy\" src=\"https:\/\/www.swisscleantech.ch\/files\/Philipp-Aerni-Zentrum-fuer-Unternehmensverantwortung-und-Nachhaltigkeit-CCRS.jpg\" alt=\"\" class=\"wp-image-30519\" width=\"400\" height=\"400\" srcset=\"https:\/\/www.swisscleantech.ch\/files\/Philipp-Aerni-Zentrum-fuer-Unternehmensverantwortung-und-Nachhaltigkeit-CCRS.jpg 400w, https:\/\/www.swisscleantech.ch\/files\/Philipp-Aerni-Zentrum-fuer-Unternehmensverantwortung-und-Nachhaltigkeit-CCRS-300x300.jpg 300w, https:\/\/www.swisscleantech.ch\/files\/Philipp-Aerni-Zentrum-fuer-Unternehmensverantwortung-und-Nachhaltigkeit-CCRS-125x125.jpg 125w\" sizes=\"(max-width: 400px) 100vw, 400px\" \/><\/figure>\n\n\n\n<div style=\"height:20px\" aria-hidden=\"true\" class=\"wp-block-spacer\"><\/div>\n\n\n\n<p><strong>Philipp Aerni<\/strong><br>Center for Corporate Responsibility and Sustainability (CCRS)<\/p>\n<\/div>\n\n\n\n<div class=\"is-layout-flow wp-block-column\">\n<figure class=\"wp-block-image size-full is-resized\"><img decoding=\"async\" loading=\"lazy\" src=\"https:\/\/www.swisscleantech.ch\/files\/Tina-Kempf-Lyreco.jpg\" alt=\"\" class=\"wp-image-30520\" width=\"400\" height=\"400\" srcset=\"https:\/\/www.swisscleantech.ch\/files\/Tina-Kempf-Lyreco.jpg 400w, https:\/\/www.swisscleantech.ch\/files\/Tina-Kempf-Lyreco-300x300.jpg 300w, https:\/\/www.swisscleantech.ch\/files\/Tina-Kempf-Lyreco-125x125.jpg 125w\" sizes=\"(max-width: 400px) 100vw, 400px\" \/><\/figure>\n\n\n\n<div style=\"height:20px\" aria-hidden=\"true\" class=\"wp-block-spacer\"><\/div>\n\n\n\n<p><strong>Tina Kempf<\/strong><br>Lyreco<\/p>\n<\/div>\n\n\n\n<div class=\"is-layout-flow wp-block-column\">\n<figure class=\"wp-block-image size-large\"><img decoding=\"async\" src=\"https:\/\/www.swisscleantech.ch\/files\/Paul-Riedl-Kolma.jpg\" alt=\"\"\/><\/figure>\n\n\n\n<div style=\"height:20px\" aria-hidden=\"true\" class=\"wp-block-spacer\"><\/div>\n\n\n\n<p><strong>Paul Riedl<\/strong><br>Kolma<br><\/p>\n<\/div>\n<\/div>\n\n\n\n<div class=\"is-layout-flex wp-container-92 wp-block-columns\">\n<div class=\"is-layout-flow wp-block-column\">\n<figure class=\"wp-block-image size-full is-resized\"><img decoding=\"async\" loading=\"lazy\" src=\"https:\/\/www.swisscleantech.ch\/files\/Marcel-Winter.jpg\" alt=\"\" class=\"wp-image-29165\" width=\"400\" height=\"400\" srcset=\"https:\/\/www.swisscleantech.ch\/files\/Marcel-Winter.jpg 400w, https:\/\/www.swisscleantech.ch\/files\/Marcel-Winter-300x300.jpg 300w, https:\/\/www.swisscleantech.ch\/files\/Marcel-Winter-125x125.jpg 125w\" sizes=\"(max-width: 400px) 100vw, 400px\" \/><\/figure>\n\n\n\n<div style=\"height:20px\" aria-hidden=\"true\" class=\"wp-block-spacer\"><\/div>\n\n\n\n<p><strong>Marcel Winter <\/strong>(Pr\u00e9sentation)<br>AFRY Schweiz<br><\/p>\n<\/div>\n\n\n\n<div class=\"is-layout-flow wp-block-column\"><\/div>\n\n\n\n<div class=\"is-layout-flow wp-block-column\"><\/div>\n<\/div>\n<\/div>\n<\/div>\n\n\n\n<div class=\"is-layout-flex wp-container-104 wp-block-columns\">\n<div class=\"is-layout-flow wp-block-column abstand_gross has-background\" style=\"background-color:#e3ebf1\">\n<h3>Comment l\u2019\u00e9conomie circulaire va-t-elle devenir la nouvelle normalit\u00e9<\/h3>\n\n\n\n<p><strong>Contexte<\/strong><br>En mars, la r\u00e9vision de la loi sur la protection de l\u2019environnement a \u00e9t\u00e9 adopt\u00e9e par le Parlement, posant ainsi des bases solides pour l\u2019\u00e9conomie circulaire en Suisse. Pour que son potentiel soit exploit\u00e9, la loi doit \u00eatre appliqu\u00e9e de mani\u00e8re coh\u00e9rente et r\u00e9solue.<\/p>\n\n\n\n<p><strong>Objectif<\/strong><br>Pr\u00e9sentation des futures modifications des conditions-cadre politiques, recommandations pour l\u2019action de l\u2019administration et des responsables politiques, int\u00e9gration des changements dans les entreprises, exemple de La Poste Suisse.<\/p>\n\n\n\n<div class=\"is-layout-flex wp-container-98 wp-block-columns\">\n<div class=\"is-layout-flow wp-block-column\">\n<figure class=\"wp-block-image size-full\"><img decoding=\"async\" loading=\"lazy\" width=\"400\" height=\"400\" src=\"https:\/\/www.swisscleantech.ch\/files\/Michael-Gasser-Die-Schweizerische-Post.jpg\" alt=\"\" class=\"wp-image-30521\" srcset=\"https:\/\/www.swisscleantech.ch\/files\/Michael-Gasser-Die-Schweizerische-Post.jpg 400w, https:\/\/www.swisscleantech.ch\/files\/Michael-Gasser-Die-Schweizerische-Post-300x300.jpg 300w, https:\/\/www.swisscleantech.ch\/files\/Michael-Gasser-Die-Schweizerische-Post-125x125.jpg 125w\" sizes=\"(max-width: 400px) 100vw, 400px\" \/><\/figure>\n\n\n\n<div style=\"height:20px\" aria-hidden=\"true\" class=\"wp-block-spacer\"><\/div>\n\n\n\n<p><strong>Michael Gasser<\/strong><br>La Poste Suisse<\/p>\n<\/div>\n\n\n\n<div class=\"is-layout-flow wp-block-column\">\n<figure class=\"wp-block-image size-full\"><img decoding=\"async\" loading=\"lazy\" width=\"400\" height=\"400\" src=\"https:\/\/www.swisscleantech.ch\/files\/Gregory-Germann-swisscleantech.jpg\" alt=\"\" class=\"wp-image-23028\" srcset=\"https:\/\/www.swisscleantech.ch\/files\/Gregory-Germann-swisscleantech.jpg 400w, https:\/\/www.swisscleantech.ch\/files\/Gregory-Germann-swisscleantech-300x300.jpg 300w, https:\/\/www.swisscleantech.ch\/files\/Gregory-Germann-swisscleantech-125x125.jpg 125w\" sizes=\"(max-width: 400px) 100vw, 400px\" \/><\/figure>\n\n\n\n<div style=\"height:20px\" aria-hidden=\"true\" class=\"wp-block-spacer\"><\/div>\n\n\n\n<p><strong>Gregory Germann<\/strong> (Pr\u00e9sentation)<br>swisscleantech<br><\/p>\n<\/div>\n\n\n\n<div class=\"is-layout-flow wp-block-column\">\n<figure class=\"wp-block-image size-full\"><img decoding=\"async\" loading=\"lazy\" width=\"400\" height=\"400\" src=\"https:\/\/www.swisscleantech.ch\/files\/Tobias-Stucki-Berner-Fachhochschule.jpg\" alt=\"\" class=\"wp-image-30522\" srcset=\"https:\/\/www.swisscleantech.ch\/files\/Tobias-Stucki-Berner-Fachhochschule.jpg 400w, https:\/\/www.swisscleantech.ch\/files\/Tobias-Stucki-Berner-Fachhochschule-300x300.jpg 300w, https:\/\/www.swisscleantech.ch\/files\/Tobias-Stucki-Berner-Fachhochschule-125x125.jpg 125w\" sizes=\"(max-width: 400px) 100vw, 400px\" \/><\/figure>\n\n\n\n<div style=\"height:20px\" aria-hidden=\"true\" class=\"wp-block-spacer\"><\/div>\n\n\n\n<p><strong>Tobias Stucki<\/strong><br>Haute \u00e9cole sp\u00e9cialis\u00e9e bernoise<br><\/p>\n<\/div>\n<\/div>\n\n\n\n<div class=\"is-layout-flex wp-container-102 wp-block-columns\">\n<div class=\"is-layout-flow wp-block-column\">\n<figure class=\"wp-block-image size-full\"><img decoding=\"async\" loading=\"lazy\" width=\"400\" height=\"400\" src=\"https:\/\/www.swisscleantech.ch\/files\/Dr-Nina-Widmer-PwC.jpg\" alt=\"\" class=\"wp-image-30523\" srcset=\"https:\/\/www.swisscleantech.ch\/files\/Dr-Nina-Widmer-PwC.jpg 400w, https:\/\/www.swisscleantech.ch\/files\/Dr-Nina-Widmer-PwC-300x300.jpg 300w, https:\/\/www.swisscleantech.ch\/files\/Dr-Nina-Widmer-PwC-125x125.jpg 125w\" sizes=\"(max-width: 400px) 100vw, 400px\" \/><\/figure>\n\n\n\n<div style=\"height:20px\" aria-hidden=\"true\" class=\"wp-block-spacer\"><\/div>\n\n\n\n<p><strong>Dr. Nina Widmer<\/strong><br>PwC<br><\/p>\n<\/div>\n\n\n\n<div class=\"is-layout-flow wp-block-column\"><\/div>\n\n\n\n<div class=\"is-layout-flow wp-block-column\"><\/div>\n<\/div>\n<\/div>\n<\/div>\n\n\n\n<div class=\"is-layout-flex wp-container-114 wp-block-columns\">\n<div class=\"is-layout-flow wp-block-column abstand_gross has-background\" style=\"background-color:#e3ebf1\">\n<h3>Comment les produits m\u00e8nent \u00e0 l\u2019objectif z\u00e9ro net<\/h3>\n\n\n\n<p><strong>Contexte<\/strong><br>Pour que les entreprises atteignent z\u00e9ro net, les produits doivent aussi r\u00e9pondre \u00e0 cet objectif. La strat\u00e9gie en mati\u00e8re d\u2019achats joue un r\u00f4le tout aussi important que la conception des produits.<\/p>\n\n\n\n<p><strong>Objectif<\/strong><br>Dans des discussions par groupes et \u00e0 l\u2019aide d\u2019exemples pratiques, les participantes et participants comprennent l\u2019influence des achats et de la conception des produits sur l\u2019empreinte carbone des produits et leur importance dans le cadre d\u2019une politique climatique active.<\/p>\n\n\n\n<div class=\"is-layout-flex wp-container-108 wp-block-columns\">\n<div class=\"is-layout-flow wp-block-column\">\n<figure class=\"wp-block-image size-full\"><img decoding=\"async\" loading=\"lazy\" width=\"400\" height=\"400\" src=\"https:\/\/www.swisscleantech.ch\/files\/Francis-Froborg-Zuehlke.jpg\" alt=\"\" class=\"wp-image-30524\" srcset=\"https:\/\/www.swisscleantech.ch\/files\/Francis-Froborg-Zuehlke.jpg 400w, https:\/\/www.swisscleantech.ch\/files\/Francis-Froborg-Zuehlke-300x300.jpg 300w, https:\/\/www.swisscleantech.ch\/files\/Francis-Froborg-Zuehlke-125x125.jpg 125w\" sizes=\"(max-width: 400px) 100vw, 400px\" \/><\/figure>\n\n\n\n<div style=\"height:20px\" aria-hidden=\"true\" class=\"wp-block-spacer\"><\/div>\n\n\n\n<p><strong>Francis Froborg<\/strong><br>Z\u00fchlke<br><\/p>\n<\/div>\n\n\n\n<div class=\"is-layout-flow wp-block-column\">\n<figure class=\"wp-block-image size-full\"><img decoding=\"async\" loading=\"lazy\" width=\"400\" height=\"400\" src=\"https:\/\/www.swisscleantech.ch\/files\/Sebastian-Kaczynski-SAP.jpg\" alt=\"\" class=\"wp-image-30525\" srcset=\"https:\/\/www.swisscleantech.ch\/files\/Sebastian-Kaczynski-SAP.jpg 400w, https:\/\/www.swisscleantech.ch\/files\/Sebastian-Kaczynski-SAP-300x300.jpg 300w, https:\/\/www.swisscleantech.ch\/files\/Sebastian-Kaczynski-SAP-125x125.jpg 125w\" sizes=\"(max-width: 400px) 100vw, 400px\" \/><\/figure>\n\n\n\n<div style=\"height:20px\" aria-hidden=\"true\" class=\"wp-block-spacer\"><\/div>\n\n\n\n<p><strong>Sebastian Kaczynski<\/strong><br>SAP<br><\/p>\n<\/div>\n\n\n\n<div class=\"is-layout-flow wp-block-column\">\n<figure class=\"wp-block-image size-large\"><img decoding=\"async\" src=\"https:\/\/www.swisscleantech.ch\/files\/Andreas-Steffes-metal-suisse.jpg\" alt=\"\"\/><\/figure>\n\n\n\n<div style=\"height:20px\" aria-hidden=\"true\" class=\"wp-block-spacer\"><\/div>\n\n\n\n<p><strong>Andreas Steffes<\/strong><br>metal.suisse<br><\/p>\n<\/div>\n<\/div>\n\n\n\n<div class=\"is-layout-flex wp-container-112 wp-block-columns\">\n<div class=\"is-layout-flow wp-block-column\">\n<figure class=\"wp-block-image size-full\"><img decoding=\"async\" loading=\"lazy\" width=\"400\" height=\"400\" src=\"https:\/\/www.swisscleantech.ch\/files\/Christian-Zeyer-2.jpg\" alt=\"\" class=\"wp-image-29082\" srcset=\"https:\/\/www.swisscleantech.ch\/files\/Christian-Zeyer-2.jpg 400w, https:\/\/www.swisscleantech.ch\/files\/Christian-Zeyer-2-300x300.jpg 300w, https:\/\/www.swisscleantech.ch\/files\/Christian-Zeyer-2-125x125.jpg 125w\" sizes=\"(max-width: 400px) 100vw, 400px\" \/><\/figure>\n\n\n\n<div style=\"height:20px\" aria-hidden=\"true\" class=\"wp-block-spacer\"><\/div>\n\n\n\n<p><strong>Christian Zeyer<\/strong> (Pr\u00e9sentation)<br>swisscleantech<br><\/p>\n<\/div>\n\n\n\n<div class=\"is-layout-flow wp-block-column\"><\/div>\n\n\n\n<div class=\"is-layout-flow wp-block-column\"><\/div>\n<\/div>\n<\/div>\n<\/div>\n\n\n\n<div class=\"is-layout-flex wp-container-120 wp-block-columns\">\n<div class=\"is-layout-flow wp-block-column abstand_gross has-background\" style=\"background-color:#e3ebf1\">\n<h3>Vers la transition \u00e9nerg\u00e9tique gr\u00e2ce \u00e0 l\u2019autoconsommation d\u2019\u00e9lectricit\u00e9<\/h3>\n\n\n\n<p><strong>Contexte<\/strong><br>Le photovolta\u00efque est le principal pilier de d\u00e9veloppement de la production d\u2019\u00e9nergie renouvelable. Parall\u00e8lement, les installations photovolta\u00efques dans les entreprises peuvent apporter une contribution importante \u00e0 la transition \u00e9nerg\u00e9tique.<\/p>\n\n\n\n<p><strong>Objectif<\/strong><br>Des informations sont donn\u00e9es aux participantes et participants sur la fa\u00e7on d\u2019utiliser le potentiel de leurs b\u00e2timents et sur les autres possibilit\u00e9s d\u2019optimiser leur approvisionnement en \u00e9lectricit\u00e9, de r\u00e9duire les co\u00fbts et d\u2019acc\u00e9l\u00e9rer la transition \u00e9nerg\u00e9tique.<\/p>\n\n\n\n<div class=\"is-layout-flex wp-container-118 wp-block-columns\">\n<div class=\"is-layout-flow wp-block-column\">\n<figure class=\"wp-block-image size-large\"><img decoding=\"async\" src=\"https:\/\/www.swisscleantech.ch\/files\/Frederic-Steimer-swisscleantech-1.jpg\" alt=\"\"\/><\/figure>\n\n\n\n<div style=\"height:20px\" aria-hidden=\"true\" class=\"wp-block-spacer\"><\/div>\n\n\n\n<p><strong>Fr\u00e9d\u00e9ric Steimer <\/strong>(Pr\u00e9sentation)<br>swisscleantech<\/p>\n<\/div>\n\n\n\n<div class=\"is-layout-flow wp-block-column\">\n<figure class=\"wp-block-image size-full\"><img decoding=\"async\" loading=\"lazy\" width=\"400\" height=\"400\" src=\"https:\/\/www.swisscleantech.ch\/files\/David-Stickelberger-Swissolar.jpg\" alt=\"\" class=\"wp-image-30526\" srcset=\"https:\/\/www.swisscleantech.ch\/files\/David-Stickelberger-Swissolar.jpg 400w, https:\/\/www.swisscleantech.ch\/files\/David-Stickelberger-Swissolar-300x300.jpg 300w, https:\/\/www.swisscleantech.ch\/files\/David-Stickelberger-Swissolar-125x125.jpg 125w\" sizes=\"(max-width: 400px) 100vw, 400px\" \/><\/figure>\n\n\n\n<div style=\"height:20px\" aria-hidden=\"true\" class=\"wp-block-spacer\"><\/div>\n\n\n\n<p><strong>David Stickelberger<\/strong><br>Swissolar<br><\/p>\n<\/div>\n\n\n\n<div class=\"is-layout-flow wp-block-column\"><\/div>\n<\/div>\n<\/div>\n<\/div>\n\n\n\n<div class=\"is-layout-flex wp-container-130 wp-block-columns\">\n<div class=\"is-layout-flow wp-block-column abstand_gross has-background\" style=\"background-color:#e3ebf1\">\n<h3>\u00c9limination du CO<sub>2<\/sub> : investir aujourd&#8217;hui dans l&#8217;avenir<\/h3>\n\n\n\n<p><strong>Contexte<\/strong><br>De nombreuses entreprises sont confront\u00e9es \u00e0 la question de savoir comment les \u00e9missions r\u00e9siduelles difficiles \u00e0 \u00e9viter pourront \u00e0 l\u2019avenir \u00eatre compens\u00e9es. La mise en place d\u2019un portefeuille d\u2019\u00e9limination du CO<sub>2<\/sub> demande du temps et des ressources. Des questions de financement, de timing et concernant les bonnes conditions-cadre se posent. Pour que le march\u00e9 de l\u2019\u00e9limination du CO<sub>2<\/sub> fournisse des volumes suffisants en temps voulu, il convient d\u2019investir d\u00e8s aujourd\u2019hui dans ces technologies.<\/p>\n\n\n\n<p><strong>Objectif<\/strong><br>Des informations sont donn\u00e9es aux participants sur le club d\u2019acheteurs et sur les raisons pour lesquelles cela vaut la peine d\u2019investir d\u00e8s aujourd\u2019hui dans le march\u00e9. On expliquera \u00e9galement comment une entreprise peut aborder l\u2019\u00e9limination du CO<sub>2<\/sub> dans le cadre d\u2019un plan de d\u00e9carbonation et ce qu\u2019on peut attendre des conditions-cadre politiques.<\/p>\n\n\n\n<div class=\"is-layout-flex wp-container-124 wp-block-columns\">\n<div class=\"is-layout-flow wp-block-column\">\n<figure class=\"wp-block-image size-large\"><img decoding=\"async\" src=\"https:\/\/www.swisscleantech.ch\/files\/Mevina-Caviezel-Carbonx.jpg\" alt=\"\"\/><\/figure>\n\n\n\n<div style=\"height:20px\" aria-hidden=\"true\" class=\"wp-block-spacer\"><\/div>\n\n\n\n<p><strong>Mevina Caviezel<\/strong><br>Carbonx<\/p>\n<\/div>\n\n\n\n<div class=\"is-layout-flow wp-block-column\">\n<figure class=\"wp-block-image size-large\"><img decoding=\"async\" src=\"https:\/\/www.swisscleantech.ch\/files\/Marit-Kurthoff-Zurcher-Kantonalbank.jpg\" alt=\"\"\/><\/figure>\n\n\n\n<div style=\"height:20px\" aria-hidden=\"true\" class=\"wp-block-spacer\"><\/div>\n\n\n\n<p><strong>Marit Kruthoff<\/strong><br>Banque cantonale de Zurich<br><\/p>\n<\/div>\n\n\n\n<div class=\"is-layout-flow wp-block-column\">\n<figure class=\"wp-block-image size-full is-resized\"><img decoding=\"async\" loading=\"lazy\" src=\"https:\/\/www.swisscleantech.ch\/files\/Cornelia-Luchsinger-swisscleantech-Vorstand.jpg\" alt=\"\" class=\"wp-image-24374\" width=\"400\" height=\"400\" srcset=\"https:\/\/www.swisscleantech.ch\/files\/Cornelia-Luchsinger-swisscleantech-Vorstand.jpg 220w, https:\/\/www.swisscleantech.ch\/files\/Cornelia-Luchsinger-swisscleantech-Vorstand-125x125.jpg 125w\" sizes=\"(max-width: 400px) 100vw, 400px\" \/><\/figure>\n\n\n\n<div style=\"height:20px\" aria-hidden=\"true\" class=\"wp-block-spacer\"><\/div>\n\n\n\n<p><strong>Cornelia Luchsinger<\/strong> (Pr\u00e9sentation)<br>Banque cantonale de Zurich<br><\/p>\n<\/div>\n<\/div>\n\n\n\n<div class=\"is-layout-flex wp-container-128 wp-block-columns\">\n<div class=\"is-layout-flow wp-block-column\">\n<figure class=\"wp-block-image size-large\"><img decoding=\"async\" src=\"https:\/\/www.swisscleantech.ch\/files\/Dominic-Luedin-Carbonfuture.jpg\" alt=\"\"\/><\/figure>\n\n\n\n<div style=\"height:20px\" aria-hidden=\"true\" class=\"wp-block-spacer\"><\/div>\n\n\n\n<p><strong><strong>Dominic L\u00fcdin<\/strong><br><\/strong>Carbonfuture<\/p>\n<\/div>\n\n\n\n<div class=\"is-layout-flow wp-block-column\">\n<figure class=\"wp-block-image size-large\"><img decoding=\"async\" src=\"https:\/\/www.swisscleantech.ch\/files\/Anna-Schlusche-Siemens.jpg\" alt=\"\"\/><\/figure>\n\n\n\n<div style=\"height:20px\" aria-hidden=\"true\" class=\"wp-block-spacer\"><\/div>\n\n\n\n<p><strong>Anna Schlusche<\/strong><br>Siemens<br><\/p>\n<\/div>\n\n\n\n<div class=\"is-layout-flow wp-block-column\">\n<figure class=\"wp-block-image size-full\"><img decoding=\"async\" loading=\"lazy\" width=\"400\" height=\"400\" src=\"https:\/\/www.swisscleantech.ch\/files\/Lara-Theiler-swisscleantech.jpg\" alt=\"\" class=\"wp-image-23040\" srcset=\"https:\/\/www.swisscleantech.ch\/files\/Lara-Theiler-swisscleantech.jpg 400w, https:\/\/www.swisscleantech.ch\/files\/Lara-Theiler-swisscleantech-300x300.jpg 300w, https:\/\/www.swisscleantech.ch\/files\/Lara-Theiler-swisscleantech-125x125.jpg 125w\" sizes=\"(max-width: 400px) 100vw, 400px\" \/><\/figure>\n\n\n\n<div style=\"height:20px\" aria-hidden=\"true\" class=\"wp-block-spacer\"><\/div>\n\n\n\n<p><strong>Lara Theiler<\/strong><br>swisscleantech<br><\/p>\n<\/div>\n<\/div>\n<\/div>\n<\/div>\n\n\n\n<div class=\"is-layout-flex wp-container-140 wp-block-columns\">\n<div class=\"is-layout-flow wp-block-column abstand_gross has-background\" style=\"background-color:#e3ebf1\">\n<h3>Focus sur la nature : comment les entreprises contribuent \u00e0 la biodiversit\u00e9<\/h3>\n\n\n\n<p><strong>Contexte<\/strong><br>En plus d\u2019une contribution \u00e0 la protection du climat, de plus en plus d\u2019entreprises veulent aussi apporter une contribution \u00e0 l\u2019environnement ou mieux comprendre quelle est leur empreinte \u00e9cologique. Pour cela, il existe d\u00e9j\u00e0 de premi\u00e8res offres \u2013 mais la transparence et la comparabilit\u00e9 des donn\u00e9es sont encore souvent insuffisantes.<\/p>\n\n\n\n<p><strong>Objectif<\/strong><br>Des informations sont donn\u00e9es aux participantes et participants sur les nombreuses offres de projets de biodiversit\u00e9 et sur l\u2019\u00e9tat de la biodiversit\u00e9 \u2013 au niveau mondial et national. Des exemples concrets montrent o\u00f9 se situent les risques pour la biodiversit\u00e9 pour les entreprises et comment elles peuvent favoriser la biodiversit\u00e9 \u2013 par exemple en transformant leurs mod\u00e8les \u00e9conomiques.<\/p>\n\n\n\n<div class=\"is-layout-flex wp-container-134 wp-block-columns\">\n<div class=\"is-layout-flow wp-block-column\">\n<figure class=\"wp-block-image size-full\"><img decoding=\"async\" loading=\"lazy\" width=\"300\" height=\"300\" src=\"https:\/\/www.swisscleantech.ch\/files\/Barbara_Dubach_SWISSCLEANTECH_Maerz2020_300x300.jpg\" alt=\"\" class=\"wp-image-16349\" srcset=\"https:\/\/www.swisscleantech.ch\/files\/Barbara_Dubach_SWISSCLEANTECH_Maerz2020_300x300.jpg 300w, https:\/\/www.swisscleantech.ch\/files\/Barbara_Dubach_SWISSCLEANTECH_Maerz2020_300x300-125x125.jpg 125w\" sizes=\"(max-width: 300px) 100vw, 300px\" \/><\/figure>\n\n\n\n<div style=\"height:20px\" aria-hidden=\"true\" class=\"wp-block-spacer\"><\/div>\n\n\n\n<p><strong>Barbara Dubach<\/strong><br>Innovate 4 Nature<\/p>\n<\/div>\n\n\n\n<div class=\"is-layout-flow wp-block-column\">\n<figure class=\"wp-block-image size-full\"><img decoding=\"async\" loading=\"lazy\" width=\"400\" height=\"400\" src=\"https:\/\/www.swisscleantech.ch\/files\/Dietmar-Kuether-IWB.jpg\" alt=\"\" class=\"wp-image-30528\" srcset=\"https:\/\/www.swisscleantech.ch\/files\/Dietmar-Kuether-IWB.jpg 400w, https:\/\/www.swisscleantech.ch\/files\/Dietmar-Kuether-IWB-300x300.jpg 300w, https:\/\/www.swisscleantech.ch\/files\/Dietmar-Kuether-IWB-125x125.jpg 125w\" sizes=\"(max-width: 400px) 100vw, 400px\" \/><\/figure>\n\n\n\n<div style=\"height:20px\" aria-hidden=\"true\" class=\"wp-block-spacer\"><\/div>\n\n\n\n<p><strong>Dietmar K\u00fcther<\/strong><br>IWB<br><\/p>\n<\/div>\n\n\n\n<div class=\"is-layout-flow wp-block-column\">\n<figure class=\"wp-block-image size-full\"><img decoding=\"async\" loading=\"lazy\" width=\"400\" height=\"400\" src=\"https:\/\/www.swisscleantech.ch\/files\/Michael-Mandl.jpg\" alt=\"\" class=\"wp-image-29081\" srcset=\"https:\/\/www.swisscleantech.ch\/files\/Michael-Mandl.jpg 400w, https:\/\/www.swisscleantech.ch\/files\/Michael-Mandl-300x300.jpg 300w, https:\/\/www.swisscleantech.ch\/files\/Michael-Mandl-125x125.jpg 125w\" sizes=\"(max-width: 400px) 100vw, 400px\" \/><\/figure>\n\n\n\n<div style=\"height:20px\" aria-hidden=\"true\" class=\"wp-block-spacer\"><\/div>\n\n\n\n<p><strong>Michael Mandl<\/strong> (Pr\u00e9sentation)<br>swisscleantech<br><\/p>\n<\/div>\n<\/div>\n\n\n\n<div class=\"is-layout-flex wp-container-138 wp-block-columns\">\n<div class=\"is-layout-flow wp-block-column\">\n<figure class=\"wp-block-image size-full\"><img decoding=\"async\" loading=\"lazy\" width=\"400\" height=\"400\" src=\"https:\/\/www.swisscleantech.ch\/files\/Olivier-Staeheli-Restor.jpg\" alt=\"\" class=\"wp-image-30527\" srcset=\"https:\/\/www.swisscleantech.ch\/files\/Olivier-Staeheli-Restor.jpg 400w, https:\/\/www.swisscleantech.ch\/files\/Olivier-Staeheli-Restor-300x300.jpg 300w, https:\/\/www.swisscleantech.ch\/files\/Olivier-Staeheli-Restor-125x125.jpg 125w\" sizes=\"(max-width: 400px) 100vw, 400px\" \/><\/figure>\n\n\n\n<div style=\"height:20px\" aria-hidden=\"true\" class=\"wp-block-spacer\"><\/div>\n\n\n\n<p><strong>Olivier St\u00e4heli<\/strong><br>Restor<br><\/p>\n<\/div>\n\n\n\n<div class=\"is-layout-flow wp-block-column\">\n<div style=\"height:20px\" aria-hidden=\"true\" class=\"wp-block-spacer\"><\/div>\n\n\n\n<p><\/p>\n<\/div>\n\n\n\n<div class=\"is-layout-flow wp-block-column\"><\/div>\n<\/div>\n<\/div>\n<\/div>\n\n\n\n<div class=\"is-layout-flex wp-container-146 wp-block-columns\">\n<div class=\"is-layout-flow wp-block-column abstand_gross has-background\" style=\"background-color:#e3ebf1\">\n<h3>Changement climatique et intelligence artificielle : opportunit\u00e9s et enjeux<\/h3>\n\n\n\n<p><strong>Contexte<\/strong><br>L\u2019intelligence artificielle offre un potentiel important pour acc\u00e9l\u00e9rer la protection du climat. Des mod\u00e8les climatiques plus pr\u00e9cis, mais \u00e9galement un calcul simplifi\u00e9 de l\u2019empreinte carbone des produits ou l\u2019int\u00e9gration plus efficace des \u00e9nergies renouvelables dans le r\u00e9seau \u00e9lectrique ne sont que quelques applications. Dans le m\u00eame temps, l\u2019utilisation de l\u2019intelligence artificielle augmente aussi la consommation d\u2019\u00e9lectricit\u00e9.<\/p>\n\n\n\n<p><strong>Objectif<\/strong><br>Les participantes et participants mieux inform\u00e9s pourront mieux \u00e9valuer le r\u00f4le que jouera l\u2019intelligence artificielle dans les prochaines ann\u00e9es pour aller vers z\u00e9ro net et comment les entreprises peuvent s\u2019y pr\u00e9parer.<\/p>\n\n\n\n<div class=\"is-layout-flex wp-container-144 wp-block-columns\">\n<div class=\"is-layout-flow wp-block-column\">\n<figure class=\"wp-block-image size-full\"><img decoding=\"async\" loading=\"lazy\" width=\"400\" height=\"400\" src=\"https:\/\/www.swisscleantech.ch\/files\/Franziska-Barmettler-nationale-Wahlen-20232.jpg\" alt=\"\" class=\"wp-image-27178\" srcset=\"https:\/\/www.swisscleantech.ch\/files\/Franziska-Barmettler-nationale-Wahlen-20232.jpg 400w, https:\/\/www.swisscleantech.ch\/files\/Franziska-Barmettler-nationale-Wahlen-20232-300x300.jpg 300w, https:\/\/www.swisscleantech.ch\/files\/Franziska-Barmettler-nationale-Wahlen-20232-125x125.jpg 125w\" sizes=\"(max-width: 400px) 100vw, 400px\" \/><\/figure>\n\n\n\n<div style=\"height:20px\" aria-hidden=\"true\" class=\"wp-block-spacer\"><\/div>\n\n\n\n<p><strong>Franziska Barmettler<\/strong> (Pr\u00e9sentation)<br>IKEA<\/p>\n<\/div>\n\n\n\n<div class=\"is-layout-flow wp-block-column\">\n<figure class=\"wp-block-image size-full\"><img decoding=\"async\" loading=\"lazy\" width=\"400\" height=\"400\" src=\"https:\/\/www.swisscleantech.ch\/files\/Dennis-Tietz-Google-Schweiz.jpg\" alt=\"\" class=\"wp-image-30529\" srcset=\"https:\/\/www.swisscleantech.ch\/files\/Dennis-Tietz-Google-Schweiz.jpg 400w, https:\/\/www.swisscleantech.ch\/files\/Dennis-Tietz-Google-Schweiz-300x300.jpg 300w, https:\/\/www.swisscleantech.ch\/files\/Dennis-Tietz-Google-Schweiz-125x125.jpg 125w\" sizes=\"(max-width: 400px) 100vw, 400px\" \/><\/figure>\n\n\n\n<div style=\"height:20px\" aria-hidden=\"true\" class=\"wp-block-spacer\"><\/div>\n\n\n\n<p><strong><strong>Dennis Tietz<\/strong><br><\/strong>Google Suisse<br><\/p>\n<\/div>\n\n\n\n<div class=\"is-layout-flow wp-block-column\">\n<figure class=\"wp-block-image size-full\"><img decoding=\"async\" loading=\"lazy\" width=\"400\" height=\"400\" src=\"https:\/\/www.swisscleantech.ch\/files\/Rene-Wiedemann-Accenture.jpg\" alt=\"\" class=\"wp-image-30530\" srcset=\"https:\/\/www.swisscleantech.ch\/files\/Rene-Wiedemann-Accenture.jpg 400w, https:\/\/www.swisscleantech.ch\/files\/Rene-Wiedemann-Accenture-300x300.jpg 300w, https:\/\/www.swisscleantech.ch\/files\/Rene-Wiedemann-Accenture-125x125.jpg 125w\" sizes=\"(max-width: 400px) 100vw, 400px\" \/><\/figure>\n\n\n\n<div style=\"height:20px\" aria-hidden=\"true\" class=\"wp-block-spacer\"><\/div>\n\n\n\n<p><strong>Rene Wiedemann<\/strong><br>Accenture Suisse<br><\/p>\n<\/div>\n<\/div>\n<\/div>\n<\/div>\n\n<\/div><\/div><\/div><\/div>\n\n\n\n<div style=\"height:40px\" aria-hidden=\"true\" class=\"wp-block-spacer\"><\/div>\n\n\n\n<div class=\"is-layout-flex wp-container-156 wp-block-columns\">\n<div class=\"is-layout-flow wp-block-column abstand_gross has-background\" style=\"background-color:#79a6cb\">\n<h3 class=\"has-white-color has-text-color\">Event Partner<\/h3>\n\n\n\n<div class=\"is-layout-flex wp-container-150 wp-block-columns\">\n<div class=\"is-layout-flow wp-block-column\">\n<figure class=\"wp-block-image size-full\"><img decoding=\"async\" loading=\"lazy\" width=\"617\" height=\"350\" src=\"https:\/\/www.swisscleantech.ch\/files\/Logo-accenture.jpg\" alt=\"\" class=\"wp-image-30538\" srcset=\"https:\/\/www.swisscleantech.ch\/files\/Logo-accenture.jpg 617w, https:\/\/www.swisscleantech.ch\/files\/Logo-accenture-300x170.jpg 300w\" sizes=\"(max-width: 617px) 100vw, 617px\" \/><\/figure>\n<\/div>\n\n\n\n<div class=\"is-layout-flow wp-block-column\">\n<figure class=\"wp-block-image size-full\"><img decoding=\"async\" loading=\"lazy\" width=\"617\" height=\"350\" src=\"https:\/\/www.swisscleantech.ch\/files\/Logo-energie360.jpg\" alt=\"\" class=\"wp-image-30537\" srcset=\"https:\/\/www.swisscleantech.ch\/files\/Logo-energie360.jpg 617w, https:\/\/www.swisscleantech.ch\/files\/Logo-energie360-300x170.jpg 300w\" sizes=\"(max-width: 617px) 100vw, 617px\" \/><\/figure>\n<\/div>\n\n\n\n<div class=\"is-layout-flow wp-block-column\">\n<figure class=\"wp-block-image size-full\"><img decoding=\"async\" src=\"https:\/\/www.swisscleantech.ch\/files\/Logo-Lyreco.jpg\" alt=\"\" class=\"wp-image-30536\"\/><\/figure>\n<\/div>\n<\/div>\n\n\n\n<div class=\"is-layout-flex wp-container-154 wp-block-columns\">\n<div class=\"is-layout-flow wp-block-column\">\n<figure class=\"wp-block-image size-full\"><img decoding=\"async\" loading=\"lazy\" width=\"617\" height=\"350\" src=\"https:\/\/www.swisscleantech.ch\/files\/swisscom-Logo.png\" alt=\"\" class=\"wp-image-28916\" srcset=\"https:\/\/www.swisscleantech.ch\/files\/swisscom-Logo.png 617w, https:\/\/www.swisscleantech.ch\/files\/swisscom-Logo-300x170.png 300w\" sizes=\"(max-width: 617px) 100vw, 617px\" \/><\/figure>\n<\/div>\n\n\n\n<div class=\"is-layout-flow wp-block-column\">\n<figure class=\"wp-block-image size-full\"><img decoding=\"async\" loading=\"lazy\" width=\"617\" height=\"350\" src=\"https:\/\/www.swisscleantech.ch\/files\/logo_zuehlke.png\" alt=\"\" class=\"wp-image-22962\" srcset=\"https:\/\/www.swisscleantech.ch\/files\/logo_zuehlke.png 617w, https:\/\/www.swisscleantech.ch\/files\/logo_zuehlke-300x170.png 300w\" sizes=\"(max-width: 617px) 100vw, 617px\" \/><\/figure>\n<\/div>\n\n\n\n<div class=\"is-layout-flow wp-block-column\">\n<figure class=\"wp-block-image size-full\"><img decoding=\"async\" loading=\"lazy\" width=\"617\" height=\"350\" src=\"https:\/\/www.swisscleantech.ch\/files\/Logo-Platzhalter-3.png\" alt=\"\" class=\"wp-image-29336\" srcset=\"https:\/\/www.swisscleantech.ch\/files\/Logo-Platzhalter-3.png 617w, https:\/\/www.swisscleantech.ch\/files\/Logo-Platzhalter-3-300x170.png 300w\" sizes=\"(max-width: 617px) 100vw, 617px\" \/><\/figure>\n<\/div>\n<\/div>\n\n\n\n<p class=\"has-white-color has-text-color\">Un grand merci pour le soutien apport\u00e9 !<\/p>\n<\/div>\n<\/div>\n\n\n\n<p>L\u2019invitation s\u2019adresse aux adh\u00e9rents de swisscleantech ainsi qu\u2019\u00e0 une s\u00e9lection de partenaires du monde de l\u2019\u00e9conomie, de la politique, de l\u2019administration et de la science.<\/p>\n\n\n\n<p><strong>La participation se fait uniquement sur invitation personnelle et est gratuite.<br>Nous allons proposer une traduction simultan\u00e9e.<\/strong><\/p>\n\n\n\n<p>Deux personnes par adh\u00e9rent au maximum sont invit\u00e9es \u00e0 participer \u00e0 l\u2019\u00e9v\u00e9nement.<\/p>\n","protected":false},"featured_media":0,"template":"","acf":[],"_links":{"self":[{"href":"https:\/\/www.swisscleantech.ch\/fr\/wp-json\/wp\/v2\/agendaeintrag\/28774"}],"collection":[{"href":"https:\/\/www.swisscleantech.ch\/fr\/wp-json\/wp\/v2\/agendaeintrag"}],"about":[{"href":"https:\/\/www.swisscleantech.ch\/fr\/wp-json\/wp\/v2\/types\/agendaeintrag"}],"version-history":[{"count":0,"href":"https:\/\/www.swisscleantech.ch\/fr\/wp-json\/wp\/v2\/agendaeintrag\/28774\/revisions"}],"wp:attachment":[{"href":"https:\/\/www.swisscleantech.ch\/fr\/wp-json\/wp\/v2\/media?parent=28774"}],"curies":[{"name":"wp","href":"https:\/\/api.w.org\/{rel}","templated":true}]}}