{"id":28798,"date":"2024-01-15T17:22:49","date_gmt":"2024-01-15T17:22:49","guid":{"rendered":"https:\/\/www.swisscleantech.ch\/?post_type=agendaeintrag&#038;p=28798"},"modified":"2024-01-15T17:22:50","modified_gmt":"2024-01-15T17:22:50","slug":"public-affairs-zirkel-zur-fruehlingssession","status":"publish","type":"agendaeintrag","link":"https:\/\/www.swisscleantech.ch\/fr\/agendaeintrag\/public-affairs-zirkel-zur-fruehlingssession\/","title":{"rendered":"Public Affairs-Zirkel zur Fr\u00fchlingssession"},"content":{"rendered":"\n<p>Zun\u00e4chst werden wir uns der anstehenden Fr\u00fchlingssession widmen. Auch wenn die Sessionsprogramme noch nicht bekannt sind, wird der Fokus auf der Bereinigung der Revision des CO<sub>2<\/sub>-Gesetzes f\u00fcr die Periode bis 2030 und auf der Beratung der Differenzen im Umweltschutzgesetz zur St\u00e4rkung der Kreislaufwirtschaft liegen.<\/p>\n\n\n\n<div class=\"is-layout-flex wp-container-3 wp-block-columns abstand_gross has-background\" style=\"background-color:#e3ebf1\">\n<div class=\"is-layout-flow wp-block-column\" style=\"flex-basis:33.33%\">\n<figure class=\"wp-block-image size-full\"><img decoding=\"async\" loading=\"lazy\" width=\"400\" height=\"400\" src=\"https:\/\/www.swisscleantech.ch\/files\/Lorenz-Furrer-furrerhugi.jpg\" alt=\"\" class=\"wp-image-28799\" srcset=\"https:\/\/www.swisscleantech.ch\/files\/Lorenz-Furrer-furrerhugi.jpg 400w, https:\/\/www.swisscleantech.ch\/files\/Lorenz-Furrer-furrerhugi-300x300.jpg 300w, https:\/\/www.swisscleantech.ch\/files\/Lorenz-Furrer-furrerhugi-125x125.jpg 125w\" sizes=\"(max-width: 400px) 100vw, 400px\" \/><\/figure>\n<\/div>\n\n\n\n<div class=\"is-layout-flow wp-block-column\" style=\"flex-basis:66.66%\">\n<div style=\"height:60px\" aria-hidden=\"true\" class=\"wp-block-spacer\"><\/div>\n\n\n\n<h3>Lorenz Furrer<\/h3>\n\n\n\n<p>Managing Partner furrerhugi<\/p>\n<\/div>\n<\/div>\n\n\n\n<p>Anschliessend wird uns <strong>Lorenz Furrer<\/strong>, Managing Partner von furrerhugi, einen <strong>Einblick in seine langj\u00e4hrige Erfahrung und sein Handwerk im Bereich Public Affairs<\/strong> geben. Davon inspiriert verfolgen wir in diesem zweiten Teil des Abends das Ziel, anhand eines konkreten Beispiels aus unserem Mitgliederkreis einen <strong>Erfahrungsaustausch<\/strong> zu erm\u00f6glichen und so im vertraulichen Rahmen \u00fcber die verschiedenen Herausforderungen in euren Unternehmen zu diskutieren. Wir wollen unter anderem folgenden Fragen nachgehen: Was sind die internen und externen Herausforderungen als PA-Verantwortliche? Wie ist das PA-Team im Unternehmen verankert? Wie funktioniert die Zusammenarbeit mit der Gesch\u00e4ftsleitung?<\/p>\n\n\n\n<h2>Programm<\/h2>\n\n\n\n<div class=\"is-layout-flex wp-container-6 wp-block-columns has-background\" style=\"background-color:#e3ebf1\">\n<div class=\"is-layout-flow wp-block-column\" style=\"flex-basis:20%\">\n<h3>16:15 Uhr<\/h3>\n<\/div>\n\n\n\n<div class=\"is-layout-flow wp-block-column\" style=\"flex-basis:80%\">\n<h3>Begr\u00fcssung und Einf\u00fchrung<\/h3>\n<\/div>\n<\/div>\n\n\n\n<div class=\"is-layout-flex wp-container-9 wp-block-columns has-background\" style=\"background-color:#e3ebf1\">\n<div class=\"is-layout-flow wp-block-column\" style=\"flex-basis:20%\">\n<h3>16:20 Uhr<\/h3>\n<\/div>\n\n\n\n<div class=\"is-layout-flow wp-block-column\" style=\"flex-basis:80%\">\n<h3>Ausblick auf zentrale swisscleantech-Dossiers der Fr\u00fchlingssession<\/h3>\n<\/div>\n<\/div>\n\n\n\n<div class=\"is-layout-flex wp-container-12 wp-block-columns has-background\" style=\"background-color:#e3ebf1\">\n<div class=\"is-layout-flow wp-block-column\" style=\"flex-basis:20%\">\n<h3>17 Uhr<\/h3>\n<\/div>\n\n\n\n<div class=\"is-layout-flow wp-block-column\" style=\"flex-basis:80%\">\n<h3>Inputreferat von Lorenz Furrer \u00fcber seine Erfahrungen und Best Practices im Bereich Public Affairs<\/h3>\n<\/div>\n<\/div>\n\n\n\n<div class=\"is-layout-flex wp-container-15 wp-block-columns has-background\" style=\"background-color:#e3ebf1\">\n<div class=\"is-layout-flow wp-block-column\" style=\"flex-basis:20%\">\n<h3>17:15 Uhr<\/h3>\n<\/div>\n\n\n\n<div class=\"is-layout-flow wp-block-column\" style=\"flex-basis:80%\">\n<h3>Diskussion und Erfahrungsaustausch<\/h3>\n<\/div>\n<\/div>\n\n\n\n<div class=\"is-layout-flex wp-container-18 wp-block-columns has-background\" style=\"background-color:#e3ebf1\">\n<div class=\"is-layout-flow wp-block-column\" style=\"flex-basis:20%\">\n<h3>18:15 Uhr<\/h3>\n<\/div>\n\n\n\n<div class=\"is-layout-flow wp-block-column\" style=\"flex-basis:80%\">\n<h3>Ap\u00e9ro riche<\/h3>\n<\/div>\n<\/div>\n\n\n\n<p>Der swisscleantech Public Affairs-Zirkel verfolgt das Ziel, fr\u00fchzeitig \u00fcber energie- und klimapolitische Entwicklungen zu informieren, Anliegen entgegenzunehmen und \u00fcber die Aktivit\u00e4ten von swisscleantech zu informieren. Gleichzeitig geht es aber auch darum, die pers\u00f6nliche Vernetzung untereinander weiter zu f\u00f6rdern.<\/p>\n\n\n\n<h6>Diese Veranstaltung richtet sich exklusiv an Public Affairs-Verantwortliche von swisscleantech-Mitgliedern.<\/h6>\n","protected":false},"featured_media":0,"template":"","acf":[],"_links":{"self":[{"href":"https:\/\/www.swisscleantech.ch\/fr\/wp-json\/wp\/v2\/agendaeintrag\/28798"}],"collection":[{"href":"https:\/\/www.swisscleantech.ch\/fr\/wp-json\/wp\/v2\/agendaeintrag"}],"about":[{"href":"https:\/\/www.swisscleantech.ch\/fr\/wp-json\/wp\/v2\/types\/agendaeintrag"}],"version-history":[{"count":0,"href":"https:\/\/www.swisscleantech.ch\/fr\/wp-json\/wp\/v2\/agendaeintrag\/28798\/revisions"}],"wp:attachment":[{"href":"https:\/\/www.swisscleantech.ch\/fr\/wp-json\/wp\/v2\/media?parent=28798"}],"curies":[{"name":"wp","href":"https:\/\/api.w.org\/{rel}","templated":true}]}}