{"id":31718,"date":"2024-09-02T13:49:10","date_gmt":"2024-09-02T13:49:10","guid":{"rendered":"https:\/\/www.swisscleantech.ch\/?post_type=agendaeintrag&#038;p=31718"},"modified":"2024-09-23T15:35:52","modified_gmt":"2024-09-23T15:35:52","slug":"la-durabilite-dans-les-achats-strategiques-vers-un-objectif-net-zero-grace-aux-outils-de-notation-esg","status":"publish","type":"agendaeintrag","link":"https:\/\/www.swisscleantech.ch\/fr\/agendaeintrag\/la-durabilite-dans-les-achats-strategiques-vers-un-objectif-net-zero-grace-aux-outils-de-notation-esg\/","title":{"rendered":"La durabilit\u00e9 dans les achats strat\u00e9giques : vers un objectif net z\u00e9ro gr\u00e2ce aux outils de notation ESG"},"content":{"rendered":"\n<p>L'interaction entre les grands clients et les PME joue un r\u00f4le d\u00e9cisif dans la mise en \u0153uvre de pratiques d'achat durables. Les grandes entreprises ont souvent une influence consid\u00e9rable sur leurs fournisseurs et peuvent les inciter \u00e0 respecter eux aussi des normes de durabilit\u00e9. Les bons outils de notation peuvent alors cr\u00e9er de la transparence et rendre l'ensemble du processus d'achat plus durable.<\/p>\n\n\n\n<p>Nous discuterons ensemble de l'ancrage strat\u00e9gique des crit\u00e8res ESG dans les achats et de la collaboration entre les grands clients et les PME. Comment ces deux acteurs d\u00e9finissent ensemble des normes durables afin d'obtenir un impact positif tout au long de la cha\u00eene d'approvisionnement.<\/p>\n\n\n\n<p>Nous t'invitons \u00e0 \u00e9changer avec des experts et des praticiens, \u00e0 approfondir les meilleures pratiques et \u00e0 \u00e9largir tes connaissances afin de mettre en \u0153uvre avec succ\u00e8s un achat durable.<\/p>\n\n\n\n<h2>Programme<\/h2>\n\n\n\n\n\n<div class=\"is-layout-flex wp-container-3 wp-block-columns has-background\" style=\"background-color:#e3ebf1\">\n<div class=\"is-layout-flow wp-block-column\" style=\"flex-basis:20%\">\n<h3>\u00e0 partir de 15h30<\/h3>\n<\/div>\n\n\n\n<div class=\"is-layout-flow wp-block-column\" style=\"flex-basis:80%\">\n<h3>Arriv\u00e9e des invit\u00e9s<\/h3>\n<\/div>\n<\/div>\n\n\n\n<div class=\"is-layout-flex wp-container-8 wp-block-columns has-background\" style=\"background-color:#e3ebf1\">\n<div class=\"is-layout-flow wp-block-column\" style=\"flex-basis:20%\">\n<h3>16h00<\/h3>\n<\/div>\n\n\n\n<div class=\"is-layout-flow wp-block-column\" style=\"flex-basis:80%\">\n<h3>Accueil<\/h3>\n\n\n\n<div class=\"is-layout-flex wp-container-6 wp-block-columns\">\n<div class=\"is-layout-flow wp-block-column\">\n<figure class=\"wp-block-image size-full is-resized\"><img decoding=\"async\" loading=\"lazy\" src=\"https:\/\/www.swisscleantech.ch\/files\/Elisabeth-Frey-procure.jpg\" alt=\"\" class=\"wp-image-31685\" width=\"300\" height=\"300\" srcset=\"https:\/\/www.swisscleantech.ch\/files\/Elisabeth-Frey-procure.jpg 400w, https:\/\/www.swisscleantech.ch\/files\/Elisabeth-Frey-procure-300x300.jpg 300w, https:\/\/www.swisscleantech.ch\/files\/Elisabeth-Frey-procure-125x125.jpg 125w\" sizes=\"(max-width: 300px) 100vw, 300px\" \/><\/figure>\n\n\n\n<div style=\"height:20px\" aria-hidden=\"true\" class=\"wp-block-spacer\"><\/div>\n\n\n\n<p><strong>Elisabeth Frey<\/strong><br>Responsable du d\u00e9veloppement durable et de la num\u00e9risation procure.ch<\/p>\n<\/div>\n<\/div>\n<\/div>\n<\/div>\n\n\n\n<div class=\"is-layout-flex wp-container-13 wp-block-columns has-background\" style=\"background-color:#e3ebf1\">\n<div class=\"is-layout-flow wp-block-column\" style=\"flex-basis:20%\">\n<h3>16h15<\/h3>\n<\/div>\n\n\n\n<div class=\"is-layout-flow wp-block-column\" style=\"flex-basis:80%\">\n<h3>D\u00e9fis r\u00e9glementaires en mati\u00e8re d'ESG pour les entreprises<\/h3>\n\n\n\n<div class=\"is-layout-flex wp-container-11 wp-block-columns\">\n<div class=\"is-layout-flow wp-block-column\">\n<figure class=\"wp-block-image size-full is-resized\"><img decoding=\"async\" loading=\"lazy\" src=\"https:\/\/www.swisscleantech.ch\/files\/Adrian-Peyer-MME-Legal.jpg\" alt=\"\" class=\"wp-image-31475\" width=\"300\" height=\"300\" srcset=\"https:\/\/www.swisscleantech.ch\/files\/Adrian-Peyer-MME-Legal.jpg 400w, https:\/\/www.swisscleantech.ch\/files\/Adrian-Peyer-MME-Legal-300x300.jpg 300w, https:\/\/www.swisscleantech.ch\/files\/Adrian-Peyer-MME-Legal-125x125.jpg 125w\" sizes=\"(max-width: 300px) 100vw, 300px\" \/><\/figure>\n\n\n\n<div style=\"height:20px\" aria-hidden=\"true\" class=\"wp-block-spacer\"><\/div>\n\n\n\n<p><strong>Adrian Peyer<\/strong><br>Legal Partner MME Legal<\/p>\n<\/div>\n<\/div>\n<\/div>\n<\/div>\n\n\n\n<div class=\"is-layout-flex wp-container-18 wp-block-columns has-background\" style=\"background-color:#e3ebf1\">\n<div class=\"is-layout-flow wp-block-column\" style=\"flex-basis:20%\">\n<h3>16h35<\/h3>\n<\/div>\n\n\n\n<div class=\"is-layout-flow wp-block-column\" style=\"flex-basis:80%\">\n<h3>Meilleures pratiques avec l'outil de notation esg2go<\/h3>\n\n\n\n<div class=\"is-layout-flex wp-container-16 wp-block-columns\">\n<div class=\"is-layout-flow wp-block-column\">\n<figure class=\"wp-block-image size-full is-resized\"><img decoding=\"async\" loading=\"lazy\" src=\"https:\/\/www.swisscleantech.ch\/files\/Marc-Wegmueller-Wegmueller-Attikon.jpg\" alt=\"\" class=\"wp-image-31633\" width=\"300\" height=\"300\" srcset=\"https:\/\/www.swisscleantech.ch\/files\/Marc-Wegmueller-Wegmueller-Attikon.jpg 400w, https:\/\/www.swisscleantech.ch\/files\/Marc-Wegmueller-Wegmueller-Attikon-300x300.jpg 300w, https:\/\/www.swisscleantech.ch\/files\/Marc-Wegmueller-Wegmueller-Attikon-125x125.jpg 125w\" sizes=\"(max-width: 300px) 100vw, 300px\" \/><\/figure>\n\n\n\n<div style=\"height:20px\" aria-hidden=\"true\" class=\"wp-block-spacer\"><\/div>\n\n\n\n<p><strong>Marc Wegm\u00fcller<\/strong><br>Pr\u00e9sident du conseil d'administration Wegm\u00fcller Attikon<\/p>\n<\/div>\n<\/div>\n<\/div>\n<\/div>\n\n\n\n<div class=\"is-layout-flex wp-container-21 wp-block-columns has-background\" style=\"background-color:#79a6cb\">\n<div class=\"is-layout-flow wp-block-column\" style=\"flex-basis:20%\">\n<h3 class=\"has-white-color has-text-color\">16h50<\/h3>\n<\/div>\n\n\n\n<div class=\"is-layout-flow wp-block-column\" style=\"flex-basis:80%\">\n<h3 class=\"has-white-color has-text-color\">Discussion de groupe sur les d\u00e9fis actuels<\/h3>\n<\/div>\n<\/div>\n\n\n\n<div class=\"is-layout-flex wp-container-30 wp-block-columns has-background\" style=\"background-color:#e3ebf1\">\n<div class=\"is-layout-flow wp-block-column\" style=\"flex-basis:20%\">\n<h3>17h10<\/h3>\n<\/div>\n\n\n\n<div class=\"is-layout-flow wp-block-column\" style=\"flex-basis:80%\">\n<h3>Comment int\u00e9grer avec succ\u00e8s des objectifs nets z\u00e9ro dans les achats et quel r\u00f4le jouent les outils de notation?<\/h3>\n\n\n\n<div class=\"is-layout-flex wp-container-25 wp-block-columns\">\n<div class=\"is-layout-flow wp-block-column\">\n<figure class=\"wp-block-image size-full\"><img decoding=\"async\" loading=\"lazy\" width=\"800\" height=\"800\" src=\"https:\/\/www.swisscleantech.ch\/files\/Ruth-Freiermuth-Knuchel-Die-Schweizersiche-Post.jpg\" alt=\"\" class=\"wp-image-31634\" srcset=\"https:\/\/www.swisscleantech.ch\/files\/Ruth-Freiermuth-Knuchel-Die-Schweizersiche-Post.jpg 800w, https:\/\/www.swisscleantech.ch\/files\/Ruth-Freiermuth-Knuchel-Die-Schweizersiche-Post-300x300.jpg 300w, https:\/\/www.swisscleantech.ch\/files\/Ruth-Freiermuth-Knuchel-Die-Schweizersiche-Post-768x768.jpg 768w, https:\/\/www.swisscleantech.ch\/files\/Ruth-Freiermuth-Knuchel-Die-Schweizersiche-Post-125x125.jpg 125w\" sizes=\"(max-width: 800px) 100vw, 800px\" \/><\/figure>\n\n\n\n<div style=\"height:20px\" aria-hidden=\"true\" class=\"wp-block-spacer\"><\/div>\n\n\n\n<p><strong>Ruth Freiermuth Knuchel<\/strong><br>Sp\u00e9cialiste du d\u00e9veloppement durable et des achats, Die Schweizerische Post AG<\/p>\n<\/div>\n\n\n\n<div class=\"is-layout-flow wp-block-column\">\n<figure class=\"wp-block-image size-full\"><img decoding=\"async\" loading=\"lazy\" width=\"800\" height=\"800\" src=\"https:\/\/www.swisscleantech.ch\/files\/Marco-Hebeisen-Zurich-Versicherung.jpg\" alt=\"\" class=\"wp-image-31635\" srcset=\"https:\/\/www.swisscleantech.ch\/files\/Marco-Hebeisen-Zurich-Versicherung.jpg 800w, https:\/\/www.swisscleantech.ch\/files\/Marco-Hebeisen-Zurich-Versicherung-300x300.jpg 300w, https:\/\/www.swisscleantech.ch\/files\/Marco-Hebeisen-Zurich-Versicherung-768x768.jpg 768w, https:\/\/www.swisscleantech.ch\/files\/Marco-Hebeisen-Zurich-Versicherung-125x125.jpg 125w\" sizes=\"(max-width: 800px) 100vw, 800px\" \/><\/figure>\n\n\n\n<div style=\"height:20px\" aria-hidden=\"true\" class=\"wp-block-spacer\"><\/div>\n\n\n\n<p><strong>Marco Hebeisen<\/strong><br>Head Corporate Responsibility Zurich Versicherung<\/p>\n<\/div>\n<\/div>\n\n\n\n<div class=\"is-layout-flex wp-container-28 wp-block-columns\">\n<div class=\"is-layout-flow wp-block-column\">\n<figure class=\"wp-block-image size-full\"><img decoding=\"async\" loading=\"lazy\" width=\"400\" height=\"400\" src=\"https:\/\/www.swisscleantech.ch\/files\/Tina-Kempf-Lyreco.jpg\" alt=\"\" class=\"wp-image-30520\" srcset=\"https:\/\/www.swisscleantech.ch\/files\/Tina-Kempf-Lyreco.jpg 400w, https:\/\/www.swisscleantech.ch\/files\/Tina-Kempf-Lyreco-300x300.jpg 300w, https:\/\/www.swisscleantech.ch\/files\/Tina-Kempf-Lyreco-125x125.jpg 125w\" sizes=\"(max-width: 400px) 100vw, 400px\" \/><\/figure>\n\n\n\n<div style=\"height:20px\" aria-hidden=\"true\" class=\"wp-block-spacer\"><\/div>\n\n\n\n<p><strong>Tina Kempf<\/strong><br>Head of Sustainability Management Lyreco Schweiz<\/p>\n<\/div>\n\n\n\n<div class=\"is-layout-flow wp-block-column\"><\/div>\n<\/div>\n<\/div>\n<\/div>\n\n\n\n<div class=\"is-layout-flex wp-container-33 wp-block-columns has-background\" style=\"background-color:#79a6cb\">\n<div class=\"is-layout-flow wp-block-column\" style=\"flex-basis:20%\">\n<h3 class=\"has-white-color has-text-color\">17h40 <\/h3>\n<\/div>\n\n\n\n<div class=\"is-layout-flow wp-block-column\" style=\"flex-basis:80%\">\n<h3 class=\"has-white-color has-text-color\">Discussion finale<\/h3>\n<\/div>\n<\/div>\n\n\n\n<div class=\"is-layout-flex wp-container-36 wp-block-columns has-background\" style=\"background-color:#79a6cb\">\n<div class=\"is-layout-flow wp-block-column\" style=\"flex-basis:20%\">\n<h3 class=\"has-white-color has-text-color\">18h00<\/h3>\n<\/div>\n\n\n\n<div class=\"is-layout-flow wp-block-column\" style=\"flex-basis:80%\">\n<h3 class=\"has-white-color has-text-color\">Networking Ap\u00e9ro<\/h3>\n<\/div>\n<\/div>\n\n\n\n<div style=\"height:60px\" aria-hidden=\"true\" class=\"wp-block-spacer\"><\/div>\n\n\n\n<div class=\"is-layout-flex wp-container-41 wp-block-columns\">\n<div class=\"is-layout-flow wp-block-column abstand_gross has-background\" style=\"background-color:#e3ebf1\">\n<div class=\"is-layout-flex wp-container-39 wp-block-columns\">\n<div class=\"is-layout-flow wp-block-column\">\n<h3>Presenting Partner<\/h3>\n\n\n\n<p>Un grand merci pour votre soutien!<\/p>\n<\/div>\n\n\n\n<div class=\"is-layout-flow wp-block-column\">\n<figure class=\"wp-block-image size-full is-resized\"><img decoding=\"async\" src=\"https:\/\/www.swisscleantech.ch\/files\/Procure-Logo.png\" alt=\"\" class=\"wp-image-31649\" width=\"370\" srcset=\"https:\/\/www.swisscleantech.ch\/files\/Procure-Logo.png 617w, https:\/\/www.swisscleantech.ch\/files\/Procure-Logo-300x170.png 300w\" sizes=\"(max-width: 617px) 100vw, 617px\" \/><\/figure>\n<\/div>\n<\/div>\n<\/div>\n<\/div>\n\n\n\n<div class=\"is-layout-flex wp-container-46 wp-block-columns\">\n<div class=\"is-layout-flow wp-block-column abstand_gross has-background\" style=\"background-color:#e3ebf1\">\n<h3>Event Partner<\/h3>\n\n\n\n<div class=\"is-layout-flex wp-container-44 wp-block-columns are-vertically-aligned-center\">\n<div class=\"is-layout-flow wp-block-column is-vertically-aligned-center\">\n<figure class=\"wp-block-image size-full\"><img decoding=\"async\" loading=\"lazy\" width=\"370\" height=\"210\" src=\"https:\/\/www.swisscleantech.ch\/files\/logo_pusch.jpg\" alt=\"\" class=\"wp-image-3195\" srcset=\"https:\/\/www.swisscleantech.ch\/files\/logo_pusch.jpg 370w, https:\/\/www.swisscleantech.ch\/files\/logo_pusch-300x170.jpg 300w\" sizes=\"(max-width: 370px) 100vw, 370px\" \/><\/figure>\n<\/div>\n\n\n\n<div class=\"is-layout-flow wp-block-column is-vertically-aligned-center\">\n<figure class=\"wp-block-image size-full is-resized\"><img decoding=\"async\" src=\"https:\/\/www.swisscleantech.ch\/files\/Logo-obu-Verband.png\" alt=\"\" class=\"wp-image-31636\" width=\"370\" srcset=\"https:\/\/www.swisscleantech.ch\/files\/Logo-obu-Verband.png 617w, https:\/\/www.swisscleantech.ch\/files\/Logo-obu-Verband-300x170.png 300w\" sizes=\"(max-width: 617px) 100vw, 617px\" \/><\/figure>\n<\/div>\n<\/div>\n\n\n\n<p>Un grand merci pour votre soutien!<\/p>\n<\/div>\n<\/div>\n\n\n\n<div class=\"is-layout-flex wp-container-51 wp-block-columns\">\n<div class=\"is-layout-flow wp-block-column abstand_gross has-background\" style=\"background-color:#e3ebf1\">\n<div class=\"is-layout-flex wp-container-49 wp-block-columns\">\n<div class=\"is-layout-flow wp-block-column\">\n<h3>Event Host<\/h3>\n\n\n\n<p>Un grand merci pour votre hospitalit\u00e9!<\/p>\n<\/div>\n\n\n\n<div class=\"is-layout-flow wp-block-column\">\n<figure class=\"wp-block-image size-full is-resized\"><img decoding=\"async\" src=\"https:\/\/www.swisscleantech.ch\/files\/Lyreco-Logo.png\" alt=\"\" class=\"wp-image-30812\" width=\"370\" srcset=\"https:\/\/www.swisscleantech.ch\/files\/Lyreco-Logo.png 617w, https:\/\/www.swisscleantech.ch\/files\/Lyreco-Logo-300x170.png 300w\" sizes=\"(max-width: 617px) 100vw, 617px\" \/><\/figure>\n<\/div>\n<\/div>\n<\/div>\n<\/div>\n\n\n\n<div class=\"is-layout-flex wp-block-buttons\">\n<div class=\"wp-block-button\"><a class=\"wp-block-button__link wp-element-button\" href=\"https:\/\/my.procure.ch\/de\/events-regionen\/detail\/?id=f5684273-b854-ef11-9b51-c6ab8a1b06af\" target=\"_blank\" rel=\"noopener\">Vers l'inscription<\/a><\/div>\n<\/div>\n\n\n\n<p>Il est \u00e9galement possible de s'inscrire sans s'enregistrer en tant qu'invit\u00e9. Date limite d'inscription : vendredi 25 octobre.<\/p>\n","protected":false},"featured_media":0,"template":"","acf":[],"_links":{"self":[{"href":"https:\/\/www.swisscleantech.ch\/fr\/wp-json\/wp\/v2\/agendaeintrag\/31718"}],"collection":[{"href":"https:\/\/www.swisscleantech.ch\/fr\/wp-json\/wp\/v2\/agendaeintrag"}],"about":[{"href":"https:\/\/www.swisscleantech.ch\/fr\/wp-json\/wp\/v2\/types\/agendaeintrag"}],"version-history":[{"count":1,"href":"https:\/\/www.swisscleantech.ch\/fr\/wp-json\/wp\/v2\/agendaeintrag\/31718\/revisions"}],"predecessor-version":[{"id":31719,"href":"https:\/\/www.swisscleantech.ch\/fr\/wp-json\/wp\/v2\/agendaeintrag\/31718\/revisions\/31719"}],"wp:attachment":[{"href":"https:\/\/www.swisscleantech.ch\/fr\/wp-json\/wp\/v2\/media?parent=31718"}],"curies":[{"name":"wp","href":"https:\/\/api.w.org\/{rel}","templated":true}]}}