{"id":32535,"date":"2025-01-09T15:50:35","date_gmt":"2025-01-09T15:50:35","guid":{"rendered":"https:\/\/www.swisscleantech.ch\/?post_type=agendaeintrag&#038;p=32535"},"modified":"2025-01-15T09:38:34","modified_gmt":"2025-01-15T09:38:34","slug":"lelectrification-dans-la-decarbonisation-en-suisse-member-event","status":"publish","type":"agendaeintrag","link":"https:\/\/www.swisscleantech.ch\/fr\/agendaeintrag\/lelectrification-dans-la-decarbonisation-en-suisse-member-event\/","title":{"rendered":"L&#8217;\u00e9lectrification dans la d\u00e9carbonisation en Suisse \u2013 Member Event"},"content":{"rendered":"\n<p>Suite \u00e0 l&#8217;adoption par les \u00e9lecteurs de la loi sur la protection du climat (\u00e9t\u00e9 2023) et de la loi sur l&#8217;\u00e9lectricit\u00e9 (\u00e9t\u00e9 2024), les conditions-cadres pour de nombreuses entreprises de l&#8217;\u00e9conomie climat compatible changeront en janvier 2025. Divers nouveaux instruments seront ainsi introduits pour soutenir les entreprises sur la voie de l&#8217;objectif net z\u00e9ro, que ce soit par le biais de feuilles de route de d\u00e9carbonisation ou de nouvelles incitations pour un d\u00e9veloppement plus rapide des \u00e9nergies renouvelables.<\/p>\n\n\n\n<p>Ces instruments sont essentiels. Car d\u00e9carboniser signifie en fin de compte \u00e9lectrifier. Si nous voulons donc r\u00e9duire notre forte d\u00e9pendance aux \u00e9nergies fossiles, qui repr\u00e9sentent deux tiers de notre consommation totale d&#8217;\u00e9nergie, nous devons imp\u00e9rativement d\u00e9velopper la production d&#8217;\u00e9lectricit\u00e9. Il s\u2019agit d\u00e9sormais pour tous les acteurs d\u2019\u00e9valuer les nouvelles opportunit\u00e9s et de les mettre en \u0153uvre, \u00e0 travers une feuille de route claire de d\u00e9carbonisation et d\u2019\u00e9lectrification \u00e0 horizon 2050. <\/p>\n\n\n\n<h2>Programme<\/h2>\n\n\n\n<div class=\"is-layout-flex wp-container-5 wp-block-columns has-background\" style=\"background-color:#e3ebf1\">\n<div class=\"is-layout-flow wp-block-column\" style=\"flex-basis:20%\">\n<h3>16h<\/h3>\n<\/div>\n\n\n\n<div class=\"is-layout-flow wp-block-column\" style=\"flex-basis:80%\">\n<h3>Accueil <\/h3>\n\n\n\n<div class=\"is-layout-flex wp-container-3 wp-block-columns\">\n<div class=\"is-layout-flow wp-block-column\">\n<figure class=\"wp-block-image size-full is-resized\"><img decoding=\"async\" loading=\"lazy\" src=\"https:\/\/www.swisscleantech.ch\/files\/Christian-Petit-CEO-Romande-Energie-2.jpg\" alt=\"\" class=\"wp-image-32522\" width=\"300\" height=\"300\" srcset=\"https:\/\/www.swisscleantech.ch\/files\/Christian-Petit-CEO-Romande-Energie-2.jpg 400w, https:\/\/www.swisscleantech.ch\/files\/Christian-Petit-CEO-Romande-Energie-2-300x300.jpg 300w, https:\/\/www.swisscleantech.ch\/files\/Christian-Petit-CEO-Romande-Energie-2-125x125.jpg 125w\" sizes=\"(max-width: 300px) 100vw, 300px\" \/><\/figure>\n\n\n\n<div style=\"height:20px\" aria-hidden=\"true\" class=\"wp-block-spacer\"><\/div>\n\n\n\n<p><strong>Christian Petit<\/strong><br>Membre du comit\u00e9 directeur swisscleantech<\/p>\n<\/div>\n<\/div>\n<\/div>\n<\/div>\n\n\n\n<div class=\"is-layout-flex wp-container-10 wp-block-columns has-background\" style=\"background-color:#e3ebf1\">\n<div class=\"is-layout-flow wp-block-column\" style=\"flex-basis:20%\">\n<h3>16h15<\/h3>\n<\/div>\n\n\n\n<div class=\"is-layout-flow wp-block-column\" style=\"flex-basis:80%\">\n<h3>Mise en \u0153uvre de la loi sur l&#8217;\u00e9lectricit\u00e9 et regard sur l&#8217;approvisionnement \u00e9nerg\u00e9tique \u00e0 long terme<\/h3>\n\n\n\n<div class=\"is-layout-flex wp-container-8 wp-block-columns\">\n<div class=\"is-layout-flow wp-block-column\">\n<figure class=\"wp-block-image size-full is-resized\"><img decoding=\"async\" loading=\"lazy\" src=\"https:\/\/www.swisscleantech.ch\/files\/Benoit-Revaz-OFEN-2.jpg\" alt=\"\" class=\"wp-image-32525\" width=\"300\" height=\"300\" srcset=\"https:\/\/www.swisscleantech.ch\/files\/Benoit-Revaz-OFEN-2.jpg 400w, https:\/\/www.swisscleantech.ch\/files\/Benoit-Revaz-OFEN-2-300x300.jpg 300w, https:\/\/www.swisscleantech.ch\/files\/Benoit-Revaz-OFEN-2-125x125.jpg 125w\" sizes=\"(max-width: 300px) 100vw, 300px\" \/><\/figure>\n\n\n\n<div style=\"height:20px\" aria-hidden=\"true\" class=\"wp-block-spacer\"><\/div>\n\n\n\n<p><strong>Beno\u00eet Revaz<\/strong><br>Directeur de l&#8217;Office F\u00e9d\u00e9ral de l&#8217;\u00c9nergie<\/p>\n<\/div>\n<\/div>\n<\/div>\n<\/div>\n\n\n\n<div class=\"is-layout-flex wp-container-15 wp-block-columns has-background\" style=\"background-color:#e3ebf1\">\n<div class=\"is-layout-flow wp-block-column\" style=\"flex-basis:20%\">\n<h3>16h30<\/h3>\n<\/div>\n\n\n\n<div class=\"is-layout-flow wp-block-column\" style=\"flex-basis:80%\">\n<h3>S\u00e9curit\u00e9 d\u2019approvisionnement \u2013 des faits plut\u00f4t que des mythes<\/h3>\n\n\n\n<div class=\"is-layout-flex wp-container-13 wp-block-columns\">\n<div class=\"is-layout-flow wp-block-column\">\n<figure class=\"wp-block-image size-full is-resized\"><img decoding=\"async\" loading=\"lazy\" src=\"https:\/\/www.swisscleantech.ch\/files\/Antje-Kanngiesser-CEO-Alpiq-1.jpg\" alt=\"\" class=\"wp-image-32526\" width=\"300\" height=\"300\" srcset=\"https:\/\/www.swisscleantech.ch\/files\/Antje-Kanngiesser-CEO-Alpiq-1.jpg 400w, https:\/\/www.swisscleantech.ch\/files\/Antje-Kanngiesser-CEO-Alpiq-1-300x300.jpg 300w, https:\/\/www.swisscleantech.ch\/files\/Antje-Kanngiesser-CEO-Alpiq-1-125x125.jpg 125w\" sizes=\"(max-width: 300px) 100vw, 300px\" \/><\/figure>\n\n\n\n<div style=\"height:20px\" aria-hidden=\"true\" class=\"wp-block-spacer\"><\/div>\n\n\n\n<p><strong>Antje Kanngiesser<\/strong><br>CEO Alpiq<\/p>\n<\/div>\n<\/div>\n<\/div>\n<\/div>\n\n\n\n<div class=\"is-layout-flex wp-container-26 wp-block-columns has-background\" style=\"background-color:#e3ebf1\">\n<div class=\"is-layout-flow wp-block-column\" style=\"flex-basis:20%\">\n<h3>16h45<\/h3>\n<\/div>\n\n\n\n<div class=\"is-layout-flow wp-block-column\" style=\"flex-basis:80%\">\n<h3>Le r\u00f4le de l&#8217;\u00e9lectrification dans la d\u00e9carbonisation \u00e0 l&#8217;horizon 2050 : les diff\u00e9rents d\u00e9fis des entreprises<\/h3>\n\n\n\n<p>Table ronde<\/p>\n\n\n\n<div class=\"is-layout-flex wp-container-19 wp-block-columns\">\n<div class=\"is-layout-flow wp-block-column\">\n<figure class=\"wp-block-image size-full is-resized\"><img decoding=\"async\" loading=\"lazy\" src=\"https:\/\/www.swisscleantech.ch\/files\/Jean-Pierre-Bangerter-Saint-Gobain.jpg\" alt=\"\" class=\"wp-image-32530\" width=\"200\" height=\"200\" srcset=\"https:\/\/www.swisscleantech.ch\/files\/Jean-Pierre-Bangerter-Saint-Gobain.jpg 400w, https:\/\/www.swisscleantech.ch\/files\/Jean-Pierre-Bangerter-Saint-Gobain-300x300.jpg 300w, https:\/\/www.swisscleantech.ch\/files\/Jean-Pierre-Bangerter-Saint-Gobain-125x125.jpg 125w\" sizes=\"(max-width: 200px) 100vw, 200px\" \/><\/figure>\n\n\n\n<div style=\"height:20px\" aria-hidden=\"true\" class=\"wp-block-spacer\"><\/div>\n\n\n\n<p><strong>Jean-Pierre Bangerter<\/strong><br>Managing Director Saint-Gobain Isover<\/p>\n<\/div>\n\n\n\n<div class=\"is-layout-flow wp-block-column\">\n<figure class=\"wp-block-image size-full is-resized\"><img decoding=\"async\" loading=\"lazy\" src=\"https:\/\/www.swisscleantech.ch\/files\/Antje-Kanngiesser-CEO-Alpiq-1.jpg\" alt=\"\" class=\"wp-image-32526\" width=\"200\" height=\"200\" srcset=\"https:\/\/www.swisscleantech.ch\/files\/Antje-Kanngiesser-CEO-Alpiq-1.jpg 400w, https:\/\/www.swisscleantech.ch\/files\/Antje-Kanngiesser-CEO-Alpiq-1-300x300.jpg 300w, https:\/\/www.swisscleantech.ch\/files\/Antje-Kanngiesser-CEO-Alpiq-1-125x125.jpg 125w\" sizes=\"(max-width: 200px) 100vw, 200px\" \/><\/figure>\n\n\n\n<div style=\"height:20px\" aria-hidden=\"true\" class=\"wp-block-spacer\"><\/div>\n\n\n\n<p><strong>Antje Kanngiesser<\/strong><br>CEO Alpiq<br><\/p>\n<\/div>\n<\/div>\n\n\n\n<div class=\"is-layout-flex wp-container-22 wp-block-columns\">\n<div class=\"is-layout-flow wp-block-column\">\n<figure class=\"wp-block-image size-full is-resized\"><img decoding=\"async\" loading=\"lazy\" src=\"https:\/\/www.swisscleantech.ch\/files\/Daniel-Neuhaus-MOVE-Mobility.jpg\" alt=\"\" class=\"wp-image-32532\" width=\"200\" height=\"200\" srcset=\"https:\/\/www.swisscleantech.ch\/files\/Daniel-Neuhaus-MOVE-Mobility.jpg 400w, https:\/\/www.swisscleantech.ch\/files\/Daniel-Neuhaus-MOVE-Mobility-300x300.jpg 300w, https:\/\/www.swisscleantech.ch\/files\/Daniel-Neuhaus-MOVE-Mobility-125x125.jpg 125w\" sizes=\"(max-width: 200px) 100vw, 200px\" \/><\/figure>\n\n\n\n<div style=\"height:20px\" aria-hidden=\"true\" class=\"wp-block-spacer\"><\/div>\n\n\n\n<p><strong>Daniel Neuhaus<\/strong><br>CEO MOVE Mobility<\/p>\n<\/div>\n\n\n\n<div class=\"is-layout-flow wp-block-column\">\n<figure class=\"wp-block-image size-full is-resized\"><img decoding=\"async\" loading=\"lazy\" src=\"https:\/\/www.swisscleantech.ch\/files\/Frederic-Steimer-swisscleantech-1.jpg\" alt=\"\" class=\"wp-image-31053\" width=\"200\" height=\"200\" srcset=\"https:\/\/www.swisscleantech.ch\/files\/Frederic-Steimer-swisscleantech-1.jpg 400w, https:\/\/www.swisscleantech.ch\/files\/Frederic-Steimer-swisscleantech-1-300x300.jpg 300w, https:\/\/www.swisscleantech.ch\/files\/Frederic-Steimer-swisscleantech-1-125x125.jpg 125w\" sizes=\"(max-width: 200px) 100vw, 200px\" \/><\/figure>\n\n\n\n<div style=\"height:20px\" aria-hidden=\"true\" class=\"wp-block-spacer\"><\/div>\n\n\n\n<p><strong>Fr\u00e9d\u00e9ric Steimer<\/strong><br>swisscleantech, mod\u00e9rateur<\/p>\n<\/div>\n<\/div>\n\n\n\n<div class=\"is-layout-flex wp-container-24 wp-block-columns\">\n<div class=\"is-layout-flow wp-block-column\">\n<figure class=\"wp-block-image size-full is-resized\"><img decoding=\"async\" loading=\"lazy\" src=\"https:\/\/www.swisscleantech.ch\/files\/Roberto-Turconi-Quantis.jpg\" alt=\"\" class=\"wp-image-32533\" width=\"200\" height=\"200\" srcset=\"https:\/\/www.swisscleantech.ch\/files\/Roberto-Turconi-Quantis.jpg 400w, https:\/\/www.swisscleantech.ch\/files\/Roberto-Turconi-Quantis-300x300.jpg 300w, https:\/\/www.swisscleantech.ch\/files\/Roberto-Turconi-Quantis-125x125.jpg 125w\" sizes=\"(max-width: 200px) 100vw, 200px\" \/><\/figure>\n\n\n\n<div style=\"height:20px\" aria-hidden=\"true\" class=\"wp-block-spacer\"><\/div>\n\n\n\n<p><strong>Roberto Turconi<\/strong><br>Senior Sustainability Consultant Quantis<\/p>\n<\/div>\n<\/div>\n<\/div>\n<\/div>\n\n\n\n<div class=\"is-layout-flex wp-container-29 wp-block-columns has-background\" style=\"background-color:#e3ebf1\">\n<div class=\"is-layout-flow wp-block-column\" style=\"flex-basis:20%\">\n<h3 class=\"has-black-color has-text-color\">17h45<\/h3>\n<\/div>\n\n\n\n<div class=\"is-layout-flow wp-block-column\" style=\"flex-basis:80%\">\n<h3>R\u00e9sum\u00e9<\/h3>\n<\/div>\n<\/div>\n\n\n\n<div class=\"is-layout-flex wp-container-32 wp-block-columns has-background\" style=\"background-color:#79a6cb\">\n<div class=\"is-layout-flow wp-block-column\" style=\"flex-basis:20%\">\n<h3 class=\"has-white-color has-text-color\">18h<\/h3>\n<\/div>\n\n\n\n<div class=\"is-layout-flow wp-block-column\" style=\"flex-basis:80%\">\n<h3 class=\"has-white-color has-text-color\">Ap\u00e9ro Riche<\/h3>\n<\/div>\n<\/div>\n\n\n\n<div style=\"height:60px\" aria-hidden=\"true\" class=\"wp-block-spacer\"><\/div>\n\n\n\n<div class=\"is-layout-flex wp-container-37 wp-block-columns\">\n<div class=\"is-layout-flow wp-block-column abstand_gross has-background\" style=\"background-color:#e3ebf1\">\n<div class=\"is-layout-flex wp-container-35 wp-block-columns\">\n<div class=\"is-layout-flow wp-block-column\" style=\"flex-basis:33%\">\n<figure class=\"wp-block-image size-full\"><img decoding=\"async\" loading=\"lazy\" width=\"617\" height=\"350\" src=\"https:\/\/www.swisscleantech.ch\/files\/Logo-Alpiq.png\" alt=\"\" class=\"wp-image-32534\" srcset=\"https:\/\/www.swisscleantech.ch\/files\/Logo-Alpiq.png 617w, https:\/\/www.swisscleantech.ch\/files\/Logo-Alpiq-300x170.png 300w\" sizes=\"(max-width: 617px) 100vw, 617px\" \/><\/figure>\n<\/div>\n\n\n\n<div class=\"is-layout-flow wp-block-column\">\n<h3>Partenaire de l&#8217;\u00e9v\u00e8nement<\/h3>\n\n\n\n<p>Merci beaucoup pour le soutien&nbsp;!<\/p>\n<\/div>\n<\/div>\n<\/div>\n<\/div>\n\n\n\n<div class=\"is-content-justification-left is-layout-flex wp-container-38 wp-block-buttons\">\n<div class=\"wp-block-button\"><a class=\"wp-block-button__link wp-element-button\" href=\"https:\/\/www.eventbrite.ch\/e\/le-role-de-lelectrification-dans-la-decarbonisation-en-suisse-tickets-1106941996309\" target=\"_blank\" rel=\"noopener\">Inscription<\/a><\/div>\n<\/div>\n\n\n\n<div style=\"height:60px\" aria-hidden=\"true\" class=\"wp-block-spacer\"><\/div>\n\n\n\n<div class=\"is-layout-flex wp-container-40 wp-block-columns has-background\" style=\"background-color:#79a6cb\">\n<div class=\"is-layout-flow wp-block-column\" style=\"flex-basis:100%\">\n<p class=\"has-white-color has-text-color\">L\u200ces Member Events de swisscleantech permettent de d\u00e9couvrir les coulisses d\u2019adh\u00e9rents exer\u00e7ant des activit\u00e9s passionnantes et favorisent la mise en r\u00e9seau et le dialogue autour de l\u2019\u00e9conomie climat compatible et de la politique \u00e9nerg\u00e9tique et climatique.<\/p>\n<\/div>\n<\/div>\n\n\n\n<div style=\"height:40px\" aria-hidden=\"true\" class=\"wp-block-spacer\"><\/div>\n","protected":false},"featured_media":0,"template":"","acf":[],"_links":{"self":[{"href":"https:\/\/www.swisscleantech.ch\/fr\/wp-json\/wp\/v2\/agendaeintrag\/32535"}],"collection":[{"href":"https:\/\/www.swisscleantech.ch\/fr\/wp-json\/wp\/v2\/agendaeintrag"}],"about":[{"href":"https:\/\/www.swisscleantech.ch\/fr\/wp-json\/wp\/v2\/types\/agendaeintrag"}],"version-history":[{"count":0,"href":"https:\/\/www.swisscleantech.ch\/fr\/wp-json\/wp\/v2\/agendaeintrag\/32535\/revisions"}],"wp:attachment":[{"href":"https:\/\/www.swisscleantech.ch\/fr\/wp-json\/wp\/v2\/media?parent=32535"}],"curies":[{"name":"wp","href":"https:\/\/api.w.org\/{rel}","templated":true}]}}