{"id":32592,"date":"2025-01-23T14:50:43","date_gmt":"2025-01-23T14:50:43","guid":{"rendered":"https:\/\/www.swisscleantech.ch\/?post_type=agendaeintrag&#038;p=32592"},"modified":"2025-03-28T14:04:51","modified_gmt":"2025-03-28T14:04:51","slug":"assemblee-generale-swisscleantech-2","status":"publish","type":"agendaeintrag","link":"https:\/\/www.swisscleantech.ch\/fr\/agendaeintrag\/assemblee-generale-swisscleantech-2\/","title":{"rendered":"Assembl\u00e9e g\u00e9n\u00e9rale swisscleantech"},"content":{"rendered":"\n<p>\u00c9lection du nouveau Comit\u00e9 directeur, temps consacr\u00e9 aux \u00e9changes personnels, interventions sur l\u2019importance de la transition \u00e9nerg\u00e9tique pour l\u2019objectif z\u00e9ro net et sur la mobilit\u00e9 2050, \u00e0 notre Assembl\u00e9e g\u00e9n\u00e9rale, au-del\u00e0 du bilan et des perspectives, bien d\u2019autres sujets passionnants t\u2019attendent. Avec toi, nous avons fait beaucoup pour l\u2019\u00e9conomie climat compatible l\u2019an dernier, mais nous allons aussi \u00e9voquer les d\u00e9fis actuels qui nous attendent. Nous pr\u00e9senterons \u00e9galement nos objectifs pour 2025. Une chose est s\u00fbre : les environnements g\u00e9opolitique et \u00e9conomique restent complexes.<\/p>\n\n\n\n<p><strong>Nous allons proposer une traduction simultan\u00e9e de l\u2019AG<\/strong><\/p>\n\n\n\n<h2>Programme<\/h2>\n\n\n\n<div class=\"is-layout-flex wp-container-3 wp-block-columns has-background\" style=\"background-color:#79a6cb\">\n<div class=\"is-layout-flow wp-block-column\" style=\"flex-basis:20%\">\n<h3 class=\"has-white-color has-text-color\">17 Uhr<\/h3>\n<\/div>\n\n\n\n<div class=\"is-layout-flow wp-block-column\" style=\"flex-basis:80%\">\n<h3 class=\"has-white-color has-text-color\"><strong>Arriv\u00e9e des participants et caf\u00e9<\/strong><\/h3>\n<\/div>\n<\/div>\n\n\n\n<div class=\"is-layout-flex wp-container-9 wp-block-columns has-background\" style=\"background-color:#e3ebf1\">\n<div class=\"is-layout-flow wp-block-column\" style=\"flex-basis:20%\">\n<h3>17:30 Uhr<\/h3>\n<\/div>\n\n\n\n<div class=\"is-layout-flow wp-block-column\" style=\"flex-basis:80%\">\n<h3><strong>Accueil et pr\u00e9sentation<\/strong><\/h3>\n\n\n\n<p><\/p>\n\n\n\n<div class=\"is-layout-flex wp-container-7 wp-block-columns\">\n<div class=\"is-layout-flow wp-block-column\">\n<figure class=\"wp-block-image size-full is-resized\"><img decoding=\"async\" loading=\"lazy\" src=\"https:\/\/www.swisscleantech.ch\/files\/Fabian-Etter-2.jpg\" alt=\"\" class=\"wp-image-29080\" width=\"300\" height=\"300\" srcset=\"https:\/\/www.swisscleantech.ch\/files\/Fabian-Etter-2.jpg 400w, https:\/\/www.swisscleantech.ch\/files\/Fabian-Etter-2-300x300.jpg 300w, https:\/\/www.swisscleantech.ch\/files\/Fabian-Etter-2-125x125.jpg 125w\" sizes=\"(max-width: 300px) 100vw, 300px\" \/><\/figure>\n\n\n\n<div style=\"height:20px\" aria-hidden=\"true\" class=\"wp-block-spacer\"><\/div>\n\n\n\n<p><strong>Fabian Etter<\/strong><br>Co-pr\u00e9sident swisscleantech<br><\/p>\n<\/div>\n\n\n\n<div class=\"is-layout-flow wp-block-column\">\n<figure class=\"wp-block-image size-full is-resized\"><img decoding=\"async\" loading=\"lazy\" src=\"https:\/\/www.swisscleantech.ch\/files\/Marcel-Winter.jpg\" alt=\"\" class=\"wp-image-29165\" width=\"300\" height=\"300\" srcset=\"https:\/\/www.swisscleantech.ch\/files\/Marcel-Winter.jpg 400w, https:\/\/www.swisscleantech.ch\/files\/Marcel-Winter-300x300.jpg 300w, https:\/\/www.swisscleantech.ch\/files\/Marcel-Winter-125x125.jpg 125w\" sizes=\"(max-width: 300px) 100vw, 300px\" \/><\/figure>\n\n\n\n<div style=\"height:20px\" aria-hidden=\"true\" class=\"wp-block-spacer\"><\/div>\n\n\n\n<p><strong>Marcel Winter<\/strong><br>Co-pr\u00e9sident swisscleantech<br><\/p>\n<\/div>\n<\/div>\n<\/div>\n<\/div>\n\n\n\n<div class=\"is-layout-flex wp-container-14 wp-block-columns has-background\" style=\"background-color:#e3ebf1\">\n<div class=\"is-layout-flow wp-block-column\" style=\"flex-basis:20%\">\n<h3>17:40 Uhr<\/h3>\n<\/div>\n\n\n\n<div class=\"is-layout-flow wp-block-column\" style=\"flex-basis:80%\">\n<h3><strong>Durabilit\u00e9 et mobilit\u00e9 2050<\/strong><\/h3>\n\n\n\n<p>Intervention sur le r\u00f4le des CFF pour la transformation vers une Suisse durable<\/p>\n\n\n\n<div class=\"is-layout-flex wp-container-12 wp-block-columns\">\n<div class=\"is-layout-flow wp-block-column\">\n<figure class=\"wp-block-image size-full is-resized\"><img decoding=\"async\" loading=\"lazy\" src=\"https:\/\/www.swisscleantech.ch\/files\/Nicolas-Ecoffey-SBB.jpg\" alt=\"\" class=\"wp-image-32595\" width=\"300\" height=\"300\" srcset=\"https:\/\/www.swisscleantech.ch\/files\/Nicolas-Ecoffey-SBB.jpg 400w, https:\/\/www.swisscleantech.ch\/files\/Nicolas-Ecoffey-SBB-300x300.jpg 300w, https:\/\/www.swisscleantech.ch\/files\/Nicolas-Ecoffey-SBB-125x125.jpg 125w\" sizes=\"(max-width: 300px) 100vw, 300px\" \/><\/figure>\n\n\n\n<p><\/p>\n\n\n\n<p><strong>Nicolas Ecoffey<\/strong><br>Directeur du d\u00e9veloppement de l\u2019entreprise CFF<\/p>\n<\/div>\n<\/div>\n<\/div>\n<\/div>\n\n\n\n<div class=\"is-layout-flex wp-container-17 wp-block-columns has-background\" style=\"background-color:#e3ebf1\">\n<div class=\"is-layout-flow wp-block-column\" style=\"flex-basis:20%\">\n<h3>18 Uhr<\/h3>\n<\/div>\n\n\n\n<div class=\"is-layout-flow wp-block-column\" style=\"flex-basis:80%\">\n<h3><strong>Assembl\u00e9e g\u00e9n\u00e9rale<\/strong><\/h3>\n<\/div>\n<\/div>\n\n\n\n<div class=\"is-layout-flex wp-container-22 wp-block-columns has-background\" style=\"background-color:#e3ebf1\">\n<div class=\"is-layout-flow wp-block-column\" style=\"flex-basis:20%\">\n<h3>19:10 Uhr<\/h3>\n<\/div>\n\n\n\n<div class=\"is-layout-flow wp-block-column\" style=\"flex-basis:80%\">\n<h3><strong>Z\u00e9ro net&nbsp;: Op\u00e9ration \u00e0 c\u0153ur ouvert<\/strong><\/h3>\n\n\n\n<p>Intervention sur le r\u00f4le de la transition \u00e9nerg\u00e9tique pour l\u2019objectif z\u00e9ro net<\/p>\n\n\n\n<div class=\"is-layout-flex wp-container-20 wp-block-columns\">\n<div class=\"is-layout-flow wp-block-column\">\n<figure class=\"wp-block-image size-full is-resized\"><img decoding=\"async\" loading=\"lazy\" src=\"https:\/\/www.swisscleantech.ch\/files\/Antje-Kanngiesser-CEO-Alpiq-1.jpg\" alt=\"\" class=\"wp-image-32526\" width=\"300\" height=\"300\" srcset=\"https:\/\/www.swisscleantech.ch\/files\/Antje-Kanngiesser-CEO-Alpiq-1.jpg 400w, https:\/\/www.swisscleantech.ch\/files\/Antje-Kanngiesser-CEO-Alpiq-1-300x300.jpg 300w, https:\/\/www.swisscleantech.ch\/files\/Antje-Kanngiesser-CEO-Alpiq-1-125x125.jpg 125w\" sizes=\"(max-width: 300px) 100vw, 300px\" \/><\/figure>\n\n\n\n<div style=\"height:20px\" aria-hidden=\"true\" class=\"wp-block-spacer\"><\/div>\n\n\n\n<p><strong>Antje Kanngiesser<\/strong><br>CEO Alpiq<\/p>\n<\/div>\n<\/div>\n<\/div>\n<\/div>\n\n\n\n<div class=\"is-layout-flex wp-container-67 wp-block-columns has-background\" style=\"background-color:#79a6cb\">\n<div class=\"is-layout-flow wp-block-column\" style=\"flex-basis:20%\">\n<h3 class=\"has-white-color has-text-color\">19:30 Uhr<\/h3>\n<\/div>\n\n\n\n<div class=\"is-layout-flow wp-block-column\" style=\"flex-basis:80%\">\n<h3 class=\"has-white-color has-text-color\"><strong>Buffet et Networking<\/strong><\/h3>\n\n\n\n<p class=\"has-white-color has-text-color\">Possibilit\u00e9s d\u2019\u00e9changes avec les membres pr\u00e9sents du Comit\u00e9 directeur et avec l&#8217;h\u00f4te CFF sur ces th\u00e8mes&nbsp;:<\/p>\n\n\n\n<div class=\"is-layout-flex wp-container-25 wp-block-columns\">\n<div class=\"is-layout-flow wp-block-column\">\n<h3 class=\"has-white-color has-text-color\">Biodiversit\u00e9<\/h3>\n\n\n\n<figure class=\"wp-block-image size-full is-resized\"><img decoding=\"async\" loading=\"lazy\" src=\"https:\/\/www.swisscleantech.ch\/files\/Barbara_Dubach_SWISSCLEANTECH_Maerz2020_300x300.jpg\" alt=\"\" class=\"wp-image-16349\" width=\"200\" height=\"200\" srcset=\"https:\/\/www.swisscleantech.ch\/files\/Barbara_Dubach_SWISSCLEANTECH_Maerz2020_300x300.jpg 300w, https:\/\/www.swisscleantech.ch\/files\/Barbara_Dubach_SWISSCLEANTECH_Maerz2020_300x300-125x125.jpg 125w\" sizes=\"(max-width: 200px) 100vw, 200px\" \/><\/figure>\n\n\n\n<div style=\"height:20px\" aria-hidden=\"true\" class=\"wp-block-spacer\"><\/div>\n\n\n\n<p class=\"has-white-color has-text-color\"><strong>Barbara Dubach<\/strong><br>Directrice engageability &amp; Innovate 4 Nature<\/p>\n<\/div>\n<\/div>\n\n\n\n<div class=\"is-layout-flex wp-container-29 wp-block-columns\">\n<div class=\"is-layout-flow wp-block-column\">\n<h3 class=\"has-white-color has-text-color\"><strong>Politique climatique et \u00e9nerg\u00e9tique<\/strong><\/h3>\n\n\n\n<div class=\"is-layout-flex wp-container-27 wp-block-columns\">\n<div class=\"is-layout-flow wp-block-column\">\n<div style=\"height:20px\" aria-hidden=\"true\" class=\"wp-block-spacer\"><\/div>\n\n\n\n<figure class=\"wp-block-image size-full is-resized\"><img decoding=\"async\" loading=\"lazy\" src=\"https:\/\/www.swisscleantech.ch\/files\/Susanne-Vincenz-Stauffacher-Nationalratin.jpg\" alt=\"\" class=\"wp-image-30568\" width=\"200\" height=\"200\" srcset=\"https:\/\/www.swisscleantech.ch\/files\/Susanne-Vincenz-Stauffacher-Nationalratin.jpg 400w, https:\/\/www.swisscleantech.ch\/files\/Susanne-Vincenz-Stauffacher-Nationalratin-300x300.jpg 300w, https:\/\/www.swisscleantech.ch\/files\/Susanne-Vincenz-Stauffacher-Nationalratin-125x125.jpg 125w\" sizes=\"(max-width: 200px) 100vw, 200px\" \/><\/figure>\n\n\n\n<div style=\"height:20px\" aria-hidden=\"true\" class=\"wp-block-spacer\"><\/div>\n\n\n\n<p class=\"has-white-color has-text-color\"><strong>Susanne Vincenz-Stauffacher<\/strong><br>Conseill\u00e8re nationale PLR et avocate<\/p>\n<\/div>\n<\/div>\n<\/div>\n<\/div>\n\n\n\n<div class=\"is-layout-flex wp-container-37 wp-block-columns\">\n<div class=\"is-layout-flow wp-block-column\">\n<h3 class=\"has-white-color has-text-color\">Mobilit\u00e9 durable des entreprises<\/h3>\n\n\n\n<div class=\"is-layout-flex wp-container-32 wp-block-columns\">\n<div class=\"is-layout-flow wp-block-column\">\n<div style=\"height:20px\" aria-hidden=\"true\" class=\"wp-block-spacer\"><\/div>\n\n\n\n<figure class=\"wp-block-image size-full is-resized\"><img decoding=\"async\" loading=\"lazy\" src=\"https:\/\/www.swisscleantech.ch\/files\/Yanick-Ottmann-SBB.jpg\" alt=\"\" class=\"wp-image-33771\" width=\"200\" height=\"200\" srcset=\"https:\/\/www.swisscleantech.ch\/files\/Yanick-Ottmann-SBB.jpg 400w, https:\/\/www.swisscleantech.ch\/files\/Yanick-Ottmann-SBB-300x300.jpg 300w, https:\/\/www.swisscleantech.ch\/files\/Yanick-Ottmann-SBB-125x125.jpg 125w\" sizes=\"(max-width: 200px) 100vw, 200px\" \/><\/figure>\n\n\n\n<div style=\"height:20px\" aria-hidden=\"true\" class=\"wp-block-spacer\"><\/div>\n\n\n\n<p class=\"has-white-color has-text-color\"><strong>Yanick Ottmann<\/strong><br>Account Manager SBB<\/p>\n<\/div>\n\n\n\n<div class=\"is-layout-flow wp-block-column\">\n<div style=\"height:20px\" aria-hidden=\"true\" class=\"wp-block-spacer\"><\/div>\n\n\n\n<figure class=\"wp-block-image size-full is-resized\"><img decoding=\"async\" loading=\"lazy\" src=\"https:\/\/www.swisscleantech.ch\/files\/Mike-Petermann-SBB.jpg\" alt=\"\" class=\"wp-image-33772\" width=\"200\" height=\"200\" srcset=\"https:\/\/www.swisscleantech.ch\/files\/Mike-Petermann-SBB.jpg 400w, https:\/\/www.swisscleantech.ch\/files\/Mike-Petermann-SBB-300x300.jpg 300w, https:\/\/www.swisscleantech.ch\/files\/Mike-Petermann-SBB-125x125.jpg 125w\" sizes=\"(max-width: 200px) 100vw, 200px\" \/><\/figure>\n\n\n\n<div style=\"height:20px\" aria-hidden=\"true\" class=\"wp-block-spacer\"><\/div>\n\n\n\n<p class=\"has-white-color has-text-color\"><strong>Mike Petermann<\/strong><br>Key Account Manager SBB<\/p>\n<\/div>\n<\/div>\n\n\n\n<div class=\"is-layout-flex wp-container-35 wp-block-columns\">\n<div class=\"is-layout-flow wp-block-column\">\n<div style=\"height:20px\" aria-hidden=\"true\" class=\"wp-block-spacer\"><\/div>\n\n\n\n<figure class=\"wp-block-image size-full is-resized\"><img decoding=\"async\" loading=\"lazy\" src=\"https:\/\/www.swisscleantech.ch\/files\/Marco-Rezzonico-SBB.jpg\" alt=\"\" class=\"wp-image-33773\" width=\"200\" height=\"200\" srcset=\"https:\/\/www.swisscleantech.ch\/files\/Marco-Rezzonico-SBB.jpg 400w, https:\/\/www.swisscleantech.ch\/files\/Marco-Rezzonico-SBB-300x300.jpg 300w, https:\/\/www.swisscleantech.ch\/files\/Marco-Rezzonico-SBB-125x125.jpg 125w\" sizes=\"(max-width: 200px) 100vw, 200px\" \/><\/figure>\n\n\n\n<div style=\"height:20px\" aria-hidden=\"true\" class=\"wp-block-spacer\"><\/div>\n\n\n\n<p class=\"has-white-color has-text-color\"><strong>Marco Rezzonico<\/strong><br>Account Manager SBB<\/p>\n<\/div>\n\n\n\n<div class=\"is-layout-flow wp-block-column\"><\/div>\n<\/div>\n<\/div>\n<\/div>\n\n\n\n<div class=\"is-layout-flex wp-container-42 wp-block-columns\">\n<div class=\"is-layout-flow wp-block-column\">\n<h3 class=\"has-white-color has-text-color\">CEO4Climate<\/h3>\n\n\n\n<div class=\"is-layout-flex wp-container-40 wp-block-columns\">\n<div class=\"is-layout-flow wp-block-column\">\n<div style=\"height:20px\" aria-hidden=\"true\" class=\"wp-block-spacer\"><\/div>\n\n\n\n<figure class=\"wp-block-image size-full is-resized\"><img decoding=\"async\" loading=\"lazy\" src=\"https:\/\/www.swisscleantech.ch\/files\/Marcel-Winter.jpg\" alt=\"\" class=\"wp-image-29165\" width=\"200\" height=\"200\" srcset=\"https:\/\/www.swisscleantech.ch\/files\/Marcel-Winter.jpg 400w, https:\/\/www.swisscleantech.ch\/files\/Marcel-Winter-300x300.jpg 300w, https:\/\/www.swisscleantech.ch\/files\/Marcel-Winter-125x125.jpg 125w\" sizes=\"(max-width: 200px) 100vw, 200px\" \/><\/figure>\n\n\n\n<div style=\"height:20px\" aria-hidden=\"true\" class=\"wp-block-spacer\"><\/div>\n\n\n\n<p class=\"has-white-color has-text-color\"><strong>Marcel Winter<\/strong><br>CEO AFRY Suisse et co-pr\u00e9sident swisscleantech<\/p>\n<\/div>\n\n\n\n<div class=\"is-layout-flow wp-block-column\">\n<div style=\"height:20px\" aria-hidden=\"true\" class=\"wp-block-spacer\"><\/div>\n\n\n\n<figure class=\"wp-block-image size-full is-resized\"><img decoding=\"async\" loading=\"lazy\" src=\"https:\/\/www.swisscleantech.ch\/files\/Gerd-Scheller-swisscleantech-Vorstand.jpg\" alt=\"\" class=\"wp-image-22056\" width=\"200\" height=\"200\" srcset=\"https:\/\/www.swisscleantech.ch\/files\/Gerd-Scheller-swisscleantech-Vorstand.jpg 300w, https:\/\/www.swisscleantech.ch\/files\/Gerd-Scheller-swisscleantech-Vorstand-125x125.jpg 125w\" sizes=\"(max-width: 200px) 100vw, 200px\" \/><\/figure>\n\n\n\n<div style=\"height:20px\" aria-hidden=\"true\" class=\"wp-block-spacer\"><\/div>\n\n\n\n<p class=\"has-white-color has-text-color\"><strong>Gerd Scheller<\/strong><br>Country CEO Siemens Suisse<\/p>\n<\/div>\n<\/div>\n<\/div>\n<\/div>\n\n\n\n<div class=\"is-layout-flex wp-container-44 wp-block-columns\">\n<div class=\"is-layout-flow wp-block-column\">\n<h3 class=\"has-white-color has-text-color\">swisscleantech <strong>en Suisse romande<\/strong><\/h3>\n\n\n\n<figure class=\"wp-block-image size-full is-resized\"><img decoding=\"async\" loading=\"lazy\" src=\"https:\/\/www.swisscleantech.ch\/files\/Christian-Petit-CEO-Romande-Energie-2.jpg\" alt=\"\" class=\"wp-image-32522\" width=\"200\" height=\"200\" srcset=\"https:\/\/www.swisscleantech.ch\/files\/Christian-Petit-CEO-Romande-Energie-2.jpg 400w, https:\/\/www.swisscleantech.ch\/files\/Christian-Petit-CEO-Romande-Energie-2-300x300.jpg 300w, https:\/\/www.swisscleantech.ch\/files\/Christian-Petit-CEO-Romande-Energie-2-125x125.jpg 125w\" sizes=\"(max-width: 200px) 100vw, 200px\" \/><\/figure>\n\n\n\n<div style=\"height:20px\" aria-hidden=\"true\" class=\"wp-block-spacer\"><\/div>\n\n\n\n<p class=\"has-white-color has-text-color\"><strong>Christian Petit<\/strong><br>Fondateur et directeur Advisum Consulte sarl<\/p>\n<\/div>\n<\/div>\n\n\n\n<div class=\"is-layout-flex wp-container-49 wp-block-columns\">\n<div class=\"is-layout-flow wp-block-column\">\n<h3 class=\"has-white-color has-text-color\">Economie circulaire<\/h3>\n\n\n\n<div class=\"is-layout-flex wp-container-47 wp-block-columns\">\n<div class=\"is-layout-flow wp-block-column\">\n<div style=\"height:20px\" aria-hidden=\"true\" class=\"wp-block-spacer\"><\/div>\n\n\n\n<figure class=\"wp-block-image size-large is-resized\"><img decoding=\"async\" loading=\"lazy\" src=\"https:\/\/www.swisscleantech.ch\/files\/Pouyan-Dardashti-Thommen-Group-1.jpg\" alt=\"\" width=\"200\" height=\"200\"\/><\/figure>\n\n\n\n<div style=\"height:20px\" aria-hidden=\"true\" class=\"wp-block-spacer\"><\/div>\n\n\n\n<p class=\"has-white-color has-text-color\"><strong>Pouyan Dardashti<\/strong><br>CEO Thommen Group<\/p>\n<\/div>\n\n\n\n<div class=\"is-layout-flow wp-block-column\">\n<div style=\"height:20px\" aria-hidden=\"true\" class=\"wp-block-spacer\"><\/div>\n\n\n\n<figure class=\"wp-block-image size-large is-resized\"><img decoding=\"async\" loading=\"lazy\" src=\"https:\/\/www.swisscleantech.ch\/files\/Marco_Grossmann_SWISSCLEANTECH_Maerz2020_300x300.jpg\" alt=\"\" width=\"200\" height=\"200\"\/><\/figure>\n\n\n\n<div style=\"height:20px\" aria-hidden=\"true\" class=\"wp-block-spacer\"><\/div>\n\n\n\n<p class=\"has-white-color has-text-color\"><strong>Marco Grossmann<\/strong><br>Membre du conseil d&#8217;administration, ecos<br>Senior Consultant Climat &amp; \u00c9conomie circulaire<\/p>\n<\/div>\n<\/div>\n<\/div>\n<\/div>\n\n\n\n<div class=\"is-layout-flex wp-container-51 wp-block-columns\">\n<div class=\"is-layout-flow wp-block-column\">\n<h3 class=\"has-white-color has-text-color\"><strong>R\u00f4le de la finance pour z\u00e9ro net<\/strong><\/h3>\n\n\n\n<figure class=\"wp-block-image size-full is-resized\"><img decoding=\"async\" loading=\"lazy\" src=\"https:\/\/www.swisscleantech.ch\/files\/Cornelia-Luchsinger-swisscleantech-Vorstand.jpg\" alt=\"\" class=\"wp-image-24374\" width=\"200\" height=\"200\" srcset=\"https:\/\/www.swisscleantech.ch\/files\/Cornelia-Luchsinger-swisscleantech-Vorstand.jpg 220w, https:\/\/www.swisscleantech.ch\/files\/Cornelia-Luchsinger-swisscleantech-Vorstand-125x125.jpg 125w\" sizes=\"(max-width: 200px) 100vw, 200px\" \/><\/figure>\n\n\n\n<div style=\"height:20px\" aria-hidden=\"true\" class=\"wp-block-spacer\"><\/div>\n\n\n\n<p class=\"has-white-color has-text-color\"><strong>Cornelia Luchsinger<\/strong><br>Key Account Manager Z\u00fcrcher Kantonalbank<\/p>\n<\/div>\n<\/div>\n\n\n\n<div class=\"is-layout-flex wp-container-56 wp-block-columns\">\n<div class=\"is-layout-flow wp-block-column\">\n<h3 class=\"has-white-color has-text-color\">swisscleantech-Services aux adh\u00e9rents PME<\/h3>\n\n\n\n<div class=\"is-layout-flex wp-container-54 wp-block-columns\">\n<div class=\"is-layout-flow wp-block-column\">\n<div style=\"height:20px\" aria-hidden=\"true\" class=\"wp-block-spacer\"><\/div>\n\n\n\n<figure class=\"wp-block-image size-full is-resized\"><img decoding=\"async\" loading=\"lazy\" src=\"https:\/\/www.swisscleantech.ch\/files\/Carsten_Bopp_SWISSCLEANTECH_Maerz2020_300x300.jpg\" alt=\"\" class=\"wp-image-16350\" width=\"200\" height=\"200\" srcset=\"https:\/\/www.swisscleantech.ch\/files\/Carsten_Bopp_SWISSCLEANTECH_Maerz2020_300x300.jpg 300w, https:\/\/www.swisscleantech.ch\/files\/Carsten_Bopp_SWISSCLEANTECH_Maerz2020_300x300-125x125.jpg 125w\" sizes=\"(max-width: 200px) 100vw, 200px\" \/><\/figure>\n\n\n\n<div style=\"height:20px\" aria-hidden=\"true\" class=\"wp-block-spacer\"><\/div>\n\n\n\n<p class=\"has-white-color has-text-color\"><strong>Carsten Bopp<\/strong><br>Group CEO B + G Suisse AG<\/p>\n<\/div>\n\n\n\n<div class=\"is-layout-flow wp-block-column\">\n<div style=\"height:20px\" aria-hidden=\"true\" class=\"wp-block-spacer\"><\/div>\n\n\n\n<figure class=\"wp-block-image size-full is-resized\"><img decoding=\"async\" loading=\"lazy\" src=\"https:\/\/www.swisscleantech.ch\/files\/Daniel_Eugster_SWISSCLEANTECH_Maerz2020_300x300.jpg\" alt=\"\" class=\"wp-image-16352\" width=\"200\" height=\"200\" srcset=\"https:\/\/www.swisscleantech.ch\/files\/Daniel_Eugster_SWISSCLEANTECH_Maerz2020_300x300.jpg 300w, https:\/\/www.swisscleantech.ch\/files\/Daniel_Eugster_SWISSCLEANTECH_Maerz2020_300x300-125x125.jpg 125w\" sizes=\"(max-width: 200px) 100vw, 200px\" \/><\/figure>\n\n\n\n<div style=\"height:20px\" aria-hidden=\"true\" class=\"wp-block-spacer\"><\/div>\n\n\n\n<p class=\"has-white-color has-text-color\"><strong>Daniel Eugster<\/strong><br>Propri\u00e9taire &amp; directeur Haustechnik Eugster AG<\/p>\n<\/div>\n<\/div>\n<\/div>\n<\/div>\n\n\n\n<div class=\"is-layout-flex wp-container-58 wp-block-columns\">\n<div class=\"is-layout-flow wp-block-column\">\n<h3 class=\"has-white-color has-text-color\">R\u00e9novation de b\u00e2timents<\/h3>\n\n\n\n<figure class=\"wp-block-image size-large is-resized\"><img decoding=\"async\" loading=\"lazy\" src=\"https:\/\/www.swisscleantech.ch\/files\/Andre-Flueckiger-eicherpauli.jpg\" alt=\"\" width=\"200\" height=\"200\"\/><\/figure>\n\n\n\n<div style=\"height:20px\" aria-hidden=\"true\" class=\"wp-block-spacer\"><\/div>\n\n\n\n<p class=\"has-white-color has-text-color\"><strong>Andr\u00e9 Fl\u00fcckiger<\/strong><br>CEO eicher+pauli<\/p>\n<\/div>\n<\/div>\n\n\n\n<div class=\"is-layout-flex wp-container-60 wp-block-columns\">\n<div class=\"is-layout-flow wp-block-column\">\n<h3 class=\"has-white-color has-text-color\">Offres pour les responsables du d\u00e9veloppement durable<\/h3>\n\n\n\n<figure class=\"wp-block-image size-large is-resized\"><img decoding=\"async\" loading=\"lazy\" src=\"https:\/\/www.swisscleantech.ch\/files\/Bastien-Girod-Deloitte.jpg\" alt=\"\" width=\"200\" height=\"200\"\/><\/figure>\n\n\n\n<div style=\"height:20px\" aria-hidden=\"true\" class=\"wp-block-spacer\"><\/div>\n\n\n\n<p class=\"has-white-color has-text-color\"><strong>Bastien Girod<\/strong><br>Associ\u00e9 Climat et Z\u00e9ro \u00c9mission Nette Deloitte<\/p>\n<\/div>\n<\/div>\n\n\n\n<div class=\"is-layout-flex wp-container-65 wp-block-columns\">\n<div class=\"is-layout-flow wp-block-column\">\n<h3 class=\"has-white-color has-text-color\">Strat\u00e9gie &amp; positionnement de swisscleantech<\/h3>\n\n\n\n<div class=\"is-layout-flex wp-container-63 wp-block-columns\">\n<div class=\"is-layout-flow wp-block-column\">\n<div style=\"height:20px\" aria-hidden=\"true\" class=\"wp-block-spacer\"><\/div>\n\n\n\n<figure class=\"wp-block-image size-large is-resized\"><img decoding=\"async\" loading=\"lazy\" src=\"https:\/\/www.swisscleantech.ch\/files\/Fabian-Etter-2.jpg\" alt=\"\" width=\"200\" height=\"200\"\/><\/figure>\n\n\n\n<div style=\"height:20px\" aria-hidden=\"true\" class=\"wp-block-spacer\"><\/div>\n\n\n\n<p class=\"has-white-color has-text-color\"><strong>Fabian Etter<\/strong><br>Co-pr\u00e9sident swisscleantech<\/p>\n<\/div>\n\n\n\n<div class=\"is-layout-flow wp-block-column\">\n<div style=\"height:20px\" aria-hidden=\"true\" class=\"wp-block-spacer\"><\/div>\n\n\n\n<figure class=\"wp-block-image size-large is-resized\"><img decoding=\"async\" loading=\"lazy\" src=\"https:\/\/www.swisscleantech.ch\/files\/Marcel-Winter.jpg\" alt=\"\" width=\"200\" height=\"200\"\/><\/figure>\n\n\n\n<div style=\"height:20px\" aria-hidden=\"true\" class=\"wp-block-spacer\"><\/div>\n\n\n\n<p class=\"has-white-color has-text-color\"><strong>Marcel Winter<\/strong><br>Co-pr\u00e9sident swisscleantech<\/p>\n<\/div>\n<\/div>\n<\/div>\n<\/div>\n<\/div>\n<\/div>\n\n\n\n<div class=\"is-layout-flex wp-container-70 wp-block-columns has-background\" style=\"background-color:#e3ebf1\">\n<div class=\"is-layout-flow wp-block-column\" style=\"flex-basis:33%\">\n<figure class=\"wp-block-image size-full\"><img decoding=\"async\" loading=\"lazy\" width=\"617\" height=\"350\" src=\"https:\/\/www.swisscleantech.ch\/files\/sbb.png\" alt=\"\" class=\"wp-image-25877\" srcset=\"https:\/\/www.swisscleantech.ch\/files\/sbb.png 617w, https:\/\/www.swisscleantech.ch\/files\/sbb-300x170.png 300w\" sizes=\"(max-width: 617px) 100vw, 617px\" \/><\/figure>\n<\/div>\n\n\n\n<div class=\"is-layout-flow wp-block-column\">\n<h3 class=\"has-black-color has-text-color\">Event Host<\/h3>\n\n\n\n<p class=\"has-black-color has-text-color\">Un grand merci pour l\u2019accueil&nbsp;!<\/p>\n<\/div>\n<\/div>\n\n\n\n<p>Cet \u00e9v\u00e9nement s\u2019adresse exclusivement aux adh\u00e9rents et aux personnes invit\u00e9es.<\/p>\n\n\n\n<div class=\"is-layout-flex wp-block-buttons\">\n<div class=\"wp-block-button\"><a class=\"wp-block-button__link wp-element-button\" href=\"https:\/\/www.eventbrite.ch\/e\/swisscleantech-generalversammlung-tickets-1218119059899\" target=\"_blank\" rel=\"noopener\">Inscription<\/a><\/div>\n<\/div>\n","protected":false},"featured_media":0,"template":"","acf":[],"_links":{"self":[{"href":"https:\/\/www.swisscleantech.ch\/fr\/wp-json\/wp\/v2\/agendaeintrag\/32592"}],"collection":[{"href":"https:\/\/www.swisscleantech.ch\/fr\/wp-json\/wp\/v2\/agendaeintrag"}],"about":[{"href":"https:\/\/www.swisscleantech.ch\/fr\/wp-json\/wp\/v2\/types\/agendaeintrag"}],"version-history":[{"count":10,"href":"https:\/\/www.swisscleantech.ch\/fr\/wp-json\/wp\/v2\/agendaeintrag\/32592\/revisions"}],"predecessor-version":[{"id":33843,"href":"https:\/\/www.swisscleantech.ch\/fr\/wp-json\/wp\/v2\/agendaeintrag\/32592\/revisions\/33843"}],"wp:attachment":[{"href":"https:\/\/www.swisscleantech.ch\/fr\/wp-json\/wp\/v2\/media?parent=32592"}],"curies":[{"name":"wp","href":"https:\/\/api.w.org\/{rel}","templated":true}]}}