{"id":32691,"date":"2025-01-30T14:26:25","date_gmt":"2025-01-30T14:26:25","guid":{"rendered":"https:\/\/www.swisscleantech.ch\/?post_type=agendaeintrag&#038;p=32691"},"modified":"2025-03-05T13:01:42","modified_gmt":"2025-03-05T13:01:42","slug":"die-zukunft-der-baustelle-ist-elektrisch","status":"publish","type":"agendaeintrag","link":"https:\/\/www.swisscleantech.ch\/fr\/agendaeintrag\/die-zukunft-der-baustelle-ist-elektrisch\/","title":{"rendered":"Die Zukunft der Baustelle ist elektrisch"},"content":{"rendered":"\n<h2>Neue Chancen mit E-Baustellen<\/h2>\n\n\n\n<p>Die Schweizer St\u00e4dte sind wichtige Auftraggeber f\u00fcr den Bau; f\u00fcr die Auftragsvergabe werden dabei niedrige Treibhausgasemissionen auf der Baustelle immer wichtiger. So will beispielsweise die Stadt Z\u00fcrich die Emissionen ihrer Geb\u00e4ude bis 2035 reduzieren, sodass sie im Betrieb und in der Erstellung dem gesamtst\u00e4dtischen Netto-Null-Ziel entsprechen. Andere Schweizer St\u00e4dte verfolgen \u00e4hnliche Ziele.<\/p>\n\n\n\n<p>In den Fokus r\u00fccken damit auch die Baustellen und deren Emissionen. F\u00fcr die Dekarbonisierung der Baustellen sind beispielsweise Baumaterial, Transporte und Bauger\u00e4te wichtig. Vor allem in den nordischen L\u00e4ndern zeigt sich, dass die Elektrifizierung von Baustellen viele unternehmerische Chancen bietet und dass grosses Potenzial zur Emissionsreduktion vorhanden ist. Auch in der Schweiz nimmt das Thema an Fahrt auf: St\u00e4dte wie Z\u00fcrich nehmen die Elektrifizierung der Baustelle in ihre Ausschreibungen auf, laufend kommen neue elektrisch betriebene Maschinen auf den Markt.<\/p>\n\n\n\n<h2>Programm<\/h2>\n\n\n\n<div class=\"is-layout-flex wp-container-3 wp-block-columns has-background\" style=\"background-color:#79a6cb\">\n<div class=\"is-layout-flow wp-block-column\" style=\"flex-basis:20%\">\n<h3 class=\"has-white-color has-text-color\">13:30 Uhr<\/h3>\n<\/div>\n\n\n\n<div class=\"is-layout-flow wp-block-column\" style=\"flex-basis:80%\">\n<h3 class=\"has-white-color has-text-color\">Eintreffen &amp; Networking<\/h3>\n<\/div>\n<\/div>\n\n\n\n<div class=\"is-layout-flex wp-container-8 wp-block-columns has-background\" style=\"background-color:#e3ebf1\">\n<div class=\"is-layout-flow wp-block-column\" style=\"flex-basis:20%\">\n<h3>14 Uhr<\/h3>\n<\/div>\n\n\n\n<div class=\"is-layout-flow wp-block-column\" style=\"flex-basis:80%\">\n<h3>Begr\u00fcssung und Einf\u00fchrung<\/h3>\n\n\n\n<div class=\"is-layout-flex wp-container-6 wp-block-columns\">\n<div class=\"is-layout-flow wp-block-column\">\n<figure class=\"wp-block-image size-full is-resized\"><img decoding=\"async\" loading=\"lazy\" src=\"https:\/\/www.swisscleantech.ch\/files\/Christian-Zeyer-2.jpg\" alt=\"\" class=\"wp-image-29082\" width=\"300\" height=\"300\" srcset=\"https:\/\/www.swisscleantech.ch\/files\/Christian-Zeyer-2.jpg 400w, https:\/\/www.swisscleantech.ch\/files\/Christian-Zeyer-2-300x300.jpg 300w, https:\/\/www.swisscleantech.ch\/files\/Christian-Zeyer-2-125x125.jpg 125w\" sizes=\"(max-width: 300px) 100vw, 300px\" \/><\/figure>\n\n\n\n<p><\/p>\n\n\n\n<p><strong>Christian Zeyer<\/strong><br>Co-Gesch\u00e4ftsf\u00fchrer swisscleantech<br><\/p>\n<\/div>\n<\/div>\n<\/div>\n<\/div>\n\n\n\n<div class=\"is-layout-flex wp-container-13 wp-block-columns has-background\" style=\"background-color:#e3ebf1\">\n<div class=\"is-layout-flow wp-block-column\" style=\"flex-basis:20%\">\n<h3>14:05 Uhr<\/h3>\n<\/div>\n\n\n\n<div class=\"is-layout-flow wp-block-column\" style=\"flex-basis:80%\">\n<h3>Von E-Baustellen aus Nachbarl\u00e4ndern lernen<\/h3>\n\n\n\n<p>Best Practices aus Europa<br><\/p>\n\n\n\n<div class=\"is-layout-flex wp-container-11 wp-block-columns\">\n<div class=\"is-layout-flow wp-block-column\">\n<figure class=\"wp-block-image size-full is-resized\"><img decoding=\"async\" loading=\"lazy\" src=\"https:\/\/www.swisscleantech.ch\/files\/Karina-von-dem-Berge-HSLU.jpg\" alt=\"\" class=\"wp-image-32696\" width=\"300\" height=\"300\" srcset=\"https:\/\/www.swisscleantech.ch\/files\/Karina-von-dem-Berge-HSLU.jpg 400w, https:\/\/www.swisscleantech.ch\/files\/Karina-von-dem-Berge-HSLU-300x300.jpg 300w, https:\/\/www.swisscleantech.ch\/files\/Karina-von-dem-Berge-HSLU-125x125.jpg 125w\" sizes=\"(max-width: 300px) 100vw, 300px\" \/><\/figure>\n\n\n\n<p><\/p>\n\n\n\n<p><strong>Karina von dem Berge<\/strong><br>Dozentin Wirtschaft HSLU<\/p>\n<\/div>\n<\/div>\n<\/div>\n<\/div>\n\n\n\n<div class=\"is-layout-flex wp-container-18 wp-block-columns has-background\" style=\"background-color:#e3ebf1\">\n<div class=\"is-layout-flow wp-block-column\" style=\"flex-basis:20%\">\n<h3>14:25 Uhr<\/h3>\n<\/div>\n\n\n\n<div class=\"is-layout-flow wp-block-column\" style=\"flex-basis:80%\">\n<h3>Emissionsfreie Baustellen in Z\u00fcrich<\/h3>\n\n\n\n<p>Was wird k\u00fcnftig gefordert? Was kommt jetzt in Ausschreibungen? Status quo, Absenkpfad, Erfahrungen in ersten Ausschreibungen<br><\/p>\n\n\n\n<div class=\"is-layout-flex wp-container-16 wp-block-columns\">\n<div class=\"is-layout-flow wp-block-column\">\n<figure class=\"wp-block-image size-full is-resized\"><img decoding=\"async\" loading=\"lazy\" src=\"https:\/\/www.swisscleantech.ch\/files\/Theres-Fankhauser-Stadt-Zuerich.jpg\" alt=\"\" class=\"wp-image-32694\" width=\"300\" height=\"300\" srcset=\"https:\/\/www.swisscleantech.ch\/files\/Theres-Fankhauser-Stadt-Zuerich.jpg 400w, https:\/\/www.swisscleantech.ch\/files\/Theres-Fankhauser-Stadt-Zuerich-300x300.jpg 300w, https:\/\/www.swisscleantech.ch\/files\/Theres-Fankhauser-Stadt-Zuerich-125x125.jpg 125w\" sizes=\"(max-width: 300px) 100vw, 300px\" \/><\/figure>\n\n\n\n<div style=\"height:20px\" aria-hidden=\"true\" class=\"wp-block-spacer\"><\/div>\n\n\n\n<p><strong>Theres Fankhauser<\/strong><br>Fachstelle umweltgerechtes Bauen, Amt f\u00fcr Hochbau Stadt Z\u00fcrich<\/p>\n<\/div>\n<\/div>\n<\/div>\n<\/div>\n\n\n\n<div class=\"is-layout-flex wp-container-23 wp-block-columns has-background\" style=\"background-color:#e3ebf1\">\n<div class=\"is-layout-flow wp-block-column\" style=\"flex-basis:20%\">\n<h3>14:40 Uhr<\/h3>\n<\/div>\n\n\n\n<div class=\"is-layout-flow wp-block-column\" style=\"flex-basis:80%\">\n<h3>Wo die emissionsfreie Baustelle heute steht<\/h3>\n\n\n\n<p>Maschinen, Kosten, Marktentwicklung und Umfeld<br><\/p>\n\n\n\n<div class=\"is-layout-flex wp-container-21 wp-block-columns\">\n<div class=\"is-layout-flow wp-block-column\">\n<figure class=\"wp-block-image size-full is-resized\"><img decoding=\"async\" loading=\"lazy\" src=\"https:\/\/www.swisscleantech.ch\/files\/Marco-Meier-ecoforce.jpg\" alt=\"\" class=\"wp-image-32693\" width=\"300\" height=\"300\" srcset=\"https:\/\/www.swisscleantech.ch\/files\/Marco-Meier-ecoforce.jpg 400w, https:\/\/www.swisscleantech.ch\/files\/Marco-Meier-ecoforce-300x300.jpg 300w, https:\/\/www.swisscleantech.ch\/files\/Marco-Meier-ecoforce-125x125.jpg 125w\" sizes=\"(max-width: 300px) 100vw, 300px\" \/><\/figure>\n\n\n\n<div style=\"height:20px\" aria-hidden=\"true\" class=\"wp-block-spacer\"><\/div>\n\n\n\n<p><strong>Marco Meier<\/strong><br>Spezialist f\u00fcr Energieeffizienz, alternative Antriebe und Energiespeicherung &amp; Mitgr\u00fcnder ecoforce<\/p>\n<\/div>\n<\/div>\n<\/div>\n<\/div>\n\n\n\n<div class=\"is-layout-flex wp-container-28 wp-block-columns has-background\" style=\"background-color:#e3ebf1\">\n<div class=\"is-layout-flow wp-block-column\" style=\"flex-basis:20%\">\n<h3>15:10 Uhr<\/h3>\n<\/div>\n\n\n\n<div class=\"is-layout-flow wp-block-column\" style=\"flex-basis:80%\">\n<h3>Die emissionsfreie Baustelle aus Unternehmersicht<br><\/h3>\n\n\n\n<div class=\"is-layout-flex wp-container-26 wp-block-columns\">\n<div class=\"is-layout-flow wp-block-column\">\n<figure class=\"wp-block-image size-full is-resized\"><img decoding=\"async\" loading=\"lazy\" src=\"https:\/\/www.swisscleantech.ch\/files\/Silvan-Eberhard-Eberhard.jpg\" alt=\"\" class=\"wp-image-32695\" width=\"300\" height=\"300\" srcset=\"https:\/\/www.swisscleantech.ch\/files\/Silvan-Eberhard-Eberhard.jpg 400w, https:\/\/www.swisscleantech.ch\/files\/Silvan-Eberhard-Eberhard-300x300.jpg 300w, https:\/\/www.swisscleantech.ch\/files\/Silvan-Eberhard-Eberhard-125x125.jpg 125w\" sizes=\"(max-width: 300px) 100vw, 300px\" \/><\/figure>\n\n\n\n<div style=\"height:20px\" aria-hidden=\"true\" class=\"wp-block-spacer\"><\/div>\n\n\n\n<p><strong>Silvan Eberhard<\/strong><br>Leiter Logistik Eberhard Unternehmungen<\/p>\n<\/div>\n<\/div>\n<\/div>\n<\/div>\n\n\n\n<div class=\"is-layout-flex wp-container-31 wp-block-columns has-background\" style=\"background-color:#79a6cb\">\n<div class=\"is-layout-flow wp-block-column\" style=\"flex-basis:20%\">\n<h3 class=\"has-white-color has-text-color\">15:25 Uhr<\/h3>\n<\/div>\n\n\n\n<div class=\"is-layout-flow wp-block-column\" style=\"flex-basis:80%\">\n<h3 class=\"has-white-color has-text-color\">Pause &amp; Networking<\/h3>\n<\/div>\n<\/div>\n\n\n\n<div class=\"is-layout-flex wp-container-43 wp-block-columns has-background\" style=\"background-color:#e3ebf1\">\n<div class=\"is-layout-flow wp-block-column\" style=\"flex-basis:20%\">\n<h3>16 Uhr<\/h3>\n<\/div>\n\n\n\n<div class=\"is-layout-flow wp-block-column\" style=\"flex-basis:80%\">\n<h3>Mit E-Baustellen neue unternehmerische Chancen nutzen<\/h3>\n\n\n\n<p>Paneldiskussion<\/p>\n\n\n\n<div class=\"is-layout-flex wp-container-35 wp-block-columns\">\n<div class=\"is-layout-flow wp-block-column\">\n<figure class=\"wp-block-image size-full\"><img decoding=\"async\" loading=\"lazy\" width=\"400\" height=\"400\" src=\"https:\/\/www.swisscleantech.ch\/files\/Stefan-Diethelm-Robert-Aebi.jpg\" alt=\"\" class=\"wp-image-32928\" srcset=\"https:\/\/www.swisscleantech.ch\/files\/Stefan-Diethelm-Robert-Aebi.jpg 400w, https:\/\/www.swisscleantech.ch\/files\/Stefan-Diethelm-Robert-Aebi-300x300.jpg 300w, https:\/\/www.swisscleantech.ch\/files\/Stefan-Diethelm-Robert-Aebi-125x125.jpg 125w\" sizes=\"(max-width: 400px) 100vw, 400px\" \/><\/figure>\n\n\n\n<div style=\"height:20px\" aria-hidden=\"true\" class=\"wp-block-spacer\"><\/div>\n\n\n\n<p><strong>Stefan Diethelm<br><\/strong>Leiter Verkauf Baumaschinen Robert Aebi<\/p>\n<\/div>\n\n\n\n<div class=\"is-layout-flow wp-block-column\">\n<figure class=\"wp-block-image size-full\"><img decoding=\"async\" loading=\"lazy\" width=\"400\" height=\"400\" src=\"https:\/\/www.swisscleantech.ch\/files\/Niko-Heeren-Stadt-Zuerich.jpg\" alt=\"\" class=\"wp-image-32850\" srcset=\"https:\/\/www.swisscleantech.ch\/files\/Niko-Heeren-Stadt-Zuerich.jpg 400w, https:\/\/www.swisscleantech.ch\/files\/Niko-Heeren-Stadt-Zuerich-300x300.jpg 300w, https:\/\/www.swisscleantech.ch\/files\/Niko-Heeren-Stadt-Zuerich-125x125.jpg 125w\" sizes=\"(max-width: 400px) 100vw, 400px\" \/><\/figure>\n\n\n\n<div style=\"height:20px\" aria-hidden=\"true\" class=\"wp-block-spacer\"><\/div>\n\n\n\n<p><strong>Niko Heeren<\/strong><br>Leiter Fachstelle Umweltgerechtes Bauen Stadt Z\u00fcrich<\/p>\n<\/div>\n<\/div>\n\n\n\n<div class=\"is-layout-flex wp-container-38 wp-block-columns\">\n<div class=\"is-layout-flow wp-block-column\">\n<figure class=\"wp-block-image size-full\"><img decoding=\"async\" loading=\"lazy\" width=\"400\" height=\"400\" src=\"https:\/\/www.swisscleantech.ch\/files\/Ueli-Kramer-ecoforce.jpg\" alt=\"\" class=\"wp-image-32835\" srcset=\"https:\/\/www.swisscleantech.ch\/files\/Ueli-Kramer-ecoforce.jpg 400w, https:\/\/www.swisscleantech.ch\/files\/Ueli-Kramer-ecoforce-300x300.jpg 300w, https:\/\/www.swisscleantech.ch\/files\/Ueli-Kramer-ecoforce-125x125.jpg 125w\" sizes=\"(max-width: 400px) 100vw, 400px\" \/><\/figure>\n\n\n\n<div style=\"height:20px\" aria-hidden=\"true\" class=\"wp-block-spacer\"><\/div>\n\n\n\n<p><strong><strong>Ueli Kramer<\/strong><\/strong> (Moderation)<strong><br><\/strong>Mitgr\u00fcnder ecoforce<\/p>\n<\/div>\n\n\n\n<div class=\"is-layout-flow wp-block-column\">\n<figure class=\"wp-block-image size-full\"><img decoding=\"async\" loading=\"lazy\" width=\"400\" height=\"400\" src=\"https:\/\/www.swisscleantech.ch\/files\/Stefan-Schneider-Suncar.jpg\" alt=\"\" class=\"wp-image-32837\" srcset=\"https:\/\/www.swisscleantech.ch\/files\/Stefan-Schneider-Suncar.jpg 400w, https:\/\/www.swisscleantech.ch\/files\/Stefan-Schneider-Suncar-300x300.jpg 300w, https:\/\/www.swisscleantech.ch\/files\/Stefan-Schneider-Suncar-125x125.jpg 125w\" sizes=\"(max-width: 400px) 100vw, 400px\" \/><\/figure>\n\n\n\n<div style=\"height:20px\" aria-hidden=\"true\" class=\"wp-block-spacer\"><\/div>\n\n\n\n<p><strong><strong>Stefan Schneider<\/strong><br><\/strong>Gesch\u00e4ftsf\u00fchrer Suncar<\/p>\n<\/div>\n<\/div>\n\n\n\n<div class=\"is-layout-flex wp-container-41 wp-block-columns\">\n<div class=\"is-layout-flow wp-block-column\">\n<figure class=\"wp-block-image size-full\"><img decoding=\"async\" loading=\"lazy\" width=\"400\" height=\"400\" src=\"https:\/\/www.swisscleantech.ch\/files\/Bene-Sutter-Amrein.jpg\" alt=\"\" class=\"wp-image-32841\" srcset=\"https:\/\/www.swisscleantech.ch\/files\/Bene-Sutter-Amrein.jpg 400w, https:\/\/www.swisscleantech.ch\/files\/Bene-Sutter-Amrein-300x300.jpg 300w, https:\/\/www.swisscleantech.ch\/files\/Bene-Sutter-Amrein-125x125.jpg 125w\" sizes=\"(max-width: 400px) 100vw, 400px\" \/><\/figure>\n\n\n\n<div style=\"height:20px\" aria-hidden=\"true\" class=\"wp-block-spacer\"><\/div>\n\n\n\n<p><strong><strong>Bene Sutter<\/strong><br><\/strong>Inhaber Amrein Bau<\/p>\n<\/div>\n\n\n\n<div class=\"is-layout-flow wp-block-column\">\n<figure class=\"wp-block-image size-full\"><img decoding=\"async\" loading=\"lazy\" width=\"400\" height=\"400\" src=\"https:\/\/www.swisscleantech.ch\/files\/Michael-Walz-Schweizerischer-Baumeisterverband.jpg\" alt=\"\" class=\"wp-image-32838\" srcset=\"https:\/\/www.swisscleantech.ch\/files\/Michael-Walz-Schweizerischer-Baumeisterverband.jpg 400w, https:\/\/www.swisscleantech.ch\/files\/Michael-Walz-Schweizerischer-Baumeisterverband-300x300.jpg 300w, https:\/\/www.swisscleantech.ch\/files\/Michael-Walz-Schweizerischer-Baumeisterverband-125x125.jpg 125w\" sizes=\"(max-width: 400px) 100vw, 400px\" \/><\/figure>\n\n\n\n<div style=\"height:20px\" aria-hidden=\"true\" class=\"wp-block-spacer\"><\/div>\n\n\n\n<p><strong>Michael Walz<\/strong><br>Leiter Qualit\u00e4t, Sicherheit und Umwelt Schweizerischer Baumeisterverband<\/p>\n<\/div>\n<\/div>\n<\/div>\n<\/div>\n\n\n\n<div class=\"is-layout-flex wp-container-46 wp-block-columns has-background\" style=\"background-color:#e3ebf1\">\n<div class=\"is-layout-flow wp-block-column\" style=\"flex-basis:20%\">\n<h3>16:30 Uhr<\/h3>\n<\/div>\n\n\n\n<div class=\"is-layout-flow wp-block-column\" style=\"flex-basis:80%\">\n<h3>Designwerk in Aktion<\/h3>\n\n\n\n<p>Betriebsbesichtigung zur Rolle des E-LKW<\/p>\n<\/div>\n<\/div>\n\n\n\n<div class=\"is-layout-flex wp-container-49 wp-block-columns has-background\" style=\"background-color:#79a6cb\">\n<div class=\"is-layout-flow wp-block-column\" style=\"flex-basis:20%\">\n<h3 class=\"has-white-color has-text-color\">17:15 Uhr<\/h3>\n<\/div>\n\n\n\n<div class=\"is-layout-flow wp-block-column\" style=\"flex-basis:80%\">\n<h3 class=\"has-white-color has-text-color\">Ap\u00e9ro<\/h3>\n<\/div>\n<\/div>\n\n\n\n<div class=\"is-layout-flex wp-container-52 wp-block-columns has-background\" style=\"background-color:#e3ebf1\">\n<div class=\"is-layout-flow wp-block-column\" style=\"flex-basis:33%\">\n<figure class=\"wp-block-image size-full\"><img decoding=\"async\" loading=\"lazy\" width=\"617\" height=\"350\" src=\"https:\/\/www.swisscleantech.ch\/files\/designwerk-logo.png\" alt=\"\" class=\"wp-image-28418\" srcset=\"https:\/\/www.swisscleantech.ch\/files\/designwerk-logo.png 617w, https:\/\/www.swisscleantech.ch\/files\/designwerk-logo-300x170.png 300w\" sizes=\"(max-width: 617px) 100vw, 617px\" \/><\/figure>\n<\/div>\n\n\n\n<div class=\"is-layout-flow wp-block-column\">\n<h3 class=\"has-black-color has-text-color\">Event Host<\/h3>\n\n\n\n<p class=\"has-black-color has-text-color\">Herzlichen Dank f\u00fcr die Gastfreundschaft!<\/p>\n<\/div>\n<\/div>\n\n\n\n<div class=\"is-layout-flex wp-block-buttons\">\n<div class=\"wp-block-button\"><a class=\"wp-block-button__link wp-element-button\" href=\"https:\/\/www.eventbrite.ch\/e\/mit-e-baustellen-die-stadte-der-zukunft-bauen-tickets-1227763827659?aff=oddtdtcreator\" target=\"_blank\" rel=\"noopener\">Zur Anmeldung<\/a><\/div>\n<\/div>\n","protected":false},"featured_media":0,"template":"","acf":[],"_links":{"self":[{"href":"https:\/\/www.swisscleantech.ch\/fr\/wp-json\/wp\/v2\/agendaeintrag\/32691"}],"collection":[{"href":"https:\/\/www.swisscleantech.ch\/fr\/wp-json\/wp\/v2\/agendaeintrag"}],"about":[{"href":"https:\/\/www.swisscleantech.ch\/fr\/wp-json\/wp\/v2\/types\/agendaeintrag"}],"version-history":[{"count":8,"href":"https:\/\/www.swisscleantech.ch\/fr\/wp-json\/wp\/v2\/agendaeintrag\/32691\/revisions"}],"predecessor-version":[{"id":32930,"href":"https:\/\/www.swisscleantech.ch\/fr\/wp-json\/wp\/v2\/agendaeintrag\/32691\/revisions\/32930"}],"wp:attachment":[{"href":"https:\/\/www.swisscleantech.ch\/fr\/wp-json\/wp\/v2\/media?parent=32691"}],"curies":[{"name":"wp","href":"https:\/\/api.w.org\/{rel}","templated":true}]}}