{"id":33667,"date":"2025-03-11T12:37:20","date_gmt":"2025-03-11T12:37:20","guid":{"rendered":"https:\/\/www.swisscleantech.ch\/?post_type=agendaeintrag&#038;p=33667"},"modified":"2025-06-25T13:42:02","modified_gmt":"2025-06-25T13:42:02","slug":"dialogue-swisscleantech-2025","status":"publish","type":"agendaeintrag","link":"https:\/\/www.swisscleantech.ch\/fr\/agendaeintrag\/dialogue-swisscleantech-2025\/","title":{"rendered":"Dialogue swisscleantech 2025"},"content":{"rendered":"\n<figure class=\"wp-block-image size-full\"><img decoding=\"async\" loading=\"lazy\" width=\"936\" height=\"560\" src=\"https:\/\/www.swisscleantech.ch\/files\/Dialogue-2025.jpg\" alt=\"\" class=\"wp-image-34484\" srcset=\"https:\/\/www.swisscleantech.ch\/files\/Dialogue-2025.jpg 936w, https:\/\/www.swisscleantech.ch\/files\/Dialogue-2025-300x179.jpg 300w, https:\/\/www.swisscleantech.ch\/files\/Dialogue-2025-768x459.jpg 768w\" sizes=\"(max-width: 936px) 100vw, 936px\" \/><\/figure>\n\n\n\n<h2>Le changement climatique malgr\u00e9 le changement d\u2019\u00e9poque<\/h2>\n\n\n\n<div class=\"is-layout-flex wp-container-3 wp-block-columns\">\n<div class=\"is-layout-flow wp-block-column\">\n<p>La politique de s\u00e9curit\u00e9 et la politique \u00e9trang\u00e8re mondiales sont soumises \u00e0 des changements historiques qui ont \u00e9galement des cons\u00e9quences sur l\u2019\u00e9conomie et la protection du climat. Malgr\u00e9 tout, comment progresser et aller vers une \u00e9conomie climat compatible, en Suisse et au niveau international ? Quelles sont les \u00e9volutions et les technologies qui permettent d\u2019esp\u00e9rer ?<\/p>\n<\/div>\n\n\n\n<div class=\"is-layout-flow wp-block-column\">\n<p>Le Dialogue swisscleantech se consacre \u00e0 ces questions et est donc plus important que jamais : l\u2019\u00e9v\u00e9nement procure de l\u2019inspiration, informe, r\u00e9unit ceux et celles qui agissent et jette des ponts entre les diff\u00e9rentes optiques en mati\u00e8re de politique \u00e9nerg\u00e9tique et climatique.<\/p>\n\n\n\n<p><strong>Nous allons proposer une traduction simultan\u00e9e.<\/strong><\/p>\n<\/div>\n<\/div>\n\n\n\n<div class=\"is-layout-flex wp-container-5 wp-block-columns\">\n<div class=\"is-layout-flow wp-block-column abstand_gross has-background\" style=\"background-color:#e3ebf1\">\n<h2>Dialogue entre l\u2019\u00e9conomie, la politique et la science<\/h2>\n\n\n\n<p>L\u2019\u00e9v\u00e9nement annuel de swisscleantech avec des interventions de haut niveau, des best practices, des expositions, une large place accord\u00e9e aux \u00e9changes informels \u2013 et quelques surprises. Le Dialogue swisscleantech 2025 livrera des informations sur les principales \u00e9volutions et innovations concernant l\u2019\u00e9nergie &amp; le climat. Voil\u00e0 ce qui t\u2019attend :<\/p>\n\n\n\n<ul>\n<li>Intervenantes et intervenants de haut niveau avec plus de 500 participants fortement mobilis\u00e9s, issus du monde de l\u2019\u00e9conomie, de la science, de la politique et de l\u2019administration<\/li>\n\n\n\n<li>\u00c9valuation des politiques \u00e9nerg\u00e9tique et climatique par des analystes qualifi\u00e9s<\/li>\n\n\n\n<li>11 Breakout Sessions avec expertise de terrain et bonnes pratiques<\/li>\n\n\n\n<li>Pr\u00e9sentation des positions et des projets de swisscleantech<\/li>\n\n\n\n<li>Une large place accord\u00e9e au travail en r\u00e9seau et aux \u00e9changes<\/li>\n<\/ul>\n<\/div>\n<\/div>\n\n\n<div id=\"sct-foldbox-block_724980a224e69bdbb97ed9546749e198\" class=\"foldbox_wrapper sct_foldbox_wrapper\"><div class=\"foldbox_item\"><div class=\"foldbox_head\"><span class=\"oc_ico\"><\/span><span class=\"foldbox_titel h3\">Programme<\/span><\/div><div class=\"foldbox_content\"><div class=\"acf-innerblocks-container\">\n\n<div class=\"is-layout-flex wp-container-8 wp-block-columns has-background\" style=\"background-color:#79a6cb\">\n<div class=\"is-layout-flow wp-block-column\" style=\"flex-basis:20%\">\n<h3 class=\"has-white-color has-text-color\">12h<\/h3>\n<\/div>\n\n\n\n<div class=\"is-layout-flow wp-block-column\" style=\"flex-basis:80%\">\n<h3 class=\"has-white-color has-text-color\">Lunch et exposition<\/h3>\n<\/div>\n<\/div>\n\n\n\n<div class=\"is-layout-flex wp-container-14 wp-block-columns has-background\" style=\"background-color:#e3ebf1\">\n<div class=\"is-layout-flow wp-block-column\" style=\"flex-basis:20%\">\n<h3>13h<\/h3>\n<\/div>\n\n\n\n<div class=\"is-layout-flow wp-block-column\" style=\"flex-basis:80%\">\n<h3>L\u2019\u00e9conomie climat compatible est plus indispensable que jamais !<\/h3>\n\n\n\n<div class=\"is-layout-flex wp-container-12 wp-block-columns\">\n<div class=\"is-layout-flow wp-block-column\">\n<figure class=\"wp-block-image size-large is-resized\"><img decoding=\"async\" loading=\"lazy\" src=\"https:\/\/www.swisscleantech.ch\/files\/Marcel-Winter.jpg\" alt=\"\" width=\"200\" height=\"200\"\/><\/figure>\n\n\n\n<div style=\"height:20px\" aria-hidden=\"true\" class=\"wp-block-spacer\"><\/div>\n\n\n\n<p><strong>Marcel Winter<\/strong><br>Co-pr\u00e9sident swisscleantech<\/p>\n<\/div>\n\n\n\n<div class=\"is-layout-flow wp-block-column\">\n<figure class=\"wp-block-image size-full is-resized\"><img decoding=\"async\" loading=\"lazy\" src=\"https:\/\/www.swisscleantech.ch\/files\/Fabian-Etter-swisscleantech-CEO4Climate-2025-1.jpg\" alt=\"\" class=\"wp-image-35124\" width=\"200\" height=\"200\" srcset=\"https:\/\/www.swisscleantech.ch\/files\/Fabian-Etter-swisscleantech-CEO4Climate-2025-1.jpg 400w, https:\/\/www.swisscleantech.ch\/files\/Fabian-Etter-swisscleantech-CEO4Climate-2025-1-300x300.jpg 300w, https:\/\/www.swisscleantech.ch\/files\/Fabian-Etter-swisscleantech-CEO4Climate-2025-1-125x125.jpg 125w\" sizes=\"(max-width: 200px) 100vw, 200px\" \/><\/figure>\n\n\n\n<div style=\"height:20px\" aria-hidden=\"true\" class=\"wp-block-spacer\"><\/div>\n\n\n\n<p><strong>Fabian Etter<\/strong><br>(pr\u00e9sentation et animation de l\u2019\u00e9v\u00e9nement)<br>Co-pr\u00e9sident swisscleantech<\/p>\n<\/div>\n<\/div>\n<\/div>\n<\/div>\n\n\n\n<div class=\"is-layout-flex wp-container-19 wp-block-columns has-background\" style=\"background-color:#e3ebf1\">\n<div class=\"is-layout-flow wp-block-column\" style=\"flex-basis:20%\">\n<h3>13h15<\/h3>\n<\/div>\n\n\n\n<div class=\"is-layout-flow wp-block-column\" style=\"flex-basis:80%\">\n<h3>Sustainable Business : C\u2019est maintenant que le leadership se r\u00e9v\u00e8le !<\/h3>\n\n\n\n<div class=\"is-layout-flex wp-container-17 wp-block-columns\">\n<div class=\"is-layout-flow wp-block-column\">\n<figure class=\"wp-block-image size-full is-resized\"><img decoding=\"async\" loading=\"lazy\" src=\"https:\/\/www.swisscleantech.ch\/files\/Julia-Binder-IMD-Center.jpg\" alt=\"\" class=\"wp-image-32969\" width=\"200\" height=\"200\" srcset=\"https:\/\/www.swisscleantech.ch\/files\/Julia-Binder-IMD-Center.jpg 400w, https:\/\/www.swisscleantech.ch\/files\/Julia-Binder-IMD-Center-300x300.jpg 300w, https:\/\/www.swisscleantech.ch\/files\/Julia-Binder-IMD-Center-125x125.jpg 125w\" sizes=\"(max-width: 200px) 100vw, 200px\" \/><\/figure>\n\n\n\n<div style=\"height:20px\" aria-hidden=\"true\" class=\"wp-block-spacer\"><\/div>\n\n\n\n<p><strong>Julia Binder<\/strong><br>Directrice IMD Center for Sustainable and Inclusive Business<\/p>\n<\/div>\n<\/div>\n<\/div>\n<\/div>\n\n\n\n<div class=\"is-layout-flex wp-container-26 wp-block-columns has-background\" style=\"background-color:#e3ebf1\">\n<div class=\"is-layout-flow wp-block-column\" style=\"flex-basis:20%\">\n<h3>13h40<\/h3>\n<\/div>\n\n\n\n<div class=\"is-layout-flow wp-block-column\" style=\"flex-basis:80%\">\n<h3>Le climat (toujours) une priorit\u00e9 de l\u2019\u00e9conomie : que faut-il pour cela ?<\/h3>\n\n\n\n<div class=\"is-layout-flex wp-container-24 wp-block-columns\">\n<div class=\"is-layout-flow wp-block-column\">\n<figure class=\"wp-block-image size-full is-resized\"><img decoding=\"async\" loading=\"lazy\" src=\"https:\/\/www.swisscleantech.ch\/files\/Gustav-Baldinger-PwC.jpg\" alt=\"\" class=\"wp-image-32970\" width=\"200\" height=\"200\" srcset=\"https:\/\/www.swisscleantech.ch\/files\/Gustav-Baldinger-PwC.jpg 400w, https:\/\/www.swisscleantech.ch\/files\/Gustav-Baldinger-PwC-300x300.jpg 300w, https:\/\/www.swisscleantech.ch\/files\/Gustav-Baldinger-PwC-125x125.jpg 125w\" sizes=\"(max-width: 200px) 100vw, 200px\" \/><\/figure>\n\n\n\n<div style=\"height:20px\" aria-hidden=\"true\" class=\"wp-block-spacer\"><\/div>\n\n\n\n<p><strong>Gustav Baldinger<\/strong><br>CEO PwC Switzerland<\/p>\n<\/div>\n\n\n\n<div class=\"is-layout-flow wp-block-column\">\n<figure class=\"wp-block-image size-full is-resized\"><img decoding=\"async\" loading=\"lazy\" src=\"https:\/\/www.swisscleantech.ch\/files\/Julia-Binder-IMD-Center.jpg\" alt=\"\" class=\"wp-image-32969\" width=\"200\" height=\"200\" srcset=\"https:\/\/www.swisscleantech.ch\/files\/Julia-Binder-IMD-Center.jpg 400w, https:\/\/www.swisscleantech.ch\/files\/Julia-Binder-IMD-Center-300x300.jpg 300w, https:\/\/www.swisscleantech.ch\/files\/Julia-Binder-IMD-Center-125x125.jpg 125w\" sizes=\"(max-width: 200px) 100vw, 200px\" \/><\/figure>\n\n\n\n<div style=\"height:20px\" aria-hidden=\"true\" class=\"wp-block-spacer\"><\/div>\n\n\n\n<p><strong>Julia Binder<\/strong><br>Directrice de l\u2019IMD Center for Sustainable and Inclusive Business<\/p>\n<\/div>\n\n\n\n<div class=\"is-layout-flow wp-block-column\">\n<figure class=\"wp-block-image size-large is-resized\"><img decoding=\"async\" loading=\"lazy\" src=\"https:\/\/www.swisscleantech.ch\/files\/Flavia-Zimmermann-Siemens.jpg\" alt=\"\" width=\"200\" height=\"200\"\/><\/figure>\n\n\n\n<div style=\"height:20px\" aria-hidden=\"true\" class=\"wp-block-spacer\"><\/div>\n\n\n\n<p><strong>Flavia Zimmermann<\/strong><br>Sustainability Managerin und Head of Environmental Protection, Health Management and Safety Siemens<\/p>\n<\/div>\n<\/div>\n<\/div>\n<\/div>\n\n\n\n<div class=\"is-layout-flex wp-container-31 wp-block-columns has-background\" style=\"background-color:#e3ebf1\">\n<div class=\"is-layout-flow wp-block-column\" style=\"flex-basis:20%\">\n<h3>14h15<\/h3>\n<\/div>\n\n\n\n<div class=\"is-layout-flow wp-block-column\" style=\"flex-basis:80%\">\n<h3>2025 &#8211; 2035 : R\u00e9trospective d&#8217;une d\u00e9cennie de succ\u00e8s<\/h3>\n\n\n\n<div class=\"is-layout-flex wp-container-29 wp-block-columns\">\n<div class=\"is-layout-flow wp-block-column\">\n<figure class=\"wp-block-image size-full is-resized\"><img decoding=\"async\" loading=\"lazy\" src=\"https:\/\/www.swisscleantech.ch\/files\/Christian-Zeyer.jpg\" alt=\"\" class=\"wp-image-22842\" width=\"200\" height=\"200\" srcset=\"https:\/\/www.swisscleantech.ch\/files\/Christian-Zeyer.jpg 400w, https:\/\/www.swisscleantech.ch\/files\/Christian-Zeyer-300x300.jpg 300w, https:\/\/www.swisscleantech.ch\/files\/Christian-Zeyer-125x125.jpg 125w\" sizes=\"(max-width: 200px) 100vw, 200px\" \/><\/figure>\n\n\n\n<div style=\"height:20px\" aria-hidden=\"true\" class=\"wp-block-spacer\"><\/div>\n\n\n\n<p><strong>Christian Zeyer<\/strong><br>Co-directeur swisscleantech<\/p>\n<\/div>\n<\/div>\n<\/div>\n<\/div>\n\n\n\n<div class=\"is-layout-flex wp-container-40 wp-block-columns has-background\" style=\"background-color:#e3ebf1\">\n<div class=\"is-layout-flow wp-block-column\" style=\"flex-basis:20%\">\n<h3>14h30<\/h3>\n<\/div>\n\n\n\n<div class=\"is-layout-flow wp-block-column\" style=\"flex-basis:80%\">\n<h3>Repenser les coop\u00e9rations : nous n\u2019avancerons qu\u2019ensemble !<\/h3>\n\n\n\n<h4>Quand discounters &amp; ONG s\u2019associent<\/h4>\n\n\n\n<div class=\"is-layout-flex wp-container-35 wp-block-columns\">\n<div class=\"is-layout-flow wp-block-column\">\n<figure class=\"wp-block-image size-full is-resized\"><img decoding=\"async\" loading=\"lazy\" src=\"https:\/\/www.swisscleantech.ch\/files\/Nicholas-Pennanen-Lidl-Schweiz.jpg\" alt=\"\" class=\"wp-image-32978\" width=\"200\" height=\"200\" srcset=\"https:\/\/www.swisscleantech.ch\/files\/Nicholas-Pennanen-Lidl-Schweiz.jpg 400w, https:\/\/www.swisscleantech.ch\/files\/Nicholas-Pennanen-Lidl-Schweiz-300x300.jpg 300w, https:\/\/www.swisscleantech.ch\/files\/Nicholas-Pennanen-Lidl-Schweiz-125x125.jpg 125w\" sizes=\"(max-width: 200px) 100vw, 200px\" \/><\/figure>\n\n\n\n<div style=\"height:20px\" aria-hidden=\"true\" class=\"wp-block-spacer\"><\/div>\n\n\n\n<p><strong>Nicholas Pennanen<\/strong><br>CEO Lidl Suisse<\/p>\n<\/div>\n\n\n\n<div class=\"is-layout-flow wp-block-column\">\n<figure class=\"wp-block-image size-full is-resized\"><img decoding=\"async\" src=\"https:\/\/www.swisscleantech.ch\/files\/Thomas-Vellacott-WWF-Schweiz.jpg\" alt=\"\" class=\"wp-image-32977\" width=\"200\" srcset=\"https:\/\/www.swisscleantech.ch\/files\/Thomas-Vellacott-WWF-Schweiz.jpg 400w, https:\/\/www.swisscleantech.ch\/files\/Thomas-Vellacott-WWF-Schweiz-300x300.jpg 300w, https:\/\/www.swisscleantech.ch\/files\/Thomas-Vellacott-WWF-Schweiz-125x125.jpg 125w\" sizes=\"(max-width: 400px) 100vw, 400px\" \/><\/figure>\n\n\n\n<div style=\"height:20px\" aria-hidden=\"true\" class=\"wp-block-spacer\"><\/div>\n\n\n\n<p><strong>Thomas Vellacott<\/strong><br>CEO WWF Suisse<\/p>\n<\/div>\n<\/div>\n\n\n\n<h4>L\u2019IA, une opportunit\u00e9 pour z\u00e9ro net<\/h4>\n\n\n\n<div class=\"is-layout-flex wp-container-38 wp-block-columns\">\n<div class=\"is-layout-flow wp-block-column\">\n<figure class=\"wp-block-image size-full is-resized\"><img decoding=\"async\" loading=\"lazy\" src=\"https:\/\/www.swisscleantech.ch\/files\/Patrik-Meli-MAN-Energy-Solutions.jpg\" alt=\"\" class=\"wp-image-31676\" width=\"200\" height=\"200\" srcset=\"https:\/\/www.swisscleantech.ch\/files\/Patrik-Meli-MAN-Energy-Solutions.jpg 400w, https:\/\/www.swisscleantech.ch\/files\/Patrik-Meli-MAN-Energy-Solutions-300x300.jpg 300w, https:\/\/www.swisscleantech.ch\/files\/Patrik-Meli-MAN-Energy-Solutions-125x125.jpg 125w\" sizes=\"(max-width: 200px) 100vw, 200px\" \/><\/figure>\n\n\n\n<div style=\"height:20px\" aria-hidden=\"true\" class=\"wp-block-spacer\"><\/div>\n\n\n\n<p><strong>Patrik Meli<\/strong><br>Managing Director Everllence Suisse<\/p>\n<\/div>\n\n\n\n<div class=\"is-layout-flow wp-block-column\">\n<figure class=\"wp-block-image size-full is-resized\"><img decoding=\"async\" loading=\"lazy\" src=\"https:\/\/www.swisscleantech.ch\/files\/Christian-Schaffner-ETH-Zurich.jpg\" alt=\"\" class=\"wp-image-32979\" width=\"200\" height=\"200\" srcset=\"https:\/\/www.swisscleantech.ch\/files\/Christian-Schaffner-ETH-Zurich.jpg 400w, https:\/\/www.swisscleantech.ch\/files\/Christian-Schaffner-ETH-Zurich-300x300.jpg 300w, https:\/\/www.swisscleantech.ch\/files\/Christian-Schaffner-ETH-Zurich-125x125.jpg 125w\" sizes=\"(max-width: 200px) 100vw, 200px\" \/><\/figure>\n\n\n\n<div style=\"height:20px\" aria-hidden=\"true\" class=\"wp-block-spacer\"><\/div>\n\n\n\n<p><strong>Christian Schaffner<\/strong><br>Executive Director Energy Science Center, ETH Zurich<\/p>\n<\/div>\n<\/div>\n<\/div>\n<\/div>\n\n\n\n<div class=\"is-layout-flex wp-container-45 wp-block-columns has-background\" style=\"background-color:#e3ebf1\">\n<div class=\"is-layout-flow wp-block-column\" style=\"flex-basis:20%\">\n<h3>15h<\/h3>\n<\/div>\n\n\n\n<div class=\"is-layout-flow wp-block-column\" style=\"flex-basis:80%\">\n<h3>Interm\u00e8de<\/h3>\n\n\n\n<div class=\"is-layout-flex wp-container-43 wp-block-columns\">\n<div class=\"is-layout-flow wp-block-column\">\n<figure class=\"wp-block-image size-full is-resized\"><img decoding=\"async\" loading=\"lazy\" src=\"https:\/\/www.swisscleantech.ch\/files\/Dominic-Deville.jpg\" alt=\"\" class=\"wp-image-32982\" width=\"200\" height=\"200\" srcset=\"https:\/\/www.swisscleantech.ch\/files\/Dominic-Deville.jpg 400w, https:\/\/www.swisscleantech.ch\/files\/Dominic-Deville-300x300.jpg 300w, https:\/\/www.swisscleantech.ch\/files\/Dominic-Deville-125x125.jpg 125w\" sizes=\"(max-width: 200px) 100vw, 200px\" \/><\/figure>\n\n\n\n<div style=\"height:20px\" aria-hidden=\"true\" class=\"wp-block-spacer\"><\/div>\n\n\n\n<p><strong>Dominic Deville<\/strong><br>Humoriste et auteur<\/p>\n<\/div>\n<\/div>\n<\/div>\n<\/div>\n\n\n\n<div class=\"is-layout-flex wp-container-48 wp-block-columns has-background\" style=\"background-color:#79a6cb\">\n<div class=\"is-layout-flow wp-block-column\" style=\"flex-basis:20%\">\n<h3 class=\"has-white-color has-text-color\">15h15<\/h3>\n<\/div>\n\n\n\n<div class=\"is-layout-flow wp-block-column\" style=\"flex-basis:80%\">\n<h3 class=\"has-white-color has-text-color\">Pause avec exposition<\/h3>\n<\/div>\n<\/div>\n\n\n\n<div class=\"is-layout-flex wp-container-51 wp-block-columns has-background\" style=\"background-color:#e3ebf1\">\n<div class=\"is-layout-flow wp-block-column\" style=\"flex-basis:20%\">\n<h3>16h05<\/h3>\n<\/div>\n\n\n\n<div class=\"is-layout-flow wp-block-column\" style=\"flex-basis:80%\">\n<h3>Breakout Sessions : Z\u00e9ro net concr\u00e8tement<\/h3>\n\n\n\n<p><a href=\"https:\/\/www.swisscleantech.ch\/agendaeintrag\/swisscleantech-dialog-2025\/#breakout\">Breakout Sessions en d\u00e9tail<\/a><\/p>\n<\/div>\n<\/div>\n\n\n\n<div class=\"is-layout-flex wp-container-60 wp-block-columns has-background\" style=\"background-color:#e3ebf1\">\n<div class=\"is-layout-flow wp-block-column\" style=\"flex-basis:20%\">\n<h3>17h10<\/h3>\n<\/div>\n\n\n\n<div class=\"is-layout-flow wp-block-column\" style=\"flex-basis:80%\">\n<h3>Une politique climatique cr\u00e9dible malgr\u00e9 les imp\u00e9ratifs \u00e9conomiques : quelles sont les solutions susceptibles de r\u00e9unir des majorit\u00e9s ?<\/h3>\n\n\n\n<p>D\u00e9bat<\/p>\n\n\n\n<div class=\"is-layout-flex wp-container-55 wp-block-columns\">\n<div class=\"is-layout-flow wp-block-column\">\n<figure class=\"wp-block-image size-full is-resized\"><img decoding=\"async\" loading=\"lazy\" src=\"https:\/\/www.swisscleantech.ch\/files\/Juerg-Grossen-nationale-Wahlen-2023.jpg\" alt=\"\" class=\"wp-image-27206\" width=\"200\" height=\"200\" srcset=\"https:\/\/www.swisscleantech.ch\/files\/Juerg-Grossen-nationale-Wahlen-2023.jpg 400w, https:\/\/www.swisscleantech.ch\/files\/Juerg-Grossen-nationale-Wahlen-2023-300x300.jpg 300w, https:\/\/www.swisscleantech.ch\/files\/Juerg-Grossen-nationale-Wahlen-2023-125x125.jpg 125w\" sizes=\"(max-width: 200px) 100vw, 200px\" \/><\/figure>\n\n\n\n<div style=\"height:20px\" aria-hidden=\"true\" class=\"wp-block-spacer\"><\/div>\n\n\n\n<p><strong>J\u00fcrg Grossen<\/strong><br>Conseiller national et pr\u00e9sident des Vert\u2019lib\u00e9raux<\/p>\n<\/div>\n\n\n\n<div class=\"is-layout-flow wp-block-column\">\n<figure class=\"wp-block-image size-full is-resized\"><img decoding=\"async\" loading=\"lazy\" src=\"https:\/\/www.swisscleantech.ch\/files\/Michael-Mandl-swisscleantech.jpg\" alt=\"\" class=\"wp-image-23400\" width=\"200\" height=\"200\" srcset=\"https:\/\/www.swisscleantech.ch\/files\/Michael-Mandl-swisscleantech.jpg 400w, https:\/\/www.swisscleantech.ch\/files\/Michael-Mandl-swisscleantech-300x300.jpg 300w, https:\/\/www.swisscleantech.ch\/files\/Michael-Mandl-swisscleantech-125x125.jpg 125w\" sizes=\"(max-width: 200px) 100vw, 200px\" \/><\/figure>\n\n\n\n<div style=\"height:20px\" aria-hidden=\"true\" class=\"wp-block-spacer\"><\/div>\n\n\n\n<p><strong>Michael Mandl<\/strong><br>(Animateur)<br>Co-directeur swisscleantech<\/p>\n<\/div>\n<\/div>\n\n\n\n<div class=\"is-layout-flex wp-container-58 wp-block-columns\">\n<div class=\"is-layout-flow wp-block-column\">\n<figure class=\"wp-block-image size-large is-resized\"><img decoding=\"async\" loading=\"lazy\" src=\"https:\/\/www.swisscleantech.ch\/files\/Marionna-Schlatter-Gruene.jpg\" alt=\"\" width=\"200\" height=\"200\"\/><\/figure>\n\n\n\n<div style=\"height:20px\" aria-hidden=\"true\" class=\"wp-block-spacer\"><\/div>\n\n\n\n<p><strong>Marionna Schlatter<\/strong><br>Conseill\u00e8re nationale Les VERT-E-S<\/p>\n<\/div>\n\n\n\n<div class=\"is-layout-flow wp-block-column\">\n<figure class=\"wp-block-image size-full is-resized\"><img decoding=\"async\" loading=\"lazy\" src=\"https:\/\/www.swisscleantech.ch\/files\/Susanne-Vincenz-Stauffacher-Nationalratin.jpg\" alt=\"\" class=\"wp-image-30568\" width=\"200\" height=\"200\" srcset=\"https:\/\/www.swisscleantech.ch\/files\/Susanne-Vincenz-Stauffacher-Nationalratin.jpg 400w, https:\/\/www.swisscleantech.ch\/files\/Susanne-Vincenz-Stauffacher-Nationalratin-300x300.jpg 300w, https:\/\/www.swisscleantech.ch\/files\/Susanne-Vincenz-Stauffacher-Nationalratin-125x125.jpg 125w\" sizes=\"(max-width: 200px) 100vw, 200px\" \/><\/figure>\n\n\n\n<div style=\"height:20px\" aria-hidden=\"true\" class=\"wp-block-spacer\"><\/div>\n\n\n\n<p><strong>Susanne Vincenz-Stauffacher<\/strong><br>Conseill\u00e8re nationale PLR, Comit\u00e9 directeur swisscleantech<\/p>\n<\/div>\n<\/div>\n<\/div>\n<\/div>\n\n\n\n<div class=\"is-layout-flex wp-container-69 wp-block-columns has-background\" style=\"background-color:#e3ebf1\">\n<div class=\"is-layout-flow wp-block-column\" style=\"flex-basis:20%\">\n<h3>17h55<\/h3>\n<\/div>\n\n\n\n<div class=\"is-layout-flow wp-block-column\" style=\"flex-basis:80%\">\n<h3>L\u2019espoir sous les feux de la rampe<\/h3>\n\n\n\n<p>Des adh\u00e9rents de swisscleantech pr\u00e9sentent des solutions qui qui peuvent apporter des changements dans les branches.<\/p>\n\n\n\n<div class=\"is-layout-flex wp-container-64 wp-block-columns\">\n<div class=\"is-layout-flow wp-block-column\">\n<figure class=\"wp-block-image size-large is-resized\"><img decoding=\"async\" loading=\"lazy\" src=\"https:\/\/www.swisscleantech.ch\/files\/Noah-Heynen-Helion.jpg\" alt=\"\" width=\"200\" height=\"200\"\/><\/figure>\n\n\n\n<div style=\"height:20px\" aria-hidden=\"true\" class=\"wp-block-spacer\"><\/div>\n\n\n\n<p><strong>Noah Heynen<\/strong><br>CEO und Co-Gr\u00fcnder Helion<\/p>\n<\/div>\n\n\n\n<div class=\"is-layout-flow wp-block-column\">\n<figure class=\"wp-block-image size-full is-resized\"><img decoding=\"async\" loading=\"lazy\" src=\"https:\/\/www.swisscleantech.ch\/files\/Guido-Houben-Transmutex.jpg\" alt=\"\" class=\"wp-image-35549\" width=\"200\" height=\"200\" srcset=\"https:\/\/www.swisscleantech.ch\/files\/Guido-Houben-Transmutex.jpg 400w, https:\/\/www.swisscleantech.ch\/files\/Guido-Houben-Transmutex-300x300.jpg 300w, https:\/\/www.swisscleantech.ch\/files\/Guido-Houben-Transmutex-125x125.jpg 125w\" sizes=\"(max-width: 200px) 100vw, 200px\" \/><\/figure>\n\n\n\n<div style=\"height:20px\" aria-hidden=\"true\" class=\"wp-block-spacer\"><\/div>\n\n\n\n<p><strong>Guido Houben<\/strong><br>Directeur g\u00e9n\u00e9ral Transmutex Allemagne<\/p>\n<\/div>\n<\/div>\n\n\n\n<div class=\"is-layout-flex wp-container-67 wp-block-columns\">\n<div class=\"is-layout-flow wp-block-column\">\n<figure class=\"wp-block-image size-full is-resized\"><img decoding=\"async\" loading=\"lazy\" src=\"https:\/\/www.swisscleantech.ch\/files\/Daniel-Wiener-CO2-Pipeline-Schweiz-AG.jpg\" alt=\"\" class=\"wp-image-35520\" width=\"200\" height=\"200\" srcset=\"https:\/\/www.swisscleantech.ch\/files\/Daniel-Wiener-CO2-Pipeline-Schweiz-AG.jpg 400w, https:\/\/www.swisscleantech.ch\/files\/Daniel-Wiener-CO2-Pipeline-Schweiz-AG-300x300.jpg 300w, https:\/\/www.swisscleantech.ch\/files\/Daniel-Wiener-CO2-Pipeline-Schweiz-AG-125x125.jpg 125w\" sizes=\"(max-width: 200px) 100vw, 200px\" \/><\/figure>\n\n\n\n<div style=\"height:20px\" aria-hidden=\"true\" class=\"wp-block-spacer\"><\/div>\n\n\n\n<p><strong>Daniel Wiener<\/strong><br>Pr\u00e9sident du conseil d&#8217;administration CO<sub>2<\/sub> Pipeline Suisse AG<\/p>\n<\/div>\n\n\n\n<div class=\"is-layout-flow wp-block-column\"><\/div>\n<\/div>\n<\/div>\n<\/div>\n\n\n\n<div class=\"is-layout-flex wp-container-72 wp-block-columns has-background\" style=\"background-color:#e3ebf1\">\n<div class=\"is-layout-flow wp-block-column\" style=\"flex-basis:20%\">\n<h3>18h20<\/h3>\n<\/div>\n\n\n\n<div class=\"is-layout-flow wp-block-column\" style=\"flex-basis:80%\">\n<h3>Cl\u00f4ture<\/h3>\n<\/div>\n<\/div>\n\n\n\n<div class=\"is-layout-flex wp-container-77 wp-block-columns has-background\" style=\"background-color:#e3ebf1\">\n<div class=\"is-layout-flow wp-block-column\" style=\"flex-basis:20%\">\n<h3>18h30<\/h3>\n<\/div>\n\n\n\n<div class=\"is-layout-flow wp-block-column\" style=\"flex-basis:80%\">\n<h3>Interm\u00e8de<\/h3>\n\n\n\n<div class=\"is-layout-flex wp-container-75 wp-block-columns\">\n<div class=\"is-layout-flow wp-block-column\">\n<figure class=\"wp-block-image size-full is-resized\"><img decoding=\"async\" loading=\"lazy\" src=\"https:\/\/www.swisscleantech.ch\/files\/Dominic-Deville.jpg\" alt=\"\" class=\"wp-image-32982\" width=\"200\" height=\"200\" srcset=\"https:\/\/www.swisscleantech.ch\/files\/Dominic-Deville.jpg 400w, https:\/\/www.swisscleantech.ch\/files\/Dominic-Deville-300x300.jpg 300w, https:\/\/www.swisscleantech.ch\/files\/Dominic-Deville-125x125.jpg 125w\" sizes=\"(max-width: 200px) 100vw, 200px\" \/><\/figure>\n\n\n\n<div style=\"height:20px\" aria-hidden=\"true\" class=\"wp-block-spacer\"><\/div>\n\n\n\n<p><strong>Dominic Deville<\/strong><br>Humoriste et auteur<br><\/p>\n<\/div>\n<\/div>\n<\/div>\n<\/div>\n\n\n\n<div class=\"is-layout-flex wp-container-80 wp-block-columns has-background\" style=\"background-color:#79a6cb\">\n<div class=\"is-layout-flow wp-block-column\" style=\"flex-basis:20%\">\n<h3 class=\"has-white-color has-text-color\">18h40<\/h3>\n<\/div>\n\n\n\n<div class=\"is-layout-flow wp-block-column\" style=\"flex-basis:80%\">\n<h3 class=\"has-white-color has-text-color\">Buffet<\/h3>\n<\/div>\n<\/div>\n\n<\/div><\/div><\/div><\/div>\n\n\n\n<div style=\"height:40px\" aria-hidden=\"true\" class=\"wp-block-spacer\"><\/div>\n\n\n<div id=\"breakout\" class=\"foldbox_wrapper sct_foldbox_wrapper\"><div class=\"foldbox_item\"><div class=\"foldbox_head\"><span class=\"oc_ico\"><\/span><span class=\"foldbox_titel h3\">Breakout Sessions<\/span><\/div><div class=\"foldbox_content\"><div class=\"acf-innerblocks-container\">\n\n<div class=\"is-layout-flex wp-container-86 wp-block-columns\">\n<div class=\"is-layout-flow wp-block-column abstand_gross has-background\" style=\"background-color:#e3ebf1\">\n<h3>Coop\u00e9rations tout au long de la cha\u00eene de valeur<\/h3>\n\n\n\n<p><strong>Enjeux et facteurs de r\u00e9ussite, exemple de l\u2019industrie alimentaire<\/strong><br>Pour faire progresser l\u2019\u00e9conomie circulaire et d\u00e9carboner la cha\u00eene de de valeur, des coop\u00e9rations et des initiatives rassemblant diff\u00e9rentes branches sont n\u00e9cessaires. En pr\u00e9sentant des bonnes pratiques, Emmi et Lidl Suisse montrent comment de telles initiatives peuvent aussi r\u00e9ussir dans d\u2019autres entreprises.<\/p>\n\n\n\n<div class=\"is-layout-flex wp-container-84 wp-block-columns\">\n<div class=\"is-layout-flow wp-block-column\">\n<figure class=\"wp-block-image size-full is-resized\"><img decoding=\"async\" loading=\"lazy\" src=\"https:\/\/www.swisscleantech.ch\/files\/Marc-Heim-Emmi.jpg\" alt=\"\" class=\"wp-image-34293\" width=\"200\" height=\"200\" srcset=\"https:\/\/www.swisscleantech.ch\/files\/Marc-Heim-Emmi.jpg 400w, https:\/\/www.swisscleantech.ch\/files\/Marc-Heim-Emmi-300x300.jpg 300w, https:\/\/www.swisscleantech.ch\/files\/Marc-Heim-Emmi-125x125.jpg 125w\" sizes=\"(max-width: 200px) 100vw, 200px\" \/><\/figure>\n\n\n\n<div style=\"height:20px\" aria-hidden=\"true\" class=\"wp-block-spacer\"><\/div>\n\n\n\n<p><strong>Marc Heim<\/strong><br>Directeur Division Suisse Groupe Emmi<\/p>\n<\/div>\n\n\n\n<div class=\"is-layout-flow wp-block-column\">\n<figure class=\"wp-block-image size-full is-resized\"><img decoding=\"async\" loading=\"lazy\" src=\"https:\/\/www.swisscleantech.ch\/files\/Bastien-Girod-Deloitte.jpg\" alt=\"\" class=\"wp-image-33752\" width=\"200\" height=\"200\" srcset=\"https:\/\/www.swisscleantech.ch\/files\/Bastien-Girod-Deloitte.jpg 400w, https:\/\/www.swisscleantech.ch\/files\/Bastien-Girod-Deloitte-300x300.jpg 300w, https:\/\/www.swisscleantech.ch\/files\/Bastien-Girod-Deloitte-125x125.jpg 125w\" sizes=\"(max-width: 200px) 100vw, 200px\" \/><\/figure>\n\n\n\n<div style=\"height:20px\" aria-hidden=\"true\" class=\"wp-block-spacer\"><\/div>\n\n\n\n<p><strong>Bastien Girod<\/strong><br>(Pr\u00e9sentation)<br>Associ\u00e9 Deloitte, Comit\u00e9 directeur swisscleantech<\/p>\n<\/div>\n\n\n\n<div class=\"is-layout-flow wp-block-column\">\n<figure class=\"wp-block-image size-full is-resized\"><img decoding=\"async\" loading=\"lazy\" src=\"https:\/\/www.swisscleantech.ch\/files\/Nicholas-Pennanen-Lidl-Schweiz.jpg\" alt=\"\" class=\"wp-image-32978\" width=\"200\" height=\"200\" srcset=\"https:\/\/www.swisscleantech.ch\/files\/Nicholas-Pennanen-Lidl-Schweiz.jpg 400w, https:\/\/www.swisscleantech.ch\/files\/Nicholas-Pennanen-Lidl-Schweiz-300x300.jpg 300w, https:\/\/www.swisscleantech.ch\/files\/Nicholas-Pennanen-Lidl-Schweiz-125x125.jpg 125w\" sizes=\"(max-width: 200px) 100vw, 200px\" \/><\/figure>\n\n\n\n<div style=\"height:20px\" aria-hidden=\"true\" class=\"wp-block-spacer\"><\/div>\n\n\n\n<p><strong>Nicholas Pennanen<\/strong><br>CEO Lidl Schweiz<\/p>\n<\/div>\n<\/div>\n<\/div>\n<\/div>\n\n\n\n<div class=\"is-layout-flex wp-container-96 wp-block-columns\">\n<div class=\"is-layout-flow wp-block-column abstand_gross has-background\" style=\"background-color:#e3ebf1\">\n<h3>Reporting de d\u00e9veloppement durable, un instrument de gestion efficace<\/h3>\n\n\n\n<p><strong>Le reporting de durabilit\u00e9, c\u2019est plus que la compliance !<\/strong><br>Malgr\u00e9 un certain assouplissement de la r\u00e9glementation, le reporting de durabilit\u00e9 reste d\u00e9terminant sur le plan strat\u00e9gique, un instrument de gestion essentiel pour soutenir les d\u00e9cisions strat\u00e9giques, minimiser les risques et permettre une transformation de l\u2019activit\u00e9.<\/p>\n\n\n\n<div class=\"is-layout-flex wp-container-90 wp-block-columns\">\n<div class=\"is-layout-flow wp-block-column\">\n<figure class=\"wp-block-image size-full is-resized\"><img decoding=\"async\" loading=\"lazy\" src=\"https:\/\/www.swisscleantech.ch\/files\/Sebastian-Kaczynski-SAP-2024.jpg\" alt=\"\" class=\"wp-image-33574\" width=\"200\" height=\"200\" srcset=\"https:\/\/www.swisscleantech.ch\/files\/Sebastian-Kaczynski-SAP-2024.jpg 616w, https:\/\/www.swisscleantech.ch\/files\/Sebastian-Kaczynski-SAP-2024-300x300.jpg 300w, https:\/\/www.swisscleantech.ch\/files\/Sebastian-Kaczynski-SAP-2024-125x125.jpg 125w\" sizes=\"(max-width: 200px) 100vw, 200px\" \/><\/figure>\n\n\n\n<div style=\"height:20px\" aria-hidden=\"true\" class=\"wp-block-spacer\"><\/div>\n\n\n\n<p><strong>Sebastian Kaczynski<\/strong><br>Chief Sustainability Officer SAP Schweiz<\/p>\n<\/div>\n\n\n\n<div class=\"is-layout-flow wp-block-column\">\n<figure class=\"wp-block-image size-full is-resized\"><img decoding=\"async\" loading=\"lazy\" src=\"https:\/\/www.swisscleantech.ch\/files\/Michael-Mandl-swisscleantech.jpg\" alt=\"\" class=\"wp-image-23400\" width=\"200\" height=\"200\" srcset=\"https:\/\/www.swisscleantech.ch\/files\/Michael-Mandl-swisscleantech.jpg 400w, https:\/\/www.swisscleantech.ch\/files\/Michael-Mandl-swisscleantech-300x300.jpg 300w, https:\/\/www.swisscleantech.ch\/files\/Michael-Mandl-swisscleantech-125x125.jpg 125w\" sizes=\"(max-width: 200px) 100vw, 200px\" \/><\/figure>\n\n\n\n<div style=\"height:20px\" aria-hidden=\"true\" class=\"wp-block-spacer\"><\/div>\n\n\n\n<p><strong>Michael Mandl<\/strong><br>(Pr\u00e9sentation)<br>Co-directeur swisscleantech<\/p>\n<\/div>\n\n\n\n<div class=\"is-layout-flow wp-block-column\">\n<figure class=\"wp-block-image size-full is-resized\"><img decoding=\"async\" loading=\"lazy\" src=\"https:\/\/www.swisscleantech.ch\/files\/Konstantin-Meier-PwC.jpg\" alt=\"\" class=\"wp-image-35635\" width=\"200\" height=\"200\" srcset=\"https:\/\/www.swisscleantech.ch\/files\/Konstantin-Meier-PwC.jpg 400w, https:\/\/www.swisscleantech.ch\/files\/Konstantin-Meier-PwC-300x300.jpg 300w, https:\/\/www.swisscleantech.ch\/files\/Konstantin-Meier-PwC-125x125.jpg 125w\" sizes=\"(max-width: 200px) 100vw, 200px\" \/><\/figure>\n\n\n\n<div style=\"height:20px\" aria-hidden=\"true\" class=\"wp-block-spacer\"><\/div>\n\n\n\n<p><strong>Konstantin Meier<br><\/strong>Director Sustainability and Climate Change PwC Switzerland<\/p>\n<\/div>\n<\/div>\n\n\n\n<div class=\"is-layout-flex wp-container-94 wp-block-columns\">\n<div class=\"is-layout-flow wp-block-column\">\n<figure class=\"wp-block-image size-full is-resized\"><img decoding=\"async\" loading=\"lazy\" src=\"https:\/\/www.swisscleantech.ch\/files\/Olga-Steiger-ZFV-Unternehmungen.jpg\" alt=\"\" class=\"wp-image-35628\" width=\"200\" height=\"200\" srcset=\"https:\/\/www.swisscleantech.ch\/files\/Olga-Steiger-ZFV-Unternehmungen.jpg 400w, https:\/\/www.swisscleantech.ch\/files\/Olga-Steiger-ZFV-Unternehmungen-300x300.jpg 300w, https:\/\/www.swisscleantech.ch\/files\/Olga-Steiger-ZFV-Unternehmungen-125x125.jpg 125w\" sizes=\"(max-width: 200px) 100vw, 200px\" \/><\/figure>\n\n\n\n<div style=\"height:20px\" aria-hidden=\"true\" class=\"wp-block-spacer\"><\/div>\n\n\n\n<p><strong>Olga Steiger<br><\/strong>Responsable d\u00e9veloppement durable ZFV-Unternehmungen<\/p>\n<\/div>\n\n\n\n<div class=\"is-layout-flow wp-block-column\"><\/div>\n\n\n\n<div class=\"is-layout-flow wp-block-column\"><\/div>\n<\/div>\n<\/div>\n<\/div>\n\n\n\n<div class=\"is-layout-flex wp-container-106 wp-block-columns\">\n<div class=\"is-layout-flow wp-block-column abstand_gross has-background\" style=\"background-color:#e3ebf1\">\n<h3>Trouver des majorit\u00e9s pour la protection du climat<\/h3>\n\n\n\n<p><strong>Doit-on parler tout autrement du climat ?<\/strong><br>L\u2019environnement g\u00e9opolitique met la protection du climat sous pression. Comment trouver des majorit\u00e9s politiques, parmi la population et \u00e9galement \u00e0 l\u2019int\u00e9rieur des entreprises pour prendre des mesures efficaces malgr\u00e9 les incertitudes \u00e9conomiques ? Une approche consiste \u00e0 modifier le narratif et \u00e0 communiquer une image cible attrayante. Nous examinons des solutions pour une communication cr\u00e9dible de tels narratifs.<\/p>\n\n\n\n<div class=\"is-layout-flex wp-container-100 wp-block-columns\">\n<div class=\"is-layout-flow wp-block-column\">\n<figure class=\"wp-block-image size-full is-resized\"><img decoding=\"async\" loading=\"lazy\" src=\"https:\/\/www.swisscleantech.ch\/files\/Corinne-Grassle-Climanow-2.jpg\" alt=\"\" class=\"wp-image-34296\" width=\"200\" height=\"200\" srcset=\"https:\/\/www.swisscleantech.ch\/files\/Corinne-Grassle-Climanow-2.jpg 400w, https:\/\/www.swisscleantech.ch\/files\/Corinne-Grassle-Climanow-2-300x300.jpg 300w, https:\/\/www.swisscleantech.ch\/files\/Corinne-Grassle-Climanow-2-125x125.jpg 125w\" sizes=\"(max-width: 200px) 100vw, 200px\" \/><\/figure>\n\n\n\n<div style=\"height:20px\" aria-hidden=\"true\" class=\"wp-block-spacer\"><\/div>\n\n\n\n<p><strong>Corinne Gr\u00e4ssle<\/strong><br>Directrice g\u00e9n\u00e9rale<\/p>\n<\/div>\n\n\n\n<div class=\"is-layout-flow wp-block-column\">\n<figure class=\"wp-block-image size-large is-resized\"><img decoding=\"async\" loading=\"lazy\" src=\"https:\/\/www.swisscleantech.ch\/files\/Urs-Neuhauser-Griesser-1.jpg\" alt=\"\" width=\"200\" height=\"200\"\/><\/figure>\n\n\n\n<div style=\"height:20px\" aria-hidden=\"true\" class=\"wp-block-spacer\"><\/div>\n\n\n\n<p><strong>Urs Neuhauser<\/strong><br>CEO groupe Griesser, Comit\u00e9 directeur swisscleantech<\/p>\n<\/div>\n\n\n\n<div class=\"is-layout-flow wp-block-column\">\n<figure class=\"wp-block-image size-full is-resized\"><img decoding=\"async\" loading=\"lazy\" src=\"https:\/\/www.swisscleantech.ch\/files\/Susanne-Vincenz-Stauffacher-Nationalratin.jpg\" alt=\"\" class=\"wp-image-30568\" width=\"200\" height=\"200\" srcset=\"https:\/\/www.swisscleantech.ch\/files\/Susanne-Vincenz-Stauffacher-Nationalratin.jpg 400w, https:\/\/www.swisscleantech.ch\/files\/Susanne-Vincenz-Stauffacher-Nationalratin-300x300.jpg 300w, https:\/\/www.swisscleantech.ch\/files\/Susanne-Vincenz-Stauffacher-Nationalratin-125x125.jpg 125w\" sizes=\"(max-width: 200px) 100vw, 200px\" \/><\/figure>\n\n\n\n<div style=\"height:20px\" aria-hidden=\"true\" class=\"wp-block-spacer\"><\/div>\n\n\n\n<p><strong>Susanne Vincenz-Stauffacher<\/strong><br>(Pr\u00e9sentation)<br>Conseill\u00e8re nationale PLR, Comit\u00e9 directeur swisscleantech<\/p>\n<\/div>\n<\/div>\n\n\n\n<div class=\"is-layout-flex wp-container-104 wp-block-columns\">\n<div class=\"is-layout-flow wp-block-column\">\n<figure class=\"wp-block-image size-full is-resized\"><img decoding=\"async\" loading=\"lazy\" src=\"https:\/\/www.swisscleantech.ch\/files\/Joseph-De-Weck-greenmantle.jpg\" alt=\"\" class=\"wp-image-34297\" width=\"200\" height=\"200\" srcset=\"https:\/\/www.swisscleantech.ch\/files\/Joseph-De-Weck-greenmantle.jpg 400w, https:\/\/www.swisscleantech.ch\/files\/Joseph-De-Weck-greenmantle-300x300.jpg 300w, https:\/\/www.swisscleantech.ch\/files\/Joseph-De-Weck-greenmantle-125x125.jpg 125w\" sizes=\"(max-width: 200px) 100vw, 200px\" \/><\/figure>\n\n\n\n<div style=\"height:20px\" aria-hidden=\"true\" class=\"wp-block-spacer\"><\/div>\n\n\n\n<p><strong>Joseph De Weck<\/strong><br>Director Europa Greenmantle<\/p>\n<\/div>\n\n\n\n<div class=\"is-layout-flow wp-block-column\"><\/div>\n\n\n\n<div class=\"is-layout-flow wp-block-column\"><\/div>\n<\/div>\n<\/div>\n<\/div>\n\n\n\n<div class=\"is-layout-flex wp-container-116 wp-block-columns\">\n<div class=\"is-layout-flow wp-block-column abstand_gross has-background\" style=\"background-color:#e3ebf1\">\n<h3>Investir dans l\u2019\u00e9nergie solaire<\/h3>\n\n\n\n<p><strong>De nouvelles opportunit\u00e9s avec la loi sur l\u2019\u00e9lectricit\u00e9<\/strong><br>La loi sur l\u2019\u00e9lectricit\u00e9 offre aux entreprises de nouvelles opportunit\u00e9s dans l\u2019\u00e9nergie solaire. Nous examinerons les principaux changements pour les entreprises et les investisseurs, les regroupements aux fins de la consommation propre (virtuelle) (RCP &amp; RCP virtuelle) et les communaut\u00e9s \u00e9lectriques locales (CEL).<\/p>\n\n\n\n<div class=\"is-layout-flex wp-container-110 wp-block-columns\">\n<div class=\"is-layout-flow wp-block-column\">\n<figure class=\"wp-block-image size-full is-resized\"><img decoding=\"async\" loading=\"lazy\" src=\"https:\/\/www.swisscleantech.ch\/files\/Matthias-Egli-Swisssolar.jpg\" alt=\"\" class=\"wp-image-34300\" width=\"200\" height=\"200\" srcset=\"https:\/\/www.swisscleantech.ch\/files\/Matthias-Egli-Swisssolar.jpg 400w, https:\/\/www.swisscleantech.ch\/files\/Matthias-Egli-Swisssolar-300x300.jpg 300w, https:\/\/www.swisscleantech.ch\/files\/Matthias-Egli-Swisssolar-125x125.jpg 125w\" sizes=\"(max-width: 200px) 100vw, 200px\" \/><\/figure>\n\n\n\n<div style=\"height:20px\" aria-hidden=\"true\" class=\"wp-block-spacer\"><\/div>\n\n\n\n<p><strong>Matthias Egli<\/strong><br>Directeur Swissolar<\/p>\n<\/div>\n\n\n\n<div class=\"is-layout-flow wp-block-column\">\n<figure class=\"wp-block-image size-full is-resized\"><img decoding=\"async\" loading=\"lazy\" src=\"https:\/\/www.swisscleantech.ch\/files\/Stephan-Kraehenbuehl-primeo-energy.jpg\" alt=\"\" class=\"wp-image-34301\" width=\"200\" height=\"200\" srcset=\"https:\/\/www.swisscleantech.ch\/files\/Stephan-Kraehenbuehl-primeo-energy.jpg 400w, https:\/\/www.swisscleantech.ch\/files\/Stephan-Kraehenbuehl-primeo-energy-300x300.jpg 300w, https:\/\/www.swisscleantech.ch\/files\/Stephan-Kraehenbuehl-primeo-energy-125x125.jpg 125w\" sizes=\"(max-width: 200px) 100vw, 200px\" \/><\/figure>\n\n\n\n<div style=\"height:20px\" aria-hidden=\"true\" class=\"wp-block-spacer\"><\/div>\n\n\n\n<p><strong>Stephan Kr\u00e4henb\u00fchl<\/strong><br>Head of Prosumer &amp; Energy Services Primeo Energie<\/p>\n<\/div>\n\n\n\n<div class=\"is-layout-flow wp-block-column\">\n<figure class=\"wp-block-image size-full is-resized\"><img decoding=\"async\" loading=\"lazy\" src=\"https:\/\/www.swisscleantech.ch\/files\/Cornelia-Luchsinger-Zuercher-Kantonalbank-ZKB.jpg\" alt=\"\" class=\"wp-image-33912\" width=\"200\" height=\"200\" srcset=\"https:\/\/www.swisscleantech.ch\/files\/Cornelia-Luchsinger-Zuercher-Kantonalbank-ZKB.jpg 400w, https:\/\/www.swisscleantech.ch\/files\/Cornelia-Luchsinger-Zuercher-Kantonalbank-ZKB-300x300.jpg 300w, https:\/\/www.swisscleantech.ch\/files\/Cornelia-Luchsinger-Zuercher-Kantonalbank-ZKB-125x125.jpg 125w\" sizes=\"(max-width: 200px) 100vw, 200px\" \/><\/figure>\n\n\n\n<div style=\"height:20px\" aria-hidden=\"true\" class=\"wp-block-spacer\"><\/div>\n\n\n\n<p><strong>Cornelia Luchsinger<\/strong><br>(Pr\u00e9sentation)<br>Key Account Manager Z\u00fcrcher Kantonalbank, Comit\u00e9 directeur swisscleantech<\/p>\n<\/div>\n<\/div>\n\n\n\n<div class=\"is-layout-flex wp-container-114 wp-block-columns\">\n<div class=\"is-layout-flow wp-block-column\">\n<figure class=\"wp-block-image size-full is-resized\"><img decoding=\"async\" loading=\"lazy\" src=\"https:\/\/www.swisscleantech.ch\/files\/Tobias-Stahel.jpg\" alt=\"\" class=\"wp-image-21028\" width=\"200\" height=\"200\" srcset=\"https:\/\/www.swisscleantech.ch\/files\/Tobias-Stahel.jpg 450w, https:\/\/www.swisscleantech.ch\/files\/Tobias-Stahel-300x300.jpg 300w, https:\/\/www.swisscleantech.ch\/files\/Tobias-Stahel-125x125.jpg 125w\" sizes=\"(max-width: 200px) 100vw, 200px\" \/><\/figure>\n\n\n\n<div style=\"height:20px\" aria-hidden=\"true\" class=\"wp-block-spacer\"><\/div>\n\n\n\n<p><strong>Tobias Stahel<\/strong><br>Directeur Smart Energy Link<\/p>\n<\/div>\n\n\n\n<div class=\"is-layout-flow wp-block-column\"><\/div>\n\n\n\n<div class=\"is-layout-flow wp-block-column\"><\/div>\n<\/div>\n<\/div>\n<\/div>\n\n\n\n<div class=\"is-layout-flex wp-container-122 wp-block-columns\">\n<div class=\"is-layout-flow wp-block-column abstand_gross has-background\" style=\"background-color:#e3ebf1\">\n<h3>Les feuilles de route z\u00e9ro net, future \u00ab license to operate \u00bb<\/h3>\n\n\n\n<p><strong>Avec une protection du climat cr\u00e9dible, cr\u00e9er la confiance<\/strong><br>Les feuilles de route z\u00e9ro net vont devenir un \u00e9l\u00e9ment important de la politique climatique pour l\u2019industrie. Qu\u2019est-ce qui se cache derri\u00e8re ce terme et comment une entreprise \u00e9tablit-elle une feuille de route z\u00e9ro net ?<\/p>\n\n\n\n<div class=\"is-layout-flex wp-container-120 wp-block-columns\">\n<div class=\"is-layout-flow wp-block-column\">\n<figure class=\"wp-block-image size-full is-resized\"><img decoding=\"async\" loading=\"lazy\" src=\"https:\/\/www.swisscleantech.ch\/files\/Christoph-Hauser-EBP.jpg\" alt=\"\" class=\"wp-image-34302\" width=\"200\" height=\"200\" srcset=\"https:\/\/www.swisscleantech.ch\/files\/Christoph-Hauser-EBP.jpg 400w, https:\/\/www.swisscleantech.ch\/files\/Christoph-Hauser-EBP-300x300.jpg 300w, https:\/\/www.swisscleantech.ch\/files\/Christoph-Hauser-EBP-125x125.jpg 125w\" sizes=\"(max-width: 200px) 100vw, 200px\" \/><\/figure>\n\n\n\n<div style=\"height:20px\" aria-hidden=\"true\" class=\"wp-block-spacer\"><\/div>\n\n\n\n<p><strong>Christoph Hauser<\/strong><br>Team Lead Climate Strategies EBP<\/p>\n<\/div>\n\n\n\n<div class=\"is-layout-flow wp-block-column\">\n<figure class=\"wp-block-image size-full is-resized\"><img decoding=\"async\" loading=\"lazy\" src=\"https:\/\/www.swisscleantech.ch\/files\/Rahel-Liechti-act-Cleantech-Agentur-Schweiz-2.jpg\" alt=\"\" class=\"wp-image-35438\" width=\"200\" height=\"200\" srcset=\"https:\/\/www.swisscleantech.ch\/files\/Rahel-Liechti-act-Cleantech-Agentur-Schweiz-2.jpg 400w, https:\/\/www.swisscleantech.ch\/files\/Rahel-Liechti-act-Cleantech-Agentur-Schweiz-2-300x300.jpg 300w, https:\/\/www.swisscleantech.ch\/files\/Rahel-Liechti-act-Cleantech-Agentur-Schweiz-2-125x125.jpg 125w\" sizes=\"(max-width: 200px) 100vw, 200px\" \/><\/figure>\n\n\n\n<div style=\"height:20px\" aria-hidden=\"true\" class=\"wp-block-spacer\"><\/div>\n\n\n\n<p><strong>Rahel Liechti<\/strong><br>Responsable de projets act Agence Cleantech Suisse<\/p>\n<\/div>\n\n\n\n<div class=\"is-layout-flow wp-block-column\">\n<figure class=\"wp-block-image size-full is-resized\"><img decoding=\"async\" loading=\"lazy\" src=\"https:\/\/www.swisscleantech.ch\/files\/Christian-Zeyer-2.jpg\" alt=\"\" class=\"wp-image-29082\" width=\"200\" height=\"200\" srcset=\"https:\/\/www.swisscleantech.ch\/files\/Christian-Zeyer-2.jpg 400w, https:\/\/www.swisscleantech.ch\/files\/Christian-Zeyer-2-300x300.jpg 300w, https:\/\/www.swisscleantech.ch\/files\/Christian-Zeyer-2-125x125.jpg 125w\" sizes=\"(max-width: 200px) 100vw, 200px\" \/><\/figure>\n\n\n\n<div style=\"height:20px\" aria-hidden=\"true\" class=\"wp-block-spacer\"><\/div>\n\n\n\n<p><strong>Christian Zeyer<\/strong><br>(Pr\u00e9sentation)<br>Co-directeur swisscleantech<\/p>\n<\/div>\n<\/div>\n<\/div>\n<\/div>\n\n\n\n<div class=\"is-layout-flex wp-container-136 wp-block-columns\">\n<div class=\"is-layout-flow wp-block-column abstand_gross has-background\" style=\"background-color:#e3ebf1\">\n<h3>Comptabiliser les \u00e9missions du scope 3 et les r\u00e9duire<\/h3>\n\n\n\n<p><strong>Les entreprises doivent parvenir \u00e0 la maturit\u00e9<\/strong><br>Pour que les mesures visant \u00e0 atteindre l\u2019objectif z\u00e9ro net puissent \u00eatre mises en \u0153uvre de mani\u00e8re efficace, il faut une \u00e9volution qualitative de la comptabilisation des \u00e9missions du scope 3 \u00e0 l\u2019aide de donn\u00e9es secondaires pour aller vers la comptabilisation des donn\u00e9es primaires. Ce n\u2019est qu\u2019ainsi qu\u2019on pourra prendre des d\u00e9cisions d\u2019achat, des mesures pour faire \u00e9voluer les produits et des mesures de r\u00e9duction efficaces. Quelles sont les m\u00e9thodes les plus pertinentes, \u00e0 quel stade de d\u00e9veloppement ?<\/p>\n\n\n\n<div class=\"is-layout-flex wp-container-126 wp-block-columns\">\n<div class=\"is-layout-flow wp-block-column\">\n<figure class=\"wp-block-image size-full is-resized\"><img decoding=\"async\" loading=\"lazy\" src=\"https:\/\/www.swisscleantech.ch\/files\/Madeleine-Guyer.jpg\" alt=\"\" class=\"wp-image-23223\" width=\"200\" height=\"200\" srcset=\"https:\/\/www.swisscleantech.ch\/files\/Madeleine-Guyer.jpg 400w, https:\/\/www.swisscleantech.ch\/files\/Madeleine-Guyer-300x300.jpg 300w, https:\/\/www.swisscleantech.ch\/files\/Madeleine-Guyer-125x125.jpg 125w\" sizes=\"(max-width: 200px) 100vw, 200px\" \/><\/figure>\n\n\n\n<div style=\"height:20px\" aria-hidden=\"true\" class=\"wp-block-spacer\"><\/div>\n\n\n\n<p><strong><strong>Madeleine Guyer<\/strong><br><\/strong>(Moderation)<br>Community &amp; Relations adh\u00e9rents swisscleantech<\/p>\n<\/div>\n\n\n\n<div class=\"is-layout-flow wp-block-column\">\n<figure class=\"wp-block-image size-full is-resized\"><img decoding=\"async\" loading=\"lazy\" src=\"https:\/\/www.swisscleantech.ch\/files\/Salvatore-Malomo-AkzoNobel-2.jpg\" alt=\"\" class=\"wp-image-34304\" width=\"200\" height=\"200\" srcset=\"https:\/\/www.swisscleantech.ch\/files\/Salvatore-Malomo-AkzoNobel-2.jpg 400w, https:\/\/www.swisscleantech.ch\/files\/Salvatore-Malomo-AkzoNobel-2-300x300.jpg 300w, https:\/\/www.swisscleantech.ch\/files\/Salvatore-Malomo-AkzoNobel-2-125x125.jpg 125w\" sizes=\"(max-width: 200px) 100vw, 200px\" \/><\/figure>\n\n\n\n<div style=\"height:20px\" aria-hidden=\"true\" class=\"wp-block-spacer\"><\/div>\n\n\n\n<p><strong>Salvatore Malomo<\/strong><br>Business Development Manager AkzoNobel<\/p>\n<\/div>\n\n\n\n<div class=\"is-layout-flow wp-block-column\">\n<figure class=\"wp-block-image size-full is-resized\"><img decoding=\"async\" loading=\"lazy\" src=\"https:\/\/www.swisscleantech.ch\/files\/Michele-Savino-Swisscom.jpg\" alt=\"\" class=\"wp-image-34305\" width=\"200\" height=\"200\" srcset=\"https:\/\/www.swisscleantech.ch\/files\/Michele-Savino-Swisscom.jpg 400w, https:\/\/www.swisscleantech.ch\/files\/Michele-Savino-Swisscom-300x300.jpg 300w, https:\/\/www.swisscleantech.ch\/files\/Michele-Savino-Swisscom-125x125.jpg 125w\" sizes=\"(max-width: 200px) 100vw, 200px\" \/><\/figure>\n\n\n\n<div style=\"height:20px\" aria-hidden=\"true\" class=\"wp-block-spacer\"><\/div>\n\n\n\n<p><strong>Michele Savino<\/strong><br>Business Development Manager Swisscom<\/p>\n<\/div>\n<\/div>\n\n\n\n<div class=\"is-layout-flex wp-container-130 wp-block-columns\">\n<div class=\"is-layout-flow wp-block-column\">\n<figure class=\"wp-block-image size-full is-resized\"><img decoding=\"async\" loading=\"lazy\" src=\"https:\/\/www.swisscleantech.ch\/files\/Pascal-Wanner-Deedster-2-1.jpg\" alt=\"\" class=\"wp-image-35404\" width=\"200\" height=\"200\" srcset=\"https:\/\/www.swisscleantech.ch\/files\/Pascal-Wanner-Deedster-2-1.jpg 400w, https:\/\/www.swisscleantech.ch\/files\/Pascal-Wanner-Deedster-2-1-300x300.jpg 300w, https:\/\/www.swisscleantech.ch\/files\/Pascal-Wanner-Deedster-2-1-125x125.jpg 125w\" sizes=\"(max-width: 200px) 100vw, 200px\" \/><\/figure>\n\n\n\n<div style=\"height:20px\" aria-hidden=\"true\" class=\"wp-block-spacer\"><\/div>\n\n\n\n<p><strong>Pascal Wanner<\/strong><br>Business Development Manager DACH Deedster<\/p>\n<\/div>\n\n\n\n<div class=\"is-layout-flow wp-block-column\">\n<figure class=\"wp-block-image size-large is-resized\"><img decoding=\"async\" loading=\"lazy\" src=\"https:\/\/www.swisscleantech.ch\/files\/Ina-Maria-Walthert-AMAG.jpg\" alt=\"\" width=\"200\" height=\"200\"\/><\/figure>\n\n\n\n<div style=\"height:20px\" aria-hidden=\"true\" class=\"wp-block-spacer\"><\/div>\n\n\n\n<p><strong>Ina Maria Walthert<\/strong><br>Head Group Sustainability AMAG Group<\/p>\n<\/div>\n\n\n\n<div class=\"is-layout-flow wp-block-column\">\n<figure class=\"wp-block-image size-full is-resized\"><img decoding=\"async\" loading=\"lazy\" src=\"https:\/\/www.swisscleantech.ch\/files\/Res-Witschi-swisscom.jpg\" alt=\"\" class=\"wp-image-30511\" width=\"200\" height=\"200\" srcset=\"https:\/\/www.swisscleantech.ch\/files\/Res-Witschi-swisscom.jpg 400w, https:\/\/www.swisscleantech.ch\/files\/Res-Witschi-swisscom-300x300.jpg 300w, https:\/\/www.swisscleantech.ch\/files\/Res-Witschi-swisscom-125x125.jpg 125w\" sizes=\"(max-width: 200px) 100vw, 200px\" \/><\/figure>\n\n\n\n<div style=\"height:20px\" aria-hidden=\"true\" class=\"wp-block-spacer\"><\/div>\n\n\n\n<p><strong>Res Witschi<\/strong><br>D\u00e9l\u00e9gu\u00e9 \u00e0 la num\u00e9risation durable Swisscom<\/p>\n<\/div>\n<\/div>\n\n\n\n<div class=\"is-layout-flex wp-container-134 wp-block-columns\">\n<div class=\"is-layout-flow wp-block-column\">\n<figure class=\"wp-block-image size-large is-resized\"><img decoding=\"async\" loading=\"lazy\" src=\"https:\/\/www.swisscleantech.ch\/files\/Christian-Zeunert-Zurich.jpg\" alt=\"\" width=\"200\" height=\"200\"\/><\/figure>\n\n\n\n<div style=\"height:20px\" aria-hidden=\"true\" class=\"wp-block-spacer\"><\/div>\n\n\n\n<p><strong>Christian Zeunert<\/strong><br>Customer Sustainability Zurich Suisse<\/p>\n<\/div>\n\n\n\n<div class=\"is-layout-flow wp-block-column\"><\/div>\n\n\n\n<div class=\"is-layout-flow wp-block-column\"><\/div>\n<\/div>\n<\/div>\n<\/div>\n\n\n\n<div class=\"is-layout-flex wp-container-142 wp-block-columns\">\n<div class=\"is-layout-flow wp-block-column abstand_gross has-background\" style=\"background-color:#e3ebf1\">\n<h3>Mod\u00e8les \u00e9conomiques circulaires<\/h3>\n\n\n\n<p><strong>Recettes pour renforcer la r\u00e9silience et diminuer les d\u00e9pendances<\/strong><br>Sur la trajectoire menant \u00e0 z\u00e9ro net, l\u2019\u00e9conomie circulaire est un levier central \u2013 il est possible de r\u00e9duire les \u00e9missions en Suisse jusqu\u2019\u00e0 22 % gr\u00e2ce \u00e0 des circuits ferm\u00e9s. Nous discuterons des bonnes pratiques, int\u00e9ressantes d\u2019un point de vue \u00e9cologique et \u00e9conomique \u2013 et donnerons des points de d\u00e9part pour faire ses propres premiers pas.<\/p>\n\n\n\n<div class=\"is-layout-flex wp-container-140 wp-block-columns\">\n<div class=\"is-layout-flow wp-block-column\">\n<figure class=\"wp-block-image size-large is-resized\"><img decoding=\"async\" loading=\"lazy\" src=\"https:\/\/www.swisscleantech.ch\/files\/Jonas-Bulach-V-ZUG.jpg\" alt=\"\" width=\"200\" height=\"200\"\/><\/figure>\n\n\n\n<div style=\"height:20px\" aria-hidden=\"true\" class=\"wp-block-spacer\"><\/div>\n\n\n\n<p><strong>Jonas Bulach<\/strong><br>Business Development Manager Circularity V-ZUG<\/p>\n<\/div>\n\n\n\n<div class=\"is-layout-flow wp-block-column\">\n<figure class=\"wp-block-image size-full is-resized\"><img decoding=\"async\" loading=\"lazy\" src=\"https:\/\/www.swisscleantech.ch\/files\/Francis-Froborg-Zuehlke.jpg\" alt=\"\" class=\"wp-image-30524\" width=\"200\" height=\"200\" srcset=\"https:\/\/www.swisscleantech.ch\/files\/Francis-Froborg-Zuehlke.jpg 400w, https:\/\/www.swisscleantech.ch\/files\/Francis-Froborg-Zuehlke-300x300.jpg 300w, https:\/\/www.swisscleantech.ch\/files\/Francis-Froborg-Zuehlke-125x125.jpg 125w\" sizes=\"(max-width: 200px) 100vw, 200px\" \/><\/figure>\n\n\n\n<div style=\"height:20px\" aria-hidden=\"true\" class=\"wp-block-spacer\"><\/div>\n\n\n\n<p><strong>Francis Froborg<\/strong><br>Delivery Manager Sustainable Innovation Z\u00fchlke<\/p>\n<\/div>\n\n\n\n<div class=\"is-layout-flow wp-block-column\">\n<figure class=\"wp-block-image size-full is-resized\"><img decoding=\"async\" loading=\"lazy\" src=\"https:\/\/www.swisscleantech.ch\/files\/Marco_Grossmann_SWISSCLEANTECH_Maerz2020_300x300.jpg\" alt=\"\" class=\"wp-image-16356\" width=\"200\" height=\"200\" srcset=\"https:\/\/www.swisscleantech.ch\/files\/Marco_Grossmann_SWISSCLEANTECH_Maerz2020_300x300.jpg 300w, https:\/\/www.swisscleantech.ch\/files\/Marco_Grossmann_SWISSCLEANTECH_Maerz2020_300x300-125x125.jpg 125w\" sizes=\"(max-width: 200px) 100vw, 200px\" \/><\/figure>\n\n\n\n<div style=\"height:20px\" aria-hidden=\"true\" class=\"wp-block-spacer\"><\/div>\n\n\n\n<p><strong>Marco Grossmann<\/strong><br>(Pr\u00e9sentation)<br>Membre du conseil d\u2019administration ecos, Senior Consultant Climat &amp; \u00c9conomie circulaire<\/p>\n<\/div>\n<\/div>\n<\/div>\n<\/div>\n\n\n\n<div class=\"is-layout-flex wp-container-152 wp-block-columns\">\n<div class=\"is-layout-flow wp-block-column abstand_gross has-background\" style=\"background-color:#e3ebf1\">\n<h3>L\u2019intelligence artificielle, une opportunit\u00e9 pour les strat\u00e9gies de durabilit\u00e9<\/h3>\n\n\n\n<p><strong>Une mise en perspective<\/strong><br>L\u2019intelligence artificielle, outre les d\u00e9fis auxquels elle est li\u00e9e, principalement sa forte consommation d\u2019\u00e9lectricit\u00e9, offre \u00e9galement diff\u00e9rentes opportunit\u00e9s : par exemple pour comptabiliser et g\u00e9rer les \u00e9missions de CO<sub>2<\/sub> tout au long de la cha\u00eene d\u2019approvisionnement. Nous donnerons un aper\u00e7u des possibilit\u00e9s d&#8217;utilisation de l&#8217;IA dans les strat\u00e9gies de durabilit\u00e9, en d\u00e9veloppant des \u00e9tudes de cas concr\u00e8tes en petits groupes.<\/p>\n\n\n\n<div class=\"is-layout-flex wp-container-146 wp-block-columns\">\n<div class=\"is-layout-flow wp-block-column\">\n<figure class=\"wp-block-image size-large\"><img decoding=\"async\" loading=\"lazy\" src=\"https:\/\/www.swisscleantech.ch\/files\/Dennis-Tietz-Google-Schweiz-300x300.jpg\" alt=\"\" width=\"200\" height=\"200\"\/><\/figure>\n\n\n\n<div style=\"height:20px\" aria-hidden=\"true\" class=\"wp-block-spacer\"><\/div>\n\n\n\n<p><strong>Dennis Tietz<\/strong><br>Strategic Partnership Manager Google<\/p>\n<\/div>\n\n\n\n<div class=\"is-layout-flow wp-block-column\">\n<figure class=\"wp-block-image size-large is-resized\"><img decoding=\"async\" loading=\"lazy\" src=\"https:\/\/www.swisscleantech.ch\/files\/Marco-Kundert-BearingPoint-1.jpg\" alt=\"\" width=\"200\" height=\"200\"\/><\/figure>\n\n\n\n<div style=\"height:20px\" aria-hidden=\"true\" class=\"wp-block-spacer\"><\/div>\n\n\n\n<p><strong>Marco Kundert<\/strong><br>Associ\u00e9 BearingPoint<\/p>\n<\/div>\n\n\n\n<div class=\"is-layout-flow wp-block-column\">\n<figure class=\"wp-block-image size-full is-resized\"><img decoding=\"async\" loading=\"lazy\" src=\"https:\/\/www.swisscleantech.ch\/files\/Sandro-Luh-Accenture.jpg\" alt=\"\" class=\"wp-image-32472\" width=\"200\" height=\"200\" srcset=\"https:\/\/www.swisscleantech.ch\/files\/Sandro-Luh-Accenture.jpg 400w, https:\/\/www.swisscleantech.ch\/files\/Sandro-Luh-Accenture-300x300.jpg 300w, https:\/\/www.swisscleantech.ch\/files\/Sandro-Luh-Accenture-125x125.jpg 125w\" sizes=\"(max-width: 200px) 100vw, 200px\" \/><\/figure>\n\n\n\n<div style=\"height:20px\" aria-hidden=\"true\" class=\"wp-block-spacer\"><\/div>\n\n\n\n<p><strong>Sandro Luh<\/strong><br>Strategy Consultant Sustainability Accenture Switzerland<\/p>\n<\/div>\n<\/div>\n\n\n\n<div class=\"is-layout-flex wp-container-150 wp-block-columns\">\n<div class=\"is-layout-flow wp-block-column\">\n<figure class=\"wp-block-image size-full is-resized\"><img decoding=\"async\" loading=\"lazy\" src=\"https:\/\/www.swisscleantech.ch\/files\/Frederic-Steimer-swisscleantech-1.jpg\" alt=\"\" class=\"wp-image-31053\" width=\"200\" height=\"200\" srcset=\"https:\/\/www.swisscleantech.ch\/files\/Frederic-Steimer-swisscleantech-1.jpg 400w, https:\/\/www.swisscleantech.ch\/files\/Frederic-Steimer-swisscleantech-1-300x300.jpg 300w, https:\/\/www.swisscleantech.ch\/files\/Frederic-Steimer-swisscleantech-1-125x125.jpg 125w\" sizes=\"(max-width: 200px) 100vw, 200px\" \/><\/figure>\n\n\n\n<div style=\"height:20px\" aria-hidden=\"true\" class=\"wp-block-spacer\"><\/div>\n\n\n\n<p><strong>Fr\u00e9d\u00e9ric Steimer<\/strong><br>(Pr\u00e9sentation)<br>Contact Suisse romande swisscleantech<\/p>\n<\/div>\n\n\n\n<div class=\"is-layout-flow wp-block-column\"><\/div>\n\n\n\n<div class=\"is-layout-flow wp-block-column\"><\/div>\n<\/div>\n<\/div>\n<\/div>\n\n\n\n<div class=\"is-layout-flex wp-container-158 wp-block-columns\">\n<div class=\"is-layout-flow wp-block-column abstand_gross has-background\" style=\"background-color:#e3ebf1\">\n<h3>L\u2019avenir appartient \u00e0 l\u2019\u00e9lectromobilit\u00e9<\/h3>\n\n\n\n<p><strong>Des faits, des chiffres et des exp\u00e9riences concr\u00e8tes issues de la pratique<\/strong><br>L\u2019\u00e9lectrification des transports routiers est un levier central pour d\u00e9carboner la mobilit\u00e9. En 2024, la part de voitures \u00e9lectriques dans les nouvelles immatriculations a pour la premi\u00e8re fois \u00e9t\u00e9 en recul. Nous en examinerons les raisons et apporterons des \u00e9claircissements sur les mythes habituels autour de l\u2019\u00e9lectromobilit\u00e9.<\/p>\n\n\n\n<div class=\"is-layout-flex wp-container-156 wp-block-columns\">\n<div class=\"is-layout-flow wp-block-column\">\n<figure class=\"wp-block-image size-full is-resized\"><img decoding=\"async\" loading=\"lazy\" src=\"https:\/\/www.swisscleantech.ch\/files\/Reto-Baschera-Energie-360.jpg\" alt=\"\" class=\"wp-image-34312\" width=\"200\" height=\"200\" srcset=\"https:\/\/www.swisscleantech.ch\/files\/Reto-Baschera-Energie-360.jpg 400w, https:\/\/www.swisscleantech.ch\/files\/Reto-Baschera-Energie-360-300x300.jpg 300w, https:\/\/www.swisscleantech.ch\/files\/Reto-Baschera-Energie-360-125x125.jpg 125w\" sizes=\"(max-width: 200px) 100vw, 200px\" \/><\/figure>\n\n\n\n<div style=\"height:20px\" aria-hidden=\"true\" class=\"wp-block-spacer\"><\/div>\n\n\n\n<p><strong>Reto Baschera<\/strong><br>Responsable du secteur Mobilit\u00e9 Energie360\u00b0<\/p>\n<\/div>\n\n\n\n<div class=\"is-layout-flow wp-block-column\">\n<figure class=\"wp-block-image size-full is-resized\"><img decoding=\"async\" loading=\"lazy\" src=\"https:\/\/www.swisscleantech.ch\/files\/Gregory-Germann-swisscleantech.jpg\" alt=\"\" class=\"wp-image-23028\" width=\"200\" height=\"200\" srcset=\"https:\/\/www.swisscleantech.ch\/files\/Gregory-Germann-swisscleantech.jpg 400w, https:\/\/www.swisscleantech.ch\/files\/Gregory-Germann-swisscleantech-300x300.jpg 300w, https:\/\/www.swisscleantech.ch\/files\/Gregory-Germann-swisscleantech-125x125.jpg 125w\" sizes=\"(max-width: 200px) 100vw, 200px\" \/><\/figure>\n\n\n\n<div style=\"height:20px\" aria-hidden=\"true\" class=\"wp-block-spacer\"><\/div>\n\n\n\n<p><strong>Gregory Germann<\/strong><br>(Pr\u00e9sentation)<br>Chef de projet Mobilit\u00e9 &amp; \u00c9conomie circulaire swisscleantech<\/p>\n<\/div>\n\n\n\n<div class=\"is-layout-flow wp-block-column\">\n<figure class=\"wp-block-image size-large is-resized\"><img decoding=\"async\" loading=\"lazy\" src=\"https:\/\/www.swisscleantech.ch\/files\/Moritz-Waelde-Post.jpg\" alt=\"\" width=\"200\" height=\"200\"\/><\/figure>\n\n\n\n<div style=\"height:20px\" aria-hidden=\"true\" class=\"wp-block-spacer\"><\/div>\n\n\n\n<p><strong>Moritz Waelde<\/strong><br>Co-responsable E-Mobility Charging Solutions La Poste suisse<\/p>\n<\/div>\n<\/div>\n<\/div>\n<\/div>\n\n\n\n<div class=\"is-layout-flex wp-container-168 wp-block-columns\">\n<div class=\"is-layout-flow wp-block-column abstand_gross has-background\" style=\"background-color:#e3ebf1\">\n<h3>La biodiversit\u00e9 sous pression<\/h3>\n\n\n\n<p><strong>Les leviers de l\u2019\u00e9conomie<\/strong><br>Dans les entreprises, les besoins de clarification en mati\u00e8re de protection de la biodiversit\u00e9 sont importants&nbsp;; il y a \u00e9galement un grand besoin d\u2019agir&nbsp;: nous examinerons l\u2019impact de la perte de biodiversit\u00e9 sur le changement climatique et sur diff\u00e9rentes branches \u2013 mais nous verrons surtout comment les entreprises peuvent contribuer \u00e0 la biodiversit\u00e9 de fa\u00e7on concr\u00e8te.<\/p>\n\n\n\n<p><em>Breakout Session en anglais<\/em><\/p>\n\n\n\n<div class=\"is-layout-flex wp-container-162 wp-block-columns\">\n<div class=\"is-layout-flow wp-block-column\">\n<figure class=\"wp-block-image size-full is-resized\"><img decoding=\"async\" loading=\"lazy\" src=\"https:\/\/www.swisscleantech.ch\/files\/Barbara_Dubach_SWISSCLEANTECH_Maerz2020_300x300.jpg\" alt=\"\" class=\"wp-image-16349\" width=\"200\" height=\"200\" srcset=\"https:\/\/www.swisscleantech.ch\/files\/Barbara_Dubach_SWISSCLEANTECH_Maerz2020_300x300.jpg 300w, https:\/\/www.swisscleantech.ch\/files\/Barbara_Dubach_SWISSCLEANTECH_Maerz2020_300x300-125x125.jpg 125w\" sizes=\"(max-width: 200px) 100vw, 200px\" \/><\/figure>\n\n\n\n<div style=\"height:20px\" aria-hidden=\"true\" class=\"wp-block-spacer\"><\/div>\n\n\n\n<p><strong>Barbara Dubach<\/strong><br>(Pr\u00e9sentation)<br>Directrice engageability &amp; Innovate 4 Nature, Comit\u00e9 directeur swisscleantech<\/p>\n<\/div>\n\n\n\n<div class=\"is-layout-flow wp-block-column\">\n<figure class=\"wp-block-image size-full is-resized\"><img decoding=\"async\" loading=\"lazy\" src=\"https:\/\/www.swisscleantech.ch\/files\/Thomas-Hugli-AXA.jpg\" alt=\"\" class=\"wp-image-35577\" width=\"200\" height=\"200\" srcset=\"https:\/\/www.swisscleantech.ch\/files\/Thomas-Hugli-AXA.jpg 400w, https:\/\/www.swisscleantech.ch\/files\/Thomas-Hugli-AXA-300x300.jpg 300w, https:\/\/www.swisscleantech.ch\/files\/Thomas-Hugli-AXA-125x125.jpg 125w\" sizes=\"(max-width: 200px) 100vw, 200px\" \/><\/figure>\n\n\n\n<div style=\"height:20px\" aria-hidden=\"true\" class=\"wp-block-spacer\"><\/div>\n\n\n\n<p><strong>Thomas H\u00fcgli<\/strong><br>Senior Sustainability and Biodiversity Expert AXA<\/p>\n<\/div>\n\n\n\n<div class=\"is-layout-flow wp-block-column\">\n<figure class=\"wp-block-image size-full is-resized\"><img decoding=\"async\" loading=\"lazy\" src=\"https:\/\/www.swisscleantech.ch\/files\/Tobias-Raffel-Biodiversity-Bridge.jpg\" alt=\"\" class=\"wp-image-35511\" width=\"200\" height=\"200\" srcset=\"https:\/\/www.swisscleantech.ch\/files\/Tobias-Raffel-Biodiversity-Bridge.jpg 400w, https:\/\/www.swisscleantech.ch\/files\/Tobias-Raffel-Biodiversity-Bridge-300x300.jpg 300w, https:\/\/www.swisscleantech.ch\/files\/Tobias-Raffel-Biodiversity-Bridge-125x125.jpg 125w\" sizes=\"(max-width: 200px) 100vw, 200px\" \/><\/figure>\n\n\n\n<div style=\"height:20px\" aria-hidden=\"true\" class=\"wp-block-spacer\"><\/div>\n\n\n\n<p><strong>Tobias Raffel<\/strong><br>Co-Founder &amp; Director Biodiversity Bridge<\/p>\n<\/div>\n<\/div>\n\n\n\n<div class=\"is-layout-flex wp-container-166 wp-block-columns\">\n<div class=\"is-layout-flow wp-block-column\">\n<figure class=\"wp-block-image size-full is-resized\"><img decoding=\"async\" loading=\"lazy\" src=\"https:\/\/www.swisscleantech.ch\/files\/Florence-Schmidt-Romande-Energie.jpg\" alt=\"\" class=\"wp-image-35512\" width=\"200\" height=\"200\" srcset=\"https:\/\/www.swisscleantech.ch\/files\/Florence-Schmidt-Romande-Energie.jpg 400w, https:\/\/www.swisscleantech.ch\/files\/Florence-Schmidt-Romande-Energie-300x300.jpg 300w, https:\/\/www.swisscleantech.ch\/files\/Florence-Schmidt-Romande-Energie-125x125.jpg 125w\" sizes=\"(max-width: 200px) 100vw, 200px\" \/><\/figure>\n\n\n\n<div style=\"height:20px\" aria-hidden=\"true\" class=\"wp-block-spacer\"><\/div>\n\n\n\n<p><strong>Florence Schmidt<\/strong><br>Chief Sustainability Officer Romande Energie<\/p>\n<\/div>\n\n\n\n<div class=\"is-layout-flow wp-block-column\">\n<figure class=\"wp-block-image size-full is-resized\"><img decoding=\"async\" loading=\"lazy\" src=\"https:\/\/www.swisscleantech.ch\/files\/Catherine-Tschudi-Feller-AG.jpg\" alt=\"\" class=\"wp-image-35513\" width=\"200\" height=\"200\" srcset=\"https:\/\/www.swisscleantech.ch\/files\/Catherine-Tschudi-Feller-AG.jpg 400w, https:\/\/www.swisscleantech.ch\/files\/Catherine-Tschudi-Feller-AG-300x300.jpg 300w, https:\/\/www.swisscleantech.ch\/files\/Catherine-Tschudi-Feller-AG-125x125.jpg 125w\" sizes=\"(max-width: 200px) 100vw, 200px\" \/><\/figure>\n\n\n\n<div style=\"height:20px\" aria-hidden=\"true\" class=\"wp-block-spacer\"><\/div>\n\n\n\n<p><strong>Catherine Tschudi<\/strong><br>Sustainability Strategy Leader Feller AG<\/p>\n<\/div>\n\n\n\n<div class=\"is-layout-flow wp-block-column\"><\/div>\n<\/div>\n<\/div>\n<\/div>\n\n\n\n<div class=\"is-layout-flex wp-container-178 wp-block-columns\">\n<div class=\"is-layout-flow wp-block-column abstand_gross has-background\" style=\"background-color:#e3ebf1\">\n<h3>L&#8217;\u00e9limination du CO<sub>2<\/sub> et le r\u00f4le des entreprises<\/h3>\n\n\n\n<p><strong>Quel r\u00f4le jouent-elles dans la strat\u00e9gie climatique d\u2019une entreprise et comment pouvons-nous les encourager ?<\/strong><br>Toutes les \u00e9missions restantes des scopes 1 et 2 devront \u00eatre compens\u00e9es par l\u2019\u00e9limination du CO<sub>2<\/sub> d\u2019ici 2050 au plus tard. Les entreprises y parviendront en achetant des attestations. Nous discuterons de la mise en \u0153uvre pratique, des diff\u00e9rences par rapport aux certificats volontaires et de l\u2019encouragement d\u2019un march\u00e9 des attestations.<\/p>\n\n\n\n<div class=\"is-layout-flex wp-container-172 wp-block-columns\">\n<div class=\"is-layout-flow wp-block-column\">\n<figure class=\"wp-block-image size-large is-resized\"><img decoding=\"async\" loading=\"lazy\" src=\"https:\/\/www.swisscleantech.ch\/files\/Romina-Schwarz-Zurcher-Kantonalbank.jpg\" alt=\"\" width=\"200\" height=\"200\"\/><\/figure>\n\n\n\n<div style=\"height:20px\" aria-hidden=\"true\" class=\"wp-block-spacer\"><\/div>\n\n\n\n<p><strong>Romina Schwarz<\/strong><br>Responsable d\u00e9veloppement durable Z\u00fcrcher Kantonalbank<\/p>\n<\/div>\n\n\n\n<div class=\"is-layout-flow wp-block-column\">\n<figure class=\"wp-block-image size-full is-resized\"><img decoding=\"async\" loading=\"lazy\" src=\"https:\/\/www.swisscleantech.ch\/files\/Christian-Sutter-Climeworks.jpg\" alt=\"\" class=\"wp-image-34319\" width=\"200\" height=\"200\" srcset=\"https:\/\/www.swisscleantech.ch\/files\/Christian-Sutter-Climeworks.jpg 400w, https:\/\/www.swisscleantech.ch\/files\/Christian-Sutter-Climeworks-300x300.jpg 300w, https:\/\/www.swisscleantech.ch\/files\/Christian-Sutter-Climeworks-125x125.jpg 125w\" sizes=\"(max-width: 200px) 100vw, 200px\" \/><\/figure>\n\n\n\n<div style=\"height:20px\" aria-hidden=\"true\" class=\"wp-block-spacer\"><\/div>\n\n\n\n<p><strong>Christian Sutter<\/strong><br>Strategic Partnerships Climeworks<\/p>\n<\/div>\n\n\n\n<div class=\"is-layout-flow wp-block-column\">\n<figure class=\"wp-block-image size-full is-resized\"><img decoding=\"async\" loading=\"lazy\" src=\"https:\/\/www.swisscleantech.ch\/files\/Sophie-Wenger-Bundesamt-fur-Umwelt.jpg\" alt=\"\" class=\"wp-image-35533\" width=\"200\" height=\"200\" srcset=\"https:\/\/www.swisscleantech.ch\/files\/Sophie-Wenger-Bundesamt-fur-Umwelt.jpg 400w, https:\/\/www.swisscleantech.ch\/files\/Sophie-Wenger-Bundesamt-fur-Umwelt-300x300.jpg 300w, https:\/\/www.swisscleantech.ch\/files\/Sophie-Wenger-Bundesamt-fur-Umwelt-125x125.jpg 125w\" sizes=\"(max-width: 200px) 100vw, 200px\" \/><\/figure>\n\n\n\n<div style=\"height:20px\" aria-hidden=\"true\" class=\"wp-block-spacer\"><\/div>\n\n\n\n<p><strong>Sophie Wenger<br><\/strong>Climate Policy Officer office f\u00e9d\u00e9ral de l&#8217;environnement<\/p>\n<\/div>\n<\/div>\n\n\n\n<div class=\"is-layout-flex wp-container-176 wp-block-columns\">\n<div class=\"is-layout-flow wp-block-column\">\n<figure class=\"wp-block-image size-full is-resized\"><img decoding=\"async\" loading=\"lazy\" src=\"https:\/\/www.swisscleantech.ch\/files\/Marcel-Winter.jpg\" alt=\"\" class=\"wp-image-29165\" width=\"200\" height=\"200\" srcset=\"https:\/\/www.swisscleantech.ch\/files\/Marcel-Winter.jpg 400w, https:\/\/www.swisscleantech.ch\/files\/Marcel-Winter-300x300.jpg 300w, https:\/\/www.swisscleantech.ch\/files\/Marcel-Winter-125x125.jpg 125w\" sizes=\"(max-width: 200px) 100vw, 200px\" \/><\/figure>\n\n\n\n<div style=\"height:20px\" aria-hidden=\"true\" class=\"wp-block-spacer\"><\/div>\n\n\n\n<p><strong>Marcel Winter<\/strong><br>(Pr\u00e9sentation)<br>CEO et responsable pays Groupe AFRY Suisse, Co-pr\u00e9sident swisscleantech<\/p>\n<\/div>\n\n\n\n<div class=\"is-layout-flow wp-block-column\"><\/div>\n\n\n\n<div class=\"is-layout-flow wp-block-column\"><\/div>\n<\/div>\n<\/div>\n<\/div>\n\n<\/div><\/div><\/div><\/div>\n\n\n\n<div style=\"height:40px\" aria-hidden=\"true\" class=\"wp-block-spacer\"><\/div>\n\n\n\n<div class=\"is-layout-flex wp-container-192 wp-block-columns\">\n<div class=\"is-layout-flow wp-block-column abstand_gross has-background\" style=\"background-color:#79a6cb\">\n<h3 class=\"has-white-color has-text-color\">Event Partner<\/h3>\n\n\n\n<div class=\"is-layout-flex wp-container-182 wp-block-columns\">\n<div class=\"is-layout-flow wp-block-column\">\n<figure class=\"wp-block-image size-full\"><img decoding=\"async\" loading=\"lazy\" width=\"617\" height=\"350\" src=\"https:\/\/www.swisscleantech.ch\/files\/EBP-logo.png\" alt=\"\" class=\"wp-image-28792\" srcset=\"https:\/\/www.swisscleantech.ch\/files\/EBP-logo.png 617w, https:\/\/www.swisscleantech.ch\/files\/EBP-logo-300x170.png 300w\" sizes=\"(max-width: 617px) 100vw, 617px\" \/><\/figure>\n<\/div>\n\n\n\n<div class=\"is-layout-flow wp-block-column\">\n<figure class=\"wp-block-image size-full\"><img decoding=\"async\" loading=\"lazy\" width=\"617\" height=\"350\" src=\"https:\/\/www.swisscleantech.ch\/files\/Emmi-Logo.png\" alt=\"\" class=\"wp-image-32957\" srcset=\"https:\/\/www.swisscleantech.ch\/files\/Emmi-Logo.png 617w, https:\/\/www.swisscleantech.ch\/files\/Emmi-Logo-300x170.png 300w\" sizes=\"(max-width: 617px) 100vw, 617px\" \/><\/figure>\n<\/div>\n\n\n\n<div class=\"is-layout-flow wp-block-column\">\n<figure class=\"wp-block-image size-full\"><img decoding=\"async\" loading=\"lazy\" width=\"617\" height=\"350\" src=\"https:\/\/www.swisscleantech.ch\/files\/Logo-energie360.jpg\" alt=\"\" class=\"wp-image-30537\" srcset=\"https:\/\/www.swisscleantech.ch\/files\/Logo-energie360.jpg 617w, https:\/\/www.swisscleantech.ch\/files\/Logo-energie360-300x170.jpg 300w\" sizes=\"(max-width: 617px) 100vw, 617px\" \/><\/figure>\n<\/div>\n<\/div>\n\n\n\n<div class=\"is-layout-flex wp-container-186 wp-block-columns\">\n<div class=\"is-layout-flow wp-block-column\">\n<figure class=\"wp-block-image size-full\"><img decoding=\"async\" loading=\"lazy\" width=\"617\" height=\"350\" src=\"https:\/\/www.swisscleantech.ch\/files\/lidl-1.png\" alt=\"\" class=\"wp-image-20529\" srcset=\"https:\/\/www.swisscleantech.ch\/files\/lidl-1.png 617w, https:\/\/www.swisscleantech.ch\/files\/lidl-1-300x170.png 300w\" sizes=\"(max-width: 617px) 100vw, 617px\" \/><\/figure>\n<\/div>\n\n\n\n<div class=\"is-layout-flow wp-block-column\">\n<figure class=\"wp-block-image size-full\"><img decoding=\"async\" loading=\"lazy\" width=\"617\" height=\"350\" src=\"https:\/\/www.swisscleantech.ch\/files\/Logo-Die-Schweizerische-Post-neu-seit-2024.png\" alt=\"\" class=\"wp-image-31458\" srcset=\"https:\/\/www.swisscleantech.ch\/files\/Logo-Die-Schweizerische-Post-neu-seit-2024.png 617w, https:\/\/www.swisscleantech.ch\/files\/Logo-Die-Schweizerische-Post-neu-seit-2024-300x170.png 300w\" sizes=\"(max-width: 617px) 100vw, 617px\" \/><\/figure>\n<\/div>\n\n\n\n<div class=\"is-layout-flow wp-block-column\">\n<figure class=\"wp-block-image size-full\"><img decoding=\"async\" loading=\"lazy\" width=\"617\" height=\"350\" src=\"https:\/\/www.swisscleantech.ch\/files\/swisscom-Logo.png\" alt=\"\" class=\"wp-image-28916\" srcset=\"https:\/\/www.swisscleantech.ch\/files\/swisscom-Logo.png 617w, https:\/\/www.swisscleantech.ch\/files\/swisscom-Logo-300x170.png 300w\" sizes=\"(max-width: 617px) 100vw, 617px\" \/><\/figure>\n<\/div>\n<\/div>\n\n\n\n<div class=\"is-layout-flex wp-container-190 wp-block-columns\">\n<div class=\"is-layout-flow wp-block-column\">\n<figure class=\"wp-block-image size-full\"><img decoding=\"async\" loading=\"lazy\" width=\"617\" height=\"350\" src=\"https:\/\/www.swisscleantech.ch\/files\/The-Hall-1.png\" alt=\"\" class=\"wp-image-34804\" srcset=\"https:\/\/www.swisscleantech.ch\/files\/The-Hall-1.png 617w, https:\/\/www.swisscleantech.ch\/files\/The-Hall-1-300x170.png 300w\" sizes=\"(max-width: 617px) 100vw, 617px\" \/><\/figure>\n<\/div>\n\n\n\n<div class=\"is-layout-flow wp-block-column\">\n<figure class=\"wp-block-image size-full\"><img decoding=\"async\" loading=\"lazy\" width=\"617\" height=\"350\" src=\"https:\/\/www.swisscleantech.ch\/files\/zuehlke-logo-2-1.png\" alt=\"\" class=\"wp-image-34808\" srcset=\"https:\/\/www.swisscleantech.ch\/files\/zuehlke-logo-2-1.png 617w, https:\/\/www.swisscleantech.ch\/files\/zuehlke-logo-2-1-300x170.png 300w\" sizes=\"(max-width: 617px) 100vw, 617px\" \/><\/figure>\n<\/div>\n\n\n\n<div class=\"is-layout-flow wp-block-column\"><\/div>\n<\/div>\n\n\n\n<p class=\"has-white-color has-text-color\">Un grand merci pour leur soutien !<\/p>\n<\/div>\n<\/div>\n\n\n\n<p>L\u2019invitation s\u2019adresse aux adh\u00e9rents de swisscleantech ainsi qu\u2019\u00e0 diff\u00e9rents partenaires du monde de l\u2019\u00e9conomie, de la politique, de l\u2019administration et de la science.<\/p>\n\n\n\n<p><strong>La participation se fait uniquement sur invitation personnelle et est gratuite.<\/strong><br><strong>Nous allons proposer une traduction simultan\u00e9e.<\/strong><\/p>\n\n\n\n<p>Trois personnes par adh\u00e9rent au maximum sont invit\u00e9es \u00e0 participer \u00e0 l\u2019\u00e9v\u00e9nement.<\/p>\n","protected":false},"featured_media":0,"template":"","acf":[],"_links":{"self":[{"href":"https:\/\/www.swisscleantech.ch\/fr\/wp-json\/wp\/v2\/agendaeintrag\/33667"}],"collection":[{"href":"https:\/\/www.swisscleantech.ch\/fr\/wp-json\/wp\/v2\/agendaeintrag"}],"about":[{"href":"https:\/\/www.swisscleantech.ch\/fr\/wp-json\/wp\/v2\/types\/agendaeintrag"}],"version-history":[{"count":60,"href":"https:\/\/www.swisscleantech.ch\/fr\/wp-json\/wp\/v2\/agendaeintrag\/33667\/revisions"}],"predecessor-version":[{"id":35945,"href":"https:\/\/www.swisscleantech.ch\/fr\/wp-json\/wp\/v2\/agendaeintrag\/33667\/revisions\/35945"}],"wp:attachment":[{"href":"https:\/\/www.swisscleantech.ch\/fr\/wp-json\/wp\/v2\/media?parent=33667"}],"curies":[{"name":"wp","href":"https:\/\/api.w.org\/{rel}","templated":true}]}}