{"id":35380,"date":"2025-05-26T14:02:01","date_gmt":"2025-05-26T14:02:01","guid":{"rendered":"https:\/\/www.swisscleantech.ch\/?post_type=agendaeintrag&#038;p=35380"},"modified":"2025-05-28T09:13:26","modified_gmt":"2025-05-28T09:13:26","slug":"webinaire-politique-sur-la-session-dete-focus-sur-lapprovisionnement-en-electricite-et-sur-linitiative-pour-un-fonds-climat","status":"publish","type":"agendaeintrag","link":"https:\/\/www.swisscleantech.ch\/fr\/agendaeintrag\/webinaire-politique-sur-la-session-dete-focus-sur-lapprovisionnement-en-electricite-et-sur-linitiative-pour-un-fonds-climat\/","title":{"rendered":"Webinaire politique sur la session d\u2019\u00e9t\u00e9\u00a0: focus sur l\u2019approvisionnement en \u00e9lectricit\u00e9 et sur l\u2019initiative pour un fonds climat"},"content":{"rendered":"<div class=\"wp-block-image\">\n<figure class=\"aligncenter size-large is-resized\"><img decoding=\"async\" src=\"https:\/\/www.swisscleantech.ch\/files\/PolitWebinar-Icon-rot.svg\" alt=\"\" class=\"wp-image-30856\" width=\"100\"\/><\/figure><\/div>\n\n\n<h2 class=\"has-text-align-center <center&gt;\">focus sur l\u2019approvisionnement en \u00e9lectricit\u00e9 et sur l\u2019initiative pour un fonds climat<\/h2>\n\n\n\n<p>Les d\u00e9lib\u00e9rations vont probablement \u00eatre men\u00e9es \u00e0 leur terme au cours de la session d\u2019\u00e9t\u00e9 sur deux objets importants pour un approvisionnement en \u00e9lectricit\u00e9 s\u00fbr&nbsp;: le suspense demeure concernant le <strong>projet de loi pour l\u2019acc\u00e9l\u00e9ration des proc\u00e9dures<\/strong> pour les \u00e9nergies renouvelables \u2013 si aucun compromis n\u2019est trouv\u00e9 entre la protection de la biodiversit\u00e9 et l\u2019utilisation pour les \u00e9nergies renouvelables, il y a un risque de r\u00e9f\u00e9rendum. Concernant la <strong>r\u00e9serve d\u2019\u00e9lectricit\u00e9<\/strong>, il ne reste que peu de divergences entre les deux chambres avant la session.<\/p>\n\n\n\n<p><strong>L\u2019initiative pour un fonds climat<\/strong> sera \u00e9galement trait\u00e9e lors de la session d\u2019\u00e9t\u00e9. Elle demande que la Conf\u00e9d\u00e9ration investisse tous les ans jusqu\u2019\u00e0 7 milliards de francs dans un fonds pour la protection du climat. Cela doit permettre d\u2019encourager l\u2019assainissement des b\u00e2timents, les \u00e9nergies renouvelables et une transition \u00e9nerg\u00e9tique socialement \u00e9quitable. Des discussions intenses sont programm\u00e9es au Conseil national. Nous avons d\u00e9j\u00e0 exprim\u00e9 des critiques devant la commission comp\u00e9tente et avons montr\u00e9 pourquoi l\u2019initiative n\u2019emprunte pas la bonne voie. <\/p>\n\n\n\n<p>Avec <strong>J\u00fcrg Grossen, conseiller national des Vert\u2019lib\u00e9raux<\/strong>, nous reviendrons sur les diff\u00e9rentes d\u00e9cisions prises durant la session d\u2019\u00e9t\u00e9. Nous sommes \u00e9galement impatients de conna\u00eetre la d\u00e9cision du Conseil des \u00c9tats sur sa <strong>motion en faveur d\u2019une infrastructure de recharge pour les v\u00e9hicules \u00e9lectriques<\/strong>. Comme d\u2019habitude, nous consacrerons suffisamment de temps \u00e0 vos questions. Nous serons heureux de dialoguer avec vous<\/p>\n\n\n\n<div class=\"is-layout-flex wp-container-3 wp-block-columns abstand_gross has-background\" style=\"background-color:#e3ebf1\">\n<div class=\"is-layout-flow wp-block-column\" style=\"flex-basis:33%\">\n<figure class=\"wp-block-image size-full\"><img decoding=\"async\" loading=\"lazy\" width=\"400\" height=\"400\" src=\"https:\/\/www.swisscleantech.ch\/files\/Jurg-Grossen-Nationalrat-GLP.jpg\" alt=\"\" class=\"wp-image-35360\" srcset=\"https:\/\/www.swisscleantech.ch\/files\/Jurg-Grossen-Nationalrat-GLP.jpg 400w, https:\/\/www.swisscleantech.ch\/files\/Jurg-Grossen-Nationalrat-GLP-300x300.jpg 300w, https:\/\/www.swisscleantech.ch\/files\/Jurg-Grossen-Nationalrat-GLP-125x125.jpg 125w\" sizes=\"(max-width: 400px) 100vw, 400px\" \/><\/figure>\n<\/div>\n\n\n\n<div class=\"is-layout-flow wp-block-column\">\n<div style=\"height:60px\" aria-hidden=\"true\" class=\"wp-block-spacer\"><\/div>\n\n\n\n<h3>J\u00fcrg Grossen<\/h3>\n\n\n\n<p>Conseiller national Vert\u2019lib\u00e9raux<\/p>\n<\/div>\n<\/div>\n\n\n\n<h6 class=\"has-medium-font-size\">Cet \u00e9v\u00e9nement est r\u00e9serv\u00e9 aux adh\u00e9rents et aux personnes invit\u00e9es.<\/h6>\n\n\n\n<div class=\"is-layout-flex wp-block-buttons\">\n<div class=\"wp-block-button\"><a class=\"wp-block-button__link wp-element-button\" href=\"https:\/\/us06web.zoom.us\/webinar\/register\/WN_P8HKXXNgTWe60U9SgJfLvA#\/registration\" target=\"_blank\" rel=\"noopener\">Inscription (\u00e9v\u00e9nement en allemand)<\/a><\/div>\n<\/div>\n\n\n\n<div style=\"height:60px\" aria-hidden=\"true\" class=\"wp-block-spacer\"><\/div>\n\n\n\n<div class=\"is-layout-flex wp-container-6 wp-block-columns\">\n<div class=\"is-layout-flow wp-block-column abstand_gross has-background\" style=\"background-color:#79a6cb\"><div class=\"wp-block-image\">\n<figure class=\"aligncenter size-large is-resized\"><img decoding=\"async\" src=\"https:\/\/www.swisscleantech.ch\/files\/PolitWebinar-Icon-mit-Text-FR.svg\" alt=\"\" class=\"wp-image-30866\" width=\"300\"\/><\/figure><\/div>\n\n\n<div style=\"height:20px\" aria-hidden=\"true\" class=\"wp-block-spacer\"><\/div>\n\n\n\n<p class=\"has-white-color has-text-color\">Gr\u00e2ce au travail politique de swisscleantech et aux \u00e9changes anim\u00e9s avec les parlementaires, notre webinaire politique fait un tour d\u2019horizon de l\u2019actualit\u00e9 avec une approche pratique et permet un transfert de connaissances entre l\u2019\u00e9conomie, la politique, la science et la soci\u00e9t\u00e9 ainsi qu\u2019une mise en r\u00e9seau.<\/p>\n<\/div>\n<\/div>\n","protected":false},"featured_media":0,"template":"","acf":[],"_links":{"self":[{"href":"https:\/\/www.swisscleantech.ch\/fr\/wp-json\/wp\/v2\/agendaeintrag\/35380"}],"collection":[{"href":"https:\/\/www.swisscleantech.ch\/fr\/wp-json\/wp\/v2\/agendaeintrag"}],"about":[{"href":"https:\/\/www.swisscleantech.ch\/fr\/wp-json\/wp\/v2\/types\/agendaeintrag"}],"version-history":[{"count":6,"href":"https:\/\/www.swisscleantech.ch\/fr\/wp-json\/wp\/v2\/agendaeintrag\/35380\/revisions"}],"predecessor-version":[{"id":35386,"href":"https:\/\/www.swisscleantech.ch\/fr\/wp-json\/wp\/v2\/agendaeintrag\/35380\/revisions\/35386"}],"wp:attachment":[{"href":"https:\/\/www.swisscleantech.ch\/fr\/wp-json\/wp\/v2\/media?parent=35380"}],"curies":[{"name":"wp","href":"https:\/\/api.w.org\/{rel}","templated":true}]}}