{"id":36069,"date":"2025-07-08T11:51:35","date_gmt":"2025-07-08T11:51:35","guid":{"rendered":"https:\/\/www.swisscleantech.ch\/?post_type=agendaeintrag&#038;p=36069"},"modified":"2025-09-24T12:26:38","modified_gmt":"2025-09-24T12:26:38","slug":"nachhaltigkeitszirkel-nachhaltigkeitsreporting-mit-echtem-mehrwert","status":"publish","type":"agendaeintrag","link":"https:\/\/www.swisscleantech.ch\/fr\/agendaeintrag\/nachhaltigkeitszirkel-nachhaltigkeitsreporting-mit-echtem-mehrwert\/","title":{"rendered":"Nachhaltigkeitszirkel \u2013 Nachhaltigkeitsreporting mit echtem Mehrwert!"},"content":{"rendered":"<div class=\"wp-block-image\">\n<figure class=\"aligncenter size-large is-resized\"><img decoding=\"async\" src=\"https:\/\/www.swisscleantech.ch\/files\/Nachhaltigkeitszirkel-Icon-rot.svg\" alt=\"\" class=\"wp-image-30860\" width=\"100\"\/><\/figure><\/div>\n\n\n<div style=\"height:20px\" aria-hidden=\"true\" class=\"wp-block-spacer\"><\/div>\n\n\n\n<p>In einer Zeit, in der regulatorische Transparenzvorgaben im Umbruch stehen und teilweise abgeschw\u00e4cht werden, ist es wichtiger denn je, das Nachhaltigkeitsreporting so auszugestalten, dass es wirklichen unternehmerischen Mehrwert schafft. &nbsp;<\/p>\n\n\n\n<p>Des Weiteren werden wir auf das CEO4Climate-Netzwerk eingehen und diskutieren, wie es unterst\u00fctzen kann, das Committment von CEOs f\u00fcr Nachhaltigkeitsthemen zu st\u00e4rken.<\/p>\n\n\n\n<h2>Programm<\/h2>\n\n\n\n<div class=\"is-layout-flex wp-container-3 wp-block-columns has-background\" style=\"background-color:#79a6cb\">\n<div class=\"is-layout-flow wp-block-column\" style=\"flex-basis:20%\">\n<h3 class=\"has-white-color has-text-color\">15:30 Uhr<\/h3>\n<\/div>\n\n\n\n<div class=\"is-layout-flow wp-block-column\" style=\"flex-basis:80%\">\n<h3 class=\"has-white-color has-text-color\">Eintreffen<\/h3>\n<\/div>\n<\/div>\n\n\n\n<div class=\"is-layout-flex wp-container-9 wp-block-columns has-background\" style=\"background-color:#e3ebf1\">\n<div class=\"is-layout-flow wp-block-column\" style=\"flex-basis:20%\">\n<h3>16 Uhr<\/h3>\n<\/div>\n\n\n\n<div class=\"is-layout-flow wp-block-column\" style=\"flex-basis:80%\">\n<h3>Begr\u00fcssung und Einf\u00fchrung<\/h3>\n\n\n\n<div style=\"height:20px\" aria-hidden=\"true\" class=\"wp-block-spacer\"><\/div>\n\n\n\n<div class=\"is-layout-flex wp-container-7 wp-block-columns\">\n<div class=\"is-layout-flow wp-block-column\">\n<figure class=\"wp-block-image size-full is-resized\"><img decoding=\"async\" loading=\"lazy\" src=\"https:\/\/www.swisscleantech.ch\/files\/Nora-Teuwsen-ABB.jpg\" alt=\"\" class=\"wp-image-36170\" width=\"300\" height=\"300\" srcset=\"https:\/\/www.swisscleantech.ch\/files\/Nora-Teuwsen-ABB.jpg 400w, https:\/\/www.swisscleantech.ch\/files\/Nora-Teuwsen-ABB-300x300.jpg 300w, https:\/\/www.swisscleantech.ch\/files\/Nora-Teuwsen-ABB-125x125.jpg 125w\" sizes=\"(max-width: 300px) 100vw, 300px\" \/><\/figure>\n\n\n\n<div style=\"height:20px\" aria-hidden=\"true\" class=\"wp-block-spacer\"><\/div>\n\n\n\n<p><strong>Nora Teuwsen<\/strong><br>Country Holding Officer ABB Schweiz<\/p>\n<\/div>\n\n\n\n<div class=\"is-layout-flow wp-block-column\">\n<figure class=\"wp-block-image size-full is-resized\"><img decoding=\"async\" loading=\"lazy\" src=\"https:\/\/www.swisscleantech.ch\/files\/Madeleine-Guyer.jpg\" alt=\"\" class=\"wp-image-23223\" width=\"300\" height=\"300\" srcset=\"https:\/\/www.swisscleantech.ch\/files\/Madeleine-Guyer.jpg 400w, https:\/\/www.swisscleantech.ch\/files\/Madeleine-Guyer-300x300.jpg 300w, https:\/\/www.swisscleantech.ch\/files\/Madeleine-Guyer-125x125.jpg 125w\" sizes=\"(max-width: 300px) 100vw, 300px\" \/><\/figure>\n\n\n\n<div style=\"height:20px\" aria-hidden=\"true\" class=\"wp-block-spacer\"><\/div>\n\n\n\n<p><strong>Madeleine Guyer<\/strong><br>Community &amp; Mitgliederbeziehungen swisscleantech<br><\/p>\n<\/div>\n<\/div>\n<\/div>\n<\/div>\n\n\n\n<div class=\"is-layout-flex wp-container-15 wp-block-columns has-background\" style=\"background-color:#e3ebf1\">\n<div class=\"is-layout-flow wp-block-column\" style=\"flex-basis:20%\">\n<h3>16:15 Uhr<\/h3>\n<\/div>\n\n\n\n<div class=\"is-layout-flow wp-block-column\" style=\"flex-basis:80%\">\n<h3>Best Practices in der Berichterstattung und technologische Ans\u00e4tze f\u00fcr mehr Transparenz<\/h3>\n\n\n\n<div style=\"height:20px\" aria-hidden=\"true\" class=\"wp-block-spacer\"><\/div>\n\n\n\n<div class=\"is-layout-flex wp-container-13 wp-block-columns\">\n<div class=\"is-layout-flow wp-block-column\">\n<figure class=\"wp-block-image size-full is-resized\"><img decoding=\"async\" loading=\"lazy\" src=\"https:\/\/www.swisscleantech.ch\/files\/Konstatin-Meier_PwC.png\" alt=\"\" class=\"wp-image-36084\" width=\"300\" height=\"300\" srcset=\"https:\/\/www.swisscleantech.ch\/files\/Konstatin-Meier_PwC.png 400w, https:\/\/www.swisscleantech.ch\/files\/Konstatin-Meier_PwC-300x300.png 300w, https:\/\/www.swisscleantech.ch\/files\/Konstatin-Meier_PwC-125x125.png 125w\" sizes=\"(max-width: 300px) 100vw, 300px\" \/><\/figure>\n\n\n\n<div style=\"height:20px\" aria-hidden=\"true\" class=\"wp-block-spacer\"><\/div>\n\n\n\n<p><strong>Konstantin Meier<\/strong><br>Director Sustainability and Climate Change PwC Switzerland<\/p>\n<\/div>\n\n\n\n<div class=\"is-layout-flow wp-block-column\">\n<figure class=\"wp-block-image size-full is-resized\"><img decoding=\"async\" src=\"https:\/\/www.swisscleantech.ch\/files\/Marcel-Meyer_PwC.jpg\" alt=\"\" class=\"wp-image-36153\" width=\"300\" srcset=\"https:\/\/www.swisscleantech.ch\/files\/Marcel-Meyer_PwC.jpg 400w, https:\/\/www.swisscleantech.ch\/files\/Marcel-Meyer_PwC-300x300.jpg 300w, https:\/\/www.swisscleantech.ch\/files\/Marcel-Meyer_PwC-125x125.jpg 125w\" sizes=\"(max-width: 400px) 100vw, 400px\" \/><\/figure>\n\n\n\n<div style=\"height:20px\" aria-hidden=\"true\" class=\"wp-block-spacer\"><\/div>\n\n\n\n<p><strong>Marcel Meyer<\/strong><br>Partner Sustainability &amp; Climate Change Services PwC Switzerland<br><\/p>\n<\/div>\n<\/div>\n<\/div>\n<\/div>\n\n\n\n<div class=\"is-layout-flex wp-container-20 wp-block-columns has-background\" style=\"background-color:#e3ebf1\">\n<div class=\"is-layout-flow wp-block-column\" style=\"flex-basis:20%\">\n<h3>16:40 Uhr<\/h3>\n<\/div>\n\n\n\n<div class=\"is-layout-flow wp-block-column\" style=\"flex-basis:80%\">\n<h3>Gut berichten, nachhaltig f\u00fchren &#8211; Nachhaltigkeitsberichterstattung als Steuerungsinstrument<\/h3>\n\n\n\n<div style=\"height:20px\" aria-hidden=\"true\" class=\"wp-block-spacer\"><\/div>\n\n\n\n<div class=\"is-layout-flex wp-container-18 wp-block-columns\">\n<div class=\"is-layout-flow wp-block-column\">\n<figure class=\"wp-block-image size-full is-resized\"><img decoding=\"async\" loading=\"lazy\" src=\"https:\/\/www.swisscleantech.ch\/files\/Magdalena-Podoska.jpg\" alt=\"\" class=\"wp-image-36485\" width=\"300\" height=\"300\" srcset=\"https:\/\/www.swisscleantech.ch\/files\/Magdalena-Podoska.jpg 400w, https:\/\/www.swisscleantech.ch\/files\/Magdalena-Podoska-300x300.jpg 300w, https:\/\/www.swisscleantech.ch\/files\/Magdalena-Podoska-125x125.jpg 125w\" sizes=\"(max-width: 300px) 100vw, 300px\" \/><\/figure>\n\n\n\n<div style=\"height:20px\" aria-hidden=\"true\" class=\"wp-block-spacer\"><\/div>\n\n\n\n<p><strong>Magdalena Podoska<\/strong><br>Head of Sustainability Reporting Global ABB<\/p>\n<\/div>\n<\/div>\n\n\n\n<p><\/p>\n<\/div>\n<\/div>\n\n\n\n<div class=\"is-layout-flex wp-container-23 wp-block-columns has-background\" style=\"background-color:#e3ebf1\">\n<div class=\"is-layout-flow wp-block-column has-black-color has-text-color\" style=\"flex-basis:20%\">\n<h3>17:00 Uhr<\/h3>\n<\/div>\n\n\n\n<div class=\"is-layout-flow wp-block-column\" style=\"flex-basis:80%\">\n<h3>Breakout Sessions<\/h3>\n\n\n\n<p>Erfahrungsaustausch und Diskussion zu diesen Themen<\/p>\n\n\n\n<ul>\n<li>Best Practices f\u00fcr Nachhaltigkeitsberichterstattung als strategisches Managementinstrument<\/li>\n\n\n\n<li>Kommunikation: Reporting als Instrument, um die Nachhaltigkeitsstrategie bei Mitarbeitenden, Lieferant*innen, Investor*innen und Partner*innen zu verankern<\/li>\n\n\n\n<li>Innovative Technologien zur Aufwandsoptimierung im Nachhaltigkeitsreporting<\/li>\n<\/ul>\n<\/div>\n<\/div>\n\n\n\n<div class=\"is-layout-flex wp-container-26 wp-block-columns has-background\" style=\"background-color:#e3ebf1\">\n<div class=\"is-layout-flow wp-block-column has-black-color has-text-color\" style=\"flex-basis:20%\">\n<h3>17:55 Uhr<\/h3>\n<\/div>\n\n\n\n<div class=\"is-layout-flow wp-block-column\" style=\"flex-basis:80%\">\n<h3>Zusammenfassung &amp; Abschluss<\/h3>\n\n\n\n<p>Key Insights aus den Gruppen<\/p>\n<\/div>\n<\/div>\n\n\n\n<div class=\"is-layout-flex wp-container-31 wp-block-columns has-background\" style=\"background-color:#e3ebf1\">\n<div class=\"is-layout-flow wp-block-column\" style=\"flex-basis:20%\">\n<h3>18:05 Uhr<\/h3>\n<\/div>\n\n\n\n<div class=\"is-layout-flow wp-block-column\" style=\"flex-basis:80%\">\n<h3>Das Zusammenspiel zwischen CEOs und Nachhaltigkeitsverantwortlichen<\/h3>\n\n\n\n<div style=\"height:18px\" aria-hidden=\"true\" class=\"wp-block-spacer\"><\/div>\n\n\n\n<div class=\"is-layout-flex wp-container-29 wp-block-columns\">\n<div class=\"is-layout-flow wp-block-column abstand_klein\">\n<figure class=\"wp-block-image size-full is-resized\"><img decoding=\"async\" loading=\"lazy\" src=\"https:\/\/www.swisscleantech.ch\/files\/Fabian-Etter-swisscleantech-CEO4Climate-2025.jpg\" alt=\"\" class=\"wp-image-35121\" width=\"300\" height=\"300\" srcset=\"https:\/\/www.swisscleantech.ch\/files\/Fabian-Etter-swisscleantech-CEO4Climate-2025.jpg 400w, https:\/\/www.swisscleantech.ch\/files\/Fabian-Etter-swisscleantech-CEO4Climate-2025-300x300.jpg 300w, https:\/\/www.swisscleantech.ch\/files\/Fabian-Etter-swisscleantech-CEO4Climate-2025-125x125.jpg 125w\" sizes=\"(max-width: 300px) 100vw, 300px\" \/><\/figure>\n\n\n\n<div style=\"height:20px\" aria-hidden=\"true\" class=\"wp-block-spacer\"><\/div>\n\n\n\n<p><strong>Fabian Etter<\/strong><br>Co-Pr\u00e4sident swisscleantech<\/p>\n<\/div>\n<\/div>\n<\/div>\n<\/div>\n\n\n\n<div class=\"is-layout-flex wp-container-34 wp-block-columns has-background\" style=\"background-color:#79a6cb\">\n<div class=\"is-layout-flow wp-block-column\" style=\"flex-basis:20%\">\n<h3 class=\"has-white-color has-text-color\">18:15 Uhr<\/h3>\n<\/div>\n\n\n\n<div class=\"is-layout-flow wp-block-column\" style=\"flex-basis:80%\">\n<h3 class=\"has-white-color has-text-color\">Ap\u00e9ro<\/h3>\n<\/div>\n<\/div>\n\n\n\n<div class=\"is-layout-flex wp-container-39 wp-block-columns\">\n<div class=\"is-layout-flow wp-block-column abstand_gross has-background\" style=\"background-color:#e3ebf1\">\n<div class=\"is-layout-flex wp-container-37 wp-block-columns\">\n<div class=\"is-layout-flow wp-block-column\" style=\"flex-basis:33%\">\n<figure class=\"wp-block-image size-full\"><img decoding=\"async\" loading=\"lazy\" width=\"617\" height=\"350\" src=\"https:\/\/www.swisscleantech.ch\/files\/SAP-Schweiz-Logo-1.png\" alt=\"\" class=\"wp-image-28915\" srcset=\"https:\/\/www.swisscleantech.ch\/files\/SAP-Schweiz-Logo-1.png 617w, https:\/\/www.swisscleantech.ch\/files\/SAP-Schweiz-Logo-1-300x170.png 300w\" sizes=\"(max-width: 617px) 100vw, 617px\" \/><\/figure>\n<\/div>\n\n\n\n<div class=\"is-layout-flow wp-block-column\">\n<h3>Presenting Partner<\/h3>\n\n\n\n<p>Herzlichen Dank f\u00fcr die Unterst\u00fctzung SAP Switzerland!<\/p>\n<\/div>\n<\/div>\n<\/div>\n<\/div>\n\n\n\n<div class=\"is-layout-flex wp-container-44 wp-block-columns\">\n<div class=\"is-layout-flow wp-block-column abstand_gross has-background\" style=\"background-color:#e3ebf1\">\n<div class=\"is-layout-flex wp-container-42 wp-block-columns\">\n<div class=\"is-layout-flow wp-block-column\" style=\"flex-basis:33%\">\n<figure class=\"wp-block-image size-full\"><img decoding=\"async\" loading=\"lazy\" width=\"617\" height=\"350\" src=\"https:\/\/www.swisscleantech.ch\/files\/ABB-Logo.png\" alt=\"\" class=\"wp-image-36072\" srcset=\"https:\/\/www.swisscleantech.ch\/files\/ABB-Logo.png 617w, https:\/\/www.swisscleantech.ch\/files\/ABB-Logo-300x170.png 300w\" sizes=\"(max-width: 617px) 100vw, 617px\" \/><\/figure>\n<\/div>\n\n\n\n<div class=\"is-layout-flow wp-block-column\">\n<h3>Event Host<\/h3>\n\n\n\n<p>Herzlichen Dank f\u00fcr die Gastfreundschaft ABB Schweiz!<\/p>\n<\/div>\n<\/div>\n<\/div>\n<\/div>\n\n\n\n<h6>Diese Veranstaltung richtet sich exklusiv an Nachhaltigkeitsverantwortliche von swisscleantech-Mitgliedern und geladene G\u00e4ste.<\/h6>\n\n\n\n<div class=\"is-layout-flex wp-block-buttons\">\n<div class=\"wp-block-button\"><a class=\"wp-block-button__link wp-element-button\" href=\"https:\/\/www.eventbrite.ch\/e\/nachhaltigkeitsreporting-mit-echtem-mehrwert-tickets-1472072220639?aff=oddtdtcreator\" target=\"_blank\" rel=\"noopener\">Zur Anmeldung<\/a><\/div>\n<\/div>\n\n\n\n<div style=\"height:60px\" aria-hidden=\"true\" class=\"wp-block-spacer\"><\/div>\n\n\n\n<div class=\"is-layout-flex wp-container-47 wp-block-columns has-background\" style=\"background-color:#79a6cb\">\n<div class=\"is-layout-flow wp-block-column\"><div class=\"wp-block-image\">\n<figure class=\"aligncenter size-large is-resized\"><img decoding=\"async\" src=\"https:\/\/www.swisscleantech.ch\/files\/Nachhaltigkeitszirkel-Icon-mit-Text.svg\" alt=\"\" class=\"wp-image-30864\" width=\"250\"\/><\/figure><\/div>\n\n\n<div style=\"height:20px\" aria-hidden=\"true\" class=\"wp-block-spacer\"><\/div>\n\n\n\n<p class=\"has-white-color has-text-color\">Die Arbeit von Nachhaltigkeitsverantwortlichen bringt viel Wissen und Wandel in Zusammenarbeit mit unterschiedlichsten Stakeholdern und Gesch\u00e4ftsbereichen mit sich; der Bedarf nach Vernetzung und Austausch ist entsprechend hoch. Der Nachhaltigkeitszirkel f\u00f6rdert deshalb den zielgerichteten Erfahrungsaustausch unter Nachhaltigkeitsspezialist*innen.<\/p>\n<\/div>\n<\/div>\n","protected":false},"featured_media":0,"template":"","acf":[],"_links":{"self":[{"href":"https:\/\/www.swisscleantech.ch\/fr\/wp-json\/wp\/v2\/agendaeintrag\/36069"}],"collection":[{"href":"https:\/\/www.swisscleantech.ch\/fr\/wp-json\/wp\/v2\/agendaeintrag"}],"about":[{"href":"https:\/\/www.swisscleantech.ch\/fr\/wp-json\/wp\/v2\/types\/agendaeintrag"}],"version-history":[{"count":60,"href":"https:\/\/www.swisscleantech.ch\/fr\/wp-json\/wp\/v2\/agendaeintrag\/36069\/revisions"}],"predecessor-version":[{"id":36741,"href":"https:\/\/www.swisscleantech.ch\/fr\/wp-json\/wp\/v2\/agendaeintrag\/36069\/revisions\/36741"}],"wp:attachment":[{"href":"https:\/\/www.swisscleantech.ch\/fr\/wp-json\/wp\/v2\/media?parent=36069"}],"curies":[{"name":"wp","href":"https:\/\/api.w.org\/{rel}","templated":true}]}}