{"id":36573,"date":"2025-08-27T13:06:23","date_gmt":"2025-08-27T13:06:23","guid":{"rendered":"https:\/\/www.swisscleantech.ch\/?post_type=agendaeintrag&#038;p=36573"},"modified":"2025-10-08T07:39:34","modified_gmt":"2025-10-08T07:39:34","slug":"energie-et-climat-en-mutation-consequences-des-evolutions-reglementaires-pour-les-entreprises-webinaire-en-francais","status":"publish","type":"agendaeintrag","link":"https:\/\/www.swisscleantech.ch\/fr\/agendaeintrag\/energie-et-climat-en-mutation-consequences-des-evolutions-reglementaires-pour-les-entreprises-webinaire-en-francais\/","title":{"rendered":"\u00c9nergie et climat en mutation \u2013 cons\u00e9quences des \u00e9volutions r\u00e9glementaires pour les entreprises"},"content":{"rendered":"\n<p><\/p>\n\n\n\n<p><\/p>\n\n\n\n<div class=\"is-layout-flex wp-container-3 wp-block-columns\">\n<div class=\"is-layout-flow wp-block-column\">\n<p>L\u2019ann\u00e9e 2025 est le th\u00e9\u00e2tre de nombreuses \u00e9volutions r\u00e9glementaires en mati\u00e8re d\u2019\u00e9nergie, de climat et d\u2019environnement. Au niveau f\u00e9d\u00e9ral, de <strong>nombreux changements impactent ou impacteront nos membres&nbsp;: l\u2019entr\u00e9e en vigueur du premier train d\u2019ordonnances de la loi sur l\u2019\u00e9lectricit\u00e9, la loi climat, la loi sur le CO<sub>2<\/sub>, ou encore la r\u00e9vision de la loi sur la protection de l&#8217;environnement pour une renforcement de l\u2019\u00e9conomie circulaire<\/strong>. <\/p>\n<\/div>\n\n\n\n<div class=\"is-layout-flow wp-block-column\">\n<p>Dans ce contexte r\u00e9gulatoire complexe, les entreprises ont parfois de la peine \u00e0 s\u2019y retrouver, \u00e0 tirer profit des opportunit\u00e9s offertes et \u00e0 s\u2019adapter \u00e0 certaines contraintes.<\/p>\n\n\n\n<p>C&#8217;est pourquoi nous offrons soutien et orientation dans le cadre d&#8217;un webinaire avec des repr\u00e9sentants de l&#8217;\u00e9conomie, de la politique et de l&#8217;administration. Les trois invit\u00e9s de marques nous donneront un aper\u00e7u du cadre r\u00e9gulatoire actuel et futur, et fourniront des pistes d\u2019orientations concr\u00e8tes pour les entreprises&nbsp;:<\/p>\n<\/div>\n<\/div>\n\n\n\n<div class=\"is-layout-flex wp-container-7 wp-block-columns\">\n<div class=\"is-layout-flow wp-block-column\">\n<figure class=\"wp-block-image size-full\"><img decoding=\"async\" loading=\"lazy\" width=\"400\" height=\"400\" src=\"https:\/\/www.swisscleantech.ch\/files\/Alexandre-Berset-Bundesamt-fuer-Umwelt-BAFU.jpg\" alt=\"\" class=\"wp-image-36575\" srcset=\"https:\/\/www.swisscleantech.ch\/files\/Alexandre-Berset-Bundesamt-fuer-Umwelt-BAFU.jpg 400w, https:\/\/www.swisscleantech.ch\/files\/Alexandre-Berset-Bundesamt-fuer-Umwelt-BAFU-300x300.jpg 300w, https:\/\/www.swisscleantech.ch\/files\/Alexandre-Berset-Bundesamt-fuer-Umwelt-BAFU-125x125.jpg 125w\" sizes=\"(max-width: 400px) 100vw, 400px\" \/><\/figure>\n\n\n\n<div style=\"height:20px\" aria-hidden=\"true\" class=\"wp-block-spacer\"><\/div>\n\n\n\n<p><strong>Alexandre Berset<br><\/strong>Collaborateur scientifique office f\u00e9d\u00e9ral de l&#8217;environnement OFEV<\/p>\n<\/div>\n\n\n\n<div class=\"is-layout-flow wp-block-column\">\n<figure class=\"wp-block-image size-full\"><img decoding=\"async\" loading=\"lazy\" width=\"400\" height=\"400\" src=\"https:\/\/www.swisscleantech.ch\/files\/Roger-Nordmann-nationale-Wahlen-2023.jpg\" alt=\"\" class=\"wp-image-27207\" srcset=\"https:\/\/www.swisscleantech.ch\/files\/Roger-Nordmann-nationale-Wahlen-2023.jpg 400w, https:\/\/www.swisscleantech.ch\/files\/Roger-Nordmann-nationale-Wahlen-2023-300x300.jpg 300w, https:\/\/www.swisscleantech.ch\/files\/Roger-Nordmann-nationale-Wahlen-2023-125x125.jpg 125w\" sizes=\"(max-width: 400px) 100vw, 400px\" \/><\/figure>\n\n\n\n<div style=\"height:20px\" aria-hidden=\"true\" class=\"wp-block-spacer\"><\/div>\n\n\n\n<p><strong>Roger Nordmann<br><\/strong>CEO Approche Nordmann, ex-Conseiller national<\/p>\n<\/div>\n\n\n\n<div class=\"is-layout-flow wp-block-column\">\n<figure class=\"wp-block-image size-full\"><img decoding=\"async\" loading=\"lazy\" width=\"400\" height=\"400\" src=\"https:\/\/www.swisscleantech.ch\/files\/Christian-Petit-Advisum-Consult.jpg\" alt=\"\" class=\"wp-image-36574\" srcset=\"https:\/\/www.swisscleantech.ch\/files\/Christian-Petit-Advisum-Consult.jpg 400w, https:\/\/www.swisscleantech.ch\/files\/Christian-Petit-Advisum-Consult-300x300.jpg 300w, https:\/\/www.swisscleantech.ch\/files\/Christian-Petit-Advisum-Consult-125x125.jpg 125w\" sizes=\"(max-width: 400px) 100vw, 400px\" \/><\/figure>\n\n\n\n<div style=\"height:20px\" aria-hidden=\"true\" class=\"wp-block-spacer\"><\/div>\n\n\n\n<p><strong>Christian Petit<br><\/strong>CEO Advisum Consulte, membre du comit\u00e9 directeur swisscleantech<\/p>\n<\/div>\n<\/div>\n\n\n\n<div class=\"is-layout-flex wp-block-buttons\">\n<div class=\"wp-block-button\"><a class=\"wp-block-button__link wp-element-button\" href=\"https:\/\/us06web.zoom.us\/webinar\/register\/WN_6eayfWoTQVWLGM8Sbp6NcA\" target=\"_blank\" rel=\"noopener\">Inscription<\/a><\/div>\n<\/div>\n","protected":false},"featured_media":0,"template":"","acf":[],"_links":{"self":[{"href":"https:\/\/www.swisscleantech.ch\/fr\/wp-json\/wp\/v2\/agendaeintrag\/36573"}],"collection":[{"href":"https:\/\/www.swisscleantech.ch\/fr\/wp-json\/wp\/v2\/agendaeintrag"}],"about":[{"href":"https:\/\/www.swisscleantech.ch\/fr\/wp-json\/wp\/v2\/types\/agendaeintrag"}],"version-history":[{"count":31,"href":"https:\/\/www.swisscleantech.ch\/fr\/wp-json\/wp\/v2\/agendaeintrag\/36573\/revisions"}],"predecessor-version":[{"id":36887,"href":"https:\/\/www.swisscleantech.ch\/fr\/wp-json\/wp\/v2\/agendaeintrag\/36573\/revisions\/36887"}],"wp:attachment":[{"href":"https:\/\/www.swisscleantech.ch\/fr\/wp-json\/wp\/v2\/media?parent=36573"}],"curies":[{"name":"wp","href":"https:\/\/api.w.org\/{rel}","templated":true}]}}