{"id":36874,"date":"2025-10-07T14:29:46","date_gmt":"2025-10-07T14:29:46","guid":{"rendered":"https:\/\/www.swisscleantech.ch\/?post_type=agendaeintrag&#038;p=36874"},"modified":"2026-02-17T12:05:40","modified_gmt":"2026-02-17T12:05:40","slug":"nachhaltigkeitszirkel-mit-internem-co2-preis-zum-netto-null-ziel","status":"publish","type":"agendaeintrag","link":"https:\/\/www.swisscleantech.ch\/fr\/agendaeintrag\/nachhaltigkeitszirkel-mit-internem-co2-preis-zum-netto-null-ziel\/","title":{"rendered":"Nachhaltigkeitszirkel \u2013 mit internem CO2-Preis systemisch zum Netto-Null-Ziel"},"content":{"rendered":"<div class=\"wp-block-image\">\n<figure class=\"aligncenter size-large is-resized\"><img decoding=\"async\" src=\"https:\/\/www.swisscleantech.ch\/files\/Nachhaltigkeitszirkel-Icon-rot.svg\" alt=\"\" class=\"wp-image-30860\" width=\"100\"\/><\/figure><\/div>\n\n\n<div style=\"height:20px\" aria-hidden=\"true\" class=\"wp-block-spacer\"><\/div>\n\n\n\n<p>Nachhaltigkeitsverantwortliche stellen sich regelm\u00e4ssig die Frage: Wie kann ich in der Breite meines Unternehmens am meisten bewegen? Ein interner CO<sub>2<\/sub>-Preis zur Berechnung von Business Cases ist ein Instrument, das \u2013 wenn richtig und konsequent umgesetzt \u2013 eine breite und systemische Wirkung entfalten kann, wie einige unserer Mitglieder zeigen. Ein solcher Preis tr\u00e4gt weiter dazu bei, Investitionsentscheide langfristiger auszurichten und die Klimaziele der Firma st\u00e4rker zu verankern.<\/p>\n\n\n\n<h2>Programm<\/h2>\n\n\n\n<div class=\"is-layout-flex wp-container-3 wp-block-columns has-background\" style=\"background-color:#79a6cb\">\n<div class=\"is-layout-flow wp-block-column\" style=\"flex-basis:20%\">\n<h3 class=\"has-white-color has-text-color\">15:30 Uhr<\/h3>\n<\/div>\n\n\n\n<div class=\"is-layout-flow wp-block-column\" style=\"flex-basis:80%\">\n<h3 class=\"has-white-color has-text-color\">Eintreffen<\/h3>\n<\/div>\n<\/div>\n\n\n\n<div class=\"is-layout-flex wp-container-9 wp-block-columns has-background\" style=\"background-color:#e3ebf1\">\n<div class=\"is-layout-flow wp-block-column\" style=\"flex-basis:20%\">\n<h3>16 Uhr<\/h3>\n<\/div>\n\n\n\n<div class=\"is-layout-flow wp-block-column\" style=\"flex-basis:80%\">\n<h3>Begr\u00fcssung und Einf\u00fchrung<\/h3>\n\n\n\n<div style=\"height:20px\" aria-hidden=\"true\" class=\"wp-block-spacer\"><\/div>\n\n\n\n<div class=\"is-layout-flex wp-container-7 wp-block-columns\">\n<div class=\"is-layout-flow wp-block-column\">\n<figure class=\"wp-block-image size-full is-resized\"><img decoding=\"async\" loading=\"lazy\" src=\"https:\/\/www.swisscleantech.ch\/files\/Madeleine-Guyer-swisscleantech.jpg\" alt=\"\" class=\"wp-image-36823\" width=\"300\" height=\"300\" srcset=\"https:\/\/www.swisscleantech.ch\/files\/Madeleine-Guyer-swisscleantech.jpg 400w, https:\/\/www.swisscleantech.ch\/files\/Madeleine-Guyer-swisscleantech-300x300.jpg 300w, https:\/\/www.swisscleantech.ch\/files\/Madeleine-Guyer-swisscleantech-125x125.jpg 125w\" sizes=\"(max-width: 300px) 100vw, 300px\" \/><\/figure>\n\n\n\n<div style=\"height:20px\" aria-hidden=\"true\" class=\"wp-block-spacer\"><\/div>\n\n\n\n<p><strong>Madeleine Guyer<\/strong><br>Community &amp; Mitgliederbeziehungen swisscleantech<\/p>\n<\/div>\n\n\n\n<div class=\"is-layout-flow wp-block-column\">\n<figure class=\"wp-block-image size-full is-resized\"><img decoding=\"async\" loading=\"lazy\" src=\"https:\/\/www.swisscleantech.ch\/files\/Sabrina-Storck_SAP.jpg\" alt=\"\" class=\"wp-image-36935\" width=\"300\" height=\"300\" srcset=\"https:\/\/www.swisscleantech.ch\/files\/Sabrina-Storck_SAP.jpg 400w, https:\/\/www.swisscleantech.ch\/files\/Sabrina-Storck_SAP-300x300.jpg 300w, https:\/\/www.swisscleantech.ch\/files\/Sabrina-Storck_SAP-125x125.jpg 125w\" sizes=\"(max-width: 300px) 100vw, 300px\" \/><\/figure>\n\n\n\n<div style=\"height:20px\" aria-hidden=\"true\" class=\"wp-block-spacer\"><\/div>\n\n\n\n<p><strong>Sabrina Storck<\/strong><br>Co-Managing Director <br>SAP Schweiz<\/p>\n<\/div>\n<\/div>\n\n\n\n<p><\/p>\n<\/div>\n<\/div>\n\n\n\n<div class=\"is-layout-flex wp-container-14 wp-block-columns has-background\" style=\"background-color:#e3ebf1\">\n<div class=\"is-layout-flow wp-block-column\" style=\"flex-basis:20%\">\n<h3>16:10 Uhr<\/h3>\n<\/div>\n\n\n\n<div class=\"is-layout-flow wp-block-column\" style=\"flex-basis:80%\">\n<h3>Vom Product Carbon Footprint zum internen CO<sub>2<\/sub>-Preis<\/h3>\n\n\n\n<div style=\"height:20px\" aria-hidden=\"true\" class=\"wp-block-spacer\"><\/div>\n\n\n\n<div class=\"is-layout-flex wp-container-12 wp-block-columns\">\n<div class=\"is-layout-flow wp-block-column\">\n<figure class=\"wp-block-image size-full is-resized\"><img decoding=\"async\" loading=\"lazy\" src=\"https:\/\/www.swisscleantech.ch\/files\/Sebastian-Kaczynski-SAP-2024.jpg\" alt=\"\" class=\"wp-image-33574\" width=\"300\" height=\"300\" srcset=\"https:\/\/www.swisscleantech.ch\/files\/Sebastian-Kaczynski-SAP-2024.jpg 616w, https:\/\/www.swisscleantech.ch\/files\/Sebastian-Kaczynski-SAP-2024-300x300.jpg 300w, https:\/\/www.swisscleantech.ch\/files\/Sebastian-Kaczynski-SAP-2024-125x125.jpg 125w\" sizes=\"(max-width: 300px) 100vw, 300px\" \/><\/figure>\n\n\n\n<div style=\"height:20px\" aria-hidden=\"true\" class=\"wp-block-spacer\"><\/div>\n\n\n\n<p><strong>Sebastian Kaczynski<\/strong><br>Chief Sustainability Officer SAP Schweiz<\/p>\n<\/div>\n<\/div>\n<\/div>\n<\/div>\n\n\n\n<div class=\"is-layout-flex wp-container-22 wp-block-columns has-background\" style=\"background-color:#e3ebf1\">\n<div class=\"is-layout-flow wp-block-column\" style=\"flex-basis:20%\">\n<h3>16:30 Uhr<\/h3>\n<\/div>\n\n\n\n<div class=\"is-layout-flow wp-block-column\" style=\"flex-basis:80%\">\n<h3>Interner Carbon Price \u2013 Erfahrungsberichte<\/h3>\n\n\n\n<div style=\"height:20px\" aria-hidden=\"true\" class=\"wp-block-spacer\"><\/div>\n\n\n\n<div class=\"is-layout-flex wp-container-18 wp-block-columns\">\n<div class=\"is-layout-flow wp-block-column\">\n<figure class=\"wp-block-image size-full is-resized\"><img decoding=\"async\" loading=\"lazy\" src=\"https:\/\/www.swisscleantech.ch\/files\/Vincent-Eckert-Swiss-Re.jpg\" alt=\"\" class=\"wp-image-36875\" width=\"300\" height=\"300\" srcset=\"https:\/\/www.swisscleantech.ch\/files\/Vincent-Eckert-Swiss-Re.jpg 400w, https:\/\/www.swisscleantech.ch\/files\/Vincent-Eckert-Swiss-Re-300x300.jpg 300w, https:\/\/www.swisscleantech.ch\/files\/Vincent-Eckert-Swiss-Re-125x125.jpg 125w\" sizes=\"(max-width: 300px) 100vw, 300px\" \/><\/figure>\n\n\n\n<div style=\"height:20px\" aria-hidden=\"true\" class=\"wp-block-spacer\"><\/div>\n\n\n\n<p><strong>Vincent Eckert<\/strong><br>Director, Head Internal Environmental Management<br>Swiss Re<\/p>\n<\/div>\n\n\n\n<div class=\"is-layout-flow wp-block-column\">\n<figure class=\"wp-block-image size-full is-resized\"><img decoding=\"async\" loading=\"lazy\" src=\"https:\/\/www.swisscleantech.ch\/files\/Marcel-Niederberger-V-ZUG.jpg\" alt=\"\" class=\"wp-image-36876\" width=\"300\" height=\"300\" srcset=\"https:\/\/www.swisscleantech.ch\/files\/Marcel-Niederberger-V-ZUG.jpg 400w, https:\/\/www.swisscleantech.ch\/files\/Marcel-Niederberger-V-ZUG-300x300.jpg 300w, https:\/\/www.swisscleantech.ch\/files\/Marcel-Niederberger-V-ZUG-125x125.jpg 125w\" sizes=\"(max-width: 300px) 100vw, 300px\" \/><\/figure>\n\n\n\n<div style=\"height:20px\" aria-hidden=\"true\" class=\"wp-block-spacer\"><\/div>\n\n\n\n<p><strong>Marcel Niederberger<\/strong><br>Head of Sustainability <br>V-ZUG<\/p>\n<\/div>\n<\/div>\n\n\n\n<div class=\"is-layout-flex wp-container-20 wp-block-columns\">\n<div class=\"is-layout-flow wp-block-column\">\n<figure class=\"wp-block-image size-full is-resized\"><img decoding=\"async\" loading=\"lazy\" src=\"https:\/\/www.swisscleantech.ch\/files\/Flavia-Zimmermann-Siemens.jpg\" alt=\"\" class=\"wp-image-25463\" width=\"300\" height=\"300\" srcset=\"https:\/\/www.swisscleantech.ch\/files\/Flavia-Zimmermann-Siemens.jpg 400w, https:\/\/www.swisscleantech.ch\/files\/Flavia-Zimmermann-Siemens-300x300.jpg 300w, https:\/\/www.swisscleantech.ch\/files\/Flavia-Zimmermann-Siemens-125x125.jpg 125w\" sizes=\"(max-width: 300px) 100vw, 300px\" \/><\/figure>\n\n\n\n<div style=\"height:20px\" aria-hidden=\"true\" class=\"wp-block-spacer\"><\/div>\n\n\n\n<p><strong>Flavia Zimmermann<\/strong><br>Sustainability Managerin<br>Siemens<\/p>\n<\/div>\n<\/div>\n\n\n\n<p><\/p>\n<\/div>\n<\/div>\n\n\n\n<div class=\"is-layout-flex wp-container-25 wp-block-columns has-background\" style=\"background-color:#e3ebf1\">\n<div class=\"is-layout-flow wp-block-column has-black-color has-text-color\" style=\"flex-basis:20%\">\n<h3>17 Uhr<\/h3>\n<\/div>\n\n\n\n<div class=\"is-layout-flow wp-block-column\" style=\"flex-basis:80%\">\n<h3>Erfahrungsaustausch<\/h3>\n\n\n\n<ul>\n<li>Wie kann die Gesch\u00e4ftsleitung von der Einf\u00fchrung und der konsequenten Anwendung dieses freiwilligen Instruments \u00fcberzeugt werden?<\/li>\n\n\n\n<li>Auf welcher Basis wird der interne CO<sub>2<\/sub>-Preis berechnet und wie werden die CO<sub>2<\/sub>-Emissionen eines Unternehmens ermittelt?<\/li>\n\n\n\n<li>Wie lassen sich CO<sub>2<\/sub>-Budgets auf Bereichs- beziehungsweise Kostenstellenebene tracken und steuern?<\/li>\n\n\n\n<li>Welcher Verwendungszweck bewegt am meisten?<\/li>\n\n\n\n<li>Wie involviere ich die Mitarbeiter*innen und f\u00f6rdere dadurch die Akzeptanz?<\/li>\n\n\n\n<li>Welche Herausforderungen und Risiken bringt internes Carbon Pricing f\u00fcr mein Unternehmen mit sich?<\/li>\n<\/ul>\n<\/div>\n<\/div>\n\n\n\n<div class=\"is-layout-flex wp-container-30 wp-block-columns has-background\" style=\"background-color:#e3ebf1\">\n<div class=\"is-layout-flow wp-block-column\" style=\"flex-basis:20%\">\n<h3>18:10 Uhr<\/h3>\n<\/div>\n\n\n\n<div class=\"is-layout-flow wp-block-column\" style=\"flex-basis:80%\">\n<h3>Lenkungsabgaben und Emissionshandelssystem \u2013 eine politische Einordnung<\/h3>\n\n\n\n<div style=\"height:18px\" aria-hidden=\"true\" class=\"wp-block-spacer\"><\/div>\n\n\n\n<div class=\"is-layout-flex wp-container-28 wp-block-columns\">\n<div class=\"is-layout-flow wp-block-column abstand_klein\">\n<figure class=\"wp-block-image size-full is-resized\"><img decoding=\"async\" loading=\"lazy\" src=\"https:\/\/www.swisscleantech.ch\/files\/Christian-Zeyer-2.jpg\" alt=\"\" class=\"wp-image-29082\" width=\"300\" height=\"300\" srcset=\"https:\/\/www.swisscleantech.ch\/files\/Christian-Zeyer-2.jpg 400w, https:\/\/www.swisscleantech.ch\/files\/Christian-Zeyer-2-300x300.jpg 300w, https:\/\/www.swisscleantech.ch\/files\/Christian-Zeyer-2-125x125.jpg 125w\" sizes=\"(max-width: 300px) 100vw, 300px\" \/><\/figure>\n\n\n\n<div style=\"height:20px\" aria-hidden=\"true\" class=\"wp-block-spacer\"><\/div>\n\n\n\n<p><strong>Christian Zeyer<\/strong><br>Co-Gesch\u00e4ftsf\u00fchrer swisscleantech<\/p>\n<\/div>\n<\/div>\n<\/div>\n<\/div>\n\n\n\n<div class=\"is-layout-flex wp-container-33 wp-block-columns has-background\" style=\"background-color:#e3ebf1\">\n<div class=\"is-layout-flow wp-block-column has-black-color has-text-color\" style=\"flex-basis:20%\">\n<h3>18:25 Uhr<\/h3>\n<\/div>\n\n\n\n<div class=\"is-layout-flow wp-block-column\" style=\"flex-basis:80%\">\n<h3>Zusammenfassung &amp; Abschluss<\/h3>\n<\/div>\n<\/div>\n\n\n\n<div class=\"is-layout-flex wp-container-36 wp-block-columns has-background\" style=\"background-color:#79a6cb\">\n<div class=\"is-layout-flow wp-block-column\" style=\"flex-basis:20%\">\n<h3 class=\"has-white-color has-text-color\">18:30 Uhr<\/h3>\n<\/div>\n\n\n\n<div class=\"is-layout-flow wp-block-column\" style=\"flex-basis:80%\">\n<h3 class=\"has-white-color has-text-color\">Ap\u00e9ro<\/h3>\n<\/div>\n<\/div>\n\n\n\n<div style=\"height:80px\" aria-hidden=\"true\" class=\"wp-block-spacer\"><\/div>\n\n\n\n<div class=\"is-layout-flex wp-container-41 wp-block-columns\">\n<div class=\"is-layout-flow wp-block-column abstand_gross has-background\" style=\"background-color:#e3ebf1\">\n<div class=\"is-layout-flex wp-container-39 wp-block-columns\">\n<div class=\"is-layout-flow wp-block-column\" style=\"flex-basis:33%\">\n<figure class=\"wp-block-image size-full\"><img decoding=\"async\" loading=\"lazy\" width=\"617\" height=\"350\" src=\"https:\/\/www.swisscleantech.ch\/files\/SAP-Schweiz-Logo-1.png\" alt=\"\" class=\"wp-image-28915\" srcset=\"https:\/\/www.swisscleantech.ch\/files\/SAP-Schweiz-Logo-1.png 617w, https:\/\/www.swisscleantech.ch\/files\/SAP-Schweiz-Logo-1-300x170.png 300w\" sizes=\"(max-width: 617px) 100vw, 617px\" \/><\/figure>\n<\/div>\n\n\n\n<div class=\"is-layout-flow wp-block-column\">\n<h3>Presenting Partner<\/h3>\n\n\n\n<p>Herzlichen Dank f\u00fcr die Unterst\u00fctzung!<\/p>\n<\/div>\n<\/div>\n<\/div>\n<\/div>\n\n\n\n<h6>Diese Veranstaltung richtet sich exklusiv an Nachhaltigkeitsverantwortliche von swisscleantech-Mitgliedern und geladene G\u00e4ste.<\/h6>\n\n\n\n<div class=\"is-layout-flex wp-block-buttons\">\n<div class=\"wp-block-button\"><a class=\"wp-block-button__link wp-element-button\" href=\"https:\/\/www.eventbrite.ch\/e\/mit-internem-co2-preis-zum-netto-null-ziel-tickets-1781436156499\" target=\"_blank\" rel=\"noopener\">Zur Anmeldung<\/a><\/div>\n<\/div>\n\n\n\n<div style=\"height:60px\" aria-hidden=\"true\" class=\"wp-block-spacer\"><\/div>\n\n\n\n<div class=\"is-layout-flex wp-container-44 wp-block-columns has-background\" style=\"background-color:#79a6cb\">\n<div class=\"is-layout-flow wp-block-column\"><div class=\"wp-block-image\">\n<figure class=\"aligncenter size-large is-resized\"><img decoding=\"async\" src=\"https:\/\/www.swisscleantech.ch\/files\/Nachhaltigkeitszirkel-Icon-mit-Text.svg\" alt=\"\" class=\"wp-image-30864\" width=\"250\"\/><\/figure><\/div>\n\n\n<div style=\"height:20px\" aria-hidden=\"true\" class=\"wp-block-spacer\"><\/div>\n\n\n\n<p class=\"has-white-color has-text-color\">Die Arbeit von Nachhaltigkeitsverantwortlichen bringt viel Wissen und Wandel in Zusammenarbeit mit unterschiedlichsten Stakeholdern und Gesch\u00e4ftsbereichen mit sich; der Bedarf nach Vernetzung und Austausch ist entsprechend hoch. Der Nachhaltigkeitszirkel f\u00f6rdert deshalb den zielgerichteten Erfahrungsaustausch unter Nachhaltigkeitsspezialist*innen.<\/p>\n<\/div>\n<\/div>\n","protected":false},"featured_media":0,"template":"","acf":[],"_links":{"self":[{"href":"https:\/\/www.swisscleantech.ch\/fr\/wp-json\/wp\/v2\/agendaeintrag\/36874"}],"collection":[{"href":"https:\/\/www.swisscleantech.ch\/fr\/wp-json\/wp\/v2\/agendaeintrag"}],"about":[{"href":"https:\/\/www.swisscleantech.ch\/fr\/wp-json\/wp\/v2\/types\/agendaeintrag"}],"version-history":[{"count":20,"href":"https:\/\/www.swisscleantech.ch\/fr\/wp-json\/wp\/v2\/agendaeintrag\/36874\/revisions"}],"predecessor-version":[{"id":38071,"href":"https:\/\/www.swisscleantech.ch\/fr\/wp-json\/wp\/v2\/agendaeintrag\/36874\/revisions\/38071"}],"wp:attachment":[{"href":"https:\/\/www.swisscleantech.ch\/fr\/wp-json\/wp\/v2\/media?parent=36874"}],"curies":[{"name":"wp","href":"https:\/\/api.w.org\/{rel}","templated":true}]}}