{"id":37306,"date":"2025-12-03T17:27:37","date_gmt":"2025-12-03T17:27:37","guid":{"rendered":"https:\/\/www.swisscleantech.ch\/?post_type=agendaeintrag&#038;p=37306"},"modified":"2026-01-28T08:25:44","modified_gmt":"2026-01-28T08:25:44","slug":"solitude-du-responsable-de-la-durabilite-la-reconnaitre-et-la-depasser","status":"publish","type":"agendaeintrag","link":"https:\/\/www.swisscleantech.ch\/fr\/agendaeintrag\/solitude-du-responsable-de-la-durabilite-la-reconnaitre-et-la-depasser\/","title":{"rendered":"Responsables RSE : renforcer la collaboration et sortir de l\u2019isolement"},"content":{"rendered":"\n<p><\/p>\n\n\n\n<p>Dans un contexte o\u00f9 la durabilit\u00e9 devient incontournable, les responsables RSE font face \u00e0 des d\u00e9fis complexes :<\/p>\n\n\n\n<ul>\n<li>Mobiliser les m\u00e9tiers et embarquer les collaborateurs<\/li>\n\n\n\n<li>Maintenir l\u2019engagement de la direction dans la dur\u00e9e<\/li>\n\n\n\n<li>Mesurer l\u2019impact concret des actions<\/li>\n\n\n\n<li>Trouver des ressources et des pairs pour sortir de l\u2019isolement relatif du r\u00f4le.<\/li>\n<\/ul>\n\n\n\n<p>Face \u00e0 ces enjeux, des nombreuses questions de posent pour le\/la responsable RSE :<\/p>\n\n\n\n<ul>\n<li>Comment cr\u00e9er une relation gagnant-gagnant avec la direction g\u00e9n\u00e9rale ?<\/li>\n\n\n\n<li>Quelles approches pour f\u00e9d\u00e9rer l\u2019ensemble des \u00e9quipes autour des enjeux de durabilit\u00e9 ?<\/li>\n\n\n\n<li>Quels r\u00e9seaux et m\u00e9thodes pour renforcer votre impact ?<\/li>\n<\/ul>\n\n\n\n<p>Nous vous invitons \u00e0 explorer ces questions lors d\u2019un moment d\u2019\u00e9change privil\u00e9gi\u00e9, dans un cadre confidentiel et convivial.<\/p>\n\n\n\n<p>Pourquoi participer ?<\/p>\n\n\n\n<ul>\n<li>Rencontrer vos pairs : Responsables RSE et durabilit\u00e9 de tous les secteurs.<\/li>\n\n\n\n<li>Partager des exp\u00e9riences : ce qui fonctionne, ce qui bloque, et comment avancer.<\/li>\n\n\n\n<li>Trouver des pistes de solutions concr\u00e8tes : avec l\u2019appui d\u2019experts et de praticiens engag\u00e9s.<\/li>\n\n\n\n<li>Et bien s\u00fbr\u2026 prolonger les \u00e9changes autour d\u2019un ap\u00e9ritif convivial !<\/li>\n<\/ul>\n\n\n\n<p><\/p>\n\n\n\n<h2>Programme<\/h2>\n\n\n\n<div class=\"is-layout-flex wp-container-3 wp-block-columns has-background\" style=\"background-color:#79a6cb\">\n<div class=\"is-layout-flow wp-block-column\" style=\"flex-basis:20%\">\n<h3 class=\"has-white-color has-text-color\">18h<\/h3>\n<\/div>\n\n\n\n<div class=\"is-layout-flow wp-block-column\" style=\"flex-basis:80%\">\n<h3 class=\"has-white-color has-text-color\">Mot de bienvenue<\/h3>\n<\/div>\n<\/div>\n\n\n\n<div class=\"is-layout-flex wp-container-9 wp-block-columns has-background\" style=\"background-color:#e3ebf1\">\n<div class=\"is-layout-flow wp-block-column\" style=\"flex-basis:20%\">\n<h3>18h05<\/h3>\n<\/div>\n\n\n\n<div class=\"is-layout-flow wp-block-column\" style=\"flex-basis:80%\">\n<h3>T\u00e9moignage de la responsable de la durabilit\u00e9 : Romande Energie<\/h3>\n\n\n\n<div style=\"height:20px\" aria-hidden=\"true\" class=\"wp-block-spacer\"><\/div>\n\n\n\n<div class=\"is-layout-flex wp-container-7 wp-block-columns\">\n<div class=\"is-layout-flow wp-block-column\">\n<figure class=\"wp-block-image size-full is-resized\"><img decoding=\"async\" loading=\"lazy\" src=\"https:\/\/www.swisscleantech.ch\/files\/Florence-Schmidt-Romande-Energie.jpg\" alt=\"\" class=\"wp-image-35512\" width=\"300\" height=\"300\" srcset=\"https:\/\/www.swisscleantech.ch\/files\/Florence-Schmidt-Romande-Energie.jpg 400w, https:\/\/www.swisscleantech.ch\/files\/Florence-Schmidt-Romande-Energie-300x300.jpg 300w, https:\/\/www.swisscleantech.ch\/files\/Florence-Schmidt-Romande-Energie-125x125.jpg 125w\" sizes=\"(max-width: 300px) 100vw, 300px\" \/><\/figure>\n\n\n\n<div style=\"height:20px\" aria-hidden=\"true\" class=\"wp-block-spacer\"><\/div>\n\n\n\n<p><strong>Florence Schmidt<\/strong><br>CSO Romande Energie<\/p>\n<\/div>\n\n\n\n<div class=\"is-layout-flow wp-block-column\">\n<figure class=\"wp-block-image size-full is-resized\"><img decoding=\"async\" loading=\"lazy\" src=\"https:\/\/www.swisscleantech.ch\/files\/Christian-Petit-Advisum-Consult.jpg\" alt=\"\" class=\"wp-image-36574\" width=\"300\" height=\"300\" srcset=\"https:\/\/www.swisscleantech.ch\/files\/Christian-Petit-Advisum-Consult.jpg 400w, https:\/\/www.swisscleantech.ch\/files\/Christian-Petit-Advisum-Consult-300x300.jpg 300w, https:\/\/www.swisscleantech.ch\/files\/Christian-Petit-Advisum-Consult-125x125.jpg 125w\" sizes=\"(max-width: 300px) 100vw, 300px\" \/><\/figure>\n\n\n\n<div style=\"height:20px\" aria-hidden=\"true\" class=\"wp-block-spacer\"><\/div>\n\n\n\n<p><strong>Christian Petit<br><\/strong>Fondateur et g\u00e9rant Advisum Consulte, membre du comit\u00e9 directeur swisscleantech<\/p>\n\n\n\n<p>(intervieweur)<\/p>\n<\/div>\n<\/div>\n\n\n\n<p><\/p>\n<\/div>\n<\/div>\n\n\n\n<div class=\"is-layout-flex wp-container-15 wp-block-columns has-background\" style=\"background-color:#e3ebf1\">\n<div class=\"is-layout-flow wp-block-column\" style=\"flex-basis:20%\">\n<h3>18h20<\/h3>\n<\/div>\n\n\n\n<div class=\"is-layout-flow wp-block-column\" style=\"flex-basis:80%\">\n<h3>T\u00e9moignage de la responsable de la durabilit\u00e9 : Piguet Galland<\/h3>\n\n\n\n<div style=\"height:20px\" aria-hidden=\"true\" class=\"wp-block-spacer\"><\/div>\n\n\n\n<div class=\"is-layout-flex wp-container-13 wp-block-columns\">\n<div class=\"is-layout-flow wp-block-column\">\n<figure class=\"wp-block-image size-full is-resized\"><img decoding=\"async\" loading=\"lazy\" src=\"https:\/\/www.swisscleantech.ch\/files\/Candice-Vogt-Piguet-Galland-asd.jpg\" alt=\"\" class=\"wp-image-37307\" width=\"300\" height=\"300\" srcset=\"https:\/\/www.swisscleantech.ch\/files\/Candice-Vogt-Piguet-Galland-asd.jpg 400w, https:\/\/www.swisscleantech.ch\/files\/Candice-Vogt-Piguet-Galland-asd-300x300.jpg 300w, https:\/\/www.swisscleantech.ch\/files\/Candice-Vogt-Piguet-Galland-asd-125x125.jpg 125w\" sizes=\"(max-width: 300px) 100vw, 300px\" \/><\/figure>\n\n\n\n<div style=\"height:20px\" aria-hidden=\"true\" class=\"wp-block-spacer\"><\/div>\n\n\n\n<p><strong>Candice Vogt<br><\/strong>Responsable Logistique &amp; RSE Piguet Galland, membre du comit\u00e9 de l\u2019Association des Sp\u00e9cialistes de la Durabilit\u00e9<\/p>\n<\/div>\n\n\n\n<div class=\"is-layout-flow wp-block-column\">\n<figure class=\"wp-block-image size-full is-resized\"><img decoding=\"async\" loading=\"lazy\" src=\"https:\/\/www.swisscleantech.ch\/files\/Jochen-Peter-Breuer-JBP-Friends.jpg\" alt=\"\" class=\"wp-image-37308\" width=\"300\" height=\"300\" srcset=\"https:\/\/www.swisscleantech.ch\/files\/Jochen-Peter-Breuer-JBP-Friends.jpg 400w, https:\/\/www.swisscleantech.ch\/files\/Jochen-Peter-Breuer-JBP-Friends-300x300.jpg 300w, https:\/\/www.swisscleantech.ch\/files\/Jochen-Peter-Breuer-JBP-Friends-125x125.jpg 125w\" sizes=\"(max-width: 300px) 100vw, 300px\" \/><\/figure>\n\n\n\n<div style=\"height:20px\" aria-hidden=\"true\" class=\"wp-block-spacer\"><\/div>\n\n\n\n<p><strong>Jochen Peter Breuer<\/strong><br>Founder &amp; Inspirator JPB &amp; Friends<\/p>\n\n\n\n<p>(intervieweur)<\/p>\n<\/div>\n<\/div>\n\n\n\n<p><\/p>\n<\/div>\n<\/div>\n\n\n\n<div class=\"is-layout-flex wp-container-24 wp-block-columns has-background\" style=\"background-color:#e3ebf1\">\n<div class=\"is-layout-flow wp-block-column\" style=\"flex-basis:20%\">\n<h3>18h35<\/h3>\n<\/div>\n\n\n\n<div class=\"is-layout-flow wp-block-column\" style=\"flex-basis:80%\">\n<h3>Groupes de r\u00e9flexion<\/h3>\n\n\n\n<div style=\"height:20px\" aria-hidden=\"true\" class=\"wp-block-spacer\"><\/div>\n\n\n\n<div class=\"is-layout-flex wp-container-18 wp-block-columns\">\n<div class=\"is-layout-flow wp-block-column\">\n<h4>Les difficult\u00e9s rencontr\u00e9es par le\/la CSO au quotidien<\/h4>\n\n\n\n<p>animation par Candice Vogt et<\/p>\n\n\n\n<figure class=\"wp-block-image size-full is-resized\"><img decoding=\"async\" loading=\"lazy\" src=\"https:\/\/www.swisscleantech.ch\/files\/Emilie-Le-Dret-Rolex-asd.jpg\" alt=\"\" class=\"wp-image-37311\" width=\"300\" height=\"300\" srcset=\"https:\/\/www.swisscleantech.ch\/files\/Emilie-Le-Dret-Rolex-asd.jpg 400w, https:\/\/www.swisscleantech.ch\/files\/Emilie-Le-Dret-Rolex-asd-300x300.jpg 300w, https:\/\/www.swisscleantech.ch\/files\/Emilie-Le-Dret-Rolex-asd-125x125.jpg 125w\" sizes=\"(max-width: 300px) 100vw, 300px\" \/><\/figure>\n\n\n\n<div style=\"height:20px\" aria-hidden=\"true\" class=\"wp-block-spacer\"><\/div>\n\n\n\n<p><strong>Emilie Le Dret<\/strong><br>Membre du comit\u00e9 de l\u2019Association des Sp\u00e9cialistes de la Durabilit\u00e9<\/p>\n<\/div>\n<\/div>\n\n\n\n<div class=\"is-layout-flex wp-container-20 wp-block-columns\">\n<div class=\"is-layout-flow wp-block-column\">\n<h4>Convaincre les m\u00e9tiers pour mettre en \u0153uvre la feuille de route durabilit\u00e9<\/h4>\n\n\n\n<p>animation par<\/p>\n\n\n\n<figure class=\"wp-block-image size-full is-resized\"><img decoding=\"async\" loading=\"lazy\" src=\"https:\/\/www.swisscleantech.ch\/files\/Cedric-Junillon-WattEd.jpg\" alt=\"\" class=\"wp-image-37312\" width=\"300\" height=\"300\" srcset=\"https:\/\/www.swisscleantech.ch\/files\/Cedric-Junillon-WattEd.jpg 400w, https:\/\/www.swisscleantech.ch\/files\/Cedric-Junillon-WattEd-300x300.jpg 300w, https:\/\/www.swisscleantech.ch\/files\/Cedric-Junillon-WattEd-125x125.jpg 125w\" sizes=\"(max-width: 300px) 100vw, 300px\" \/><\/figure>\n\n\n\n<div style=\"height:20px\" aria-hidden=\"true\" class=\"wp-block-spacer\"><\/div>\n\n\n\n<p><strong>C\u00e9dric Junillon<br><\/strong>Fondateur WattEd<\/p>\n<\/div>\n<\/div>\n\n\n\n<div class=\"is-layout-flex wp-container-22 wp-block-columns\">\n<div class=\"is-layout-flow wp-block-column\">\n<h4>La relation cl\u00e9 entre le\/la CSO et le\/la CEO<\/h4>\n\n\n\n<p>animation par Jochen Peter Breuer<\/p>\n<\/div>\n<\/div>\n<\/div>\n<\/div>\n\n\n\n<div class=\"is-layout-flex wp-container-27 wp-block-columns has-background\" style=\"background-color:#e3ebf1\">\n<div class=\"is-layout-flow wp-block-column\" style=\"flex-basis:20%\">\n<h3 class=\"has-black-color has-text-color\">19h20<\/h3>\n<\/div>\n\n\n\n<div class=\"is-layout-flow wp-block-column\" style=\"flex-basis:80%\">\n<h3 class=\"has-black-color has-text-color\">Restitution des groupes en pl\u00e9num et cl\u00f4ture<\/h3>\n<\/div>\n<\/div>\n\n\n\n<div class=\"is-layout-flex wp-container-30 wp-block-columns has-background\" style=\"background-color:#79a6cb\">\n<div class=\"is-layout-flow wp-block-column\" style=\"flex-basis:20%\">\n<h3 class=\"has-white-color has-text-color\">19h30<\/h3>\n<\/div>\n\n\n\n<div class=\"is-layout-flow wp-block-column\" style=\"flex-basis:80%\">\n<h3 class=\"has-white-color has-text-color\">Ap\u00e9ritif<\/h3>\n<\/div>\n<\/div>\n\n\n\n<div style=\"height:60px\" aria-hidden=\"true\" class=\"wp-block-spacer\"><\/div>\n\n\n\n<div class=\"is-layout-flex wp-container-35 wp-block-columns\">\n<div class=\"is-layout-flow wp-block-column abstand_gross has-background\" style=\"background-color:#e3ebf1\">\n<div class=\"is-layout-flex wp-container-33 wp-block-columns\">\n<div class=\"is-layout-flow wp-block-column\" style=\"flex-basis:33%\">\n<figure class=\"wp-block-image size-full\"><img decoding=\"async\" loading=\"lazy\" width=\"617\" height=\"350\" src=\"https:\/\/www.swisscleantech.ch\/files\/asd-Association-des-Specialistes-de-la-Durabilite.png\" alt=\"\" class=\"wp-image-37318\" srcset=\"https:\/\/www.swisscleantech.ch\/files\/asd-Association-des-Specialistes-de-la-Durabilite.png 617w, https:\/\/www.swisscleantech.ch\/files\/asd-Association-des-Specialistes-de-la-Durabilite-300x170.png 300w\" sizes=\"(max-width: 617px) 100vw, 617px\" \/><\/figure>\n<\/div>\n\n\n\n<div class=\"is-layout-flow wp-block-column\">\n<h3>Partenaire de l&#8217;\u00e9v\u00e8nement<\/h3>\n\n\n\n<p>Merci beaucoup pour le soutien!<\/p>\n<\/div>\n<\/div>\n<\/div>\n<\/div>\n\n\n\n<div class=\"is-layout-flex wp-block-buttons\">\n<div class=\"wp-block-button\"><a class=\"wp-block-button__link wp-element-button\" href=\"https:\/\/www.eventbrite.ch\/e\/solitude-du-responsable-de-la-durabilite-tickets-1976754662408\" target=\"_blank\" rel=\"noopener\">Inscription<\/a><\/div>\n<\/div>\n","protected":false},"featured_media":0,"template":"","acf":[],"_links":{"self":[{"href":"https:\/\/www.swisscleantech.ch\/fr\/wp-json\/wp\/v2\/agendaeintrag\/37306"}],"collection":[{"href":"https:\/\/www.swisscleantech.ch\/fr\/wp-json\/wp\/v2\/agendaeintrag"}],"about":[{"href":"https:\/\/www.swisscleantech.ch\/fr\/wp-json\/wp\/v2\/types\/agendaeintrag"}],"version-history":[{"count":18,"href":"https:\/\/www.swisscleantech.ch\/fr\/wp-json\/wp\/v2\/agendaeintrag\/37306\/revisions"}],"predecessor-version":[{"id":37903,"href":"https:\/\/www.swisscleantech.ch\/fr\/wp-json\/wp\/v2\/agendaeintrag\/37306\/revisions\/37903"}],"wp:attachment":[{"href":"https:\/\/www.swisscleantech.ch\/fr\/wp-json\/wp\/v2\/media?parent=37306"}],"curies":[{"name":"wp","href":"https:\/\/api.w.org\/{rel}","templated":true}]}}