{"id":39643,"date":"2026-04-15T17:38:13","date_gmt":"2026-04-15T17:38:13","guid":{"rendered":"https:\/\/www.swisscleantech.ch\/?post_type=agendaeintrag&#038;p=39643"},"modified":"2026-04-16T13:56:40","modified_gmt":"2026-04-16T13:56:40","slug":"temp","status":"publish","type":"agendaeintrag","link":"https:\/\/www.swisscleantech.ch\/fr\/agendaeintrag\/temp\/","title":{"rendered":"temp"},"content":{"rendered":"\n<figure class=\"wp-block-image size-full\"><img decoding=\"async\" loading=\"lazy\" width=\"936\" height=\"560\" src=\"https:\/\/www.swisscleantech.ch\/files\/swisscleantech-Dialog-2026.png\" alt=\"\" class=\"wp-image-38474\" srcset=\"https:\/\/www.swisscleantech.ch\/files\/swisscleantech-Dialog-2026.png 936w, https:\/\/www.swisscleantech.ch\/files\/swisscleantech-Dialog-2026-300x179.png 300w, https:\/\/www.swisscleantech.ch\/files\/swisscleantech-Dialog-2026-768x459.png 768w\" sizes=\"(max-width: 936px) 100vw, 936px\" \/><\/figure>\n\n\n\n<h2>Klimataugliche Antworten auf eine neue Machtpolitik<\/h2>\n\n\n\n<div class=\"is-layout-flex wp-container-3 wp-block-columns\">\n<div class=\"is-layout-flow wp-block-column\">\n<p>Eine neue Machtpolitik pr\u00e4gt unser internationales Umfeld. Protektionismus und Industriepolitik nehmen zu. Das setzt die Schweizer Wirtschaft und den Klimaschutz unter Druck, bietet aber auch neue Chancen:&nbsp;Kreislauff\u00e4hige Gesch\u00e4ftsmodelle und der Ausbau erneuerbarer Energien etwa machen nicht nur \u00f6kologisch Sinn, sie st\u00e4rken auch die Resilienz.<\/p>\n\n\n\n<p>Gleichzeitig verabschiedet sich die USA vom Klimaschutz. Die EU h\u00e4lt zwar an ihren Zielen fest, k\u00e4mpft aber mit deren Umsetzung. China hingegen sieht in der Dekarbonisierung ein \u00abindustrial upgrading\u00bb und eine grosse Wachstumschance.<\/p>\n<\/div>\n\n\n\n<div class=\"is-layout-flow wp-block-column\">\n<p>Was bedeutet das alles f\u00fcr die Schweiz? Der Jahresanlass der klimatauglichen Wirtschaft zeigt, wie Schweizer Unternehmen ihre Ziele auch im aktuellen Umfeld erreichen \u2013 und warum Zuversicht angebracht ist.<\/p>\n\n\n\n<p>Der swisscleantech Dialog vermittelt Orientierung, Inspiration und wertvolle Kontakte, bringt Macher*innen zusammen und schl\u00e4gt Br\u00fccken zwischen Wirtschaft, Politik und Wissenschaft.<\/p>\n<\/div>\n<\/div>\n\n\n\n<div class=\"is-layout-flex wp-block-buttons\">\n<div class=\"wp-block-button aligncenter\"><a class=\"wp-block-button__link wp-element-button\" href=\"https:\/\/www.eventbrite.ch\/e\/swisscleantech-dialog-2026-tickets-1984485962936\" target=\"_blank\" rel=\"noopener\">Direkt zur Anmeldung<\/a><\/div>\n<\/div>\n\n\n\n<div style=\"height:40px\" aria-hidden=\"true\" class=\"wp-block-spacer\"><\/div>\n\n\n\n<div class=\"is-layout-flex wp-container-6 wp-block-columns\">\n<div class=\"is-layout-flow wp-block-column abstand_gross has-background\" style=\"background-color:#e3ebf1\">\n<h2>Wirtschaft, Politik und Wissenschaft im Dialog<\/h2>\n\n\n\n<p>Der Jahresanlass der klimatauglichen Wirtschaft mit inspirierenden Inputs, Best Practices, Ausstellungen, Raum zum informellen Austausch \u2013 und einigen \u00dcberraschungen. Der swisscleantech Dialog 2026 bietet Orientierung zu den wichtigsten Entwicklungen und Innovationen rund um Energie &amp; Klima. Dich erwarten:<\/p>\n\n\n\n<ul>\n<li>Inspirierende Redner*innen und rund 500 engagierte Teilnehmende aus Wirtschaft, Wissenschaft, Politik und Verwaltung<\/li>\n\n\n\n<li>Energie- und klimapolitische Einsch\u00e4tzungen aus erster Hand<\/li>\n\n\n\n<li>Breakout Sessions mit Hands-on-Expertise und Best Practices<\/li>\n\n\n\n<li>Einblicke in die Positionen und Projekte von swisscleantech<\/li>\n\n\n\n<li>Viel Raum f\u00fcr Networking und Austausch<\/li>\n<\/ul>\n<\/div>\n<\/div>\n\n\n<div id=\"programm\" class=\"foldbox_wrapper sct_foldbox_wrapper\"><div class=\"foldbox_item\"><div class=\"foldbox_head\"><span class=\"oc_ico\"><\/span><span class=\"foldbox_titel h3\">Programm<\/span><\/div><div class=\"foldbox_content\"><div class=\"acf-innerblocks-container\">\n\n<div class=\"is-layout-flex wp-container-9 wp-block-columns has-background\" style=\"background-color:#79a6cb\">\n<div class=\"is-layout-flow wp-block-column\" style=\"flex-basis:15%\">\n<h3 class=\"has-white-color has-text-color\">12 Uhr<\/h3>\n<\/div>\n\n\n\n<div class=\"is-layout-flow wp-block-column\" style=\"flex-basis:85%\">\n<h3 class=\"has-white-color has-text-color\">Lunch und Ausstellung<\/h3>\n<\/div>\n<\/div>\n\n\n\n<div class=\"is-layout-flex wp-container-15 wp-block-columns has-background\" style=\"background-color:#e3ebf1\">\n<div class=\"is-layout-flow wp-block-column\" style=\"flex-basis:15%\">\n<h3>13 Uhr<\/h3>\n<\/div>\n\n\n\n<div class=\"is-layout-flow wp-block-column\" style=\"flex-basis:85%\">\n<h3>Begr\u00fcssung<\/h3>\n\n\n\n<div class=\"is-layout-flex wp-container-13 wp-block-columns\">\n<div class=\"is-layout-flow wp-block-column\">\n<figure class=\"wp-block-image size-full is-resized\"><img decoding=\"async\" loading=\"lazy\" src=\"https:\/\/www.swisscleantech.ch\/files\/Marcel-Winter.jpg\" alt=\"\" class=\"wp-image-29165\" width=\"300\" height=\"300\" srcset=\"https:\/\/www.swisscleantech.ch\/files\/Marcel-Winter.jpg 400w, https:\/\/www.swisscleantech.ch\/files\/Marcel-Winter-300x300.jpg 300w, https:\/\/www.swisscleantech.ch\/files\/Marcel-Winter-125x125.jpg 125w\" sizes=\"(max-width: 300px) 100vw, 300px\" \/><\/figure>\n\n\n\n<div style=\"height:20px\" aria-hidden=\"true\" class=\"wp-block-spacer\"><\/div>\n\n\n\n<p><strong>Marcel Winter<\/strong><br>Co-Pr\u00e4sident swisscleantech<\/p>\n<\/div>\n\n\n\n<div class=\"is-layout-flow wp-block-column\">\n<figure class=\"wp-block-image size-full is-resized\"><img decoding=\"async\" loading=\"lazy\" src=\"https:\/\/www.swisscleantech.ch\/files\/Fabian-Etter-swisscleantech-CEO4Climate-2025.jpg\" alt=\"\" class=\"wp-image-35121\" width=\"300\" height=\"300\" srcset=\"https:\/\/www.swisscleantech.ch\/files\/Fabian-Etter-swisscleantech-CEO4Climate-2025.jpg 400w, https:\/\/www.swisscleantech.ch\/files\/Fabian-Etter-swisscleantech-CEO4Climate-2025-300x300.jpg 300w, https:\/\/www.swisscleantech.ch\/files\/Fabian-Etter-swisscleantech-CEO4Climate-2025-125x125.jpg 125w\" sizes=\"(max-width: 300px) 100vw, 300px\" \/><\/figure>\n\n\n\n<div style=\"height:20px\" aria-hidden=\"true\" class=\"wp-block-spacer\"><\/div>\n\n\n\n<p><strong>Fabian Etter<\/strong><br>(Moderation des Anlasses)<br>Co-Pr\u00e4sident swisscleantech<\/p>\n<\/div>\n<\/div>\n<\/div>\n<\/div>\n\n\n\n<div class=\"is-layout-flex wp-container-20 wp-block-columns has-background\" style=\"background-color:#e3ebf1\">\n<div class=\"is-layout-flow wp-block-column\" style=\"flex-basis:15%\">\n<h3>13:15 Uhr<\/h3>\n<\/div>\n\n\n\n<div class=\"is-layout-flow wp-block-column\" style=\"flex-basis:85%\">\n<h3>Wie wir die Ambition in Energie- und Klimapolitik halten und die Wirtschaft branchen\u00fcbergreifend vernetzen<\/h3>\n\n\n\n<p>Die klimataugliche Wirtschaft: Unsere Ziele und Priorit\u00e4ten<\/p>\n\n\n\n<div class=\"is-layout-flex wp-container-18 wp-block-columns\">\n<div class=\"is-layout-flow wp-block-column\">\n<figure class=\"wp-block-image size-full is-resized\"><img decoding=\"async\" loading=\"lazy\" src=\"https:\/\/www.swisscleantech.ch\/files\/Michael-Mandl-swisscleantech-2.jpg\" alt=\"\" class=\"wp-image-36822\" width=\"300\" height=\"300\" srcset=\"https:\/\/www.swisscleantech.ch\/files\/Michael-Mandl-swisscleantech-2.jpg 400w, https:\/\/www.swisscleantech.ch\/files\/Michael-Mandl-swisscleantech-2-300x300.jpg 300w, https:\/\/www.swisscleantech.ch\/files\/Michael-Mandl-swisscleantech-2-125x125.jpg 125w\" sizes=\"(max-width: 300px) 100vw, 300px\" \/><\/figure>\n\n\n\n<div style=\"height:20px\" aria-hidden=\"true\" class=\"wp-block-spacer\"><\/div>\n\n\n\n<p><strong>Michael Mandl<\/strong><br>Co-Gesch\u00e4ftsf\u00fchrer swisscleantech<\/p>\n<\/div>\n<\/div>\n<\/div>\n<\/div>\n\n\n\n<div class=\"is-layout-flex wp-container-28 wp-block-columns has-background\" style=\"background-color:#e3ebf1\">\n<div class=\"is-layout-flow wp-block-column\" style=\"flex-basis:15%\">\n<h3>13:30 Uhr<\/h3>\n<\/div>\n\n\n\n<div class=\"is-layout-flow wp-block-column\" style=\"flex-basis:85%\">\n<h3>Dank Kreislaufwirtschaft und klimafreundlichen Technologien zu mehr Resilienz<\/h3>\n\n\n\n<p>Input<\/p>\n\n\n\n<div class=\"is-layout-flex wp-container-23 wp-block-columns\">\n<div class=\"is-layout-flow wp-block-column\">\n<figure class=\"wp-block-image size-full is-resized\"><img decoding=\"async\" loading=\"lazy\" src=\"https:\/\/www.swisscleantech.ch\/files\/Andre-Bardow-ETH-Zurich-2.jpg\" alt=\"\" class=\"wp-image-39656\" width=\"300\" height=\"300\" srcset=\"https:\/\/www.swisscleantech.ch\/files\/Andre-Bardow-ETH-Zurich-2.jpg 400w, https:\/\/www.swisscleantech.ch\/files\/Andre-Bardow-ETH-Zurich-2-300x300.jpg 300w, https:\/\/www.swisscleantech.ch\/files\/Andre-Bardow-ETH-Zurich-2-125x125.jpg 125w\" sizes=\"(max-width: 300px) 100vw, 300px\" \/><\/figure>\n\n\n\n<div style=\"height:20px\" aria-hidden=\"true\" class=\"wp-block-spacer\"><\/div>\n\n\n\n<p><strong>Andr\u00e9 Bardow<\/strong><br>Professor f\u00fcr Energie- und Prozesssystemtechnik ETH Z\u00fcrich<\/p>\n<\/div>\n<\/div>\n\n\n\n<p>Diskussion<\/p>\n\n\n\n<div class=\"is-layout-flex wp-container-26 wp-block-columns\">\n<div class=\"is-layout-flow wp-block-column\">\n<figure class=\"wp-block-image size-full is-resized\"><img decoding=\"async\" loading=\"lazy\" src=\"https:\/\/www.swisscleantech.ch\/files\/Pouyan-Dardashti-Thommen-Group-1.jpg\" alt=\"\" class=\"wp-image-33021\" width=\"300\" height=\"300\" srcset=\"https:\/\/www.swisscleantech.ch\/files\/Pouyan-Dardashti-Thommen-Group-1.jpg 400w, https:\/\/www.swisscleantech.ch\/files\/Pouyan-Dardashti-Thommen-Group-1-300x300.jpg 300w, https:\/\/www.swisscleantech.ch\/files\/Pouyan-Dardashti-Thommen-Group-1-125x125.jpg 125w\" sizes=\"(max-width: 300px) 100vw, 300px\" \/><\/figure>\n\n\n\n<div style=\"height:20px\" aria-hidden=\"true\" class=\"wp-block-spacer\"><\/div>\n\n\n\n<p><strong>Pouyan Dardashti<br><\/strong>CEO Thommen Group<\/p>\n<\/div>\n\n\n\n<div class=\"is-layout-flow wp-block-column\">\n<figure class=\"wp-block-image size-full is-resized\"><img decoding=\"async\" loading=\"lazy\" src=\"https:\/\/www.swisscleantech.ch\/files\/Markus-Herrmann-China-Macro-Group.jpg\" alt=\"\" class=\"wp-image-38493\" width=\"300\" height=\"300\" srcset=\"https:\/\/www.swisscleantech.ch\/files\/Markus-Herrmann-China-Macro-Group.jpg 400w, https:\/\/www.swisscleantech.ch\/files\/Markus-Herrmann-China-Macro-Group-300x300.jpg 300w, https:\/\/www.swisscleantech.ch\/files\/Markus-Herrmann-China-Macro-Group-125x125.jpg 125w\" sizes=\"(max-width: 300px) 100vw, 300px\" \/><\/figure>\n\n\n\n<div style=\"height:20px\" aria-hidden=\"true\" class=\"wp-block-spacer\"><\/div>\n\n\n\n<p><strong>Markus Herrmann<br><\/strong>Managing Director China Macro Group, China und Geopolitikanalyst<\/p>\n<\/div>\n<\/div>\n<\/div>\n<\/div>\n\n\n\n<div class=\"is-layout-flex wp-container-33 wp-block-columns has-background\" style=\"background-color:#e3ebf1\">\n<div class=\"is-layout-flow wp-block-column\" style=\"flex-basis:15%\">\n<h3>14:20 Uhr<\/h3>\n<\/div>\n\n\n\n<div class=\"is-layout-flow wp-block-column\" style=\"flex-basis:85%\">\n<h3>Klimafreundliche Produkte \u2013 wie holen wir sie von der Nische in den Mainstream?<\/h3>\n\n\n\n<div class=\"is-layout-flex wp-container-31 wp-block-columns\">\n<div class=\"is-layout-flow wp-block-column\">\n<figure class=\"wp-block-image size-full is-resized\"><img decoding=\"async\" loading=\"lazy\" src=\"https:\/\/www.swisscleantech.ch\/files\/Johanna-Gollnhofer_Instituts-fuer-Marketing-Customer-Insight-an-der-Universitaet-St.-Gallen.jpg\" alt=\"\" class=\"wp-image-38457\" width=\"300\" height=\"300\" srcset=\"https:\/\/www.swisscleantech.ch\/files\/Johanna-Gollnhofer_Instituts-fuer-Marketing-Customer-Insight-an-der-Universitaet-St.-Gallen.jpg 400w, https:\/\/www.swisscleantech.ch\/files\/Johanna-Gollnhofer_Instituts-fuer-Marketing-Customer-Insight-an-der-Universitaet-St.-Gallen-300x300.jpg 300w, https:\/\/www.swisscleantech.ch\/files\/Johanna-Gollnhofer_Instituts-fuer-Marketing-Customer-Insight-an-der-Universitaet-St.-Gallen-125x125.jpg 125w\" sizes=\"(max-width: 300px) 100vw, 300px\" \/><\/figure>\n\n\n\n<div style=\"height:20px\" aria-hidden=\"true\" class=\"wp-block-spacer\"><\/div>\n\n\n\n<p><strong>Johanna Gollnhofer<\/strong><br>Direktorin des Instituts f\u00fcr Marketing der Universit\u00e4t St. Gallen, Autorin \u00abDas 60%-Potential\u201d<\/p>\n<\/div>\n<\/div>\n<\/div>\n<\/div>\n\n\n\n<div class=\"is-layout-flex wp-container-38 wp-block-columns has-background\" style=\"background-color:#e3ebf1\">\n<div class=\"is-layout-flow wp-block-column\" style=\"flex-basis:15%\">\n<h3>14:45 Uhr<\/h3>\n<\/div>\n\n\n\n<div class=\"is-layout-flow wp-block-column\" style=\"flex-basis:85%\">\n<h3>Die andere Sicht auf die klimataugliche Wirtschaft<\/h3>\n\n\n\n<div class=\"is-layout-flex wp-container-36 wp-block-columns\">\n<div class=\"is-layout-flow wp-block-column\">\n<figure class=\"wp-block-image size-full is-resized\"><img decoding=\"async\" loading=\"lazy\" src=\"https:\/\/www.swisscleantech.ch\/files\/Fabian-Unteregger-Parodist.jpg\" alt=\"\" class=\"wp-image-38580\" width=\"300\" height=\"300\" srcset=\"https:\/\/www.swisscleantech.ch\/files\/Fabian-Unteregger-Parodist.jpg 400w, https:\/\/www.swisscleantech.ch\/files\/Fabian-Unteregger-Parodist-300x300.jpg 300w, https:\/\/www.swisscleantech.ch\/files\/Fabian-Unteregger-Parodist-125x125.jpg 125w\" sizes=\"(max-width: 300px) 100vw, 300px\" \/><\/figure>\n\n\n\n<div style=\"height:20px\" aria-hidden=\"true\" class=\"wp-block-spacer\"><\/div>\n\n\n\n<p><strong>Fabian Unteregger<\/strong><br>Parodist, Komiker und Unternehmer<\/p>\n<\/div>\n<\/div>\n<\/div>\n<\/div>\n\n\n\n<div class=\"is-layout-flex wp-container-41 wp-block-columns has-background\" style=\"background-color:#79a6cb\">\n<div class=\"is-layout-flow wp-block-column\" style=\"flex-basis:15%\">\n<h3 class=\"has-white-color has-text-color\">15:05 Uhr<\/h3>\n<\/div>\n\n\n\n<div class=\"is-layout-flow wp-block-column\" style=\"flex-basis:85%\">\n<h3 class=\"has-white-color has-text-color\">Pause<\/h3>\n\n\n\n<p class=\"has-white-color has-text-color\">mit Ausstellung<\/p>\n<\/div>\n<\/div>\n\n\n\n<div class=\"is-layout-flex wp-container-44 wp-block-columns has-background\" style=\"background-color:#e3ebf1\">\n<div class=\"is-layout-flow wp-block-column\" style=\"flex-basis:15%\">\n<h3>16 Uhr<\/h3>\n<\/div>\n\n\n\n<div class=\"is-layout-flow wp-block-column\" style=\"flex-basis:85%\">\n<h3>Breakout Sessions: Klimapolitik auf den Boden bringen<\/h3>\n<\/div>\n<\/div>\n\n\n\n<div class=\"is-layout-flex wp-container-49 wp-block-columns has-background\" style=\"background-color:#e3ebf1\">\n<div class=\"is-layout-flow wp-block-column\" style=\"flex-basis:15%\">\n<h3>17:20 Uhr<\/h3>\n<\/div>\n\n\n\n<div class=\"is-layout-flow wp-block-column\" style=\"flex-basis:85%\">\n<h3>Netto-Null als Businessmodell-Treiber<\/h3>\n\n\n\n<p>Ein Gespr\u00e4ch \u00fcber Leadership, Transformation und Herausforderungen<\/p>\n\n\n\n<div class=\"is-layout-flex wp-container-47 wp-block-columns\">\n<div class=\"is-layout-flow wp-block-column\">\n<figure class=\"wp-block-image size-full is-resized\"><img decoding=\"async\" loading=\"lazy\" src=\"https:\/\/www.swisscleantech.ch\/files\/Helmut-Ruhl-AMAG.jpg\" alt=\"\" class=\"wp-image-39504\" width=\"300\" height=\"300\" srcset=\"https:\/\/www.swisscleantech.ch\/files\/Helmut-Ruhl-AMAG.jpg 400w, https:\/\/www.swisscleantech.ch\/files\/Helmut-Ruhl-AMAG-300x300.jpg 300w, https:\/\/www.swisscleantech.ch\/files\/Helmut-Ruhl-AMAG-125x125.jpg 125w\" sizes=\"(max-width: 300px) 100vw, 300px\" \/><\/figure>\n\n\n\n<div style=\"height:20px\" aria-hidden=\"true\" class=\"wp-block-spacer\"><\/div>\n\n\n\n<p><strong>Helmut Ruhl<br><\/strong>CEO AMAG Group<\/p>\n<\/div>\n<\/div>\n<\/div>\n<\/div>\n\n\n\n<div class=\"is-layout-flex wp-container-59 wp-block-columns has-background\" style=\"background-color:#e3ebf1\">\n<div class=\"is-layout-flow wp-block-column\" style=\"flex-basis:15%\">\n<h3>17:40 Uhr<\/h3>\n<\/div>\n\n\n\n<div class=\"is-layout-flow wp-block-column\" style=\"flex-basis:85%\">\n<h3>Sichere, finanzierbare und klimataugliche Stromversorgung \u2013&nbsp;so kommt die Schweiz zum Ziel<\/h3>\n\n\n\n<p>Input<\/p>\n\n\n\n<div class=\"is-layout-flex wp-container-52 wp-block-columns\">\n<div class=\"is-layout-flow wp-block-column\">\n<figure class=\"wp-block-image size-full is-resized\"><img decoding=\"async\" loading=\"lazy\" src=\"https:\/\/www.swisscleantech.ch\/files\/Christian-Zeyer-2.jpg\" alt=\"\" class=\"wp-image-29082\" width=\"300\" height=\"300\" srcset=\"https:\/\/www.swisscleantech.ch\/files\/Christian-Zeyer-2.jpg 400w, https:\/\/www.swisscleantech.ch\/files\/Christian-Zeyer-2-300x300.jpg 300w, https:\/\/www.swisscleantech.ch\/files\/Christian-Zeyer-2-125x125.jpg 125w\" sizes=\"(max-width: 300px) 100vw, 300px\" \/><\/figure>\n\n\n\n<div style=\"height:20px\" aria-hidden=\"true\" class=\"wp-block-spacer\"><\/div>\n\n\n\n<p><strong>Chris Zeyer<br><\/strong>Co-Gesch\u00e4ftsf\u00fchrer swisscleantech<\/p>\n<\/div>\n<\/div>\n\n\n\n<p>Diskussion<\/p>\n\n\n\n<div class=\"is-layout-flex wp-container-55 wp-block-columns\">\n<div class=\"is-layout-flow wp-block-column\">\n<figure class=\"wp-block-image size-full is-resized\"><img decoding=\"async\" loading=\"lazy\" src=\"https:\/\/www.swisscleantech.ch\/files\/Antje-Kanngiesser-CEO-Alpiq-1.jpg\" alt=\"\" class=\"wp-image-32526\" width=\"300\" height=\"300\" srcset=\"https:\/\/www.swisscleantech.ch\/files\/Antje-Kanngiesser-CEO-Alpiq-1.jpg 400w, https:\/\/www.swisscleantech.ch\/files\/Antje-Kanngiesser-CEO-Alpiq-1-300x300.jpg 300w, https:\/\/www.swisscleantech.ch\/files\/Antje-Kanngiesser-CEO-Alpiq-1-125x125.jpg 125w\" sizes=\"(max-width: 300px) 100vw, 300px\" \/><\/figure>\n\n\n\n<div style=\"height:20px\" aria-hidden=\"true\" class=\"wp-block-spacer\"><\/div>\n\n\n\n<p><strong>Antje Kanngiesser<br><\/strong>CEO Alpiq<\/p>\n<\/div>\n\n\n\n<div class=\"is-layout-flow wp-block-column\">\n<figure class=\"wp-block-image size-full is-resized\"><img decoding=\"async\" loading=\"lazy\" src=\"https:\/\/www.swisscleantech.ch\/files\/Simon-Michel-Ypsomed.jpg\" alt=\"\" class=\"wp-image-32971\" width=\"300\" height=\"300\" srcset=\"https:\/\/www.swisscleantech.ch\/files\/Simon-Michel-Ypsomed.jpg 400w, https:\/\/www.swisscleantech.ch\/files\/Simon-Michel-Ypsomed-300x300.jpg 300w, https:\/\/www.swisscleantech.ch\/files\/Simon-Michel-Ypsomed-125x125.jpg 125w\" sizes=\"(max-width: 300px) 100vw, 300px\" \/><\/figure>\n\n\n\n<div style=\"height:20px\" aria-hidden=\"true\" class=\"wp-block-spacer\"><\/div>\n\n\n\n<p><strong>Simon Michel<br><\/strong>CEO Ypsomed, Nationalrat FDP<\/p>\n<\/div>\n<\/div>\n\n\n\n<div class=\"is-layout-flex wp-container-57 wp-block-columns\">\n<div class=\"is-layout-flow wp-block-column\">\n<figure class=\"wp-block-image size-full is-resized\"><img decoding=\"async\" loading=\"lazy\" src=\"https:\/\/www.swisscleantech.ch\/files\/Benoit-Revaz-OFEN-2.jpg\" alt=\"\" class=\"wp-image-32525\" width=\"300\" height=\"300\" srcset=\"https:\/\/www.swisscleantech.ch\/files\/Benoit-Revaz-OFEN-2.jpg 400w, https:\/\/www.swisscleantech.ch\/files\/Benoit-Revaz-OFEN-2-300x300.jpg 300w, https:\/\/www.swisscleantech.ch\/files\/Benoit-Revaz-OFEN-2-125x125.jpg 125w\" sizes=\"(max-width: 300px) 100vw, 300px\" \/><\/figure>\n\n\n\n<div style=\"height:20px\" aria-hidden=\"true\" class=\"wp-block-spacer\"><\/div>\n\n\n\n<p><strong>Beno\u00eet Revaz<br><\/strong>Direktor Bundesamt f\u00fcr Energie (BFE)<\/p>\n<\/div>\n<\/div>\n<\/div>\n<\/div>\n\n\n\n<div class=\"is-layout-flex wp-container-62 wp-block-columns has-background\" style=\"background-color:#e3ebf1\">\n<div class=\"is-layout-flow wp-block-column\" style=\"flex-basis:15%\">\n<h3>18:30 Uhr<\/h3>\n<\/div>\n\n\n\n<div class=\"is-layout-flow wp-block-column\" style=\"flex-basis:85%\">\n<h3>Abschluss &amp; Ausblick<\/h3>\n<\/div>\n<\/div>\n\n\n\n<div class=\"is-layout-flex wp-container-65 wp-block-columns has-background\" style=\"background-color:#79a6cb\">\n<div class=\"is-layout-flow wp-block-column\" style=\"flex-basis:15%\">\n<h3 class=\"has-white-color has-text-color\">18:45 Uhr<\/h3>\n<\/div>\n\n\n\n<div class=\"is-layout-flow wp-block-column\" style=\"flex-basis:85%\">\n<h3 class=\"has-white-color has-text-color\">Ap\u00e9ro riche<\/h3>\n<\/div>\n<\/div>\n\n<\/div><\/div><\/div><\/div>\n\n\n\n<div style=\"height:40px\" aria-hidden=\"true\" class=\"wp-block-spacer\"><\/div>\n\n\n<div id=\"breakout\" class=\"foldbox_wrapper sct_foldbox_wrapper\"><div class=\"foldbox_item\"><div class=\"foldbox_head\"><span class=\"oc_ico\"><\/span><span class=\"foldbox_titel h3\">Breakout Sessions<\/span><\/div><div class=\"foldbox_content\"><div class=\"acf-innerblocks-container\">\n\n<div class=\"is-layout-flex wp-container-75 wp-block-columns\">\n<div class=\"is-layout-flow wp-block-column abstand_gross has-background\" style=\"background-color:#e3ebf1\">\n<h3>CO<sub>2<\/sub>-Entfernung und Carbon Capture &amp; Storage als Wachstumsmarkt<\/h3>\n\n\n\n<p><strong>Letzter, wichtiger Pfeiler f\u00fcr Netto-Null<br><\/strong>CO<sub>2<\/sub>-Reduktion geht vor CO<sub>2<\/sub>-Entfernung. F\u00fcr die verbleibenden, schwer vermeidbaren Emissionen werden aber Massnahmen zur CO<sub>2<\/sub>-Entfernung (CDR) und zu Carbon Capture &amp; Storage (CCS) entscheidend, um das Netto-Null-Ziel zu erreichen. Energie 360 \u00b0, Holcim und die Z\u00fcrcher Kantonalbank schaffen \u00dcbersicht zu den Technologien und zeigen mit Best Practices auf, wie solche Initiativen auch in anderen Unternehmen gelingen.<\/p>\n\n\n\n<div class=\"is-layout-flex wp-container-69 wp-block-columns\">\n<div class=\"is-layout-flow wp-block-column\">\n<figure class=\"wp-block-image size-full is-resized\"><img decoding=\"async\" loading=\"lazy\" src=\"https:\/\/www.swisscleantech.ch\/files\/Cornelia-Luchsinger-Zuercher-Kantonalbank-ZKB.jpg\" alt=\"\" class=\"wp-image-33912\" width=\"200\" height=\"200\" srcset=\"https:\/\/www.swisscleantech.ch\/files\/Cornelia-Luchsinger-Zuercher-Kantonalbank-ZKB.jpg 400w, https:\/\/www.swisscleantech.ch\/files\/Cornelia-Luchsinger-Zuercher-Kantonalbank-ZKB-300x300.jpg 300w, https:\/\/www.swisscleantech.ch\/files\/Cornelia-Luchsinger-Zuercher-Kantonalbank-ZKB-125x125.jpg 125w\" sizes=\"(max-width: 200px) 100vw, 200px\" \/><\/figure>\n\n\n\n<div style=\"height:20px\" aria-hidden=\"true\" class=\"wp-block-spacer\"><\/div>\n\n\n\n<p><strong>Conny Luchsinger<\/strong><br>(Moderation)<br>Key Account Manager Z\u00fcrcher Kantonalbank<\/p>\n<\/div>\n\n\n\n<div class=\"is-layout-flow wp-block-column\">\n<figure class=\"wp-block-image size-full is-resized\"><img decoding=\"async\" loading=\"lazy\" src=\"https:\/\/www.swisscleantech.ch\/files\/Clemens-Wogerbauer-Holcim-Schweiz.jpg\" alt=\"\" class=\"wp-image-38579\" width=\"200\" height=\"200\" srcset=\"https:\/\/www.swisscleantech.ch\/files\/Clemens-Wogerbauer-Holcim-Schweiz.jpg 400w, https:\/\/www.swisscleantech.ch\/files\/Clemens-Wogerbauer-Holcim-Schweiz-300x300.jpg 300w, https:\/\/www.swisscleantech.ch\/files\/Clemens-Wogerbauer-Holcim-Schweiz-125x125.jpg 125w\" sizes=\"(max-width: 200px) 100vw, 200px\" \/><\/figure>\n\n\n\n<div style=\"height:20px\" aria-hidden=\"true\" class=\"wp-block-spacer\"><\/div>\n\n\n\n<p><strong>Clemens W\u00f6gerbauer<\/strong><br>Chief Sustainability Officer Holcim<\/p>\n<\/div>\n\n\n\n<div class=\"is-layout-flow wp-block-column\">\n<figure class=\"wp-block-image size-full is-resized\"><img decoding=\"async\" loading=\"lazy\" src=\"https:\/\/www.swisscleantech.ch\/files\/Nicolas-Repond-Energie-360.jpg\" alt=\"\" class=\"wp-image-39782\" width=\"200\" height=\"200\" srcset=\"https:\/\/www.swisscleantech.ch\/files\/Nicolas-Repond-Energie-360.jpg 400w, https:\/\/www.swisscleantech.ch\/files\/Nicolas-Repond-Energie-360-300x300.jpg 300w, https:\/\/www.swisscleantech.ch\/files\/Nicolas-Repond-Energie-360-125x125.jpg 125w\" sizes=\"(max-width: 200px) 100vw, 200px\" \/><\/figure>\n\n\n\n<div style=\"height:20px\" aria-hidden=\"true\" class=\"wp-block-spacer\"><\/div>\n\n\n\n<p><strong>Nicolas Repond<br><\/strong>Innovation Manager Energie 360\u00b0<\/p>\n<\/div>\n<\/div>\n\n\n\n<div class=\"is-layout-flex wp-container-73 wp-block-columns\">\n<div class=\"is-layout-flow wp-block-column\">\n<figure class=\"wp-block-image size-full is-resized\"><img decoding=\"async\" loading=\"lazy\" src=\"https:\/\/www.swisscleantech.ch\/files\/Christian-Zeyer-2.jpg\" alt=\"\" class=\"wp-image-29082\" width=\"200\" height=\"200\" srcset=\"https:\/\/www.swisscleantech.ch\/files\/Christian-Zeyer-2.jpg 400w, https:\/\/www.swisscleantech.ch\/files\/Christian-Zeyer-2-300x300.jpg 300w, https:\/\/www.swisscleantech.ch\/files\/Christian-Zeyer-2-125x125.jpg 125w\" sizes=\"(max-width: 200px) 100vw, 200px\" \/><\/figure>\n\n\n\n<div style=\"height:20px\" aria-hidden=\"true\" class=\"wp-block-spacer\"><\/div>\n\n\n\n<p><strong>Chris Zeyer<\/strong><br>Co-Gesch\u00e4ftsf\u00fchrer swisscleantech<\/p>\n<\/div>\n\n\n\n<div class=\"is-layout-flow wp-block-column\">\n<div style=\"height:20px\" aria-hidden=\"true\" class=\"wp-block-spacer\"><\/div>\n\n\n\n<p><\/p>\n<\/div>\n\n\n\n<div class=\"is-layout-flow wp-block-column\">\n<div style=\"height:20px\" aria-hidden=\"true\" class=\"wp-block-spacer\"><\/div>\n\n\n\n<p><\/p>\n<\/div>\n<\/div>\n\n\n\n<p>Weitere Expert*innen folgen.<\/p>\n<\/div>\n<\/div>\n\n\n\n<div class=\"is-layout-flex wp-container-85 wp-block-columns\">\n<div class=\"is-layout-flow wp-block-column abstand_gross has-background\" style=\"background-color:#e3ebf1\">\n<h3>Mit Kooperationen zur nachhaltigen und resilienten Lieferkette<\/h3>\n\n\n\n<p><strong>CO<sub>2<\/sub>-Emissionen gemeinsam mit Lieferant*innen und Kund*innen reduzieren<br><\/strong>Kein Unternehmen kann Upstream- oder Downstream-Emissionen im Alleingang reduzieren \u2013 echte Wirkung entsteht durch Kooperationen entlang der gesamten Wertsch\u00f6pfungskette. Lidl Schweiz, SAP Switzerland und Siemens Schweiz zeigen, wie Retail, Industrie und Technologieanbieter gemeinsam mit Partnern Emissionen senken und welche Partnerschaften und Daten dabei entscheidend sind.<\/p>\n\n\n\n<div class=\"is-layout-flex wp-container-79 wp-block-columns\">\n<div class=\"is-layout-flow wp-block-column\">\n<figure class=\"wp-block-image size-full is-resized\"><img decoding=\"async\" loading=\"lazy\" src=\"https:\/\/www.swisscleantech.ch\/files\/Bastien-Girod-Deloitte.jpg\" alt=\"\" class=\"wp-image-33752\" width=\"200\" height=\"200\" srcset=\"https:\/\/www.swisscleantech.ch\/files\/Bastien-Girod-Deloitte.jpg 400w, https:\/\/www.swisscleantech.ch\/files\/Bastien-Girod-Deloitte-300x300.jpg 300w, https:\/\/www.swisscleantech.ch\/files\/Bastien-Girod-Deloitte-125x125.jpg 125w\" sizes=\"(max-width: 200px) 100vw, 200px\" \/><\/figure>\n\n\n\n<div style=\"height:20px\" aria-hidden=\"true\" class=\"wp-block-spacer\"><\/div>\n\n\n\n<p><strong>Bastien Girod<br><\/strong>(Moderation)<br>Partner Deloitte<\/p>\n<\/div>\n\n\n\n<div class=\"is-layout-flow wp-block-column\">\n<figure class=\"wp-block-image size-full is-resized\"><img decoding=\"async\" loading=\"lazy\" src=\"https:\/\/www.swisscleantech.ch\/files\/Grazia-Grassi-Lidl-Schweiz.jpg\" alt=\"\" class=\"wp-image-39695\" width=\"200\" height=\"200\" srcset=\"https:\/\/www.swisscleantech.ch\/files\/Grazia-Grassi-Lidl-Schweiz.jpg 400w, https:\/\/www.swisscleantech.ch\/files\/Grazia-Grassi-Lidl-Schweiz-300x300.jpg 300w, https:\/\/www.swisscleantech.ch\/files\/Grazia-Grassi-Lidl-Schweiz-125x125.jpg 125w\" sizes=\"(max-width: 200px) 100vw, 200px\" \/><\/figure>\n\n\n\n<div style=\"height:20px\" aria-hidden=\"true\" class=\"wp-block-spacer\"><\/div>\n\n\n\n<p><strong>Grazia Grassi<br><\/strong>Head of Corporate Affairs Lidl Schweiz<\/p>\n<\/div>\n\n\n\n<div class=\"is-layout-flow wp-block-column\">\n<figure class=\"wp-block-image size-full is-resized\"><img decoding=\"async\" loading=\"lazy\" src=\"https:\/\/www.swisscleantech.ch\/files\/Sebastian-Kaczynski-SAP-2024.jpg\" alt=\"\" class=\"wp-image-33574\" width=\"200\" height=\"200\" srcset=\"https:\/\/www.swisscleantech.ch\/files\/Sebastian-Kaczynski-SAP-2024.jpg 616w, https:\/\/www.swisscleantech.ch\/files\/Sebastian-Kaczynski-SAP-2024-300x300.jpg 300w, https:\/\/www.swisscleantech.ch\/files\/Sebastian-Kaczynski-SAP-2024-125x125.jpg 125w\" sizes=\"(max-width: 200px) 100vw, 200px\" \/><\/figure>\n\n\n\n<div style=\"height:20px\" aria-hidden=\"true\" class=\"wp-block-spacer\"><\/div>\n\n\n\n<p><strong>Sebastian Kaczynski<br><\/strong>Chief Sustainability Officer SAP Switzerland<\/p>\n<\/div>\n<\/div>\n\n\n\n<div class=\"is-layout-flex wp-container-83 wp-block-columns\">\n<div class=\"is-layout-flow wp-block-column\">\n<figure class=\"wp-block-image size-full is-resized\"><img decoding=\"async\" loading=\"lazy\" src=\"https:\/\/www.swisscleantech.ch\/files\/Franziska-Roeder-Siemens-Smart-Infrastructure.jpg\" alt=\"\" class=\"wp-image-39696\" width=\"200\" height=\"200\" srcset=\"https:\/\/www.swisscleantech.ch\/files\/Franziska-Roeder-Siemens-Smart-Infrastructure.jpg 400w, https:\/\/www.swisscleantech.ch\/files\/Franziska-Roeder-Siemens-Smart-Infrastructure-300x300.jpg 300w, https:\/\/www.swisscleantech.ch\/files\/Franziska-Roeder-Siemens-Smart-Infrastructure-125x125.jpg 125w\" sizes=\"(max-width: 200px) 100vw, 200px\" \/><\/figure>\n\n\n\n<div style=\"height:20px\" aria-hidden=\"true\" class=\"wp-block-spacer\"><\/div>\n\n\n\n<p><strong>Franziska Roeder<br><\/strong>Sustainability Manager, Procurement &amp; Supply Chain Siemens Infrastructure<\/p>\n<\/div>\n\n\n\n<div class=\"is-layout-flow wp-block-column\"><\/div>\n\n\n\n<div class=\"is-layout-flow wp-block-column\"><\/div>\n<\/div>\n<\/div>\n<\/div>\n\n\n\n<div class=\"is-layout-flex wp-container-95 wp-block-columns\">\n<div class=\"is-layout-flow wp-block-column abstand_gross has-background\" style=\"background-color:#e3ebf1\">\n<h3>Vom Risiko zur Resilienz \u2013 Naturstrategien im Unternehmen erfolgreich aufgleisen<\/h3>\n\n\n\n<p><strong>Wie Unternehmen mit Biodiversit\u00e4t neue Chancen nutzen<br><\/strong>Wie werden Unternehmen \u00abnature positive\u00bb? Unternehmen k\u00f6nnen in der F\u00f6rderung der Biodiversit\u00e4t eine wichtige Rolle spielen. Alpiq, Breitling, IKEA Switzerland, Innovate4Nature und die SBB zeigen praxisnah, wie sie in ihren Unternehmen Naturstrategien entwickeln und Biodiversit\u00e4tsrisiken entlang der Wertsch\u00f6pfungskette in wirksame L\u00f6sungen \u00fcberf\u00fchren.<\/p>\n\n\n\n<div class=\"is-layout-flex wp-container-89 wp-block-columns\">\n<div class=\"is-layout-flow wp-block-column\">\n<figure class=\"wp-block-image size-full is-resized\"><img decoding=\"async\" loading=\"lazy\" src=\"https:\/\/www.swisscleantech.ch\/files\/Jorge-Bolanos-Breitling.jpg\" alt=\"\" class=\"wp-image-39704\" width=\"200\" height=\"200\" srcset=\"https:\/\/www.swisscleantech.ch\/files\/Jorge-Bolanos-Breitling.jpg 400w, https:\/\/www.swisscleantech.ch\/files\/Jorge-Bolanos-Breitling-300x300.jpg 300w, https:\/\/www.swisscleantech.ch\/files\/Jorge-Bolanos-Breitling-125x125.jpg 125w\" sizes=\"(max-width: 200px) 100vw, 200px\" \/><\/figure>\n\n\n\n<div style=\"height:20px\" aria-hidden=\"true\" class=\"wp-block-spacer\"><\/div>\n\n\n\n<p><strong>Jorge Bolanos<br><\/strong>Sustainability Manager Breitling<\/p>\n<\/div>\n\n\n\n<div class=\"is-layout-flow wp-block-column\">\n<figure class=\"wp-block-image size-full is-resized\"><img decoding=\"async\" loading=\"lazy\" src=\"https:\/\/www.swisscleantech.ch\/files\/Barbara-Dubach-engageability.jpg\" alt=\"\" class=\"wp-image-38435\" width=\"200\" height=\"200\" srcset=\"https:\/\/www.swisscleantech.ch\/files\/Barbara-Dubach-engageability.jpg 400w, https:\/\/www.swisscleantech.ch\/files\/Barbara-Dubach-engageability-300x300.jpg 300w, https:\/\/www.swisscleantech.ch\/files\/Barbara-Dubach-engageability-125x125.jpg 125w\" sizes=\"(max-width: 200px) 100vw, 200px\" \/><\/figure>\n\n\n\n<div style=\"height:20px\" aria-hidden=\"true\" class=\"wp-block-spacer\"><\/div>\n\n\n\n<p><strong>Barbara Dubach<br><\/strong>Executive Director Innovate4Nature<\/p>\n<\/div>\n\n\n\n<div class=\"is-layout-flow wp-block-column\">\n<figure class=\"wp-block-image size-full is-resized\"><img decoding=\"async\" loading=\"lazy\" src=\"https:\/\/www.swisscleantech.ch\/files\/Thomas-Gascou-Alpiq.jpg\" alt=\"\" class=\"wp-image-39700\" width=\"200\" height=\"200\" srcset=\"https:\/\/www.swisscleantech.ch\/files\/Thomas-Gascou-Alpiq.jpg 400w, https:\/\/www.swisscleantech.ch\/files\/Thomas-Gascou-Alpiq-300x300.jpg 300w, https:\/\/www.swisscleantech.ch\/files\/Thomas-Gascou-Alpiq-125x125.jpg 125w\" sizes=\"(max-width: 200px) 100vw, 200px\" \/><\/figure>\n\n\n\n<div style=\"height:20px\" aria-hidden=\"true\" class=\"wp-block-spacer\"><\/div>\n\n\n\n<p><strong>Thomas Gascou<br><\/strong>Sustainability Specialist Alpiq<\/p>\n<\/div>\n<\/div>\n\n\n\n<div class=\"is-layout-flex wp-container-93 wp-block-columns\">\n<div class=\"is-layout-flow wp-block-column\">\n<figure class=\"wp-block-image size-full is-resized\"><img decoding=\"async\" loading=\"lazy\" src=\"https:\/\/www.swisscleantech.ch\/files\/Annik-Muller-IKEA-Switzerland.jpg\" alt=\"\" class=\"wp-image-39701\" width=\"200\" height=\"200\" srcset=\"https:\/\/www.swisscleantech.ch\/files\/Annik-Muller-IKEA-Switzerland.jpg 400w, https:\/\/www.swisscleantech.ch\/files\/Annik-Muller-IKEA-Switzerland-300x300.jpg 300w, https:\/\/www.swisscleantech.ch\/files\/Annik-Muller-IKEA-Switzerland-125x125.jpg 125w\" sizes=\"(max-width: 200px) 100vw, 200px\" \/><\/figure>\n\n\n\n<div style=\"height:20px\" aria-hidden=\"true\" class=\"wp-block-spacer\"><\/div>\n\n\n\n<p><strong>Annik M\u00fcller<br><\/strong>Sustainability Business Partner IKEA Switzerland<\/p>\n<\/div>\n\n\n\n<div class=\"is-layout-flow wp-block-column\">\n<figure class=\"wp-block-image size-full is-resized\"><img decoding=\"async\" loading=\"lazy\" src=\"https:\/\/www.swisscleantech.ch\/files\/Benedikt-Rach-SBB.jpg\" alt=\"\" class=\"wp-image-39702\" width=\"200\" height=\"200\" srcset=\"https:\/\/www.swisscleantech.ch\/files\/Benedikt-Rach-SBB.jpg 400w, https:\/\/www.swisscleantech.ch\/files\/Benedikt-Rach-SBB-300x300.jpg 300w, https:\/\/www.swisscleantech.ch\/files\/Benedikt-Rach-SBB-125x125.jpg 125w\" sizes=\"(max-width: 200px) 100vw, 200px\" \/><\/figure>\n\n\n\n<div style=\"height:20px\" aria-hidden=\"true\" class=\"wp-block-spacer\"><\/div>\n\n\n\n<p><strong>Benedikt Rach<br><\/strong>Projektleiter Nachhaltigkeit SBB<\/p>\n<\/div>\n\n\n\n<div class=\"is-layout-flow wp-block-column\">\n<figure class=\"wp-block-image size-full is-resized\"><img decoding=\"async\" loading=\"lazy\" src=\"https:\/\/www.swisscleantech.ch\/files\/Katharina-Reblitz-Innovate4Nature.jpg\" alt=\"\" class=\"wp-image-39699\" width=\"200\" height=\"200\" srcset=\"https:\/\/www.swisscleantech.ch\/files\/Katharina-Reblitz-Innovate4Nature.jpg 400w, https:\/\/www.swisscleantech.ch\/files\/Katharina-Reblitz-Innovate4Nature-300x300.jpg 300w, https:\/\/www.swisscleantech.ch\/files\/Katharina-Reblitz-Innovate4Nature-125x125.jpg 125w\" sizes=\"(max-width: 200px) 100vw, 200px\" \/><\/figure>\n\n\n\n<div style=\"height:20px\" aria-hidden=\"true\" class=\"wp-block-spacer\"><\/div>\n\n\n\n<p><strong>Katharina Reblitz<br><\/strong>Sustainability Consultant Innovate4Nature<\/p>\n<\/div>\n<\/div>\n<\/div>\n<\/div>\n\n\n\n<div class=\"is-layout-flex wp-container-101 wp-block-columns\">\n<div class=\"is-layout-flow wp-block-column abstand_gross has-background\" style=\"background-color:#e3ebf1\">\n<h3>Mehr als emissionsfreie Fahrzeugflotten: Die systemischen Chancen der E\u2011Mobilit\u00e4t<\/h3>\n\n\n\n<p><strong>Kosten senken, Eigenverbrauch steigern, Peak Shaving realisieren<br><\/strong>Die Elektrifizierung der Mobilit\u00e4t und der Ausbau der erneuerbaren Energien gehen Hand in Hand. Bidirektionales Laden gewinnt beispielsweise an Bedeutung \u2013 Elektroautos fungieren als Stromspeicher. Expert*innen aus Wirtschaft und Wissenschaft zeigen auf, wie diese Synergien erfolgreich genutzt werden und beleuchten mit Best Practices zur Flottenelektrifizierung den Nutzen \u00fcber die Mobilit\u00e4t hinaus. Gemeinsam diskutieren wir Erfolgsfaktoren f\u00fcr Unternehmen.<\/p>\n\n\n\n<div class=\"is-layout-flex wp-container-99 wp-block-columns\">\n<div class=\"is-layout-flow wp-block-column\">\n<figure class=\"wp-block-image size-full is-resized\"><img decoding=\"async\" loading=\"lazy\" src=\"https:\/\/www.swisscleantech.ch\/files\/Jaap-Vossen-autoSense.jpg\" alt=\"\" class=\"wp-image-39708\" width=\"200\" height=\"200\" srcset=\"https:\/\/www.swisscleantech.ch\/files\/Jaap-Vossen-autoSense.jpg 400w, https:\/\/www.swisscleantech.ch\/files\/Jaap-Vossen-autoSense-300x300.jpg 300w, https:\/\/www.swisscleantech.ch\/files\/Jaap-Vossen-autoSense-125x125.jpg 125w\" sizes=\"(max-width: 200px) 100vw, 200px\" \/><\/figure>\n\n\n\n<div style=\"height:20px\" aria-hidden=\"true\" class=\"wp-block-spacer\"><\/div>\n\n\n\n<p><strong>Jaap Vossen<br><\/strong>CEO autoSense<\/p>\n<\/div>\n\n\n\n<div class=\"is-layout-flow wp-block-column\">\n<figure class=\"wp-block-image size-full is-resized\"><img decoding=\"async\" loading=\"lazy\" src=\"https:\/\/www.swisscleantech.ch\/files\/Ina-Maria-Walthert-AMAG.jpg\" alt=\"\" class=\"wp-image-34505\" width=\"200\" height=\"200\" srcset=\"https:\/\/www.swisscleantech.ch\/files\/Ina-Maria-Walthert-AMAG.jpg 400w, https:\/\/www.swisscleantech.ch\/files\/Ina-Maria-Walthert-AMAG-300x300.jpg 300w, https:\/\/www.swisscleantech.ch\/files\/Ina-Maria-Walthert-AMAG-125x125.jpg 125w\" sizes=\"(max-width: 200px) 100vw, 200px\" \/><\/figure>\n\n\n\n<div style=\"height:20px\" aria-hidden=\"true\" class=\"wp-block-spacer\"><\/div>\n\n\n\n<p><strong>Ina-Maria Walthert<br><\/strong>Head Group Sustainability at AMAG Group<\/p>\n<\/div>\n\n\n\n<div class=\"is-layout-flow wp-block-column\">\n<figure class=\"wp-block-image size-full is-resized\"><img decoding=\"async\" loading=\"lazy\" src=\"https:\/\/www.swisscleantech.ch\/files\/Rolf-Wustenhagen-Universitat-St-Gallen.jpg\" alt=\"\" class=\"wp-image-39707\" width=\"200\" height=\"200\" srcset=\"https:\/\/www.swisscleantech.ch\/files\/Rolf-Wustenhagen-Universitat-St-Gallen.jpg 400w, https:\/\/www.swisscleantech.ch\/files\/Rolf-Wustenhagen-Universitat-St-Gallen-300x300.jpg 300w, https:\/\/www.swisscleantech.ch\/files\/Rolf-Wustenhagen-Universitat-St-Gallen-125x125.jpg 125w\" sizes=\"(max-width: 200px) 100vw, 200px\" \/><\/figure>\n\n\n\n<div style=\"height:20px\" aria-hidden=\"true\" class=\"wp-block-spacer\"><\/div>\n\n\n\n<p><strong>Rolf W\u00fcstenhagen<br><\/strong>Professor f\u00fcr Management erneuerbarer Energien Universit\u00e4t St. Gallen<\/p>\n<\/div>\n<\/div>\n<\/div>\n<\/div>\n\n\n\n<div class=\"is-layout-flex wp-container-107 wp-block-columns\">\n<div class=\"is-layout-flow wp-block-column abstand_gross has-background\" style=\"background-color:#e3ebf1\">\n<h3>Strategisch zum nachhaltigen Geb\u00e4udepark<\/h3>\n\n\n\n<p><strong><strong><strong>L\u00f6sungen zwischen technischer Komplexit\u00e4t und langfristiger Robustheit<\/strong><\/strong><br><\/strong>Der Schweizer Geb\u00e4udepark ist f\u00fcr rund einen Drittel der inl\u00e4ndischen CO\u2082-Emissionen verantwortlich. High-Tech-Geb\u00e4ude setzen auf intelligente Geb\u00e4udeautomation und smarte Systeme f\u00fcr maximalen Komfort und Energieeffizienz. Im Gegensatz dazu fokussiert sich Low-Tech auf bew\u00e4hrte, einfache Bauweisen, robuste Materialien und nat\u00fcrliche Ressourcen, um den Technikaufwand zu minimieren. Beide Ans\u00e4tze zielen auf Nachhaltigkeit ab, unterscheiden sich jedoch grundlegend in Planung, Unterhalt und Lebenszyklus. Wie verhalten sich die Ans\u00e4tze zueinander?<\/p>\n\n\n\n<div class=\"is-layout-flex wp-container-105 wp-block-columns\">\n<div class=\"is-layout-flow wp-block-column\">\n<figure class=\"wp-block-image size-full is-resized\"><img decoding=\"async\" loading=\"lazy\" src=\"https:\/\/www.swisscleantech.ch\/files\/Andre-Flueckiger-eicherpauli.jpg\" alt=\"\" class=\"wp-image-33841\" width=\"200\" height=\"200\" srcset=\"https:\/\/www.swisscleantech.ch\/files\/Andre-Flueckiger-eicherpauli.jpg 400w, https:\/\/www.swisscleantech.ch\/files\/Andre-Flueckiger-eicherpauli-300x300.jpg 300w, https:\/\/www.swisscleantech.ch\/files\/Andre-Flueckiger-eicherpauli-125x125.jpg 125w\" sizes=\"(max-width: 200px) 100vw, 200px\" \/><\/figure>\n\n\n\n<div style=\"height:20px\" aria-hidden=\"true\" class=\"wp-block-spacer\"><\/div>\n\n\n\n<p><strong>Andr\u00e9 Fl\u00fcckiger<\/strong><br>(Moderation)<br>CEO eicher+pauli<\/p>\n<\/div>\n\n\n\n<div class=\"is-layout-flow wp-block-column\">\n<figure class=\"wp-block-image size-full is-resized\"><img decoding=\"async\" loading=\"lazy\" src=\"https:\/\/www.swisscleantech.ch\/files\/Antonin-Guez-BKW-Building-Solutions.jpg\" alt=\"\" class=\"wp-image-39802\" width=\"200\" height=\"200\" srcset=\"https:\/\/www.swisscleantech.ch\/files\/Antonin-Guez-BKW-Building-Solutions.jpg 400w, https:\/\/www.swisscleantech.ch\/files\/Antonin-Guez-BKW-Building-Solutions-300x300.jpg 300w, https:\/\/www.swisscleantech.ch\/files\/Antonin-Guez-BKW-Building-Solutions-125x125.jpg 125w\" sizes=\"(max-width: 200px) 100vw, 200px\" \/><\/figure>\n\n\n\n<div style=\"height:20px\" aria-hidden=\"true\" class=\"wp-block-spacer\"><\/div>\n\n\n\n<p><strong>Antonin Guez<\/strong><br>Executive Vice President BKW Building Solutions<\/p>\n<\/div>\n\n\n\n<div class=\"is-layout-flow wp-block-column\">\n<div style=\"height:20px\" aria-hidden=\"true\" class=\"wp-block-spacer\"><\/div>\n\n\n\n<p><\/p>\n<\/div>\n<\/div>\n\n\n\n<p>Weitere Expert*innen folgen.<\/p>\n<\/div>\n<\/div>\n\n\n\n<div class=\"is-layout-flex wp-container-117 wp-block-columns\">\n<div class=\"is-layout-flow wp-block-column abstand_gross has-background\" style=\"background-color:#e3ebf1\">\n<h3>Der Business Case zur Kreislaufwirtschaft<\/h3>\n\n\n\n<p><strong>Refurbishment, zirkul\u00e4res Produktdesgin oder Second-Life-Strategien: Viele Wege f\u00fchren zu kreislauff\u00e4higen Gesch\u00e4ftsmodellen.<\/strong><br>Die Relevanz und das Potenzial der Kreislaufwirtschaft zur Erreichung von Netto-Null-Zielen sind unbestritten. Immer mehr Unternehmen befassen sich denn auch konzeptionell damit, der Schritt in die Umsetzung ist aber nicht immer einfach. Die Unterschiede zwischen den Branchen und den Regionen sind gross; Fachkr\u00e4ftemangel, hohe Investitionskosten oder Marktunsicherheiten geh\u00f6ren zu den Hindernissen, wie der Statusbericht der Schweizer Kreislaufwirtschaft zeigt. Best Practices bieten Inspiration und Innovation, um im eigenen Unternehmen die ersten Schritte zu wagen.<\/p>\n\n\n\n<div class=\"is-layout-flex wp-container-111 wp-block-columns\">\n<div class=\"is-layout-flow wp-block-column\">\n<figure class=\"wp-block-image size-full is-resized\"><img decoding=\"async\" loading=\"lazy\" src=\"https:\/\/www.swisscleantech.ch\/files\/Janie-Bisset-IKEA-Schweiz.jpg\" alt=\"\" class=\"wp-image-39703\" width=\"200\" height=\"200\" srcset=\"https:\/\/www.swisscleantech.ch\/files\/Janie-Bisset-IKEA-Schweiz.jpg 400w, https:\/\/www.swisscleantech.ch\/files\/Janie-Bisset-IKEA-Schweiz-300x300.jpg 300w, https:\/\/www.swisscleantech.ch\/files\/Janie-Bisset-IKEA-Schweiz-125x125.jpg 125w\" sizes=\"(max-width: 200px) 100vw, 200px\" \/><\/figure>\n\n\n\n<div style=\"height:20px\" aria-hidden=\"true\" class=\"wp-block-spacer\"><\/div>\n\n\n\n<p><strong>Janie Bisset<\/strong><br>CEO\/CSO IKEA Schweiz<\/p>\n<\/div>\n\n\n\n<div class=\"is-layout-flow wp-block-column\">\n<figure class=\"wp-block-image size-full is-resized\"><img decoding=\"async\" loading=\"lazy\" src=\"https:\/\/www.swisscleantech.ch\/files\/Roland-Lehmann-Helbling-Technik.jpg\" alt=\"\" class=\"wp-image-39709\" width=\"200\" height=\"200\" srcset=\"https:\/\/www.swisscleantech.ch\/files\/Roland-Lehmann-Helbling-Technik.jpg 400w, https:\/\/www.swisscleantech.ch\/files\/Roland-Lehmann-Helbling-Technik-300x300.jpg 300w, https:\/\/www.swisscleantech.ch\/files\/Roland-Lehmann-Helbling-Technik-125x125.jpg 125w\" sizes=\"(max-width: 200px) 100vw, 200px\" \/><\/figure>\n\n\n\n<div style=\"height:20px\" aria-hidden=\"true\" class=\"wp-block-spacer\"><\/div>\n\n\n\n<p><strong>Roland Lehmann<\/strong><br>Fachgruppenleiter Circular Economy Helbling Technik<\/p>\n<\/div>\n\n\n\n<div class=\"is-layout-flow wp-block-column\">\n<figure class=\"wp-block-image size-full is-resized\"><img decoding=\"async\" loading=\"lazy\" src=\"https:\/\/www.swisscleantech.ch\/files\/Urs-Neuhauser-Griesser-1.jpg\" alt=\"\" class=\"wp-image-35204\" width=\"200\" height=\"200\" srcset=\"https:\/\/www.swisscleantech.ch\/files\/Urs-Neuhauser-Griesser-1.jpg 400w, https:\/\/www.swisscleantech.ch\/files\/Urs-Neuhauser-Griesser-1-300x300.jpg 300w, https:\/\/www.swisscleantech.ch\/files\/Urs-Neuhauser-Griesser-1-125x125.jpg 125w\" sizes=\"(max-width: 200px) 100vw, 200px\" \/><\/figure>\n\n\n\n<div style=\"height:20px\" aria-hidden=\"true\" class=\"wp-block-spacer\"><\/div>\n\n\n\n<p><strong>Urs Neuhauser<br><\/strong>(Moderation)<br>Delegierter Griesser Vorstand swisscleantech<\/p>\n<\/div>\n<\/div>\n\n\n\n<div class=\"is-layout-flex wp-container-115 wp-block-columns\">\n<div class=\"is-layout-flow wp-block-column\">\n<figure class=\"wp-block-image size-full is-resized\"><img decoding=\"async\" loading=\"lazy\" src=\"https:\/\/www.swisscleantech.ch\/files\/Tobias-Stucki-Berner-Fachhochschule-1.jpg\" alt=\"\" class=\"wp-image-36402\" width=\"200\" height=\"200\" srcset=\"https:\/\/www.swisscleantech.ch\/files\/Tobias-Stucki-Berner-Fachhochschule-1.jpg 400w, https:\/\/www.swisscleantech.ch\/files\/Tobias-Stucki-Berner-Fachhochschule-1-300x300.jpg 300w, https:\/\/www.swisscleantech.ch\/files\/Tobias-Stucki-Berner-Fachhochschule-1-125x125.jpg 125w\" sizes=\"(max-width: 200px) 100vw, 200px\" \/><\/figure>\n\n\n\n<div style=\"height:20px\" aria-hidden=\"true\" class=\"wp-block-spacer\"><\/div>\n\n\n\n<p><strong>Prof. Dr. Tobias Stucki<\/strong><br>Co-Institutsleiter Sustainable Business Berner Fachhochschule<\/p>\n<\/div>\n\n\n\n<div class=\"is-layout-flow wp-block-column\">\n<div style=\"height:20px\" aria-hidden=\"true\" class=\"wp-block-spacer\"><\/div>\n\n\n\n<p><\/p>\n<\/div>\n\n\n\n<div class=\"is-layout-flow wp-block-column\">\n<div style=\"height:20px\" aria-hidden=\"true\" class=\"wp-block-spacer\"><\/div>\n\n\n\n<p><\/p>\n<\/div>\n<\/div>\n<\/div>\n<\/div>\n\n<\/div><\/div><\/div><\/div>\n\n\n\n<div style=\"height:40px\" aria-hidden=\"true\" class=\"wp-block-spacer\"><\/div>\n\n\n\n<div class=\"is-layout-flex wp-container-127 wp-block-columns\">\n<div class=\"is-layout-flow wp-block-column abstand_gross has-background\" style=\"background-color:#79a6cb\">\n<h3 class=\"has-white-color has-text-color\">Event Partner<\/h3>\n\n\n\n<div class=\"is-layout-flex wp-container-121 wp-block-columns\">\n<div class=\"is-layout-flow wp-block-column\">\n<figure class=\"wp-block-image size-full\"><img decoding=\"async\" loading=\"lazy\" width=\"617\" height=\"350\" src=\"https:\/\/www.swisscleantech.ch\/files\/logo-amag.png\" alt=\"\" class=\"wp-image-22462\" srcset=\"https:\/\/www.swisscleantech.ch\/files\/logo-amag.png 617w, https:\/\/www.swisscleantech.ch\/files\/logo-amag-300x170.png 300w\" sizes=\"(max-width: 617px) 100vw, 617px\" \/><\/figure>\n<\/div>\n\n\n\n<div class=\"is-layout-flow wp-block-column\">\n<figure class=\"wp-block-image size-full\"><img decoding=\"async\" loading=\"lazy\" width=\"617\" height=\"350\" src=\"https:\/\/www.swisscleantech.ch\/files\/BKW-logo.png\" alt=\"\" class=\"wp-image-31594\" srcset=\"https:\/\/www.swisscleantech.ch\/files\/BKW-logo.png 617w, https:\/\/www.swisscleantech.ch\/files\/BKW-logo-300x170.png 300w\" sizes=\"(max-width: 617px) 100vw, 617px\" \/><\/figure>\n<\/div>\n\n\n\n<div class=\"is-layout-flow wp-block-column\">\n<figure class=\"wp-block-image size-full\"><img decoding=\"async\" loading=\"lazy\" width=\"617\" height=\"350\" src=\"https:\/\/www.swisscleantech.ch\/files\/Logo-energie360.jpg\" alt=\"\" class=\"wp-image-30537\" srcset=\"https:\/\/www.swisscleantech.ch\/files\/Logo-energie360.jpg 617w, https:\/\/www.swisscleantech.ch\/files\/Logo-energie360-300x170.jpg 300w\" sizes=\"(max-width: 617px) 100vw, 617px\" \/><\/figure>\n<\/div>\n<\/div>\n\n\n\n<div class=\"is-layout-flex wp-container-125 wp-block-columns\">\n<div class=\"is-layout-flow wp-block-column\">\n<figure class=\"wp-block-image size-full\"><img decoding=\"async\" loading=\"lazy\" width=\"617\" height=\"350\" src=\"https:\/\/www.swisscleantech.ch\/files\/helbling.png\" alt=\"\" class=\"wp-image-26868\" srcset=\"https:\/\/www.swisscleantech.ch\/files\/helbling.png 617w, https:\/\/www.swisscleantech.ch\/files\/helbling-300x170.png 300w\" sizes=\"(max-width: 617px) 100vw, 617px\" \/><\/figure>\n<\/div>\n\n\n\n<div class=\"is-layout-flow wp-block-column\">\n<figure class=\"wp-block-image size-full\"><img decoding=\"async\" loading=\"lazy\" width=\"617\" height=\"350\" src=\"https:\/\/www.swisscleantech.ch\/files\/lidl-1.png\" alt=\"\" class=\"wp-image-20529\" srcset=\"https:\/\/www.swisscleantech.ch\/files\/lidl-1.png 617w, https:\/\/www.swisscleantech.ch\/files\/lidl-1-300x170.png 300w\" sizes=\"(max-width: 617px) 100vw, 617px\" \/><\/figure>\n<\/div>\n\n\n\n<div class=\"is-layout-flow wp-block-column\"><\/div>\n<\/div>\n\n\n\n<p class=\"has-white-color has-text-color\">Vielen Dank f\u00fcr die Unterst\u00fctzung!<\/p>\n<\/div>\n<\/div>\n\n\n\n<p>Eingeladen sind swisscleantech-Mitglieder sowie ausgew\u00e4hlte Partner*innen aus Wirtschaft, Politik, Verwaltung und Wissenschaft.<\/p>\n\n\n\n<p><strong>Die Teilnahme erfolgt nur auf pers\u00f6nliche Einladung und ist kostenlos.<\/strong><\/p>\n\n\n\n<p>Pro Mitglied k\u00f6nnen maximal drei Personen teilnehmen.<\/p>\n\n\n\n<div class=\"is-layout-flex wp-block-buttons\">\n<div class=\"wp-block-button\"><a class=\"wp-block-button__link wp-element-button\" href=\"https:\/\/www.eventbrite.ch\/e\/swisscleantech-dialog-2026-tickets-1984485962936\" target=\"_blank\" rel=\"noopener\">Zur Anmeldung<\/a><\/div>\n<\/div>\n","protected":false},"featured_media":0,"template":"","acf":[],"_links":{"self":[{"href":"https:\/\/www.swisscleantech.ch\/fr\/wp-json\/wp\/v2\/agendaeintrag\/39643"}],"collection":[{"href":"https:\/\/www.swisscleantech.ch\/fr\/wp-json\/wp\/v2\/agendaeintrag"}],"about":[{"href":"https:\/\/www.swisscleantech.ch\/fr\/wp-json\/wp\/v2\/types\/agendaeintrag"}],"version-history":[{"count":85,"href":"https:\/\/www.swisscleantech.ch\/fr\/wp-json\/wp\/v2\/agendaeintrag\/39643\/revisions"}],"predecessor-version":[{"id":39804,"href":"https:\/\/www.swisscleantech.ch\/fr\/wp-json\/wp\/v2\/agendaeintrag\/39643\/revisions\/39804"}],"wp:attachment":[{"href":"https:\/\/www.swisscleantech.ch\/fr\/wp-json\/wp\/v2\/media?parent=39643"}],"curies":[{"name":"wp","href":"https:\/\/api.w.org\/{rel}","templated":true}]}}