{"id":17374,"date":"2020-07-28T12:46:36","date_gmt":"2020-07-28T12:46:36","guid":{"rendered":"https:\/\/www.swisscleantech.ch\/?page_id=17374"},"modified":"2020-08-07T08:11:01","modified_gmt":"2020-08-07T08:11:01","slug":"preview-parlamentarische-gruppe-cleantech","status":"publish","type":"page","link":"https:\/\/www.swisscleantech.ch\/fr\/association\/preview-parlamentarische-gruppe-cleantech\/","title":{"rendered":"PREVIEW Parlamentarische Gruppe Cleantech"},"content":{"rendered":"<h4>Composition du groupe<\/h4>\r\n<p>Le groupe parlementaire Cleantech a \u00e9t\u00e9 fond\u00e9 en 2009. Il comprend 34 membres du Conseil national* et du Conseil des \u00c9tats* de diff\u00e9rents partis. Susanne Vincenz-Stauffacher (Conseill\u00e8re nationale PLR) et Barbara Schaffner (Conseill\u00e8re nationale PVL) assurent la copr\u00e9sidence du groupe parlementaire Cleantech dans la l\u00e9gislature actuelle.<\/p>\r\n<h4>Comment nous travaillons en r\u00e9seau<\/h4>\r\n<p>Les \u00e9v\u00e9nements et les actions communes, sous forme analogique et num\u00e9rique, servent de forme d'\u00e9change. L'objectif est de cr\u00e9er des synergies avec d'autres groupes parlementaires et de construire des ponts entre th\u00e9matiques.<br \/>\r\n<br \/>\r\n<\/p>\r\n<p>Vous avez des questions? N'h\u00e9sitez pas \u00e0 nous contacter :<\/p>\r\n<div class=\"prt_teambox\">\r\n<div class=\"prt_img\"><img decoding=\"async\" loading=\"lazy\" class=\"\" src=\"https:\/\/www.swisscleantech.ch\/files\/novak_martina_portrait_swisscleantech_mai2018_quer_web-300x300.jpg\" alt=\"\" width=\"300\" height=\"200\" \/><\/div>\r\n<p><strong>Martina Novak<\/strong> <br \/>\r\nPolitique swisscleantech<\/p>\r\n<p><a href=\"mailto:martina.novak@swisscleantech.ch\">martina.novak@swisscleantech.ch<\/a><br \/>\r\n+41 58 580 08 09<\/p>\r\n<p><a class=\"ico_link prt_twitter nobrd\" href=\"https:\/\/twitter.com\/mno_novak\" target=\"_blank\" rel=\"noopener noreferrer\"><i class=\"fab fa-twitter\"><\/i> @mno_novak<\/a><a class=\"ico_link prt_linkedin nobrd\" href=\"https:\/\/www.linkedin.com\/in\/martina-novak\/\" target=\"_blank\" rel=\"noopener noreferrer\"><i class=\"fab fa-linkedin-in\"><\/i> martina-novak<\/a><\/p>\r\n<div style=\"clear: both;\">\u00a0<\/div>\r\n<\/div>\r\n<p>&nbsp;<\/p>\r\n<h4>Qui nous sommes<\/h4>\r\n<div class=\"pa_style3_wrapper\">\r\n<div class=\"fos2020_stimme_item\">\r\n<div class=\"fos2020_stimme_image\" style=\"background-image: url('\/files\/prt_susanne_vincenz_stauffacher.jpg');\"><span class=\"wptx0\">x<\/span><\/div>\r\n<div class=\"fos2020_stimme_title\"><strong>Susanne<br \/>\r\nVincenz-Stauffacher<\/strong><\/div>\r\n<div class=\"fos2020_stimme_text\"> (co-pr\u00e9sidente)<br \/>\r\nConseill\u00e8re nationale PLR<br \/>\r\n<a class=\"pa_weblink\" href=\"https:\/\/vincenz-stauffacher.ch\/\" target=\"_blank\" rel=\"noopener noreferrer\">www.vincenz-stauffacher.ch<\/a>\r\n<div class=\"pa_socmed\"><a class=\"fa-ico\" href=\"https:\/\/www.facebook.com\/nationalraetin2019\/\" target=\"_blank\" rel=\"noopener noreferrer\"> <span class=\"pa_sm_wrp\"> <span class=\"wptx0\">x<\/span><i class=\"fab fa-facebook-f\" aria-hidden=\"true\"><\/i> <\/span> <\/a><\/div>\r\n<\/div>\r\n<\/div>\r\n\r\n<div class=\"fos2020_stimme_item\">\r\n<div class=\"fos2020_stimme_image\" style=\"background-image: url('\/files\/prt_barbara_schaffner.jpg');\"><span class=\"wptx0\">x<\/span><\/div>\r\n<div class=\"fos2020_stimme_title\"><strong>Barbara Schaffner<\/strong><\/div>\r\n<div class=\"fos2020_stimme_text\">(co-pr\u00e9sidente)<br \/>\r\nConseill\u00e8re nationale PVL<br \/>\r\n<a class=\"pa_weblink\" href=\"https:\/\/barbaraschaffner.ch\/\" target=\"_blank\" rel=\"noopener noreferrer\">www.barbaraschaffner.ch<\/a><\/div>\r\n<div class=\"pa_socmed\"><a class=\"fa-ico\" href=\"https:\/\/twitter.com\/BaSchaffner\" target=\"_blank\" rel=\"noopener noreferrer\"> <span class=\"pa_sm_wrp\"> <span class=\"wptx0\">x<\/span><i class=\"fab fa-twitter\"><\/i> <\/span> <\/a><\/div>\r\n<\/div>\r\n\r\n<div class=\"fos2020_stimme_item\">\r\n<div class=\"fos2020_stimme_image\" style=\"background-image: url('\/files\/prt_matthias_aebischer.jpg');\"><span class=\"wptx0\">x<\/span><\/div>\r\n<div class=\"fos2020_stimme_title\"><strong>Matthias Aebischer<\/strong><\/div>\r\n<div class=\"fos2020_stimme_text\">Conseiller national PS<br \/>\r\n<a class=\"pa_weblink\" href=\"https:\/\/www.matthiasaebischer.ch\/\" target=\"_blank\" rel=\"noopener noreferrer\">www.matthiasaebischer.ch<\/a><\/div>\r\n<div class=\"pa_socmed\"><a class=\"fa-ico\" href=\"https:\/\/twitter.com\/M_Aebischer\" target=\"_blank\" rel=\"noopener noreferrer\"> <span class=\"pa_sm_wrp\"> <span class=\"wptx0\">x<\/span><i class=\"fab fa-twitter\"><\/i> <\/span> <\/a><\/div>\r\n<\/div>\r\n\r\n<div class=\"fos2020_stimme_item\">\r\n<div class=\"fos2020_stimme_image\" style=\"background-image: url('\/files\/prt_gerhard_andrey.jpg');\"><span class=\"wptx0\">x<\/span><\/div>\r\n<div class=\"fos2020_stimme_title\"><strong>Gerhard Andrey<\/strong><\/div>\r\n<div class=\"fos2020_stimme_text\">Conseiller national Les Verts  <br \/>\r\n<a class=\"pa_weblink\" href=\"https:\/\/gerhard-andrey.ch\/\" target=\"_blank\" rel=\"noopener noreferrer\">www.gerhard-andrey.ch<\/a><\/div>\r\n<div class=\"pa_socmed\"><a class=\"fa-ico\" href=\"https:\/\/twitter.com\/anderageru?lang=de\" target=\"_blank\" rel=\"noopener noreferrer\"> <span class=\"pa_sm_wrp\"> <span class=\"wptx0\">x<\/span><i class=\"fab fa-twitter\"><\/i> <\/span> <\/a><\/div>\r\n<\/div>\r\n\r\n\r\n\r\n<div class=\"fos2020_stimme_item\">\r\n<div class=\"fos2020_stimme_image\" style=\"background-image: url('\/files\/prt_martin_baeumle.jpg');\"><span class=\"wptx0\">x<\/span><\/div>\r\n<div class=\"fos2020_stimme_title\"><strong>Martin B\u00e4umle<\/strong><\/div>\r\n<div class=\"fos2020_stimme_text\">Conseiller national PVL<br \/>\r\n<a class=\"pa_weblink\" href=\"https:\/\/martin-baeumle.ch\/aktuell\/\" target=\"_blank\" rel=\"noopener noreferrer\">www.martin-baeumle.ch\/aktuell\/<\/a><\/div>\r\n<div class=\"pa_socmed\"><a class=\"fa-ico\" href=\"https:\/\/twitter.com\/Martin_Baeumle\" target=\"_blank\" rel=\"noopener noreferrer\"> <span class=\"pa_sm_wrp\"> <span class=\"wptx0\">x<\/span><i class=\"fab fa-twitter\"><\/i> <\/span> <\/a><\/div>\r\n<\/div>\r\n\r\n<div class=\"fos2020_stimme_item\">\r\n<div class=\"fos2020_stimme_image\" style=\"background-image: url('\/files\/prt_thomas_brunner.jpg');\"><span class=\"wptx0\">x<\/span><\/div>\r\n<div class=\"fos2020_stimme_title\"><strong>Thomas Brunner<\/strong><\/div>\r\n\t<div class=\"fos2020_stimme_text\">Conseiller national PVL<\/div>\r\n<div class=\"pa_socmed\"><a class=\"fa-ico\" href=\"https:\/\/twitter.com\/Th_Brunner_glp\" target=\"_blank\" rel=\"noopener noreferrer\"> <span class=\"pa_sm_wrp\"> <span class=\"wptx0\">x<\/span><i class=\"fab fa-twitter\"><\/i> <\/span> <\/a><\/div>\r\n<\/div>\r\n\r\n<div class=\"fos2020_stimme_item\">\r\n<div class=\"fos2020_stimme_image\" style=\"background-image: url('\/files\/prt_isabelle_chevalley.jpg');\"><span class=\"wptx0\">x<\/span><\/div>\r\n<div class=\"fos2020_stimme_title\"><strong>Isabelle Chevalley<\/strong><\/div>\r\n<div class=\"fos2020_stimme_text\">Conseill\u00e8re nationale PVL<br \/>\r\n<a class=\"pa_weblink\" href=\"http:\/\/www.isabellechevalley.ch\/\" target=\"_blank\" rel=\"noopener noreferrer\">www.isabellechevalley.ch<\/a><\/div>\r\n<div class=\"pa_socmed\"><a class=\"fa-ico\" href=\"https:\/\/twitter.com\/i_chevalley\" target=\"_blank\" rel=\"noopener noreferrer\"> <span class=\"pa_sm_wrp\"> <span class=\"wptx0\">x<\/span><i class=\"fab fa-twitter\"><\/i> <\/span> <\/a><\/div>\r\n<\/div>\r\n\r\n\r\n<div class=\"fos2020_stimme_item\">\r\n<div class=\"fos2020_stimme_image\" style=\"background-image: url('\/files\/prt_damien_cottier.jpg');\"><span class=\"wptx0\">x<\/span><\/div>\r\n<div class=\"fos2020_stimme_title\"><strong>Damien Cottier<\/strong><\/div>\r\n<div class=\"fos2020_stimme_text\">Conseiller national PLR<br \/>\r\n<a class=\"pa_weblink\" href=\"http:\/\/www.damiencottier.ch\/\" target=\"_blank\" rel=\"noopener noreferrer\">www.damiencottier.ch<\/a><\/div>\r\n<div class=\"pa_socmed\"><a class=\"fa-ico\" href=\"https:\/\/twitter.com\/CottierDamien\" target=\"_blank\" rel=\"noopener noreferrer\"> <span class=\"pa_sm_wrp\"> <span class=\"wptx0\">x<\/span><i class=\"fab fa-twitter\"><\/i> <\/span> <\/a><\/div>\r\n<\/div>\r\n\r\n\r\n\r\n<div class=\"fos2020_stimme_item\">\r\n<div class=\"fos2020_stimme_image\" style=\"background-image: url('\/files\/prt_simonde_de_montmollin.jpg');\"><span class=\"wptx0\">x<\/span><\/div>\r\n<div class=\"fos2020_stimme_title\"><strong>Simone de Montmollin<\/strong><\/div>\r\n<div class=\"fos2020_stimme_text\">Conseill\u00e8re nationale PLR<br \/>\r\n<a class=\"pa_weblink\" href=\"http:\/\/www.simonedemontmollin.ch\/\" target=\"_blank\" rel=\"noopener noreferrer\">www.simonedemontmollin.ch<\/a><\/div>\r\n<div class=\"pa_socmed\"><a class=\"fa-ico\" href=\"https:\/\/twitter.com\/montmollin_de\" target=\"_blank\" rel=\"noopener noreferrer\"> <span class=\"pa_sm_wrp\"> <span class=\"wptx0\">x<\/span><i class=\"fab fa-twitter\"><\/i> <\/span> <\/a><\/div>\r\n<\/div>\r\n\r\n<div class=\"fos2020_stimme_item\">\r\n<div class=\"fos2020_stimme_image\" style=\"background-image: url('\/files\/prt_jacqueline_de_quattro.jpg');\"><span class=\"wptx0\">x<\/span><\/div>\r\n<div class=\"fos2020_stimme_title\"><strong>Jacqueline de Quattro<\/strong><\/div>\r\n<div class=\"fos2020_stimme_text\">Conseill\u00e8re nationale PLR<br \/>\r\n<a class=\"pa_weblink\" href=\"http:\/\/www.dequattro.ch\/\" target=\"_blank\" rel=\"noopener noreferrer\">www.dequattro.ch<\/a><\/div>\r\n<\/div>\r\n\r\n<div class=\"fos2020_stimme_item\">\r\n<div class=\"fos2020_stimme_image\" style=\"background-image: url('\/files\/prt_kurt_egger.jpg');\"><span class=\"wptx0\">x<\/span><\/div>\r\n<div class=\"fos2020_stimme_title\"><strong>Kurt Egger<\/strong><\/div>\r\n<div class=\"fos2020_stimme_text\">Conseiller national Les Verts<br \/>\r\n<a class=\"pa_weblink\" href=\"http:\/\/kurt-egger.ch\/\" target=\"_blank\" rel=\"noopener noreferrer\">www.kurt-egger.ch<\/a><\/div>\r\n<div class=\"pa_socmed\"><a class=\"fa-ico\" href=\"https:\/\/twitter.com\/kurtegger2\" target=\"_blank\" rel=\"noopener noreferrer\"> <span class=\"pa_sm_wrp\"> <span class=\"wptx0\">x<\/span><i class=\"fab fa-twitter\"><\/i> <\/span> <\/a><\/div>\r\n<\/div>\r\n\r\n\r\n<div class=\"fos2020_stimme_item\">\r\n<div class=\"fos2020_stimme_image\" style=\"background-image: url('\/files\/prt_yvonne_feri.jpg');\"><span class=\"wptx0\">x<\/span><\/div>\r\n<div class=\"fos2020_stimme_title\"><strong>Yvonne Feri<\/strong><\/div>\r\n<div class=\"fos2020_stimme_text\">Conseill\u00e8re nationale PS<br \/>\r\n<a class=\"pa_weblink\" href=\"http:\/\/www.yvonneferi.ch\/\" target=\"_blank\" rel=\"noopener noreferrer\">www.yvonneferi.ch<\/a><\/div>\r\n<div class=\"pa_socmed\"><a class=\"fa-ico\" href=\"https:\/\/twitter.com\/yferi?lang=de\" target=\"_blank\" rel=\"noopener noreferrer\"> <span class=\"pa_sm_wrp\"> <span class=\"wptx0\">x<\/span><i class=\"fab fa-twitter\"><\/i> <\/span> <\/a><\/div>\r\n<\/div>\r\n\r\n\r\n<div class=\"fos2020_stimme_item\">\r\n<div class=\"fos2020_stimme_image\" style=\"background-image: url('\/files\/prt_doris_fiala.jpg');\"><span class=\"wptx0\">x<\/span><\/div>\r\n<div class=\"fos2020_stimme_title\"><strong>Doris Fiala<\/strong><\/div>\r\n<div class=\"fos2020_stimme_text\">Conseill\u00e8re nationale PLR<br \/>\r\n<a class=\"pa_weblink\" href=\"http:\/\/www.fiala.ch\/\" target=\"_blank\" rel=\"noopener noreferrer\">www.fiala.ch<\/a><\/div>\r\n<div class=\"pa_socmed\"><a class=\"fa-ico\" href=\"https:\/\/twitter.com\/dorisfiala\" target=\"_blank\" rel=\"noopener noreferrer\"> <span class=\"pa_sm_wrp\"> <span class=\"wptx0\">x<\/span><i class=\"fab fa-twitter\"><\/i> <\/span> <\/a><\/div>\r\n<\/div>\r\n\r\n\r\n<div class=\"fos2020_stimme_item\">\r\n<div class=\"fos2020_stimme_image\" style=\"background-image: url('\/files\/prt_roland_fischer.jpg');\"><span class=\"wptx0\">x<\/span><\/div>\r\n<div class=\"fos2020_stimme_title\"><strong>Roland Fischer<\/strong><\/div>\r\n<div class=\"fos2020_stimme_text\">Conseiller national PVL<br \/>\r\n<a class=\"pa_weblink\" href=\"http:\/\/www.roland-fischer.ch\/\" target=\"_blank\" rel=\"noopener noreferrer\">www.roland-fischer.ch<\/a><\/div>\r\n<div class=\"pa_socmed\"><a class=\"fa-ico\" href=\"https:\/\/twitter.com\/RolaFir\" target=\"_blank\" rel=\"noopener noreferrer\"> <span class=\"pa_sm_wrp\"> <span class=\"wptx0\">x<\/span><i class=\"fab fa-twitter\"><\/i> <\/span> <\/a><\/div>\r\n<\/div>\r\n\r\n\r\n<div class=\"fos2020_stimme_item\">\r\n<div class=\"fos2020_stimme_image\" style=\"background-image: url('\/files\/prt_beat_flach.jpg');\"><span class=\"wptx0\">x<\/span><\/div>\r\n<div class=\"fos2020_stimme_title\"><strong>Beat Flach<\/strong><\/div>\r\n<div class=\"fos2020_stimme_text\">Conseiller national PVL<br \/>\r\n<a class=\"pa_weblink\" href=\"http:\/\/www.beatflach.ch\/\" target=\"_blank\" rel=\"noopener noreferrer\">www.beatflach.ch<\/a><\/div>\r\n<div class=\"pa_socmed\"><a class=\"fa-ico\" href=\"https:\/\/twitter.com\/beatflach?lang=de\" target=\"_blank\" rel=\"noopener noreferrer\"> <span class=\"pa_sm_wrp\"> <span class=\"wptx0\">x<\/span><i class=\"fab fa-twitter\"><\/i> <\/span> <\/a><\/div>\r\n<\/div>\r\n\r\n\r\n<div class=\"fos2020_stimme_item\">\r\n<div class=\"fos2020_stimme_image\" style=\"background-image: url('\/files\/prt_bastien_girod.jpg');\"><span class=\"wptx0\">x<\/span><\/div>\r\n<div class=\"fos2020_stimme_title\"><strong>Bastien Girod<\/strong><\/div>\r\n<div class=\"fos2020_stimme_text\">Conseiller national Les Verts<br \/>\r\n<a class=\"pa_weblink\" href=\"http:\/\/bastiengirod.ch\/\" target=\"_blank\" rel=\"noopener noreferrer\">www.bastiengirod.ch<\/a><\/div>\r\n<div class=\"pa_socmed\"><a class=\"fa-ico\" href=\"https:\/\/twitter.com\/bastiengirod\" target=\"_blank\" rel=\"noopener noreferrer\"> <span class=\"pa_sm_wrp\"> <span class=\"wptx0\">x<\/span><i class=\"fab fa-twitter\"><\/i> <\/span> <\/a><\/div>\r\n<\/div>\r\n\r\n\r\n<div class=\"fos2020_stimme_item\">\r\n<div class=\"fos2020_stimme_image\" style=\"background-image: url('\/files\/prt_petra_goessi.jpg');\"><span class=\"wptx0\">x<\/span><\/div>\r\n<div class=\"fos2020_stimme_title\"><strong>Petra G\u00f6ssi<\/strong><\/div>\r\n<div class=\"fos2020_stimme_text\">Conseill\u00e8re nationale PLR<br \/>\r\n<a class=\"pa_weblink\" href=\"http:\/\/petragoessi.ch\/\" target=\"_blank\" rel=\"noopener noreferrer\">www.petragoessi.ch<\/a><\/div>\r\n<div class=\"pa_socmed\"><a class=\"fa-ico\" href=\"https:\/\/twitter.com\/PetraGoessi\" target=\"_blank\" rel=\"noopener noreferrer\"> <span class=\"pa_sm_wrp\"> <span class=\"wptx0\">x<\/span><i class=\"fab fa-twitter\"><\/i> <\/span> <\/a><\/div>\r\n<\/div>\r\n\r\n\r\n<div class=\"fos2020_stimme_item\">\r\n<div class=\"fos2020_stimme_image\" style=\"background-image: url('\/files\/prt_maya_graf.jpg');\"><span class=\"wptx0\">x<\/span><\/div>\r\n<div class=\"fos2020_stimme_title\"><strong>Maya Graf<\/strong><\/div>\r\n<div class=\"fos2020_stimme_text\">Conseill\u00e8re des Etats Verts<br \/>\r\n<a class=\"pa_weblink\" href=\"http:\/\/www.mayagraf.ch\/\" target=\"_blank\" rel=\"noopener noreferrer\">www.mayagraf.ch<\/a><\/div>\r\n<div class=\"pa_socmed\"><a class=\"fa-ico\" href=\"https:\/\/twitter.com\/mayagraf_bl\" target=\"_blank\" rel=\"noopener noreferrer\"> <span class=\"pa_sm_wrp\"> <span class=\"wptx0\">x<\/span><i class=\"fab fa-twitter\"><\/i> <\/span> <\/a><\/div>\r\n<\/div>\r\n\r\n\r\n\r\n<div class=\"fos2020_stimme_item\">\r\n<div class=\"fos2020_stimme_image\" style=\"background-image: url('\/files\/prt_corina_gredig.jpg');\"><span class=\"wptx0\">x<\/span><\/div>\r\n<div class=\"fos2020_stimme_title\"><strong>Corina Gredig<\/strong><\/div>\r\n<div class=\"fos2020_stimme_text\">Conseill\u00e8re nationale PVL<br \/>\r\n<a class=\"pa_weblink\" href=\"http:\/\/www.corinagredig.ch\/\" target=\"_blank\" rel=\"noopener noreferrer\">www.corinagredig.ch<\/a><\/div>\r\n<div class=\"pa_socmed\"><a class=\"fa-ico\" href=\"https:\/\/twitter.com\/corinagredig\" target=\"_blank\" rel=\"noopener noreferrer\"> <span class=\"pa_sm_wrp\"> <span class=\"wptx0\">x<\/span><i class=\"fab fa-twitter\"><\/i> <\/span> <\/a><\/div>\r\n<\/div>\r\n\r\n\r\n<div class=\"fos2020_stimme_item\">\r\n<div class=\"fos2020_stimme_image\" style=\"background-image: url('\/files\/prt_juerg_grossen.jpg');\"><span class=\"wptx0\">x<\/span><\/div>\r\n<div class=\"fos2020_stimme_title\"><strong>J\u00fcrg Grossen<\/strong><\/div>\r\n<div class=\"fos2020_stimme_text\">Conseiller national PVL<br \/>\r\n<a class=\"pa_weblink\" href=\"http:\/\/juerg-grossen.ch\/\" target=\"_blank\" rel=\"noopener noreferrer\">www.juerg-grossen.ch<\/a><\/div>\r\n<div class=\"pa_socmed\"><a class=\"fa-ico\" href=\"https:\/\/twitter.com\/Juerg_Grossen\" target=\"_blank\" rel=\"noopener noreferrer\"> <span class=\"pa_sm_wrp\"> <span class=\"wptx0\">x<\/span><i class=\"fab fa-twitter\"><\/i> <\/span> <\/a><\/div>\r\n<\/div>\r\n\r\n\r\n<div class=\"fos2020_stimme_item\">\r\n<div class=\"fos2020_stimme_image\" style=\"background-image: url('\/files\/prt_philipp_kutter.jpg');\"><span class=\"wptx0\">x<\/span><\/div>\r\n<div class=\"fos2020_stimme_title\"><strong>Philipp Kutter<\/strong><\/div>\r\n<div class=\"fos2020_stimme_text\">Conseiller national PDC<br \/>\r\n<a class=\"pa_weblink\" href=\"http:\/\/philippkutter.ch\/\" target=\"_blank\" rel=\"noopener noreferrer\">www.philippkutter.ch<\/a><\/div>\r\n<div class=\"pa_socmed\"><a class=\"fa-ico\" href=\"https:\/\/twitter.com\/philippkutter\" target=\"_blank\" rel=\"noopener noreferrer\"> <span class=\"pa_sm_wrp\"> <span class=\"wptx0\">x<\/span><i class=\"fab fa-twitter\"><\/i> <\/span> <\/a><\/div>\r\n<\/div>\r\n\r\n\r\n<div class=\"fos2020_stimme_item\">\r\n<div class=\"fos2020_stimme_image\" style=\"background-image: url('\/files\/prt_melanie_mettler.jpg');\"><span class=\"wptx0\">x<\/span><\/div>\r\n<div class=\"fos2020_stimme_title\"><strong>Melanie Mettler<\/strong><\/div>\r\n<div class=\"fos2020_stimme_text\">Conseill\u00e8re nationale PVL<br \/>\r\n<a class=\"pa_weblink\" href=\"http:\/\/itzaber.ch\/\" target=\"_blank\" rel=\"noopener noreferrer\">www.itzaber.ch<\/a><\/div>\r\n<div class=\"pa_socmed\"><a class=\"fa-ico\" href=\"https:\/\/twitter.com\/doppel_m\" target=\"_blank\" rel=\"noopener noreferrer\"> <span class=\"pa_sm_wrp\"> <span class=\"wptx0\">x<\/span><i class=\"fab fa-twitter\"><\/i> <\/span> <\/a><\/div>\r\n<\/div>\r\n\r\n\r\n<div class=\"fos2020_stimme_item\">\r\n<div class=\"fos2020_stimme_image\" style=\"background-image: url('\/files\/prt_tiana_moser.jpg');\"><span class=\"wptx0\">x<\/span><\/div>\r\n<div class=\"fos2020_stimme_title\"><strong>Tiana Moser<\/strong><\/div>\r\n<div class=\"fos2020_stimme_text\">Conseill\u00e8re national PVL<br \/>\r\n<a class=\"pa_weblink\" href=\"http:\/\/tianamoser.ch\/\" target=\"_blank\" rel=\"noopener noreferrer\">www.tianamoser.ch<\/a><\/div>\r\n<div class=\"pa_socmed\"><a class=\"fa-ico\" href=\"https:\/\/twitter.com\/tiana_moser\" target=\"_blank\" rel=\"noopener noreferrer\"> <span class=\"pa_sm_wrp\"> <span class=\"wptx0\">x<\/span><i class=\"fab fa-twitter\"><\/i> <\/span> <\/a><\/div>\r\n<\/div>\r\n\r\n\r\n<div class=\"fos2020_stimme_item\">\r\n<div class=\"fos2020_stimme_image\" style=\"background-image: url('\/files\/prt_damian_mueller.jpg');\"><span class=\"wptx0\">x<\/span><\/div>\r\n<div class=\"fos2020_stimme_title\"><strong>Damian M\u00fcller<\/strong><\/div>\r\n<div class=\"fos2020_stimme_text\">Conseiller national PL<br \/>\r\n<a class=\"pa_weblink\" href=\"http:\/\/www.damian-mueller.ch\/\" target=\"_blank\" rel=\"noopener noreferrer\">www.damian-mueller.ch<\/a><\/div>\r\n<div class=\"pa_socmed\"><a class=\"fa-ico\" href=\"https:\/\/twitter.com\/Damian_Mueller_\" target=\"_blank\" rel=\"noopener noreferrer\"> <span class=\"pa_sm_wrp\"> <span class=\"wptx0\">x<\/span><i class=\"fab fa-twitter\"><\/i> <\/span> <\/a><\/div>\r\n<\/div>\r\n\r\n\r\n<div class=\"fos2020_stimme_item\">\r\n<div class=\"fos2020_stimme_image\" style=\"background-image: url('\/files\/prt_roger_nordmann.jpg');\"><span class=\"wptx0\">x<\/span><\/div>\r\n<div class=\"fos2020_stimme_title\"><strong>Roger Nordmann<\/strong><\/div>\r\n<div class=\"fos2020_stimme_text\">Conseiller national PS<br \/>\r\n<a class=\"pa_weblink\" href=\"http:\/\/rogernordmann.ch\/\" target=\"_blank\" rel=\"noopener noreferrer\">www.rogernordmann.ch<\/a><\/div>\r\n<div class=\"pa_socmed\"><a class=\"fa-ico\" href=\"https:\/\/twitter.com\/NordmannRoger\" target=\"_blank\" rel=\"noopener noreferrer\"> <span class=\"pa_sm_wrp\"> <span class=\"wptx0\">x<\/span><i class=\"fab fa-twitter\"><\/i> <\/span> <\/a><\/div>\r\n<\/div>\r\n\r\n\r\n<div class=\"fos2020_stimme_item\">\r\n<div class=\"fos2020_stimme_image\" style=\"background-image: url('\/files\/prt_ruedi_noser.jpg');\"><span class=\"wptx0\">x<\/span><\/div>\r\n<div class=\"fos2020_stimme_title\"><strong>Ruedi Noser<\/strong><\/div>\r\n<div class=\"fos2020_stimme_text\">Conseiller aux Etats PLR<br \/>\r\n<a class=\"pa_weblink\" href=\"http:\/\/www.ruedinoser.ch\/\" target=\"_blank\" rel=\"noopener noreferrer\">www.ruedinoser.ch<\/a><\/div>\r\n<div class=\"pa_socmed\"><a class=\"fa-ico\" href=\"https:\/\/twitter.com\/RuediNoser\" target=\"_blank\" rel=\"noopener noreferrer\"> <span class=\"pa_sm_wrp\"> <span class=\"wptx0\">x<\/span><i class=\"fab fa-twitter\"><\/i> <\/span> <\/a><\/div>\r\n<\/div>\r\n\r\n\r\n<div class=\"fos2020_stimme_item\">\r\n<div class=\"fos2020_stimme_image\" style=\"background-image: url('\/files\/prt_jon_pult.jpg');\"><span class=\"wptx0\">x<\/span><\/div>\r\n<div class=\"fos2020_stimme_title\"><strong>Jon Pult<\/strong><\/div>\r\n<div class=\"fos2020_stimme_text\">Conseiller national PS<br \/>\r\n<a class=\"pa_weblink\" href=\"http:\/\/jonpult.ch\/de\/\" target=\"_blank\" rel=\"noopener noreferrer\">www.jonpult.ch\/de\/<\/a><\/div>\r\n<div class=\"pa_socmed\"><a class=\"fa-ico\" href=\"https:\/\/twitter.com\/jonpult\" target=\"_blank\" rel=\"noopener noreferrer\"> <span class=\"pa_sm_wrp\"> <span class=\"wptx0\">x<\/span><i class=\"fab fa-twitter\"><\/i> <\/span> <\/a><\/div>\r\n<\/div>\r\n\r\n\r\n\r\n\r\n<div class=\"fos2020_stimme_item\">\r\n<div class=\"fos2020_stimme_image\" style=\"background-image: url('\/files\/prt_franziska_ryser.jpg');\"><span class=\"wptx0\">x<\/span><\/div>\r\n<div class=\"fos2020_stimme_title\"><strong>Franziska Ryser<\/strong><\/div>\r\n<div class=\"fos2020_stimme_text\">Conseill\u00e8re nationale Les Verts<br \/>\r\n<a class=\"pa_weblink\" href=\"http:\/\/franziskaryser.ch\/\" target=\"_blank\" rel=\"noopener noreferrer\">www.franziskaryser.ch<\/a><\/div>\r\n<div class=\"pa_socmed\"><a class=\"fa-ico\" href=\"https:\/\/twitter.com\/franziskaryser\" target=\"_blank\" rel=\"noopener noreferrer\"> <span class=\"pa_sm_wrp\"> <span class=\"wptx0\">x<\/span><i class=\"fab fa-twitter\"><\/i> <\/span> <\/a><\/div>\r\n<\/div>\r\n\r\n\r\n<div class=\"fos2020_stimme_item\">\r\n<div class=\"fos2020_stimme_image\" style=\"background-image: url('\/files\/prt_regula_rytz.jpg');\"><span class=\"wptx0\">x<\/span><\/div>\r\n<div class=\"fos2020_stimme_title\"><strong>Regula Rytz<\/strong><\/div>\r\n<div class=\"fos2020_stimme_text\">Conseill\u00e8re nationale Les Verts<br \/>\r\n<a class=\"pa_weblink\" href=\"http:\/\/regularytz.ch\/\" target=\"_blank\" rel=\"noopener noreferrer\">www.regularytz.ch<\/a><\/div>\r\n<div class=\"pa_socmed\"><a class=\"fa-ico\" href=\"https:\/\/twitter.com\/RegulaRytz\" target=\"_blank\" rel=\"noopener noreferrer\"> <span class=\"pa_sm_wrp\"> <span class=\"wptx0\">x<\/span><i class=\"fab fa-twitter\"><\/i> <\/span> <\/a><\/div>\r\n<\/div>\r\n\r\n\r\n<div class=\"fos2020_stimme_item\">\r\n<div class=\"fos2020_stimme_image\" style=\"background-image: url('\/files\/prt_andri_silberschmidt.jpg');\"><span class=\"wptx0\">x<\/span><\/div>\r\n<div class=\"fos2020_stimme_title\"><strong>Andri Silberschmidt<\/strong><\/div>\r\n<div class=\"fos2020_stimme_text\">Conseiller national PLR<br \/>\r\n<a class=\"pa_weblink\" href=\"http:\/\/andrisilberschmidt.ch\/\" target=\"_blank\" rel=\"noopener noreferrer\">www.andrisilberschmidt.ch<\/a><\/div>\r\n<div class=\"pa_socmed\"><a class=\"fa-ico\" href=\"https:\/\/twitter.com\/andrisilbi_\" target=\"_blank\" rel=\"noopener noreferrer\"> <span class=\"pa_sm_wrp\"> <span class=\"wptx0\">x<\/span><i class=\"fab fa-twitter\"><\/i> <\/span> <\/a><\/div>\r\n<\/div>\r\n\r\n\r\n\r\n<div class=\"fos2020_stimme_item\">\r\n<div class=\"fos2020_stimme_image\" style=\"background-image: url('\/files\/prt_adele_thores_goumaz.jpg');\"><span class=\"wptx0\">x<\/span><\/div>\r\n<div class=\"fos2020_stimme_title\"><strong>Ad\u00e8le Thorens Goumaz<\/strong><\/div>\r\n<div class=\"fos2020_stimme_text\">Conseill\u00e8re aux Etats Les Verts<br \/>\r\n<a class=\"pa_weblink\" href=\"http:\/\/www.adelethorens.ch\/\" target=\"_blank\" rel=\"noopener noreferrer\">www.adelethorens.ch<\/a><\/div>\r\n<div class=\"pa_socmed\"><a class=\"fa-ico\" href=\"https:\/\/twitter.com\/adelethorens\" target=\"_blank\" rel=\"noopener noreferrer\"> <span class=\"pa_sm_wrp\"> <span class=\"wptx0\">x<\/span><i class=\"fab fa-twitter\"><\/i> <\/span> <\/a><\/div>\r\n<\/div>\r\n\r\n\r\n<div class=\"fos2020_stimme_item\">\r\n<div class=\"fos2020_stimme_image\" style=\"background-image: url('\/files\/prt_erich_von_siebenthal.jpg');\"><span class=\"wptx0\">x<\/span><\/div>\r\n<div class=\"fos2020_stimme_title\"><strong>Erich von Siebenthal<\/strong><\/div>\r\n<div class=\"fos2020_stimme_text\">Conseiller national UDC<br \/>\r\n<a class=\"pa_weblink\" href=\"http:\/\/www.erichv7thal.ch\/\" target=\"_blank\" rel=\"noopener noreferrer\">www.erichv7thal.ch<\/a><\/div>\r\n<\/div>\r\n\r\n\r\n<div class=\"fos2020_stimme_item\">\r\n<div class=\"fos2020_stimme_image\" style=\"background-image: url('\/files\/prt_laurent_wehrli.jpg');\"><span class=\"wptx0\">x<\/span><\/div>\r\n<div class=\"fos2020_stimme_title\"><strong>Laurent Wehrli<\/strong><\/div>\r\n<div class=\"fos2020_stimme_text\">Conseiller national PLR<\/div>\r\n<\/div>\r\n\r\n\r\n<div class=\"fos2020_stimme_item\">\r\n<div class=\"fos2020_stimme_image\" style=\"background-image: url('\/files\/prt_beat_jans.jpg');\"><span class=\"wptx0\">x<\/span><\/div>\r\n<div class=\"fos2020_stimme_title\"><strong>Beat Jans<\/strong><\/div>\r\n<div class=\"fos2020_stimme_text\">Conseiller national PS<br \/>\r\n<a class=\"pa_weblink\" href=\"http:\/\/beatjans.ch\/\" target=\"_blank\" rel=\"noopener noreferrer\">www.beatjans.ch<\/a><\/div>\r\n<div class=\"pa_socmed\"><a class=\"fa-ico\" href=\"https:\/\/twitter.com\/beat_jans\" target=\"_blank\" rel=\"noopener noreferrer\"> <span class=\"pa_sm_wrp\"> <span class=\"wptx0\">x<\/span><i class=\"fab fa-twitter\"><\/i> <\/span> <\/a><\/div>\r\n<\/div>\r\n\r\n\r\n\r\n<div class=\"fos2020_stimme_item\"> <\/div>\r\n<div class=\"fos2020_stimme_item\"> <\/div>\r\n\r\n\r\n\r\n\r\n\r\n\r\n<\/div>","protected":false},"excerpt":{"rendered":"Composition du groupe Le groupe parlementaire Cleantech a \u00e9t\u00e9 fond\u00e9 en 2009. Il comprend 34 membres du Conseil national* et du Conseil des \u00c9tats* de diff\u00e9rents partis. Susanne Vincenz-Stauffacher (Conseill\u00e8re nationale PLR) et Barbara Schaffner (Conseill\u00e8re nationale PVL) assurent la copr\u00e9sidence du groupe parlementaire Cleantech dans la l\u00e9gislature actuelle. Comment nous travaillons en r\u00e9seau Les...  <a class=\"excerpt-read-more\" href=\"https:\/\/www.swisscleantech.ch\/fr\/association\/preview-parlamentarische-gruppe-cleantech\/\" title=\"LirePREVIEW Parlamentarische Gruppe Cleantech\">Lire la suite &raquo;<\/a>","protected":false},"author":1,"featured_media":0,"parent":8771,"menu_order":0,"comment_status":"closed","ping_status":"closed","template":"","meta":{"inline_featured_image":false},"acf":[],"_links":{"self":[{"href":"https:\/\/www.swisscleantech.ch\/fr\/wp-json\/wp\/v2\/pages\/17374"}],"collection":[{"href":"https:\/\/www.swisscleantech.ch\/fr\/wp-json\/wp\/v2\/pages"}],"about":[{"href":"https:\/\/www.swisscleantech.ch\/fr\/wp-json\/wp\/v2\/types\/page"}],"author":[{"embeddable":true,"href":"https:\/\/www.swisscleantech.ch\/fr\/wp-json\/wp\/v2\/users\/1"}],"replies":[{"embeddable":true,"href":"https:\/\/www.swisscleantech.ch\/fr\/wp-json\/wp\/v2\/comments?post=17374"}],"version-history":[{"count":2,"href":"https:\/\/www.swisscleantech.ch\/fr\/wp-json\/wp\/v2\/pages\/17374\/revisions"}],"predecessor-version":[{"id":17376,"href":"https:\/\/www.swisscleantech.ch\/fr\/wp-json\/wp\/v2\/pages\/17374\/revisions\/17376"}],"up":[{"embeddable":true,"href":"https:\/\/www.swisscleantech.ch\/fr\/wp-json\/wp\/v2\/pages\/8771"}],"wp:attachment":[{"href":"https:\/\/www.swisscleantech.ch\/fr\/wp-json\/wp\/v2\/media?parent=17374"}],"curies":[{"name":"wp","href":"https:\/\/api.w.org\/{rel}","templated":true}]}}