{"id":28666,"date":"2023-11-27T11:05:52","date_gmt":"2023-11-27T11:05:52","guid":{"rendered":"https:\/\/www.swisscleantech.ch\/?page_id=28666"},"modified":"2025-04-07T13:17:43","modified_gmt":"2025-04-07T13:17:43","slug":"swiss-triple-impact-programm","status":"publish","type":"page","link":"https:\/\/www.swisscleantech.ch\/fr\/services\/swiss-triple-impact-programm\/","title":{"rendered":"Swiss Triple Impact Programm"},"content":{"rendered":"\n<div id=\"sct-hero-block_419d127ecab2fe9b810aea375dfde668\" class=\"sct_hero_wrapper\">\n   \n\t<div class=\"box_content\">\n\t\t<h1>Durabilit\u00e9 dans les entreprises<\/h1>\n\t\t<span>avec le programme Swiss Triple Impact<\/span>\n\t<\/div>\n\n\t<div class=\"box_image\" style=\"background-image: url(https:\/\/www.swisscleantech.ch\/files\/Swiss-Triple-Impact-Program.jpg);\"><\/div>\n\t\n\t\n\t\n<\/div>\n\n\n\n<p><strong>swisscleantech aide ses adh\u00e9rents \u00e0 d\u00e9velopper une strat\u00e9gie de durabilit\u00e9 cibl\u00e9e. Gr\u00e2ce \u00e0 notre partenariat avec le programme Swiss Triple Impact, vous passez en trois \u00e9tapes des promesses \u00e0 la r\u00e9alisation&nbsp;:<\/strong><\/p>\n\n\n\n<div class=\"is-layout-flex wp-container-4 wp-block-columns\">\n<div class=\"is-layout-flow wp-block-column abstand_klein has-background\" style=\"background-color:#e3ebf1\">\n<h2>1.<\/h2>\n\n\n\n<h3>Prioriser<\/h3>\n\n\n\n<p>Au cours d\u2019un atelier d\u2019une demi-journ\u00e9e, vous priorisez les principaux th\u00e8mes de durabilit\u00e9 de votre mod\u00e8le d\u2019activit\u00e9 et discutez avec d\u2019autres entreprises des actions que vous pouvez mettre en place.<\/p>\n<\/div>\n\n\n\n<div class=\"is-layout-flow wp-block-column abstand_klein has-background\" style=\"background-color:#e3ebf1\">\n<h2>2.<\/h2>\n\n\n\n<h3>Structurer<\/h3>\n\n\n\n<p>Au cours d\u2019un deuxi\u00e8me atelier d\u2019une demi-journ\u00e9e, vous structurez et planifiez votre approche strat\u00e9gique du d\u00e9veloppement durable autour d\u2019objectifs et de mesures adapt\u00e9s \u00e0 votre mod\u00e8le d\u2019activit\u00e9.<\/p>\n<\/div>\n\n\n\n<div class=\"is-layout-flow wp-block-column abstand_klein has-background\" style=\"background-color:#e3ebf1\">\n<h2>3.<\/h2>\n\n\n\n<h3><strong>Transformer<\/strong><\/h3>\n\n\n\n<p>Dans la troisi\u00e8me \u00e9tape, vous prenez des engagements appropri\u00e9s en mati\u00e8re de durabilit\u00e9 et vous avez la possibilit\u00e9 de les publier dans le premier r\u00e9pertoire suisse des entreprises durables \u2013 le R\u00e9pertoire STI.<\/p>\n<\/div>\n<\/div>\n\n\n\n<h2><strong>\u00c0 qui le programme s\u2019adresse-t-il?&nbsp;<\/strong><\/h2>\n\n\n\n<p>Plus de 400 entreprises en Suisse \u2013 de toutes les tailles et de toutes les branches \u2013 participent au programme. Les participants viennent aussi bien des secteurs de la production que de ceux des services. Ce qui les r\u00e9unit&nbsp;: ils veulent que leur mod\u00e8le d\u2019activit\u00e9 r\u00e9ponde aux exigences du futur et souhaitent contribuer \u00e0 une \u00e9conomie durable.<\/p>\n\n\n\n<h2><strong>Combien co\u00fbte la participation&nbsp;au programme?<\/strong><\/h2>\n\n\n\n<p><strong>Les adh\u00e9rents de swisscleantech b\u00e9n\u00e9ficient d\u2019une remise de 10&nbsp;%<\/strong> sur le tarif de participation au programme Swiss Triple Impact. Le prix d\u00e9pend du chiffre d\u2019affaires et commence \u00e0 partir de 900,&#8211; pour les petites entreprises (voir <a href=\"https:\/\/fr.swisstripleimpact.ch\/pricing\" target=\"_blank\" rel=\"noopener\">Tarifs<\/a>). Le programme dure 6-8 mois avec deux ateliers d\u2019une demi-journ\u00e9e et l\u2019\u00e9laboration d\u2019un plan d\u2019action.<\/p>\n\n\n\n<div class=\"is-layout-flex wp-block-buttons\">\n<div class=\"wp-block-button\"><a class=\"wp-block-button__link wp-element-button\" href=\"https:\/\/fr.swisstripleimpact.ch\/register\" target=\"_blank\" rel=\"noopener\">Inscription<\/a><\/div>\n<\/div>\n\n\n\n<p><\/p>\n\n\n\n<p>Pour b\u00e9n\u00e9ficier de la remise, \u00e0 la case <em>\u00ab&nbsp;Participez-vous au STI en tant que membre d\u2019une association fa\u00eeti\u00e8re locale ou en tant que client d&#8217;un de nos partenaires&nbsp;?&nbsp;\u00bb<\/em>, inscrivez \u00ab&nbsp;swisscleantech&nbsp;\u00bb.&nbsp;<\/p>\n\n\n\n<h2><strong><strong>Comment commencer?<\/strong><\/strong><\/h2>\n\n\n\n<p>Vous souhaiteriez avoir des informations compl\u00e9mentaires sans engagement sur Swiss Triple Impact ou avez des questions sur les premi\u00e8res \u00e9tapes&nbsp;?<\/p>\n\n\n\n<div class=\"is-layout-flex wp-block-buttons\">\n<div class=\"wp-block-button\"><a class=\"wp-block-button__link wp-element-button\" href=\"https:\/\/fr.swisstripleimpact.ch\/contact-us\" target=\"_blank\" rel=\"noopener\">Contact<\/a><\/div>\n<\/div>\n\n\n\n<div style=\"height:60px\" aria-hidden=\"true\" class=\"wp-block-spacer\"><\/div>\n\n\n\n<h3>Autres offres<\/h3>\n\n\n\n<div id=\"sct-kacheln-block_a6085a9e58d5dd968e7f2da7ca3faa61\" class=\"sct_kacheln_wrapper\" >\n   \n\t<div class=\"acf-innerblocks-container\">\n\n<a class=\"kachel_link\" href=\" https:\/\/www.swisscleantech.ch\/fr\/services\/notation-de-durabilite-pour-les-pme\/\"> <div id=\"sct-kachel-block_994754aeab493c3504763f8df6556cdf\" class=\"sct_kachel span_1 grad_blau1\"  >\n   \n\t<div class=\"kachel_inner\">\n\t\t<h1>Notation de durabilit\u00e9 pour les PME<\/h1>\n\t\t<img decoding=\"async\" class=\"kachel_icon breit\" src=\"https:\/\/www.swisscleantech.ch\/files\/esg2go-Logo.svg\" \/> \t\t<span> Licence gratuite pour les adh\u00e9rents la premi\u00e8re ann\u00e9e <\/span>\n\t<\/div>\n\t\n\t\n\t\n<\/div>\n\t<\/a> \n\n\n<a class=\"kachel_link\" href=\" https:\/\/www.swisscleantech.ch\/fr\/services\/programmes-pour-les-mesures-de-protection-du-climat-dans-les-entreprises\/\"> <div id=\"sct-kachel-block_eee2b4ea1f6bddf1d95098aca48f38d3\" class=\"sct_kachel span_1 kachel_bild\" style=\"background-image: url(https:\/\/www.swisscleantech.ch\/files\/Klimabilanzen-und-Klimaziele.jpg);\"  >\n   \n\t<div class=\"kachel_inner\">\n\t\t<h1>Bilan climatique et objectifs climatiques<\/h1>\n\t\t\t\t<span>Programmes pour les mesures de protection du climat dans les entreprises <\/span>\n\t<\/div>\n\t\n\t\n\t\n<\/div>\n\t<\/a> \n\n\n<a class=\"kachel_link\" href=\" https:\/\/www.swisscleantech.ch\/fr\/services\/\"> <div id=\"sct-kachel-block_7fa922eb7235dc17fff850ae6712b0a1\" class=\"sct_kachel span_1 grad_gruen4\"  >\n   \n\t<div class=\"kachel_inner\">\n\t\t<h1>Nos services<\/h1>\n\t\t<img decoding=\"async\" class=\"kachel_icon quad2\" src=\"https:\/\/www.swisscleantech.ch\/files\/Marktplatz.svg\" \/> \t\t<span> Aper\u00e7u g\u00e9n\u00e9ral <\/span>\n\t<\/div>\n\t\n\t\n\t\n<\/div>\n\t<\/a> \n<\/div>\n\t\n\t\n<\/div>\n","protected":false},"excerpt":{"rendered":"<p>swisscleantech aide ses adh\u00e9rents \u00e0 d\u00e9velopper une strat\u00e9gie de durabilit\u00e9 cibl\u00e9e. Gr\u00e2ce \u00e0 notre partenariat avec le programme Swiss Triple Impact, vous passez en trois \u00e9tapes des promesses \u00e0 la r\u00e9alisation&nbsp;: 1. Prioriser Au cours d\u2019un atelier d\u2019une demi-journ\u00e9e, vous priorisez les principaux th\u00e8mes de durabilit\u00e9 de votre mod\u00e8le d\u2019activit\u00e9 et discutez avec d\u2019autres entreprises&#8230;  <a class=\"excerpt-read-more\" href=\"https:\/\/www.swisscleantech.ch\/fr\/services\/swiss-triple-impact-programm\/\" title=\"LireSwiss Triple Impact Programm\">Lire la suite &raquo;<\/a><\/p>\n","protected":false},"author":14,"featured_media":0,"parent":14725,"menu_order":0,"comment_status":"closed","ping_status":"closed","template":"","meta":{"inline_featured_image":false},"acf":[],"_links":{"self":[{"href":"https:\/\/www.swisscleantech.ch\/fr\/wp-json\/wp\/v2\/pages\/28666"}],"collection":[{"href":"https:\/\/www.swisscleantech.ch\/fr\/wp-json\/wp\/v2\/pages"}],"about":[{"href":"https:\/\/www.swisscleantech.ch\/fr\/wp-json\/wp\/v2\/types\/page"}],"author":[{"embeddable":true,"href":"https:\/\/www.swisscleantech.ch\/fr\/wp-json\/wp\/v2\/users\/14"}],"replies":[{"embeddable":true,"href":"https:\/\/www.swisscleantech.ch\/fr\/wp-json\/wp\/v2\/comments?post=28666"}],"version-history":[{"count":13,"href":"https:\/\/www.swisscleantech.ch\/fr\/wp-json\/wp\/v2\/pages\/28666\/revisions"}],"predecessor-version":[{"id":34183,"href":"https:\/\/www.swisscleantech.ch\/fr\/wp-json\/wp\/v2\/pages\/28666\/revisions\/34183"}],"up":[{"embeddable":true,"href":"https:\/\/www.swisscleantech.ch\/fr\/wp-json\/wp\/v2\/pages\/14725"}],"wp:attachment":[{"href":"https:\/\/www.swisscleantech.ch\/fr\/wp-json\/wp\/v2\/media?parent=28666"}],"curies":[{"name":"wp","href":"https:\/\/api.w.org\/{rel}","templated":true}]}}