{"id":29393,"date":"2024-02-28T18:00:30","date_gmt":"2024-02-28T18:00:30","guid":{"rendered":"https:\/\/www.swisscleantech.ch\/?page_id=29393"},"modified":"2024-03-07T19:30:53","modified_gmt":"2024-03-07T19:30:53","slug":"electricite-chaleur-et-hydrogene-renouvelables","status":"publish","type":"page","link":"https:\/\/www.swisscleantech.ch\/fr\/rapport-annuel\/rapport-annuel-2023\/electricite-chaleur-et-hydrogene-renouvelables\/","title":{"rendered":"\u00c9lectricit\u00e9, chaleur et hydrog\u00e8ne \u2013 renouvelables"},"content":{"rendered":"\n\n\n<div id=\"sct-hero-block_3a9260f0b6a3c83284a8171c48d83a86\" class=\"sct_hero_wrapper\">\n   \n\t<div class=\"box_content\">\n\t\t<h1>\u00c9lectricit\u00e9, chaleur et hydrog\u00e8ne \u2013 renouvelables<\/h1>\n\t\t<span>Voies politiques et entrepreneuriales vers un approvisionnement en \u00e9lectricit\u00e9 s\u00fbr et renouvelable<\/span>\n\t<\/div>\n\n\t<div class=\"box_image\" style=\"background-image: url(https:\/\/www.swisscleantech.ch\/files\/Strom-Warme-Wasserstoff-erneuerbar-\u2013-Energiepolitik.jpg);\"><\/div>\n\t\n\t\n\t\n<\/div>\n\n\n\n<div class=\"is-layout-constrained wp-block-group superhero_first\"><div class=\"wp-block-group__inner-container\">\n<div class=\"is-layout-flex wp-container-3 wp-block-columns teasertext\">\n<div class=\"is-layout-flow wp-block-column\" style=\"flex-basis:80%\">\n<p><strong>Il n\u2019y a gu\u00e8re de politique qui bouge actuellement autant que la politique \u00e9nerg\u00e9tique. Pour swisscleantech, l\u2019acte modificateur unique a \u00e9galement \u00e9t\u00e9 au centre des pr\u00e9occupations en 2023. Ce projet n\u2019active pas uniquement le d\u00e9veloppement des \u00e9nergies renouvelables, il permet aussi des innovations dans le domaine de l\u2019approvisionnement en \u00e9lectricit\u00e9 \u2013 par exemple la recharge bidirectionnelle ou la cr\u00e9ation de communaut\u00e9s \u00e9nerg\u00e9tiques locales. Ces \u00e9volutions permettront de nouveaux mod\u00e8les \u00e9conomiques dans la branche de l\u2019\u00e9nergie et contribueront \u00e0 la s\u00e9curit\u00e9 de l\u2019approvisionnement.nd tragen zur Versorgungssicherheit bei.<\/strong><\/p>\n<\/div>\n\n\n\n<div class=\"is-layout-flow wp-block-column\" style=\"flex-basis:20%\"><\/div>\n<\/div>\n\n\n\n<div class=\"is-layout-flex wp-container-9 wp-block-columns sh_einleitung_row2\">\n<div class=\"is-layout-flow wp-block-column\" style=\"flex-basis:80%\">\n<p>C\u2019est pourquoi nous avons suivi de pr\u00e8s les travaux du Parlement \u2013 avec un r\u00e9sultat satisfaisant&nbsp;: de nombreux \u00e9l\u00e9ments ont \u00e9t\u00e9 adopt\u00e9s qui vont dans le sens de nos adh\u00e9rents. M\u00eame en dehors de l\u2019acte modificateur unique, la p\u00e9nurie d\u2019\u00e9lectricit\u00e9 que l\u2019on a redout\u00e9e durant l\u2019hiver 2022\/2023 a frapp\u00e9 les esprits et donn\u00e9 une nouvelle impulsion \u00e0 la d\u00e9carbonation de l\u2019\u00e9conomie.<\/p>\n\n\n\n<p>Un approvisionnement en \u00e9lectricit\u00e9 stable est d\u00e9terminant pour la sortie des \u00e9nergies fossiles. Mais avec la guerre en Ukraine, il y a eu un changement de perception dans l\u2019opinion publique&nbsp;: on consid\u00e8re actuellement qu\u2019il est indispensable de disposer de ses propres sources d\u2019approvisionnement. La position de swisscleantech reste inchang\u00e9e&nbsp;: il faut un \u00e9quilibre entre le d\u00e9veloppement des sources \u00e9nerg\u00e9tiques renouvelables et la coop\u00e9ration internationale \u2013 un accord global sur l\u2019\u00e9lectricit\u00e9 avec l\u2019UE reste primordial.<\/p>\n\n\n\n<p>Mais un \u00e9quilibre est \u00e9galement n\u00e9cessaire entre l\u2019utilisation de l\u2019environnement pour la production d\u2019\u00e9nergie et la protection de la biodiversit\u00e9. swisscleantech est notamment intervenu avec succ\u00e8s sur ce point dans le cadre des discussions sur l\u2019acte modificateur unique. Mais notre mobilisation a aussi permis d\u2019int\u00e9grer des mesures d\u2019encouragement de l\u2019efficacit\u00e9 \u00e9nerg\u00e9tique dans la loi qui a \u00e9t\u00e9 adopt\u00e9e.<\/p>\n<\/div>\n\n\n\n<div class=\"is-layout-flow wp-block-column sh_einleitung_col2\" style=\"flex-basis:20%\">\n<div class=\"is-vertical is-nowrap is-layout-flex wp-container-7 wp-block-group\">\n<figure class=\"wp-block-image size-full\"><img decoding=\"async\" loading=\"lazy\" width=\"400\" height=\"400\" src=\"https:\/\/www.swisscleantech.ch\/files\/Christian-Zeyer-2.jpg\" alt=\"\" class=\"wp-image-29082\" srcset=\"https:\/\/www.swisscleantech.ch\/files\/Christian-Zeyer-2.jpg 400w, https:\/\/www.swisscleantech.ch\/files\/Christian-Zeyer-2-300x300.jpg 300w, https:\/\/www.swisscleantech.ch\/files\/Christian-Zeyer-2-125x125.jpg 125w\" sizes=\"(max-width: 400px) 100vw, 400px\" \/><figcaption class=\"wp-element-caption\"> <\/figcaption><\/figure>\n\n\n\n\n\n<div class=\"is-layout-constrained wp-block-group\"><div class=\"wp-block-group__inner-container\">\n<p><strong><strong>Christian Zeyer<\/strong><br><a href=\"mailto:christian.zeyer@swisscleantech.ch\">Mail<\/a> | <a href=\"https:\/\/www.linkedin.com\/in\/christian-zeyer\/\" target=\"_blank\" rel=\"noreferrer noopener\">LinkedIn<\/a><\/strong><\/p>\n\n\n\n<p> <\/p>\n\n\n\n<div class=\"is-layout-flex wp-block-buttons\"><\/div>\n<\/div><\/div>\n<\/div>\n\n\n<\/div>\n<\/div>\n<\/div><\/div>\n\n\n\n\n\n<div class=\"is-layout-flex wp-container-15 wp-block-columns\">\n<div class=\"is-layout-flow wp-block-column abstand_gross has-background\" style=\"background-color:#e3ebf1\">\n<h3><strong><strong>Les entreprises misent sur l\u2019\u00e9lectrification et l\u2019hydrog\u00e8ne<\/strong><\/strong><\/h3>\n\n\n\n<div class=\"is-layout-flex wp-container-13 wp-block-columns\">\n<div class=\"is-layout-flow wp-block-column\">\n<p>La d\u00e9carbonation de l\u2019\u00e9conomie gagne du terrain. Dans les prochaines ann\u00e9es, les sources d\u2019\u00e9nergie fossiles seront souvent remplac\u00e9es par l\u2019\u00e9lectricit\u00e9. Les nouvelles pompes \u00e0 chaleur haute temp\u00e9rature permettent de produire efficacement des temp\u00e9ratures allant jusqu\u2019\u00e0 290\u00b0C&nbsp;; des temp\u00e9ratures encore plus \u00e9lev\u00e9es sont fournies par des chauffages directs.<\/p>\n<\/div>\n\n\n\n<div class=\"is-layout-flow wp-block-column\">\n<p>Pour certaines applications, l\u2019utilisation d\u2019hydrog\u00e8ne ou de vecteurs \u00e9nerg\u00e9tiques synth\u00e9tiques va prendre une place importante en remplacement du gaz naturel. L\u2019approvisionnement avec ces sources d\u2019\u00e9nergie est donc essentiel pour l\u2019\u00e9conomie. Le Comit\u00e9 directeur de swisscleantech a adopt\u00e9 en premi\u00e8re lecture une prise de position sur l\u2019hydrog\u00e8ne que nous allons maintenant continuer de faire avancer avec diff\u00e9rentes parties prenantes.<\/p>\n<\/div>\n<\/div>\n<\/div>\n<\/div>\n\n\n\n<div class=\"is-layout-flex wp-container-20 wp-block-columns\">\n<div class=\"is-layout-flow wp-block-column abstand_gross has-background\" style=\"background-color:#e3ebf1\">\n<h3><strong>Renforcer la s\u00e9curit\u00e9 de l\u2019approvisionnement en \u00e9lectricit\u00e9<\/strong><\/h3>\n\n\n\n<div class=\"is-layout-flex wp-container-18 wp-block-columns\">\n<div class=\"is-layout-flow wp-block-column\">\n<p>Depuis le d\u00e9bat sur les p\u00e9nuries d\u2019\u00e9lectricit\u00e9 et les modifications pr\u00e9vues sur le march\u00e9 de l\u2019\u00e9lectricit\u00e9 de l\u2019UE, on travaille fi\u00e9vreusement \u00e0 la mise en place de capacit\u00e9s de back-up \u00e9lectrique. Dans cette optique, swisscleantech a d\u00e9fendu depuis le d\u00e9but le renforcement de l\u2019utilisation des bassins d\u2019accumulation et des groupes \u00e9lectrog\u00e8nes de secours des entreprises. Nous avons montr\u00e9 dans une \u00e9tude en 2023 <a href=\"https:\/\/www.swisscleantech.ch\/fr\/publication\/concept-innovant-pour-securiser-lapprovisionnement-en-electriciteinnovatives\/\">comment le d\u00e9veloppement de la production d\u2019\u00e9lectricit\u00e9 renouvelable rend superflue les centrales \u00e0 gaz de r\u00e9serve<\/a>.<a href=\"https:\/\/www.swisscleantech.ch\/fr\/publication\/concept-innovant-pour-securiser-lapprovisionnement-en-electriciteinnovatives\/\"><\/a><\/p>\n<\/div>\n\n\n\n<div class=\"is-layout-flow wp-block-column\">\n<p>Apr\u00e8s de longues h\u00e9sitations, l\u2019Office f\u00e9d\u00e9ral de l\u2019\u00e9nergie a reconnu que l\u2019utilisation des groupes \u00e9lectrog\u00e8nes de secours constituait un pilier de la s\u00e9curit\u00e9 de l\u2019approvisionnement en \u00e9lectricit\u00e9. Il faut maintenant que les entreprises soient pr\u00eates \u00e0 s\u2019engager et \u00e0 mettre leurs groupes \u00e9lectrog\u00e8nes \u00e0 disposition. Si l\u2019on y parvient, la puissance de r\u00e9serve n\u00e9cessaire pourra \u00eatre assur\u00e9e \u00e0 un co\u00fbt bien plus raisonnable.<\/p>\n<\/div>\n<\/div>\n<\/div>\n<\/div>\n\n\n\n<div id=\"sct-kacheln-block_d282444478c9114c7f2583d95e8f2b08\" class=\"sct_kacheln_wrapper\" >\n   \n\t<div class=\"acf-innerblocks-container\">\n\n<a class=\"kachel_link\" href=\" https:\/\/www.swisscleantech.ch\/fr\/rapport-annuel\/rapport-annuel-2023\/\"> <div id=\"sct-kachel-block_f5c3b650a5306d87f48883e91d694244\" class=\"sct_kachel span_1 kachel_bild\" style=\"background-image: url(https:\/\/www.swisscleantech.ch\/files\/Jahresbericht-2023-Ubersicht.jpg);\"  >\n   \n\t<div class=\"kachel_inner\">\n\t\t<h1>Aper\u00e7u<\/h1>\n\t\t\t\t<span>Rapport annuel<\/span>\n\t<\/div>\n\t\n\t\n\t\n<\/div>\n\t<\/a> \n\n\n<a class=\"kachel_link\" href=\" https:\/\/www.swisscleantech.ch\/fr\/acte-modificateur-unique-un-pas-important-pour-un-approvisionnement-en-electricite-sur-et-renouvelable\/\"> <div id=\"sct-kachel-block_e2fbdfd87bf8970e35cca303d7a2bb64\" class=\"sct_kachel span_1 kachel_bild\" style=\"background-image: url(https:\/\/www.swisscleantech.ch\/files\/Mantelerlass-Differenzbereinigung-fuer-eine-sichere-und-erneuerbare-Stromversorgung.jpg);\"  >\n   \n\t<div class=\"kachel_inner\">\n\t\t<h1>Loi pour l'\u00e9lectricit\u00e9<\/h1>\n\t\t\t\t<span>Un pas important vers un approvisionnement en \u00e9lectricit\u00e9 s\u00fbr et renouvelable<\/span>\n\t<\/div>\n\t\n\t\n\t\n<\/div>\n\t<\/a> \n\n\n<a class=\"kachel_link\" href=\" https:\/\/www.swisscleantech.ch\/fr\/des-centrales-a-gaz-comme-reserve-de-secours-important-ou-inutile\/\"> <div id=\"sct-kachel-block_62e05e251b26f5a921bd869252c8e569\" class=\"sct_kachel span_1 grad_gruen4\"  >\n   \n\t<div class=\"kachel_inner\">\n\t\t<h1>Les centrales \u00e0 gaz comme r\u00e9serve d'urgence<\/h1>\n\t\t<img decoding=\"async\" class=\"kachel_icon quad2\" src=\"https:\/\/www.swisscleantech.ch\/files\/Notstromaggregat.svg\" \/> \t\t<span>Important ou inutile ?<\/span>\n\t<\/div>\n\t\n\t\n\t\n<\/div>\n\t<\/a> \n<\/div>\n\t\n\t\n<\/div>\n","protected":false},"excerpt":{"rendered":"Il n\u2019y a gu\u00e8re de politique qui bouge actuellement autant que la politique \u00e9nerg\u00e9tique. Pour swisscleantech, l\u2019acte modificateur unique a \u00e9galement \u00e9t\u00e9 au centre des pr\u00e9occupations en 2023. Ce projet n\u2019active pas uniquement le d\u00e9veloppement des \u00e9nergies renouvelables, il permet aussi des innovations dans le domaine de l\u2019approvisionnement en \u00e9lectricit\u00e9 \u2013 par exemple la recharge...  <a class=\"excerpt-read-more\" href=\"https:\/\/www.swisscleantech.ch\/fr\/rapport-annuel\/rapport-annuel-2023\/electricite-chaleur-et-hydrogene-renouvelables\/\" title=\"Lire\u00c9lectricit\u00e9, chaleur et hydrog\u00e8ne \u2013 renouvelables\">Lire la suite &raquo;<\/a>","protected":false},"author":1,"featured_media":0,"parent":29003,"menu_order":0,"comment_status":"closed","ping_status":"closed","template":"","meta":{"inline_featured_image":false},"acf":[],"_links":{"self":[{"href":"https:\/\/www.swisscleantech.ch\/fr\/wp-json\/wp\/v2\/pages\/29393"}],"collection":[{"href":"https:\/\/www.swisscleantech.ch\/fr\/wp-json\/wp\/v2\/pages"}],"about":[{"href":"https:\/\/www.swisscleantech.ch\/fr\/wp-json\/wp\/v2\/types\/page"}],"author":[{"embeddable":true,"href":"https:\/\/www.swisscleantech.ch\/fr\/wp-json\/wp\/v2\/users\/1"}],"replies":[{"embeddable":true,"href":"https:\/\/www.swisscleantech.ch\/fr\/wp-json\/wp\/v2\/comments?post=29393"}],"version-history":[{"count":6,"href":"https:\/\/www.swisscleantech.ch\/fr\/wp-json\/wp\/v2\/pages\/29393\/revisions"}],"predecessor-version":[{"id":29613,"href":"https:\/\/www.swisscleantech.ch\/fr\/wp-json\/wp\/v2\/pages\/29393\/revisions\/29613"}],"up":[{"embeddable":true,"href":"https:\/\/www.swisscleantech.ch\/fr\/wp-json\/wp\/v2\/pages\/29003"}],"wp:attachment":[{"href":"https:\/\/www.swisscleantech.ch\/fr\/wp-json\/wp\/v2\/media?parent=29393"}],"curies":[{"name":"wp","href":"https:\/\/api.w.org\/{rel}","templated":true}]}}