{"id":34186,"date":"2025-04-02T13:04:09","date_gmt":"2025-04-02T13:04:09","guid":{"rendered":"https:\/\/www.swisscleantech.ch\/?page_id=34186"},"modified":"2025-04-14T13:28:48","modified_gmt":"2025-04-14T13:28:48","slug":"formation-responsable-durabilite","status":"publish","type":"page","link":"https:\/\/www.swisscleantech.ch\/fr\/services\/formation-responsable-durabilite\/","title":{"rendered":"Formation responsable durabilit\u00e9"},"content":{"rendered":"\n<div id=\"sct-hero-block_33db381abb40f5c6abd8b616d97ed9fe\" class=\"sct_hero_wrapper\">\n   \n\t<div class=\"box_content\">\n\t\t<h1>Deviens responsable durabilit\u00e9 !<\/h1>\n\t\t<span>Approfondis tes connaissances sur la durabilit\u00e9 et apprends des m\u00e9thodes pour mettre en \u0153uvre des mesures concr\u00e8tes dans ton entreprise. <\/span>\n\t<\/div>\n\n\t<div class=\"box_image\" style=\"background-image: url(https:\/\/www.swisscleantech.ch\/files\/Schulung-Nachhaltigkeitsverantwortlicher.jpg);\"><\/div>\n\t\n\t\n\t\n<\/div>\n\n\n\n<p>Avec cette formation, tu acquerras de nouvelles comp\u00e9tences qui te permettront de compl\u00e9ter les mesures du management en mati\u00e8re de durabilit\u00e9, notamment des comp\u00e9tences sociales et de communication pour motiver les autres et prendre des d\u00e9cisions positives. Tu acquerras des connaissances sur la durabilit\u00e9 et apprendras des m\u00e9thodes pour d\u00e9finir \u00e0 partir de l\u00e0 des champs d\u2019action sp\u00e9cifiques et concrets.<\/p>\n\n\n\n<p><strong>Les adh\u00e9rents de\u00a0swisscleantech\u00a0b\u00e9n\u00e9ficient d\u2019une remise de 10% sur le prix de la formation.<\/strong><\/p>\n\n\n\n<div class=\"is-layout-flex wp-container-3 wp-block-columns\">\n<div class=\"is-layout-flow wp-block-column\" style=\"flex-basis:328px\">\n<figure class=\"wp-block-image size-full\"><img decoding=\"async\" loading=\"lazy\" width=\"400\" height=\"400\" src=\"https:\/\/www.swisscleantech.ch\/files\/Pierre-Derivaz-Angestellte-Schweiz.jpg\" alt=\"\" class=\"wp-image-28911\" srcset=\"https:\/\/www.swisscleantech.ch\/files\/Pierre-Derivaz-Angestellte-Schweiz.jpg 400w, https:\/\/www.swisscleantech.ch\/files\/Pierre-Derivaz-Angestellte-Schweiz-300x300.jpg 300w, https:\/\/www.swisscleantech.ch\/files\/Pierre-Derivaz-Angestellte-Schweiz-125x125.jpg 125w\" sizes=\"(max-width: 400px) 100vw, 400px\" \/><\/figure>\n<\/div>\n\n\n\n<div class=\"is-layout-flow wp-block-column is-vertically-aligned-center has-background\" style=\"background-color:#ffffff00;flex-basis:66.66%\">\n<p><strong>\u00ab&nbsp;Les strat\u00e9gies de durabilit\u00e9 d\u00e9pendent de l\u2019engagement des collaboratrices et collaborateurs. Dans ce contexte, nous avons besoin de la force mobilisatrice des influenceurs et influenceuses. Ils sont une source d\u2019inspiration pour l\u2019entreprise et l\u2019incitent \u00e0 renforcer la durabilit\u00e9.&nbsp;\u00bb<\/strong><\/p>\n\n\n\n<h4>Pierre Derivaz<\/h4>\n\n\n\n<p>Conseil juridique &amp; partenariat social chez Employ\u00e9s Suisse<\/p>\n<\/div>\n<\/div>\n\n\n\n<div style=\"height:40px\" aria-hidden=\"true\" class=\"wp-block-spacer\"><\/div>\n\n\n\n<div class=\"is-layout-flex wp-block-buttons\">\n<div class=\"wp-block-button\"><a class=\"wp-block-button__link wp-element-button\" href=\"https:\/\/angestellte.ch\/nachhaltigkeitsbeauftragte_r\" target=\"_blank\" rel=\"noopener\">Plus d\u2019infos sur la formation et inscription<\/a><\/div>\n<\/div>\n\n\n\n<div style=\"height:20px\" aria-hidden=\"true\" class=\"wp-block-spacer\"><\/div>\n\n\n\n<div class=\"is-layout-flex wp-container-8 wp-block-columns has-background\" style=\"background-color:#e3ebf1\">\n<div class=\"is-layout-flow wp-block-column\" style=\"flex-basis:33.33%\">\n<figure class=\"wp-block-image size-full\"><img decoding=\"async\" loading=\"lazy\" width=\"617\" height=\"350\" src=\"https:\/\/www.swisscleantech.ch\/files\/Logo-Angestellte-Schweiz.png\" alt=\"\" class=\"wp-image-28920\" srcset=\"https:\/\/www.swisscleantech.ch\/files\/Logo-Angestellte-Schweiz.png 617w, https:\/\/www.swisscleantech.ch\/files\/Logo-Angestellte-Schweiz-300x170.png 300w\" sizes=\"(max-width: 617px) 100vw, 617px\" \/><\/figure>\n<\/div>\n\n\n\n<div class=\"is-layout-flow wp-block-column\" style=\"flex-basis:33.33%\">\n<figure class=\"wp-block-image size-full\"><img decoding=\"async\" loading=\"lazy\" width=\"617\" height=\"350\" src=\"https:\/\/www.swisscleantech.ch\/files\/Logo_Siemens.png\" alt=\"\" class=\"wp-image-28547\" srcset=\"https:\/\/www.swisscleantech.ch\/files\/Logo_Siemens.png 617w, https:\/\/www.swisscleantech.ch\/files\/Logo_Siemens-300x170.png 300w\" sizes=\"(max-width: 617px) 100vw, 617px\" \/><\/figure>\n<\/div>\n\n\n\n<div class=\"is-layout-flow wp-block-column is-vertically-aligned-center\" style=\"flex-basis:66.66%\">\n<p>Cette formation d\u2019Employ\u00e9s Suisse et Siemens est soutenue par swisscleantech et \u00f6bu.<\/p>\n<\/div>\n<\/div>\n\n\n\n<div style=\"height:20px\" aria-hidden=\"true\" class=\"wp-block-spacer\"><\/div>\n\n\n\n<h3><strong>Autres offres<\/strong><\/h3>\n\n\n\n<div id=\"sct-kacheln-block_2b00648b1c609ab381a14911f4677e3f\" class=\"sct_kacheln_wrapper\" >\n   \n\t<div class=\"acf-innerblocks-container\">\n\n<a class=\"kachel_link\" href=\" https:\/\/www.swisscleantech.ch\/fr\/services\/notation-de-durabilite-pour-les-pme\/\"> <div id=\"sct-kachel-block_e2d890eb452da09c62891740b91f50a0\" class=\"sct_kachel span_1 grad_blau2\"  >\n   \n\t<div class=\"kachel_inner\">\n\t\t<h1>Notation de durabilit\u00e9 pour les PME<\/h1>\n\t\t<img decoding=\"async\" class=\"kachel_icon breit\" src=\"https:\/\/www.swisscleantech.ch\/files\/esg2go-Logo.svg\" \/> \t\t<span>Licence gratuite pour les adh\u00e9rents la premi\u00e8re ann\u00e9e <\/span>\n\t<\/div>\n\t\n\t\n\t\n<\/div>\n\t<\/a> \n\n\n<a class=\"kachel_link\" href=\" https:\/\/www.swisscleantech.ch\/fr\/services\/bilan-climatique-et-dobjectifs-climatiques\/\"> <div id=\"sct-kachel-block_f58286b126f5e7f760fe8ad62b518694\" class=\"sct_kachel span_1 kachel_bild\" style=\"background-image: url(https:\/\/www.swisscleantech.ch\/files\/Klimabilanzen-und-Klimaziele.jpg);\"  >\n   \n\t<div class=\"kachel_inner\">\n\t\t<h1>Bilan climatique et objectifs climatiques<\/h1>\n\t\t\t\t<span>Programmes pour les mesures de protection du climat des entreprises<\/span>\n\t<\/div>\n\t\n\t\n\t\n<\/div>\n\t<\/a> \n\n\n<a class=\"kachel_link\" href=\" https:\/\/www.swisscleantech.ch\/fr\/services\/swiss-triple-impact-programm\/\"> <div id=\"sct-kachel-block_c9de2aaabb8ab5729587924f326245cb\" class=\"sct_kachel span_1 grad_orange4\"  >\n   \n\t<div class=\"kachel_inner\">\n\t\t<h1>Strat\u00e9gie de durabilit\u00e9<\/h1>\n\t\t<img decoding=\"async\" class=\"kachel_icon quad2\" src=\"https:\/\/www.swisscleantech.ch\/files\/Swiss-Triple-Impact-Logo-klein.png\" \/> \t\t<span>Programme Swiss Triple Impact avec une remise de 10% pour adh\u00e9rents de swisscleantech <\/span>\n\t<\/div>\n\t\n\t\n\t\n<\/div>\n\t<\/a> \n<\/div>\n\t\n\t\n<\/div>\n\n\n\n<div class=\"is-layout-flex wp-block-buttons\">\n<div class=\"wp-block-button\"><a class=\"wp-block-button__link wp-element-button\" href=\"https:\/\/www.swisscleantech.ch\/services\/\">Nos Services en bref<\/a><\/div>\n<\/div>\n","protected":false},"excerpt":{"rendered":"<p>Avec cette formation, tu acquerras de nouvelles comp\u00e9tences qui te permettront de compl\u00e9ter les mesures du management en mati\u00e8re de durabilit\u00e9, notamment des comp\u00e9tences sociales et de communication pour motiver les autres et prendre des d\u00e9cisions positives. Tu acquerras des connaissances sur la durabilit\u00e9 et apprendras des m\u00e9thodes pour d\u00e9finir \u00e0 partir de l\u00e0 des&#8230;  <a class=\"excerpt-read-more\" href=\"https:\/\/www.swisscleantech.ch\/fr\/services\/formation-responsable-durabilite\/\" title=\"LireFormation responsable durabilit\u00e9\">Lire la suite &raquo;<\/a><\/p>\n","protected":false},"author":13,"featured_media":0,"parent":14725,"menu_order":0,"comment_status":"closed","ping_status":"closed","template":"","meta":{"inline_featured_image":false},"acf":[],"_links":{"self":[{"href":"https:\/\/www.swisscleantech.ch\/fr\/wp-json\/wp\/v2\/pages\/34186"}],"collection":[{"href":"https:\/\/www.swisscleantech.ch\/fr\/wp-json\/wp\/v2\/pages"}],"about":[{"href":"https:\/\/www.swisscleantech.ch\/fr\/wp-json\/wp\/v2\/types\/page"}],"author":[{"embeddable":true,"href":"https:\/\/www.swisscleantech.ch\/fr\/wp-json\/wp\/v2\/users\/13"}],"replies":[{"embeddable":true,"href":"https:\/\/www.swisscleantech.ch\/fr\/wp-json\/wp\/v2\/comments?post=34186"}],"version-history":[{"count":12,"href":"https:\/\/www.swisscleantech.ch\/fr\/wp-json\/wp\/v2\/pages\/34186\/revisions"}],"predecessor-version":[{"id":34259,"href":"https:\/\/www.swisscleantech.ch\/fr\/wp-json\/wp\/v2\/pages\/34186\/revisions\/34259"}],"up":[{"embeddable":true,"href":"https:\/\/www.swisscleantech.ch\/fr\/wp-json\/wp\/v2\/pages\/14725"}],"wp:attachment":[{"href":"https:\/\/www.swisscleantech.ch\/fr\/wp-json\/wp\/v2\/media?parent=34186"}],"curies":[{"name":"wp","href":"https:\/\/api.w.org\/{rel}","templated":true}]}}