{"id":35470,"date":"2025-05-07T13:56:47","date_gmt":"2025-05-07T13:56:47","guid":{"rendered":"https:\/\/www.swisscleantech.ch\/?page_id=35470"},"modified":"2025-06-25T13:00:47","modified_gmt":"2025-06-25T13:00:47","slug":"economie-circulaire-en-suisse","status":"publish","type":"page","link":"https:\/\/www.swisscleantech.ch\/fr\/themes\/economie-circulaire-en-suisse\/","title":{"rendered":"\u00c9conomie circulaire en Suisse"},"content":{"rendered":"\n<p><strong>Le passage d\u2019une \u00e9conomie lin\u00e9aire \u00e0 une \u00e9conomie circulaire est essentiel pour atteindre z\u00e9ro net. Avec des produits plus durables, pouvant \u00eatre r\u00e9par\u00e9s, r\u00e9utilis\u00e9s et enfin recycl\u00e9s, on peut \u00e9viter d\u2019\u00e9mettre de grandes quantit\u00e9s de gaz \u00e0 effet de serre. Parall\u00e8lement, cela accro\u00eet la cr\u00e9ation de valeur locale, r\u00e9duit les d\u00e9pendances vis-\u00e0-vis de l\u2019\u00e9tranger et pr\u00e9serve les ressources.<\/strong><\/p>\n\n\n\n<div class=\"is-layout-flex wp-container-2 wp-block-columns\">\n<div class=\"is-layout-flow wp-block-column abstand_gross has-background\" style=\"background-color:#e3ebf1\">\n<h2>Voici la gestion des ressources que nous d\u00e9fendons<\/h2>\n\n\n\n<ul>\n<li>Des mod\u00e8les \u00e9conomiques innovants rendent les produits et services circulaires attractifs pour les entreprises comme pour les clients.<\/li>\n\n\n\n<li>Les connaissances \u00e9parpill\u00e9es et exclusives sur l\u2019\u00e9conomie circulaire sont discut\u00e9es, rassembl\u00e9es, condens\u00e9es et partag\u00e9es.<\/li>\n\n\n\n<li>Nous mettons les acteurs en r\u00e9seau et cr\u00e9ons des synergies pour faire avancer l\u2019\u00e9conomie circulaire ensemble.<\/li>\n\n\n\n<li>Des conditions-cadre politiques adapt\u00e9es favorisent le d\u00e9veloppement de mod\u00e8les \u00e9conomiques circulaires.<\/li>\n<\/ul>\n<\/div>\n<\/div>\n\n\n\n<div style=\"height:40px\" aria-hidden=\"true\" class=\"wp-block-spacer\"><\/div>\n\n\n\n<p>En collaboration avec la Haute \u00e9cole sp\u00e9cialis\u00e9e bernoise et PwC Suisse, swisscleantech donne dans un livre blanc une analyse d\u00e9taill\u00e9e ainsi qu\u2019un commentaire scientifique de la r\u00e9vision de la loi sur la protection de l\u2019environnement, qui informent les entreprises sur les nouvelles conditions-cadre r\u00e9glementaires&nbsp;:<\/p>\n\n\n\n<div class=\"is-layout-flex wp-container-11 wp-block-columns abstand_gross has-background\" style=\"background-color:#066e9d\">\n<div class=\"is-layout-flow wp-block-column is-vertically-aligned-bottom\" style=\"flex-basis:33.33%\">\n<figure class=\"wp-block-image size-large\"><img decoding=\"async\" loading=\"lazy\" width=\"721\" height=\"1024\" src=\"https:\/\/www.swisscleantech.ch\/files\/Whitepaper-Kreislaufwirtschaft-Umweltschutzgesetzrevision-721x1024.png\" alt=\"\" class=\"wp-image-34669\" srcset=\"https:\/\/www.swisscleantech.ch\/files\/Whitepaper-Kreislaufwirtschaft-Umweltschutzgesetzrevision-721x1024.png 721w, https:\/\/www.swisscleantech.ch\/files\/Whitepaper-Kreislaufwirtschaft-Umweltschutzgesetzrevision-211x300.png 211w, https:\/\/www.swisscleantech.ch\/files\/Whitepaper-Kreislaufwirtschaft-Umweltschutzgesetzrevision-768x1091.png 768w, https:\/\/www.swisscleantech.ch\/files\/Whitepaper-Kreislaufwirtschaft-Umweltschutzgesetzrevision.png 786w\" sizes=\"(max-width: 721px) 100vw, 721px\" \/><\/figure>\n<\/div>\n\n\n\n<div class=\"is-layout-flow wp-block-column\" style=\"flex-basis:66.66%\">\n<h3 class=\"has-white-color has-text-color\"><strong>Livre blanc<\/strong><\/h3>\n\n\n\n<h2 class=\"has-white-color has-text-color\">Des fondements solides pour l\u2019\u00e9conomie circulaire suisse<\/h2>\n\n\n\n<p class=\"has-white-color has-text-color\"><strong>Impact de la r\u00e9vision de la loi sur la protection de l\u2019environnement sur l\u2019\u00e9conomie circulaire<\/strong><\/p>\n\n\n\n<div class=\"is-layout-flex wp-block-buttons\">\n<div class=\"wp-block-button\"><a class=\"wp-block-button__link wp-element-button\" href=\"https:\/\/www.swisscleantech.ch\/files\/Whitepaper-Kreislaufwirtschaft-Revision-Umweltschutzgesetz.pdf\">Download Livre blanc (en allemand)<\/a><\/div>\n<\/div>\n\n\n\n<div style=\"height:20px\" aria-hidden=\"true\" class=\"wp-block-spacer\"><\/div>\n\n\n\n<div class=\"is-layout-flex wp-container-9 wp-block-columns\">\n<div class=\"is-layout-flow wp-block-column abstand_klein has-white-background-color has-background\">\n<p>Livre blanc de swisscleantech, en collaboration avec la Haute \u00e9cole sp\u00e9cialis\u00e9e bernoise et PwC Suisse.<\/p>\n\n\n\n<div class=\"is-layout-flex wp-container-7 wp-block-columns\">\n<div class=\"is-layout-flow wp-block-column\">\n<figure class=\"wp-block-image size-full\"><img decoding=\"async\" loading=\"lazy\" width=\"617\" height=\"350\" src=\"https:\/\/www.swisscleantech.ch\/files\/Berner-Fachhochschule-Logo.png\" alt=\"\" class=\"wp-image-34664\" srcset=\"https:\/\/www.swisscleantech.ch\/files\/Berner-Fachhochschule-Logo.png 617w, https:\/\/www.swisscleantech.ch\/files\/Berner-Fachhochschule-Logo-300x170.png 300w\" sizes=\"(max-width: 617px) 100vw, 617px\" \/><\/figure>\n<\/div>\n\n\n\n<div class=\"is-layout-flow wp-block-column\">\n<figure class=\"wp-block-image size-full\"><img decoding=\"async\" loading=\"lazy\" width=\"617\" height=\"350\" src=\"https:\/\/www.swisscleantech.ch\/files\/PwC-Schweiz-Logo.png\" alt=\"\" class=\"wp-image-29801\" srcset=\"https:\/\/www.swisscleantech.ch\/files\/PwC-Schweiz-Logo.png 617w, https:\/\/www.swisscleantech.ch\/files\/PwC-Schweiz-Logo-300x170.png 300w\" sizes=\"(max-width: 617px) 100vw, 617px\" \/><\/figure>\n<\/div>\n<\/div>\n<\/div>\n<\/div>\n<\/div>\n<\/div>\n\n\n\n<div style=\"height:40px\" aria-hidden=\"true\" class=\"wp-block-spacer\"><\/div>\n\n\n\n<h2>Derni\u00e8res publications sur l\u2019\u00e9conomie circulaire<\/h2>\n\n\n\n<div id=\"sct-arikel-preview-block_589fab9adb8a548649c5749b26f77a25\" class=\"more_posts_ct sct_artikel_preview_wrapper\" >\n   \n\t\t\n\t\n\t\t\n\t<div class=\"more_posts\">\n\t\t\t\t\t\t\t\t\t<a class=\"nobrd\" href=\"https:\/\/www.swisscleantech.ch\/fr\/prise-de-position\/prise-de-position-sur-la-modification-de-lordonnance-sur-les-dechets-oled\/\" rel=\"bookmark\" title=\"Prise de position sur la modification de l\u2019ordonnance sur les d\u00e9chets (OLED)\">\n\t\t\t\t\t\t\t\t\t\t\t\t\t\t\t\t\t\t\t\t\t\t\t\t\t\t\t\n\t\t\t\t\t\t\t\t\t\n\t\t\t\t\t\t\t\t\t\n\t\t\t\t\t\t\t\t\t<span class=\"cmpi\" style=\"background-image: url(https:\/\/www.swisscleantech.ch\/files\/Stellungnahme-zur-Aenderung-der-Abfallverordnung.jpg);\">\n\t\t\t\t\t\t\t\t\t\t\n\t\t\t\t\t\t\t\t\t\t\t\t\t\t\t\t\t\t\t\t\n\t\t\t\t\t\t\t\t\t<\/span>\n\t\t\t\t\t\t\t\t\t\t\t\t\t\t\t\t\t\t\n\t\t\t\t\t\t\t\t\t<div class=\"mp_wrapper\">\n\t\t\t\t\t\t\t\t\t\t<h3>Prise de position sur la modification de l\u2019ordonnance sur les d\u00e9chets (OLED)<\/h3><\/a>\n\t\t\t\t\t\t\t\t\t\t \t\t\t\t\t\t\t\t\t\t\n\t\t\t\t\t\t\t\t\t<strong><\/strong> Dans le cadre de la r\u00e9vision de la loi sur la protection de l\u2019environnement (LPE), nous avons d\u00e9fendu des orientations politiques soutenant ce &#8230;\t\t\t\t\t\t\t\t\t\t\t\t\t\t\t\t\t\t<br>\n\t\t\t\t\t\t\t\t\t<span class=\"more_posts_meta\">\n\t\t\t\t\t\t\t\t\t\t\t\t\t\t\t\t\t\t\t\t\t\t\t\t\t\t\t<a href=\"\/beitragstyp\/prise-de-position\" class=\"hnul nobrd\">\n\t\t\t\t\t\t\t\t\tPrise de position\t\t\t\t\t\t\t\t\t<\/a>\n\t\t\t\t\t\t\t\t\t\t\t\t\t\t\t\t\t\t \n\t\t\t\t\t\t\t\t\t  \n\t\t\t\t\t\t\t\t\t    &ndash; 09.04.2026\t\t\t\t\t\t\t\t\t<\/span>\n\t\t\t\t\t\t\t\t\t<\/div>\n\t\t\t\t\t\t\t\t\t\n\n\t\t\t\t\t\t\t\t\n\t\t\t\t\t<\/div>\n\t\n\t\n\t\t\n\t<div class=\"more_posts\">\n\t\t\t\t\t\t\t\t\t<a class=\"nobrd\" href=\"https:\/\/www.swisscleantech.ch\/fr\/publication\/strategies-de-decarbonation-pour-les-entreprises-suisses-livre-blanc\/\" rel=\"bookmark\" title=\"Strat\u00e9gies de d\u00e9carbonation pour les entreprises suisses \u2013 Livre blanc\">\n\t\t\t\t\t\t\t\t\t\t\t\t\t\t\t\t\t\t\t\t\t\t\t\t\t\t\t\n\t\t\t\t\t\t\t\t\t\n\t\t\t\t\t\t\t\t\t\n\t\t\t\t\t\t\t\t\t<span class=\"cmpi\" style=\"background-image: url(https:\/\/www.swisscleantech.ch\/files\/Cinq-etapes-vers-lobjectif-suisse-zero-emission-nette.jpg);\">\n\t\t\t\t\t\t\t\t\t\t\n\t\t\t\t\t\t\t\t\t\t\t\t\t\t\t\t\t\t\t\t\n\t\t\t\t\t\t\t\t\t<\/span>\n\t\t\t\t\t\t\t\t\t\t\t\t\t\t\t\t\t\t\n\t\t\t\t\t\t\t\t\t<div class=\"mp_wrapper\">\n\t\t\t\t\t\t\t\t\t\t<h3>Strat\u00e9gies de d\u00e9carbonation pour les entreprises suisses \u2013 Livre blanc<\/h3><\/a>\n\t\t\t\t\t\t\t\t\t\t \t\t\t\t\t\t\t\t\t\t\n\t\t\t\t\t\t\t\t\t<strong><\/strong> La d\u00e9carbonation de l\u2019\u00e9conomie suisse est cruciale pour atteindre les objectifs z\u00e9ro net de la Suisse, et pour les entreprises les d\u00e9fis sont &#8230;\t\t\t\t\t\t\t\t\t\t\t\t\t\t\t\t\t\t<br>\n\t\t\t\t\t\t\t\t\t<span class=\"more_posts_meta\">\n\t\t\t\t\t\t\t\t\t\t\t\t\t\t\t\t\t\t\t\t\t\t\t\t\t\t\t<a href=\"\/beitragstyp\/publication\" class=\"hnul nobrd\">\n\t\t\t\t\t\t\t\t\tPublication\t\t\t\t\t\t\t\t\t<\/a>\n\t\t\t\t\t\t\t\t\t\t\t\t\t\t\t\t\t\t \n\t\t\t\t\t\t\t\t\t  \n\t\t\t\t\t\t\t\t\t    &ndash; 19.12.2025\t\t\t\t\t\t\t\t\t<\/span>\n\t\t\t\t\t\t\t\t\t<\/div>\n\t\t\t\t\t\t\t\t\t\n\n\t\t\t\t\t\t\t\t\n\t\t\t\t\t<\/div>\n\t\n\t\n\t\t\n\t<div class=\"more_posts\">\n\t\t\t\t\t\t\t\t\t<a class=\"nobrd\" href=\"https:\/\/www.swisscleantech.ch\/artikel\/haelt-die-schweizer-wirtschaft-an-ihren-netto-null-zielen-fest-eine-umfrage-unter-mitgliedern\/\" rel=\"bookmark\" title=\"H\u00e4lt die Schweizer Wirtschaft an ihren Netto-Null-Zielen fest? Eine Umfrage unter Mitgliedern\">\n\t\t\t\t\t\t\t\t\t\t\t\t\t\t\t\t\t\t\t\t\t\t\t\t\t\t\t\n\t\t\t\t\t\t\t\t\t\n\t\t\t\t\t\t\t\t\t\n\t\t\t\t\t\t\t\t\t<span class=\"cmpi\" style=\"background-image: url(https:\/\/www.swisscleantech.ch\/files\/Netto-Null-Barometer-Schweizer-Wirtschaft.jpg);\">\n\t\t\t\t\t\t\t\t\t\t\n\t\t\t\t\t\t\t\t\t\t\t\t\t\t\t\t\t\t\t\t\n\t\t\t\t\t\t\t\t\t<\/span>\n\t\t\t\t\t\t\t\t\t\t\t\t\t\t\t\t\t\t\n\t\t\t\t\t\t\t\t\t<div class=\"mp_wrapper\">\n\t\t\t\t\t\t\t\t\t\t<h3>H\u00e4lt die Schweizer Wirtschaft an ihren Netto-Null-Zielen fest? Eine Umfrage unter Mitgliedern<\/h3><\/a>\n\t\t\t\t\t\t\t\t\t\t \t\t\t\t\t\t\t\t\t\t\n\t\t\t\t\t\t\t\t\t<strong><\/strong> In Zeiten geopolitischer Spannungen und ungewisser wirtschaftlicher Rahmenbedingungen steht die Unternehmenswelt vor enormen Herausforderungen, die &#8230;\t\t\t\t\t\t\t\t\t\t\t\t\t\t\t\t\t\t<br>\n\t\t\t\t\t\t\t\t\t<span class=\"more_posts_meta\">\n\t\t\t\t\t\t\t\t\t\t\t\t\t\t\t\t\t\t\t\t\t\t\t\t\t\t\t<a href=\"\/beitragstyp\/artikel\" class=\"hnul nobrd\">\n\t\t\t\t\t\t\t\t\tArtikel\t\t\t\t\t\t\t\t\t<\/a>\n\t\t\t\t\t\t\t\t\t\t\t\t\t\t\t\t\t\t \n\t\t\t\t\t\t\t\t\t  \n\t\t\t\t\t\t\t\t\t    &ndash; 27.11.2025\t\t\t\t\t\t\t\t\t<\/span>\n\t\t\t\t\t\t\t\t\t<\/div>\n\t\t\t\t\t\t\t\t\t\n\n\t\t\t\t\t\t\t\t\n\t\t\t\t\t<\/div>\n\t\n\t\n\t<div style='clear: both; height: 60px;' class='themenseite_desktopbreak'><\/div>\t\n\t<div class=\"more_posts\">\n\t\t\t\t\t\t\t\t\t<a class=\"nobrd\" href=\"https:\/\/www.swisscleantech.ch\/fr\/article\/leconomie-circulaire-en-action-member-event-chez-thommen-group-2\/\" rel=\"bookmark\" title=\"L\u2019\u00e9conomie circulaire en action \u2013 Member Event chez Thommen Group\">\n\t\t\t\t\t\t\t\t\t\t\t\t\t\t\t\t\t\t\t\t\t\t\t\t\t\t\t\n\t\t\t\t\t\t\t\t\t\n\t\t\t\t\t\t\t\t\t\n\t\t\t\t\t\t\t\t\t<span class=\"cmpi\" style=\"background-image: url(https:\/\/www.swisscleantech.ch\/files\/Member-Event-Kreislaufwirtschaft-Thommen-Group.jpg);\">\n\t\t\t\t\t\t\t\t\t\t\n\t\t\t\t\t\t\t\t\t\t\t\t\t\t\t\t\t\t\t\t\n\t\t\t\t\t\t\t\t\t<\/span>\n\t\t\t\t\t\t\t\t\t\t\t\t\t\t\t\t\t\t\n\t\t\t\t\t\t\t\t\t<div class=\"mp_wrapper\">\n\t\t\t\t\t\t\t\t\t\t<h3>L\u2019\u00e9conomie circulaire en action \u2013 Member Event chez Thommen Group<\/h3><\/a>\n\t\t\t\t\t\t\t\t\t\t \t\t\t\t\t\t\t\t\t\t\n\t\t\t\t\t\t\t\t\t<strong><\/strong> Le r\u00f4le cl\u00e9 de l\u2019\u00e9conomie circulaire Thommen Group ne se consid\u00e8re pas uniquement comme un recycleur, mais aussi comme un producteur de mati\u00e8res &#8230;\t\t\t\t\t\t\t\t\t\t\t\t\t\t\t\t\t\t<br>\n\t\t\t\t\t\t\t\t\t<span class=\"more_posts_meta\">\n\t\t\t\t\t\t\t\t\t\t\t\t\t\t\t\t\t\t\t\t\t\t\t\t\t\t\t<a href=\"\/beitragstyp\/article\" class=\"hnul nobrd\">\n\t\t\t\t\t\t\t\t\tArticle\t\t\t\t\t\t\t\t\t<\/a>\n\t\t\t\t\t\t\t\t\t\t\t\t\t\t\t\t\t\t \n\t\t\t\t\t\t\t\t\t  \n\t\t\t\t\t\t\t\t\t    &ndash; 03.11.2025\t\t\t\t\t\t\t\t\t<\/span>\n\t\t\t\t\t\t\t\t\t<\/div>\n\t\t\t\t\t\t\t\t\t\n\n\t\t\t\t\t\t\t\t\n\t\t\t\t\t<\/div>\n\t\n\t\n\t\t\n\t<div class=\"more_posts\">\n\t\t\t\t\t\t\t\t\t<a class=\"nobrd\" href=\"https:\/\/www.swisscleantech.ch\/fr\/prise-de-position\/nouvelles-ordonnances-sur-les-dechets-et-les-emballages-une-etape-importante-pour-leconomie-circulaire\/\" rel=\"bookmark\" title=\"Nouvelles ordonnances sur les d\u00e9chets et les emballages: une \u00e9tape importante pour l\u2019\u00e9conomie circulaire\">\n\t\t\t\t\t\t\t\t\t\t\t\t\t\t\t\t\t\t\t\t\t\t\t\t\t\t\t\n\t\t\t\t\t\t\t\t\t\n\t\t\t\t\t\t\t\t\t\n\t\t\t\t\t\t\t\t\t<span class=\"cmpi\" style=\"background-image: url(https:\/\/www.swisscleantech.ch\/files\/Neue-Abfall-und-Verpackungsverordnungen.jpg);\">\n\t\t\t\t\t\t\t\t\t\t\n\t\t\t\t\t\t\t\t\t\t\t\t\t\t\t\t\t\t\t\t\n\t\t\t\t\t\t\t\t\t<\/span>\n\t\t\t\t\t\t\t\t\t\t\t\t\t\t\t\t\t\t\n\t\t\t\t\t\t\t\t\t<div class=\"mp_wrapper\">\n\t\t\t\t\t\t\t\t\t\t<h3>Nouvelles ordonnances sur les d\u00e9chets et les emballages: une \u00e9tape importante pour l\u2019\u00e9conomie circulaire<\/h3><\/a>\n\t\t\t\t\t\t\t\t\t\t \t\t\t\t\t\t\t\t\t\t\n\t\t\t\t\t\t\t\t\t<strong><\/strong> Avec le paquet d\u2019ordonnances environnementales du printemps 2026, la Conf\u00e9d\u00e9ration veut mettre en \u0153uvre des \u00e9l\u00e9ments essentiels de la r\u00e9vision &#8230;\t\t\t\t\t\t\t\t\t\t\t\t\t\t\t\t\t\t<br>\n\t\t\t\t\t\t\t\t\t<span class=\"more_posts_meta\">\n\t\t\t\t\t\t\t\t\t\t\t\t\t\t\t\t\t\t\t\t\t\t\t\t\t\t\t<a href=\"\/beitragstyp\/prise-de-position\" class=\"hnul nobrd\">\n\t\t\t\t\t\t\t\t\tPrise de position\t\t\t\t\t\t\t\t\t<\/a>\n\t\t\t\t\t\t\t\t\t\t\t\t\t\t\t\t\t\t \n\t\t\t\t\t\t\t\t\t  \n\t\t\t\t\t\t\t\t\t    &ndash; 16.10.2025\t\t\t\t\t\t\t\t\t<\/span>\n\t\t\t\t\t\t\t\t\t<\/div>\n\t\t\t\t\t\t\t\t\t\n\n\t\t\t\t\t\t\t\t\n\t\t\t\t\t<\/div>\n\t\n\t\n\t\t\n\t<div class=\"more_posts\">\n\t\t\t\t\t\t\t\t\t<a class=\"nobrd\" href=\"https:\/\/www.swisscleantech.ch\/fr\/communique-presse\/le-changement-climatique-malgre-le-changement-depoque-dialogue-swisscleantech\/\" rel=\"bookmark\" title=\"Le changement climatique malgr\u00e9 le changement d\u2019\u00e9poque \u2013 Dialogue swisscleantech\">\n\t\t\t\t\t\t\t\t\t\t\t\t\t\t\t\t\t\t\t\t\t\t\t\t\t\t\t\n\t\t\t\t\t\t\t\t\t\n\t\t\t\t\t\t\t\t\t\n\t\t\t\t\t\t\t\t\t<span class=\"cmpi\" style=\"background-image: url(https:\/\/www.swisscleantech.ch\/files\/swisscleantech-Dialog-2025-Medienmitteilung.jpg);\">\n\t\t\t\t\t\t\t\t\t\t\n\t\t\t\t\t\t\t\t\t\t\t\t\t\t\t\t\t\t\t\t\n\t\t\t\t\t\t\t\t\t<\/span>\n\t\t\t\t\t\t\t\t\t\t\t\t\t\t\t\t\t\t\n\t\t\t\t\t\t\t\t\t<div class=\"mp_wrapper\">\n\t\t\t\t\t\t\t\t\t\t<h3>Le changement climatique malgr\u00e9 le changement d\u2019\u00e9poque \u2013 Dialogue swisscleantech<\/h3><\/a>\n\t\t\t\t\t\t\t\t\t\t \t\t\t\t\t\t\t\t\t\t\n\t\t\t\t\t\t\t\t\t<strong><\/strong> Cette ann\u00e9e, le Dialogue swisscleantech a r\u00e9uni environ 500 participantes et participants, ce qui en fait le plus grand \u00e9v\u00e9nement de l\u2019histoire &#8230;\t\t\t\t\t\t\t\t\t\t\t\t\t\t\t\t\t\t<br>\n\t\t\t\t\t\t\t\t\t<span class=\"more_posts_meta\">\n\t\t\t\t\t\t\t\t\t\t\t\t\t\t\t\t\t\t\t\t\t\t\t\t\t\t\t<a href=\"\/beitragstyp\/communique-presse\" class=\"hnul nobrd\">\n\t\t\t\t\t\t\t\t\tCommuniqu\u00e9 de presse\t\t\t\t\t\t\t\t\t<\/a>\n\t\t\t\t\t\t\t\t\t\t\t\t\t\t\t\t\t\t \n\t\t\t\t\t\t\t\t\t  \n\t\t\t\t\t\t\t\t\t    &ndash; 24.06.2025\t\t\t\t\t\t\t\t\t<\/span>\n\t\t\t\t\t\t\t\t\t<\/div>\n\t\t\t\t\t\t\t\t\t\n\n\t\t\t\t\t\t\t\t\n\t\t\t\t\t<\/div>\n\t\n\t\n\t<div style='clear: both; height: 5px;' class='themenseite_desktopbreak'><\/div><ul class='page-numbers'>\n\t<li><span aria-current=\"page\" class=\"page-numbers current\">1<\/span><\/li>\n\t<li><a class=\"page-numbers\" href=\"https:\/\/www.swisscleantech.ch\/fr\/wp-json\/wp\/v2\/pages\/35470\/?paged=2\">2<\/a><\/li>\n\t<li><a class=\"page-numbers\" href=\"https:\/\/www.swisscleantech.ch\/fr\/wp-json\/wp\/v2\/pages\/35470\/?paged=3\">3<\/a><\/li>\n\t<li><span class=\"page-numbers dots\">\u2026<\/span><\/li>\n\t<li><a class=\"page-numbers\" href=\"https:\/\/www.swisscleantech.ch\/fr\/wp-json\/wp\/v2\/pages\/35470\/?paged=10\">10<\/a><\/li>\n\t<li><a class=\"next page-numbers\" href=\"https:\/\/www.swisscleantech.ch\/fr\/wp-json\/wp\/v2\/pages\/35470\/?paged=2\"><\/a><\/li>\n<\/ul>\n\t\n<\/div>\n\n\n\n<div id=\"sct-kacheln-block_0209c0b912c852562c28e3d88cfbae4f\" class=\"sct_kacheln_wrapper\" >\n   \n\t<div class=\"acf-innerblocks-container\">\n\n<a class=\"kachel_link\" href=\" http:\/\/www.swisscleantech.ch\/fr\/themes\"> <div id=\"sct-kachel-block_2e1c6e43ae3ee7fe1d0ef52d00f04bdd\" class=\"sct_kachel span_1 grad_blau2\"  >\n   \n\t<div class=\"kachel_inner\">\n\t\t<h1>Nos th\u00e8mes<\/h1>\n\t\t\t\t<span>Sommaire<\/span>\n\t<\/div>\n\t\n\t\n\t\n<\/div>\n\t<\/a> \n\n\n<a class=\"kachel_link\" href=\" https:\/\/www.swisscleantech.ch\/fr\/newsletter\/\"> <div id=\"sct-kachel-block_166ce93964d79ad0fd27c90542e38bb9\" class=\"sct_kachel span_1 grad_gruen2\"  >\n   \n\t<div class=\"kachel_inner\">\n\t\t<h1>Newsletter<\/h1>\n\t\t<img decoding=\"async\" class=\"kachel_icon quad3\" src=\"https:\/\/www.swisscleantech.ch\/files\/Newsletter.svg\" \/> \t\t<span>Se tenir au courant de l&#8217;\u00e9nergie et du climat.<\/span>\n\t<\/div>\n\t\n\t\n\t\n<\/div>\n\t<\/a> \n\n\n<a class=\"kachel_link\" href=\" https:\/\/www.swisscleantech.ch\/fr\/adhesion\/\"> <div id=\"sct-kachel-block_dfc9a95ac326c4da7eadacf0b05a961f\" class=\"sct_kachel span_1 grad_orange3\"  >\n   \n\t<div class=\"kachel_inner\">\n\t\t<h1>Participer<\/h1>\n\t\t\t\t<span>Devenir adh\u00e9rent<\/span>\n\t<\/div>\n\t\n\t\n\t\n<\/div>\n\t<\/a> \n<\/div>\n\t\n\t\n<\/div>\n","protected":false},"excerpt":{"rendered":"<p>Le passage d\u2019une \u00e9conomie lin\u00e9aire \u00e0 une \u00e9conomie circulaire est essentiel pour atteindre z\u00e9ro net. Avec des produits plus durables, pouvant \u00eatre r\u00e9par\u00e9s, r\u00e9utilis\u00e9s et enfin recycl\u00e9s, on peut \u00e9viter d\u2019\u00e9mettre de grandes quantit\u00e9s de gaz \u00e0 effet de serre. Parall\u00e8lement, cela accro\u00eet la cr\u00e9ation de valeur locale, r\u00e9duit les d\u00e9pendances vis-\u00e0-vis de l\u2019\u00e9tranger et&#8230;  <a class=\"excerpt-read-more\" href=\"https:\/\/www.swisscleantech.ch\/fr\/themes\/economie-circulaire-en-suisse\/\" title=\"Lire\u00c9conomie circulaire en Suisse\">Lire la suite &raquo;<\/a><\/p>\n","protected":false},"author":15,"featured_media":35474,"parent":35459,"menu_order":0,"comment_status":"closed","ping_status":"closed","template":"page-superhero.php","meta":{"inline_featured_image":false},"acf":[],"_links":{"self":[{"href":"https:\/\/www.swisscleantech.ch\/fr\/wp-json\/wp\/v2\/pages\/35470"}],"collection":[{"href":"https:\/\/www.swisscleantech.ch\/fr\/wp-json\/wp\/v2\/pages"}],"about":[{"href":"https:\/\/www.swisscleantech.ch\/fr\/wp-json\/wp\/v2\/types\/page"}],"author":[{"embeddable":true,"href":"https:\/\/www.swisscleantech.ch\/fr\/wp-json\/wp\/v2\/users\/15"}],"replies":[{"embeddable":true,"href":"https:\/\/www.swisscleantech.ch\/fr\/wp-json\/wp\/v2\/comments?post=35470"}],"version-history":[{"count":5,"href":"https:\/\/www.swisscleantech.ch\/fr\/wp-json\/wp\/v2\/pages\/35470\/revisions"}],"predecessor-version":[{"id":35923,"href":"https:\/\/www.swisscleantech.ch\/fr\/wp-json\/wp\/v2\/pages\/35470\/revisions\/35923"}],"up":[{"embeddable":true,"href":"https:\/\/www.swisscleantech.ch\/fr\/wp-json\/wp\/v2\/pages\/35459"}],"wp:featuredmedia":[{"embeddable":true,"href":"https:\/\/www.swisscleantech.ch\/fr\/wp-json\/wp\/v2\/media\/35474"}],"wp:attachment":[{"href":"https:\/\/www.swisscleantech.ch\/fr\/wp-json\/wp\/v2\/media?parent=35470"}],"curies":[{"name":"wp","href":"https:\/\/api.w.org\/{rel}","templated":true}]}}