{"id":36664,"date":"2025-07-08T14:11:20","date_gmt":"2025-07-08T14:11:20","guid":{"rendered":"https:\/\/www.swisscleantech.ch\/?page_id=36664"},"modified":"2026-02-17T12:15:09","modified_gmt":"2026-02-17T12:15:09","slug":"cercle-innovation-economie-circulaire","status":"publish","type":"page","link":"https:\/\/www.swisscleantech.ch\/fr\/services\/cercle-innovation-economie-circulaire\/","title":{"rendered":"Cercle Innovation \u00e9conomie circulaire"},"content":{"rendered":"\n<div id=\"sct-hero-block_906f3fc73c1ed5952451652134b4bc07\" class=\"sct_hero_wrapper\">\n   \n\t<div class=\"box_content\">\n\t\t<h1>Cercle Innovation \u00e9conomie circulaire<\/h1>\n\t\t<span><\/span>\n\t<\/div>\n\n\t<div class=\"box_image\" style=\"background-image: url(https:\/\/www.swisscleantech.ch\/files\/Innovationszirkel-Kreislaufwirtschaft.jpg);\"><\/div>\n\t\n\t\n\t\n<\/div>\n\n\n\n<p>Face aux incertitudes \u00e9conomiques internationales, les innovations et les mod\u00e8les \u00e9conomiques circulaires rendent les entreprises suisses r\u00e9silientes, r\u00e9duisent les d\u00e9pendances aux mati\u00e8res premi\u00e8res et aux cha\u00eenes d\u2019approvisionnement vuln\u00e9rables en cas de crise, offrent des avantages comp\u00e9titifs gr\u00e2ce \u00e0 des positionnements exclusifs et contribuent significativement \u00e0 la r\u00e9alisation des objectifs z\u00e9ro net des entreprises.<\/p>\n\n\n\n<p><strong>Avec <\/strong><a href=\"https:\/\/www.allyce.ch\/\" target=\"_blank\" rel=\"noreferrer noopener\"><strong>allyCE<\/strong><\/a><strong>, nous proposons un coaching ax\u00e9 sur la pratique et les solutions, gratuit et en exclusivit\u00e9 aux adh\u00e9rents de swisscleantech, avec des incitations \u00e0 l\u2019innovation et des bonnes pratiques pour mettre en \u0153uvre l\u2019\u00e9conomie circulaire.<\/strong><\/p>\n\n\n\n<p>Une fois la candidature retenue et apr\u00e8s un premier entretien individuel, quatre cercles innovation sont organis\u00e9s:<\/p>\n\n\n\n<div class=\"is-layout-flex wp-container-5 wp-block-columns\">\n<div class=\"is-layout-flow wp-block-column\">\n<div class=\"is-layout-flex wp-container-3 wp-block-columns\">\n<div class=\"is-layout-flow wp-block-column abstand_klein has-background\" style=\"background-color:#e3ebf1\">\n<h3 class=\"has-text-align-center has-black-color has-text-color\"><strong>1. Mon mod\u00e8le \u00e9conomique<\/strong><\/h3>\n\n\n\n<p class=\"has-text-align-center\">Octobre 2025<\/p>\n\n\n\n<ul>\n<li>Quelles opportunit\u00e9s l\u2019\u00e9conomie circulaire offre-t-elle \u00e0 mon mod\u00e8le \u00e9conomique?&nbsp;<\/li>\n<\/ul>\n\n\n\n<ul>\n<li>Comment les autres PME rel\u00e8vent-elles les d\u00e9fis li\u00e9s aux innovations circulaires?&nbsp;<\/li>\n<\/ul>\n\n\n\n<ul>\n<li>Quelles sont les prochaines \u00e9tapes \u00e0 suivre pour accro\u00eetre ma comp\u00e9titivit\u00e9 par des innovations circulaires?<\/li>\n<\/ul>\n<\/div>\n\n\n\n<div class=\"is-layout-flow wp-block-column abstand_klein has-background\" style=\"background-color:#e3ebf1\">\n<h3 class=\"has-text-align-center has-black-color has-text-color\"><strong>2. Mat\u00e9riaux &amp; conception des produits<\/strong><\/h3>\n\n\n\n<p class=\"has-text-align-center\">Novembre 2025<\/p>\n\n\n\n<ul>\n<li>Quels sont les avantages comp\u00e9titifs r\u00e9sultant d\u2019un choix de mat\u00e9riaux durables et d\u2019une conception circulaire des produits?<\/li>\n<\/ul>\n\n\n\n<ul>\n<li>\u00c0 quoi dois-je faire attention dans mes cha\u00eenes d\u2019approvisionnement si je veux avoir des produits et services circulaires?<\/li>\n<\/ul>\n\n\n\n<ul>\n<li>Quelle valeur ajout\u00e9e des services circulaires tels que la maintenance et la r\u00e9paration peuvent-ils apporter \u00e0 mon entreprise?<\/li>\n<\/ul>\n<\/div>\n<\/div>\n<\/div>\n<\/div>\n\n\n\n<div class=\"is-layout-flex wp-container-10 wp-block-columns\">\n<div class=\"is-layout-flow wp-block-column\">\n<div class=\"is-layout-flex wp-container-8 wp-block-columns\">\n<div class=\"is-layout-flow wp-block-column abstand_klein has-background\" style=\"background-color:#e3ebf1\">\n<h3 class=\"has-text-align-center has-black-color has-text-color\"><strong>3. Exp\u00e9rience client circulaire <\/strong><\/h3>\n\n\n\n<p class=\"has-text-align-center has-black-color has-text-color\">2026<strong> <\/strong><\/p>\n\n\n\n<ul>\n<li>Quelles opportunit\u00e9s les nouvelles exp\u00e9riences client dans l\u2019\u00e9conomie circulaire offrent-elles \u00e0 mon entreprise?<\/li>\n<\/ul>\n\n\n\n<ul>\n<li>Que dois-je faire pour d\u00e9velopper de mani\u00e8re convaincante de telles exp\u00e9riences client et communiquer \u00e0 ce sujet?<\/li>\n<\/ul>\n\n\n\n<ul>\n<li>Quelles sont les nouvelles voies emprunt\u00e9es par d\u2019autres entreprises dans ce domaine?<\/li>\n<\/ul>\n<\/div>\n\n\n\n<div class=\"is-layout-flow wp-block-column abstand_klein has-background\" style=\"background-color:#e3ebf1\">\n<h3 class=\"has-text-align-center\"><strong>4. Partenariats pour la mise en \u0153uvre<\/strong><\/h3>\n\n\n\n<p class=\"has-text-align-center\">2026<\/p>\n\n\n\n<ul>\n<li>Quels experts, de confiance et professionnels, peuvent m\u2019assister dans la mise en \u0153uvre de mon projet d\u2019innovation circulaire?<\/li>\n<\/ul>\n\n\n\n<ul>\n<li>Quelles sont les aides que peuvent me proposer les pouvoirs publics?<\/li>\n<\/ul>\n\n\n\n<ul>\n<li>Que dois-je faire pour d\u00e9velopper des partenariats pertinents et obtenir de l\u2019aide?<\/li>\n<\/ul>\n<\/div>\n<\/div>\n<\/div>\n<\/div>\n\n\n\n<div class=\"is-layout-flex wp-container-15 wp-block-columns\">\n<div class=\"is-layout-flow wp-block-column\">\n<div class=\"is-layout-flex wp-container-13 wp-block-columns\">\n<div class=\"is-layout-flow wp-block-column\">\n<h3><strong>Ce qui t\u2019attend<\/strong><\/h3>\n\n\n\n<ul>\n<li>Premiers entretiens individuels<\/li>\n<\/ul>\n\n\n\n<ul>\n<li>\u00c9changes ax\u00e9s sur les solutions avec des personnes ayant le m\u00eame objectif<\/li>\n<\/ul>\n\n\n\n<ul>\n<li>Incitations pratiques \u00e0 l\u2019innovation pour r\u00e9ussir sur le march\u00e9<\/li>\n<\/ul>\n\n\n\n<ul>\n<li>Best Practices &amp; Community<\/li>\n<\/ul>\n<\/div>\n\n\n\n<div class=\"is-layout-flow wp-block-column\">\n<h3><strong>Ce que tu apportes<\/strong><\/h3>\n\n\n\n<ul>\n<li>Participation \u00e0 un premier entretien individuel (1,5 heure)<\/li>\n<\/ul>\n\n\n\n<ul>\n<li>Participation active aux cercles innovation (dans la r\u00e9gion de Zurich&nbsp;; un apr\u00e8s-midi \u00e0 chaque fois)<\/li>\n<\/ul>\n\n\n\n<ul>\n<li>La motivation pour aborder une transformation et aller vers plus de circularit\u00e9<\/li>\n<\/ul>\n<\/div>\n<\/div>\n<\/div>\n<\/div>\n\n\n\n<p>Le Cercle Innovation est pilot\u00e9 par les experts de l\u2019\u00e9conomie circulaire ci-dessous:<\/p>\n\n\n\n<div class=\"is-layout-flex wp-container-21 wp-block-columns\">\n<div class=\"is-layout-flow wp-block-column\">\n<div class=\"is-layout-flex wp-container-19 wp-block-columns\">\n<div class=\"is-layout-flow wp-block-column\">\n<figure class=\"wp-block-image size-large is-resized\"><img decoding=\"async\" loading=\"lazy\" src=\"https:\/\/www.swisscleantech.ch\/files\/Christian-Zeyer-2.jpg\" alt=\"\" width=\"200\" height=\"200\"\/><\/figure>\n\n\n\n<div style=\"height:20px\" aria-hidden=\"true\" class=\"wp-block-spacer\"><\/div>\n\n\n\n<p><strong>Chris Zeyer<br><\/strong>Co-directeur swisscleantech<\/p>\n<\/div>\n\n\n\n<div class=\"is-layout-flow wp-block-column\">\n<figure class=\"wp-block-image size-full is-resized\"><img decoding=\"async\" loading=\"lazy\" src=\"https:\/\/www.swisscleantech.ch\/files\/Andreas-Reuter.jpg\" alt=\"\" class=\"wp-image-36259\" width=\"200\" height=\"200\" srcset=\"https:\/\/www.swisscleantech.ch\/files\/Andreas-Reuter.jpg 400w, https:\/\/www.swisscleantech.ch\/files\/Andreas-Reuter-300x300.jpg 300w, https:\/\/www.swisscleantech.ch\/files\/Andreas-Reuter-125x125.jpg 125w\" sizes=\"(max-width: 200px) 100vw, 200px\" \/><\/figure>\n\n\n\n<div style=\"height:20px\" aria-hidden=\"true\" class=\"wp-block-spacer\"><\/div>\n\n\n\n<p><strong>Andreas Reuter<br><\/strong>Directeur allyCE<\/p>\n<\/div>\n\n\n\n<div class=\"is-layout-flow wp-block-column\">\n<figure class=\"wp-block-image size-full is-resized\"><img decoding=\"async\" loading=\"lazy\" src=\"https:\/\/www.swisscleantech.ch\/files\/Simon-Widmer-ecos-allyCE.jpg\" alt=\"\" class=\"wp-image-36195\" width=\"200\" height=\"200\" srcset=\"https:\/\/www.swisscleantech.ch\/files\/Simon-Widmer-ecos-allyCE.jpg 400w, https:\/\/www.swisscleantech.ch\/files\/Simon-Widmer-ecos-allyCE-300x300.jpg 300w, https:\/\/www.swisscleantech.ch\/files\/Simon-Widmer-ecos-allyCE-125x125.jpg 125w\" sizes=\"(max-width: 200px) 100vw, 200px\" \/><\/figure>\n\n\n\n<div style=\"height:20px\" aria-hidden=\"true\" class=\"wp-block-spacer\"><\/div>\n\n\n\n<p><strong><strong>Simon Widmer<\/strong><br><\/strong>Expert \u00e9conomie circulaire allyCE<\/p>\n<\/div>\n<\/div>\n<\/div>\n<\/div>\n\n\n\n<p>Les membres du Comit\u00e9 directeur de swisscleantech ci-dessous apportent une assistance et un accompagnement:<\/p>\n\n\n\n<div class=\"is-layout-flex wp-container-27 wp-block-columns\">\n<div class=\"is-layout-flow wp-block-column\">\n<div class=\"is-layout-flex wp-container-25 wp-block-columns\">\n<div class=\"is-layout-flow wp-block-column\">\n<figure class=\"wp-block-image size-full is-resized\"><img decoding=\"async\" loading=\"lazy\" src=\"https:\/\/www.swisscleantech.ch\/files\/Pouyan-Dardashti-Thommen-Group-1.jpg\" alt=\"\" class=\"wp-image-33021\" width=\"200\" height=\"200\" srcset=\"https:\/\/www.swisscleantech.ch\/files\/Pouyan-Dardashti-Thommen-Group-1.jpg 400w, https:\/\/www.swisscleantech.ch\/files\/Pouyan-Dardashti-Thommen-Group-1-300x300.jpg 300w, https:\/\/www.swisscleantech.ch\/files\/Pouyan-Dardashti-Thommen-Group-1-125x125.jpg 125w\" sizes=\"(max-width: 200px) 100vw, 200px\" \/><\/figure>\n\n\n\n<div style=\"height:20px\" aria-hidden=\"true\" class=\"wp-block-spacer\"><\/div>\n\n\n\n<p><strong>Pouyan Dardashti<br><\/strong>CEO Thommen Group<\/p>\n<\/div>\n\n\n\n<div class=\"is-layout-flow wp-block-column\">\n<figure class=\"wp-block-image size-full is-resized\"><img decoding=\"async\" loading=\"lazy\" src=\"https:\/\/www.swisscleantech.ch\/files\/Bastien-Girod-Deloitte.jpg\" alt=\"\" class=\"wp-image-33752\" width=\"200\" height=\"200\" srcset=\"https:\/\/www.swisscleantech.ch\/files\/Bastien-Girod-Deloitte.jpg 400w, https:\/\/www.swisscleantech.ch\/files\/Bastien-Girod-Deloitte-300x300.jpg 300w, https:\/\/www.swisscleantech.ch\/files\/Bastien-Girod-Deloitte-125x125.jpg 125w\" sizes=\"(max-width: 200px) 100vw, 200px\" \/><\/figure>\n\n\n\n<div style=\"height:20px\" aria-hidden=\"true\" class=\"wp-block-spacer\"><\/div>\n\n\n\n<p><strong>Bastien Girod<br><\/strong>Partner Deloitte<\/p>\n<\/div>\n\n\n\n<div class=\"is-layout-flow wp-block-column\">\n<figure class=\"wp-block-image size-full is-resized\"><img decoding=\"async\" loading=\"lazy\" src=\"https:\/\/www.swisscleantech.ch\/files\/Marco_Grossmann_SWISSCLEANTECH_Maerz2020_300x300.jpg\" alt=\"\" class=\"wp-image-16356\" width=\"200\" height=\"200\" srcset=\"https:\/\/www.swisscleantech.ch\/files\/Marco_Grossmann_SWISSCLEANTECH_Maerz2020_300x300.jpg 300w, https:\/\/www.swisscleantech.ch\/files\/Marco_Grossmann_SWISSCLEANTECH_Maerz2020_300x300-125x125.jpg 125w\" sizes=\"(max-width: 200px) 100vw, 200px\" \/><\/figure>\n\n\n\n<div style=\"height:20px\" aria-hidden=\"true\" class=\"wp-block-spacer\"><\/div>\n\n\n\n<p><strong>Marco Grossmann<br><\/strong>Membre du conseil d\u2019administration ecos, Senior Consultant climat &amp; \u00e9conomie circulaire<\/p>\n<\/div>\n<\/div>\n<\/div>\n<\/div>\n\n\n\n<div class=\"is-layout-flex wp-container-32 wp-block-columns has-background\" style=\"background-color:#e3ebf1\">\n<div class=\"is-layout-flow wp-block-column\">\n<div class=\"is-layout-flex wp-container-30 wp-block-columns\">\n<div class=\"is-layout-flow wp-block-column\" style=\"flex-basis:66.66%\">\n<h3>Coaching Partner<\/h3>\n\n\n\n<p>Tous nos remerciements pour le soutien!<\/p>\n<\/div>\n\n\n\n<div class=\"is-layout-flow wp-block-column\" style=\"flex-basis:33.33%\">\n<figure class=\"wp-block-image size-full\"><img decoding=\"async\" loading=\"lazy\" width=\"617\" height=\"350\" src=\"https:\/\/www.swisscleantech.ch\/files\/allyce-Logo.png\" alt=\"\" class=\"wp-image-36201\" srcset=\"https:\/\/www.swisscleantech.ch\/files\/allyce-Logo.png 617w, https:\/\/www.swisscleantech.ch\/files\/allyce-Logo-300x170.png 300w\" sizes=\"(max-width: 617px) 100vw, 617px\" \/><\/figure>\n<\/div>\n<\/div>\n<\/div>\n<\/div>\n\n\n\n<h2><strong>Participation<\/strong><\/h2>\n\n\n\n<p>La participation au Cercle Innovation est gratuite et r\u00e9serv\u00e9e exclusivement aux adh\u00e9rents de swisscleantech. Nous demandons un engagement de la part des participants (participation active et r\u00e9guli\u00e8re).<\/p>\n\n\n\n<p>Nous ne prenons plus de candidature pour la pr\u00e9sente \u00e9dition du Cercle Innovation. Si tu es int\u00e9ress\u00e9 par la prochaine \u00e9dition, merci de contacter:<\/p>\n\n\n\n<div style=\"height:60px\" aria-hidden=\"true\" class=\"wp-block-spacer\"><\/div>\n\n\n\n<div class=\"is-layout-flex wp-container-37 wp-block-columns\">\n<div class=\"is-layout-flow wp-block-column\">\n<div class=\"is-layout-flex wp-container-35 wp-block-columns\">\n<div class=\"is-layout-flow wp-block-column\" style=\"flex-basis:33.33%\">\n<figure class=\"wp-block-image size-large\"><img decoding=\"async\" src=\"https:\/\/www.swisscleantech.ch\/files\/Christian-Zeyer-2.jpg\" alt=\"\"\/><\/figure>\n<\/div>\n\n\n\n<div class=\"is-layout-flow wp-block-column\" style=\"flex-basis:66.66%\">\n<h6><strong>Contact<\/strong><\/h6>\n\n\n\n<p><strong>Chris Zeyer<br><\/strong>Co-directeur swisscleantech<\/p>\n\n\n\n<p><a href=\"mailto:christian.zeyer@swisscleantech.ch\">E-Mail<\/a> | <a href=\"https:\/\/www.linkedin.com\/in\/christian-zeyer\/\" target=\"_blank\" rel=\"noopener\">LinkedIn<\/a><\/p>\n<\/div>\n<\/div>\n<\/div>\n<\/div>\n","protected":false},"excerpt":{"rendered":"Face aux incertitudes \u00e9conomiques internationales, les innovations et les mod\u00e8les \u00e9conomiques circulaires rendent les entreprises suisses r\u00e9silientes, r\u00e9duisent les d\u00e9pendances aux mati\u00e8res premi\u00e8res et aux cha\u00eenes d\u2019approvisionnement vuln\u00e9rables en cas de crise, offrent des avantages comp\u00e9titifs gr\u00e2ce \u00e0 des positionnements exclusifs et contribuent significativement \u00e0 la r\u00e9alisation des objectifs z\u00e9ro net des entreprises. Avec allyCE,...  <a class=\"excerpt-read-more\" href=\"https:\/\/www.swisscleantech.ch\/fr\/services\/cercle-innovation-economie-circulaire\/\" title=\"LireCercle Innovation \u00e9conomie circulaire\">Lire la suite &raquo;<\/a>","protected":false},"author":1,"featured_media":0,"parent":14725,"menu_order":0,"comment_status":"closed","ping_status":"closed","template":"","meta":{"inline_featured_image":false},"acf":[],"_links":{"self":[{"href":"https:\/\/www.swisscleantech.ch\/fr\/wp-json\/wp\/v2\/pages\/36664"}],"collection":[{"href":"https:\/\/www.swisscleantech.ch\/fr\/wp-json\/wp\/v2\/pages"}],"about":[{"href":"https:\/\/www.swisscleantech.ch\/fr\/wp-json\/wp\/v2\/types\/page"}],"author":[{"embeddable":true,"href":"https:\/\/www.swisscleantech.ch\/fr\/wp-json\/wp\/v2\/users\/1"}],"replies":[{"embeddable":true,"href":"https:\/\/www.swisscleantech.ch\/fr\/wp-json\/wp\/v2\/comments?post=36664"}],"version-history":[{"count":11,"href":"https:\/\/www.swisscleantech.ch\/fr\/wp-json\/wp\/v2\/pages\/36664\/revisions"}],"predecessor-version":[{"id":38081,"href":"https:\/\/www.swisscleantech.ch\/fr\/wp-json\/wp\/v2\/pages\/36664\/revisions\/38081"}],"up":[{"embeddable":true,"href":"https:\/\/www.swisscleantech.ch\/fr\/wp-json\/wp\/v2\/pages\/14725"}],"wp:attachment":[{"href":"https:\/\/www.swisscleantech.ch\/fr\/wp-json\/wp\/v2\/media?parent=36664"}],"curies":[{"name":"wp","href":"https:\/\/api.w.org\/{rel}","templated":true}]}}